{"id":4934,"date":"2025-03-09T21:16:08","date_gmt":"2025-03-09T20:16:08","guid":{"rendered":"https:\/\/agendaurbana.arteixo.org\/arteixo-urban-agenda\/rehabilitation-areas-ria\/"},"modified":"2026-03-02T10:50:19","modified_gmt":"2026-03-02T09:50:19","slug":"rehabilitation-areas-ria","status":"publish","type":"page","link":"https:\/\/agendaurbana.arteixo.org\/en\/arteixo-urban-agenda\/rehabilitation-areas-ria\/","title":{"rendered":"Rehabilitation Areas (RIA)"},"content":{"rendered":"<p>[et_pb_section fb_built=&#8221;1&#8243; admin_label=&#8221;section&#8221; module_id=&#8221;pagina&#8221; _builder_version=&#8221;4.27.4&#8243; da_disable_devices=&#8221;off|off|off&#8221; global_colors_info=&#8221;{}&#8221; da_is_popup=&#8221;off&#8221; da_exit_intent=&#8221;off&#8221; da_has_close=&#8221;on&#8221; da_alt_close=&#8221;off&#8221; da_dark_close=&#8221;off&#8221; da_not_modal=&#8221;on&#8221; da_is_singular=&#8221;off&#8221; da_with_loader=&#8221;off&#8221; da_has_shadow=&#8221;on&#8221;][et_pb_row admin_label=&#8221;row aris&#8221; module_id=&#8221;aris&#8221; _builder_version=&#8221;4.27.4&#8243; background_size=&#8221;initial&#8221; background_position=&#8221;top_left&#8221; background_repeat=&#8221;repeat&#8221; global_colors_info=&#8221;{}&#8221;][et_pb_column type=&#8221;4_4&#8243; _builder_version=&#8221;4.16&#8243; custom_padding=&#8221;|||&#8221; global_colors_info=&#8221;{}&#8221; custom_padding__hover=&#8221;|||&#8221;][et_pb_text admin_label=&#8221;Texto &#8211; \u00c1REAS DE REHABILITACI\u00d3N (ARI)&#8221; _builder_version=&#8221;4.27.4&#8243; _module_preset=&#8221;default&#8221; text_text_color=&#8221;#19437e&#8221; header_text_color=&#8221;#19437e&#8221; header_2_text_color=&#8221;#19437e&#8221; locked=&#8221;off&#8221; global_colors_info=&#8221;{}&#8221;]<\/p>\n<h2><strong>R<\/strong>EHABILITATION <strong>A<\/strong>REAS (RIA)<\/h2>\n<p>[\/et_pb_text][\/et_pb_column][\/et_pb_row][et_pb_row admin_label=&#8221;row ari-meicende&#8221; module_id=&#8221;ari-meicende&#8221; _builder_version=&#8221;4.27.4&#8243; background_size=&#8221;initial&#8221; background_position=&#8221;top_left&#8221; background_repeat=&#8221;repeat&#8221; global_colors_info=&#8221;{}&#8221;][et_pb_column type=&#8221;4_4&#8243; _builder_version=&#8221;4.16&#8243; custom_padding=&#8221;|||&#8221; global_colors_info=&#8221;{}&#8221; custom_padding__hover=&#8221;|||&#8221;][et_pb_text admin_label=&#8221;Texto  &#8211; ARI MEICENDE &#8211; O PET\u00d3N&#8221; _builder_version=&#8221;4.27.4&#8243; _module_preset=&#8221;default&#8221; text_text_color=&#8221;#19437e&#8221; header_text_color=&#8221;#19437e&#8221; header_2_text_color=&#8221;#19437e&#8221; header_3_text_color=&#8221;#19437e&#8221; locked=&#8221;off&#8221; global_colors_info=&#8221;{}&#8221;]<\/p>\n<h3>RIA MEICENDE &#8211; O PET\u00d3N<\/h3>\n<p>[\/et_pb_text][et_pb_text admin_label=&#8221;Text &#8211; El 1 de marzo de 2024 el Ayuntamiento &#8230;&#8221; _builder_version=&#8221;4.27.4&#8243; _module_preset=&#8221;default&#8221; global_colors_info=&#8221;{}&#8221;]<\/p>\n<p>On March 1, 2024, the Arteixo City Council submitted an application to the Galician Housing and Land Institute (hereinafter, IGVS) for the declaration of a comprehensive rehabilitation area (hereinafter, ARI) in the Meicende-O Pet\u00f3n urban area within its municipal boundaries. The application included a certificate of the resolution adopted in this regard by the City Council in its session of February 29, 2024. <\/p>\n<p>The area comprises 343 homes located on a surface of 63,091 m\u00b2 which covers the land classified by the municipal planning as consolidated urban land with a global residential use rating, incorporating the original settlements of Sobrado, Meicende and Torroal.<\/p>\n<p>The requested ARI declaration was favorably reported, from both a technical and urban planning point of view as well as an administrative one, by the competent units of the IGVS.<\/p>\n<p>Plans:<\/p>\n<p>[\/et_pb_text][et_pb_image src=&#8221;https:\/\/agendaurbana.arteixo.org\/wp-content\/uploads\/2025\/03\/image-Meicende-O-Peton1.png&#8221; admin_label=&#8221;Image &#8211; plano 1&#8243; _builder_version=&#8221;4.27.4&#8243; _module_preset=&#8221;default&#8221; global_colors_info=&#8221;{}&#8221;][\/et_pb_image][et_pb_image src=&#8221;https:\/\/agendaurbana.arteixo.org\/wp-content\/uploads\/2025\/03\/image-Meicende-O-Peton2.png&#8221; admin_label=&#8221;Image &#8211; plano 2&#8243; _builder_version=&#8221;4.27.4&#8243; _module_preset=&#8221;default&#8221; global_colors_info=&#8221;{}&#8221;][\/et_pb_image][et_pb_divider _builder_version=&#8221;4.27.4&#8243; _module_preset=&#8221;default&#8221; global_colors_info=&#8221;{}&#8221;][\/et_pb_divider][\/et_pb_column][\/et_pb_row][et_pb_row admin_label=&#8221;row ari-oseiro&#8221; module_id=&#8221;ari-oseiro&#8221; _builder_version=&#8221;4.27.4&#8243; background_size=&#8221;initial&#8221; background_position=&#8221;top_left&#8221; background_repeat=&#8221;repeat&#8221; global_colors_info=&#8221;{}&#8221;][et_pb_column type=&#8221;4_4&#8243; _builder_version=&#8221;4.16&#8243; custom_padding=&#8221;|||&#8221; global_colors_info=&#8221;{}&#8221; custom_padding__hover=&#8221;|||&#8221;][et_pb_text admin_label=&#8221;Texto  &#8211; ARI OSEIRO &#8211; SOL Y MAR&#8221; _builder_version=&#8221;4.27.4&#8243; _module_preset=&#8221;default&#8221; text_text_color=&#8221;#19437e&#8221; header_text_color=&#8221;#19437e&#8221; header_2_text_color=&#8221;#19437e&#8221; header_3_text_color=&#8221;#19437e&#8221; locked=&#8221;off&#8221; global_colors_info=&#8221;{}&#8221;]<\/p>\n<h3>RIA OSEIRO &#8211; SOL Y MAR<\/h3>\n<p>[\/et_pb_text][et_pb_text admin_label=&#8221;Text &#8211; El 6 de febrero de 2025 el Ayuntamiento de Arteixo presenta ante el &#8230;&#8221; _builder_version=&#8221;4.27.4&#8243; _module_preset=&#8221;default&#8221; global_colors_info=&#8221;{}&#8221;]<\/p>\n<p>On February 6, 2025, the Arteixo City Council submitted an application to the Galician Housing and Land Institute (hereinafter, IGVS) for the declaration of a comprehensive rehabilitation area (hereinafter, ARI) in the Oseiro-Sol y Mar urban area within its municipal boundaries. The application included a certificate of the resolution adopted in this regard by the City Council in its session of January 30, 2025. <\/p>\n<p>The area comprises 719 homes located on a surface of 199,427 m\u00b2 situated on land classified by municipal planning as consolidated urban land with a global residential use rating, incorporating the original settlement of Oseiro-Traves\u00eda de Oseiro and the \u201cSol y Mar\u201d Urbanization.<\/p>\n<p>The ARI declaration is in the process of being reported by the IGVS, both from a technical and urban planning and administrative point of view.<\/p>\n<p>Plans:<\/p>\n<p>[\/et_pb_text][et_pb_image src=&#8221;https:\/\/agendaurbana.arteixo.org\/wp-content\/uploads\/2025\/03\/ARI-Oseiro-Sol-y-Mar-1.png&#8221; admin_label=&#8221;Image &#8211; plano 1&#8243; _builder_version=&#8221;4.27.4&#8243; _module_preset=&#8221;default&#8221; global_colors_info=&#8221;{}&#8221;][\/et_pb_image][et_pb_image src=&#8221;https:\/\/agendaurbana.arteixo.org\/wp-content\/uploads\/2025\/03\/ARI-Oseiro-Sol-y-Mar-2.png&#8221; admin_label=&#8221;Image &#8211; plano 2&#8243; _builder_version=&#8221;4.27.4&#8243; _module_preset=&#8221;default&#8221; global_colors_info=&#8221;{}&#8221;][\/et_pb_image][\/et_pb_column][\/et_pb_row][\/et_pb_section]<\/p>\n","protected":false},"excerpt":{"rendered":"<p>REHABILITATION AREAS (RIA)RIA MEICENDE &#8211; O PET\u00d3NOn March 1, 2024, the Arteixo City Council submitted an application to the Galician Housing and Land Institute (hereinafter, IGVS) for the declaration of [&hellip;]<\/p>\n","protected":false},"author":1,"featured_media":0,"parent":4929,"menu_order":0,"comment_status":"closed","ping_status":"closed","template":"","meta":{"_et_pb_use_builder":"on","_et_pb_old_content":"","_et_gb_content_width":"","footnotes":""},"class_list":["post-4934","page","type-page","status-publish","hentry"],"yoast_head":"<!-- This site is optimized with the Yoast SEO plugin v27.4 - https:\/\/yoast.com\/product\/yoast-seo-wordpress\/ -->\n<title>Rehabilitation Areas (RIA) - Agenda Urbana<\/title>\n<meta name=\"robots\" content=\"index, follow, max-snippet:-1, max-image-preview:large, max-video-preview:-1\" \/>\n<link rel=\"canonical\" href=\"https:\/\/agendaurbana.arteixo.org\/en\/arteixo-urban-agenda\/rehabilitation-areas-ria\/\" \/>\n<meta property=\"og:locale\" content=\"en_US\" \/>\n<meta property=\"og:type\" content=\"article\" \/>\n<meta property=\"og:title\" content=\"Rehabilitation Areas (RIA) - Agenda Urbana\" \/>\n<meta property=\"og:description\" content=\"REHABILITATION AREAS (RIA)RIA MEICENDE - O PET\u00d3NOn March 1, 2024, the Arteixo City Council submitted an application to the Galician Housing and Land Institute (hereinafter, IGVS) for the declaration of [&hellip;]\" \/>\n<meta property=\"og:url\" content=\"https:\/\/agendaurbana.arteixo.org\/en\/arteixo-urban-agenda\/rehabilitation-areas-ria\/\" \/>\n<meta property=\"og:site_name\" content=\"Agenda Urbana\" \/>\n<meta property=\"article:publisher\" content=\"https:\/\/www.facebook.com\/ConcellodeArteixoOficial\/\" \/>\n<meta property=\"article:modified_time\" content=\"2026-03-02T09:50:19+00:00\" \/>\n<meta name=\"twitter:card\" content=\"summary_large_image\" \/>\n<meta name=\"twitter:site\" content=\"@arteixooficial\" \/>\n<meta name=\"twitter:label1\" content=\"Est. reading time\" \/>\n\t<meta name=\"twitter:data1\" content=\"4 minutes\" \/>\n<script type=\"application\/ld+json\" class=\"yoast-schema-graph\">{\"@context\":\"https:\\\/\\\/schema.org\",\"@graph\":[{\"@type\":\"WebPage\",\"@id\":\"https:\\\/\\\/agendaurbana.arteixo.org\\\/en\\\/arteixo-urban-agenda\\\/rehabilitation-areas-ria\\\/\",\"url\":\"https:\\\/\\\/agendaurbana.arteixo.org\\\/en\\\/arteixo-urban-agenda\\\/rehabilitation-areas-ria\\\/\",\"name\":\"Rehabilitation Areas (RIA) - Agenda Urbana\",\"isPartOf\":{\"@id\":\"https:\\\/\\\/agendaurbana.arteixo.org\\\/#website\"},\"datePublished\":\"2025-03-09T20:16:08+00:00\",\"dateModified\":\"2026-03-02T09:50:19+00:00\",\"breadcrumb\":{\"@id\":\"https:\\\/\\\/agendaurbana.arteixo.org\\\/en\\\/arteixo-urban-agenda\\\/rehabilitation-areas-ria\\\/#breadcrumb\"},\"inLanguage\":\"en-US\",\"potentialAction\":[{\"@type\":\"ReadAction\",\"target\":[\"https:\\\/\\\/agendaurbana.arteixo.org\\\/en\\\/arteixo-urban-agenda\\\/rehabilitation-areas-ria\\\/\"]}]},{\"@type\":\"BreadcrumbList\",\"@id\":\"https:\\\/\\\/agendaurbana.arteixo.org\\\/en\\\/arteixo-urban-agenda\\\/rehabilitation-areas-ria\\\/#breadcrumb\",\"itemListElement\":[{\"@type\":\"ListItem\",\"position\":1,\"name\":\"Inicio\",\"item\":\"https:\\\/\\\/agendaurbana.arteixo.org\\\/en\\\/arteixo-urban-agenda\\\/\"},{\"@type\":\"ListItem\",\"position\":2,\"name\":\"Arteixo Urban Agenda\",\"item\":\"https:\\\/\\\/agendaurbana.arteixo.org\\\/en\\\/arteixo-urban-agenda\\\/\"},{\"@type\":\"ListItem\",\"position\":3,\"name\":\"Rehabilitation Areas (RIA)\"}]},{\"@type\":\"WebSite\",\"@id\":\"https:\\\/\\\/agendaurbana.arteixo.org\\\/#website\",\"url\":\"https:\\\/\\\/agendaurbana.arteixo.org\\\/\",\"name\":\"Agenda Urbana\",\"description\":\"Identificaci\u00f3n de los principales retos estrat\u00e9gicos para la definici\u00f3n del futuro de Arteixo\",\"publisher\":{\"@id\":\"https:\\\/\\\/agendaurbana.arteixo.org\\\/#organization\"},\"potentialAction\":[{\"@type\":\"SearchAction\",\"target\":{\"@type\":\"EntryPoint\",\"urlTemplate\":\"https:\\\/\\\/agendaurbana.arteixo.org\\\/?s={search_term_string}\"},\"query-input\":{\"@type\":\"PropertyValueSpecification\",\"valueRequired\":true,\"valueName\":\"search_term_string\"}}],\"inLanguage\":\"en-US\"},{\"@type\":\"Organization\",\"@id\":\"https:\\\/\\\/agendaurbana.arteixo.org\\\/#organization\",\"name\":\"Concello de Arteixo\",\"url\":\"https:\\\/\\\/agendaurbana.arteixo.org\\\/\",\"logo\":{\"@type\":\"ImageObject\",\"inLanguage\":\"en-US\",\"@id\":\"https:\\\/\\\/agendaurbana.arteixo.org\\\/#\\\/schema\\\/logo\\\/image\\\/\",\"url\":\"https:\\\/\\\/agendaurbana.arteixo.org\\\/wp-content\\\/uploads\\\/2023\\\/12\\\/logoArteixoAzul.png\",\"contentUrl\":\"https:\\\/\\\/agendaurbana.arteixo.org\\\/wp-content\\\/uploads\\\/2023\\\/12\\\/logoArteixoAzul.png\",\"width\":568,\"height\":128,\"caption\":\"Concello de Arteixo\"},\"image\":{\"@id\":\"https:\\\/\\\/agendaurbana.arteixo.org\\\/#\\\/schema\\\/logo\\\/image\\\/\"},\"sameAs\":[\"https:\\\/\\\/www.facebook.com\\\/ConcellodeArteixoOficial\\\/\",\"https:\\\/\\\/x.com\\\/arteixooficial\",\"https:\\\/\\\/www.instagram.com\\\/concellodearteixo\\\/?hl=es\"]}]}<\/script>\n<!-- \/ Yoast SEO plugin. -->","yoast_head_json":{"title":"Rehabilitation Areas (RIA) - Agenda Urbana","robots":{"index":"index","follow":"follow","max-snippet":"max-snippet:-1","max-image-preview":"max-image-preview:large","max-video-preview":"max-video-preview:-1"},"canonical":"https:\/\/agendaurbana.arteixo.org\/en\/arteixo-urban-agenda\/rehabilitation-areas-ria\/","og_locale":"en_US","og_type":"article","og_title":"Rehabilitation Areas (RIA) - Agenda Urbana","og_description":"REHABILITATION AREAS (RIA)RIA MEICENDE - O PET\u00d3NOn March 1, 2024, the Arteixo City Council submitted an application to the Galician Housing and Land Institute (hereinafter, IGVS) for the declaration of [&hellip;]","og_url":"https:\/\/agendaurbana.arteixo.org\/en\/arteixo-urban-agenda\/rehabilitation-areas-ria\/","og_site_name":"Agenda Urbana","article_publisher":"https:\/\/www.facebook.com\/ConcellodeArteixoOficial\/","article_modified_time":"2026-03-02T09:50:19+00:00","twitter_card":"summary_large_image","twitter_site":"@arteixooficial","twitter_misc":{"Est. reading time":"4 minutes"},"schema":{"@context":"https:\/\/schema.org","@graph":[{"@type":"WebPage","@id":"https:\/\/agendaurbana.arteixo.org\/en\/arteixo-urban-agenda\/rehabilitation-areas-ria\/","url":"https:\/\/agendaurbana.arteixo.org\/en\/arteixo-urban-agenda\/rehabilitation-areas-ria\/","name":"Rehabilitation Areas (RIA) - Agenda Urbana","isPartOf":{"@id":"https:\/\/agendaurbana.arteixo.org\/#website"},"datePublished":"2025-03-09T20:16:08+00:00","dateModified":"2026-03-02T09:50:19+00:00","breadcrumb":{"@id":"https:\/\/agendaurbana.arteixo.org\/en\/arteixo-urban-agenda\/rehabilitation-areas-ria\/#breadcrumb"},"inLanguage":"en-US","potentialAction":[{"@type":"ReadAction","target":["https:\/\/agendaurbana.arteixo.org\/en\/arteixo-urban-agenda\/rehabilitation-areas-ria\/"]}]},{"@type":"BreadcrumbList","@id":"https:\/\/agendaurbana.arteixo.org\/en\/arteixo-urban-agenda\/rehabilitation-areas-ria\/#breadcrumb","itemListElement":[{"@type":"ListItem","position":1,"name":"Inicio","item":"https:\/\/agendaurbana.arteixo.org\/en\/arteixo-urban-agenda\/"},{"@type":"ListItem","position":2,"name":"Arteixo Urban Agenda","item":"https:\/\/agendaurbana.arteixo.org\/en\/arteixo-urban-agenda\/"},{"@type":"ListItem","position":3,"name":"Rehabilitation Areas (RIA)"}]},{"@type":"WebSite","@id":"https:\/\/agendaurbana.arteixo.org\/#website","url":"https:\/\/agendaurbana.arteixo.org\/","name":"Agenda Urbana","description":"Identificaci\u00f3n de los principales retos estrat\u00e9gicos para la definici\u00f3n del futuro de Arteixo","publisher":{"@id":"https:\/\/agendaurbana.arteixo.org\/#organization"},"potentialAction":[{"@type":"SearchAction","target":{"@type":"EntryPoint","urlTemplate":"https:\/\/agendaurbana.arteixo.org\/?s={search_term_string}"},"query-input":{"@type":"PropertyValueSpecification","valueRequired":true,"valueName":"search_term_string"}}],"inLanguage":"en-US"},{"@type":"Organization","@id":"https:\/\/agendaurbana.arteixo.org\/#organization","name":"Concello de Arteixo","url":"https:\/\/agendaurbana.arteixo.org\/","logo":{"@type":"ImageObject","inLanguage":"en-US","@id":"https:\/\/agendaurbana.arteixo.org\/#\/schema\/logo\/image\/","url":"https:\/\/agendaurbana.arteixo.org\/wp-content\/uploads\/2023\/12\/logoArteixoAzul.png","contentUrl":"https:\/\/agendaurbana.arteixo.org\/wp-content\/uploads\/2023\/12\/logoArteixoAzul.png","width":568,"height":128,"caption":"Concello de Arteixo"},"image":{"@id":"https:\/\/agendaurbana.arteixo.org\/#\/schema\/logo\/image\/"},"sameAs":["https:\/\/www.facebook.com\/ConcellodeArteixoOficial\/","https:\/\/x.com\/arteixooficial","https:\/\/www.instagram.com\/concellodearteixo\/?hl=es"]}]}},"_links":{"self":[{"href":"https:\/\/agendaurbana.arteixo.org\/en\/wp-json\/wp\/v2\/pages\/4934","targetHints":{"allow":["GET"]}}],"collection":[{"href":"https:\/\/agendaurbana.arteixo.org\/en\/wp-json\/wp\/v2\/pages"}],"about":[{"href":"https:\/\/agendaurbana.arteixo.org\/en\/wp-json\/wp\/v2\/types\/page"}],"author":[{"embeddable":true,"href":"https:\/\/agendaurbana.arteixo.org\/en\/wp-json\/wp\/v2\/users\/1"}],"replies":[{"embeddable":true,"href":"https:\/\/agendaurbana.arteixo.org\/en\/wp-json\/wp\/v2\/comments?post=4934"}],"version-history":[{"count":2,"href":"https:\/\/agendaurbana.arteixo.org\/en\/wp-json\/wp\/v2\/pages\/4934\/revisions"}],"predecessor-version":[{"id":4938,"href":"https:\/\/agendaurbana.arteixo.org\/en\/wp-json\/wp\/v2\/pages\/4934\/revisions\/4938"}],"up":[{"embeddable":true,"href":"https:\/\/agendaurbana.arteixo.org\/en\/wp-json\/wp\/v2\/pages\/4929"}],"wp:attachment":[{"href":"https:\/\/agendaurbana.arteixo.org\/en\/wp-json\/wp\/v2\/media?parent=4934"}],"curies":[{"name":"wp","href":"https:\/\/api.w.org\/{rel}","templated":true}]}}