{"id":4955,"date":"2025-03-10T08:15:19","date_gmt":"2025-03-10T07:15:19","guid":{"rendered":"https:\/\/agendaurbana.arteixo.org\/arteixo-urban-agenda\/red-innpulso\/"},"modified":"2026-03-02T12:07:51","modified_gmt":"2026-03-02T11:07:51","slug":"red-innpulso","status":"publish","type":"page","link":"https:\/\/agendaurbana.arteixo.org\/en\/arteixo-urban-agenda\/red-innpulso\/","title":{"rendered":"RED INNPULSO"},"content":{"rendered":"<p>[et_pb_section fb_built=&#8221;1&#8243; admin_label=&#8221;section&#8221; module_id=&#8221;pagina&#8221; _builder_version=&#8221;4.27.4&#8243; da_disable_devices=&#8221;off|off|off&#8221; global_colors_info=&#8221;{}&#8221; theme_builder_area=&#8221;post_content&#8221; da_is_popup=&#8221;off&#8221; da_exit_intent=&#8221;off&#8221; da_has_close=&#8221;on&#8221; da_alt_close=&#8221;off&#8221; da_dark_close=&#8221;off&#8221; da_not_modal=&#8221;on&#8221; da_is_singular=&#8221;off&#8221; da_with_loader=&#8221;off&#8221; da_has_shadow=&#8221;on&#8221;][et_pb_row admin_label=&#8221;row red-innpulso&#8221; module_id=&#8221;red-innpulso&#8221; _builder_version=&#8221;4.27.4&#8243; background_size=&#8221;initial&#8221; background_position=&#8221;top_left&#8221; background_repeat=&#8221;repeat&#8221; global_colors_info=&#8221;{}&#8221; theme_builder_area=&#8221;post_content&#8221;][et_pb_column type=&#8221;4_4&#8243; _builder_version=&#8221;4.16&#8243; custom_padding=&#8221;|||&#8221; global_colors_info=&#8221;{}&#8221; custom_padding__hover=&#8221;|||&#8221; theme_builder_area=&#8221;post_content&#8221;][et_pb_text admin_label=&#8221;Texto &#8211; RED INNPULSO&#8221; _builder_version=&#8221;4.27.4&#8243; _module_preset=&#8221;default&#8221; text_text_color=&#8221;#19437e&#8221; header_text_color=&#8221;#19437e&#8221; header_2_text_color=&#8221;#19437e&#8221; hover_enabled=&#8221;0&#8243; locked=&#8221;off&#8221; global_colors_info=&#8221;{}&#8221; theme_builder_area=&#8221;post_content&#8221; sticky_enabled=&#8221;0&#8243;]<\/p>\n<h2><img loading=\"lazy\" decoding=\"async\" style=\"margin-bottom: -2px;\" src=\"https:\/\/agendaurbana.arteixo.org\/wp-content\/uploads\/2025\/03\/logo26x26AzulPhotoshop.png\" width=\"18\" height=\"18\"> RED INNPULSO<\/h2>\n<p>[\/et_pb_text][\/et_pb_column][\/et_pb_row][et_pb_row admin_label=&#8221;row red-innpulso&#8221; _builder_version=&#8221;4.27.4&#8243; background_size=&#8221;initial&#8221; background_position=&#8221;top_left&#8221; background_repeat=&#8221;repeat&#8221; global_colors_info=&#8221;{}&#8221; theme_builder_area=&#8221;post_content&#8221;][et_pb_column type=&#8221;4_4&#8243; _builder_version=&#8221;4.16&#8243; custom_padding=&#8221;|||&#8221; global_colors_info=&#8221;{}&#8221; custom_padding__hover=&#8221;|||&#8221; theme_builder_area=&#8221;post_content&#8221;][et_pb_text admin_label=&#8221;Texto  &#8211; DESCRIPCI\u00d3N:&#8221; _builder_version=&#8221;4.27.4&#8243; _module_preset=&#8221;default&#8221; text_text_color=&#8221;#19437e&#8221; header_text_color=&#8221;#19437e&#8221; header_2_text_color=&#8221;#19437e&#8221; locked=&#8221;off&#8221; global_colors_info=&#8221;{}&#8221; theme_builder_area=&#8221;post_content&#8221;]<\/p>\n<h3>DESCRIPTION:<\/h3>\n<p>[\/et_pb_text][et_pb_text admin_label=&#8221;Text &#8211; El 1 de marzo de 2024 el Ayuntamiento &#8230;&#8221; _builder_version=&#8221;4.27.4&#8243; _module_preset=&#8221;default&#8221; global_colors_info=&#8221;{}&#8221; theme_builder_area=&#8221;post_content&#8221;]The application of the Arteixo City Council to become part of the Innpulso Network has been awarded the distinction &#8220;City of Science and Innovation 2024&#8221;, granted by resolution of the Minister of Science, Innovation and Universities, at the proposal of the jury appointed for this purpose, and which met on February 24.<\/p>\n<p>The Ministry of Science, Innovation and Universities has published the resolution awarding the distinction of City of Science and Innovation to 22 towns and cities for their strong commitment to innovative local policies and has expanded the Innpulso Network to 112 cities. Among them is the municipality of Arteixo in A Coru\u00f1a province. <\/p>\n<p>The Network of Cities of Science and Innovation, or Innpulso Network, is a forum for meeting and defining innovative local policies where experiences and projects are shared. It currently comprises 112 cities of all sizes, including 22 new members. The Network fosters collaboration among city councils by sharing best practices in project management and communication initiatives with citizens, as well as promoting projects focused on developing R&amp;D&amp;I initiatives within national and European programs.  <\/p>\n<p>In addition, the Network promotes policies such as Public Procurement of Innovation, supports SMEs and innovative entrepreneurs, defines innovation criteria and encourages participation in projects within the framework of Horizon Europe.<\/p>\n<p>DOCUMENT:<br \/>\n<a href=\"https:\/\/agendaurbana.arteixo.org\/wp-content\/uploads\/2025\/03\/RESOLUCION-CONCESION-DCCI-2024-03.03.2025-firmada.pdf\" target=\"_blank\" rel=\"noopener\"><i class=\"fa-solid fa-file-pdf\"><\/i> Resolution granting the distinction of &#8220;City of Science and Innovation&#8221;<\/a>[\/et_pb_text][\/et_pb_column][\/et_pb_row][\/et_pb_section]<\/p>\n","protected":false},"excerpt":{"rendered":"<p>RED INNPULSODESCRIPTION:The application of the Arteixo City Council to become part of the Innpulso Network has been awarded the distinction &#8220;City of Science and Innovation 2024&#8221;, granted by resolution of [&hellip;]<\/p>\n","protected":false},"author":1,"featured_media":0,"parent":4929,"menu_order":0,"comment_status":"closed","ping_status":"closed","template":"","meta":{"_et_pb_use_builder":"on","_et_pb_old_content":"","_et_gb_content_width":"","footnotes":""},"class_list":["post-4955","page","type-page","status-publish","hentry"],"yoast_head":"<!-- This site is optimized with the Yoast SEO plugin v27.4 - https:\/\/yoast.com\/product\/yoast-seo-wordpress\/ -->\n<title>RED INNPULSO - Agenda Urbana<\/title>\n<meta name=\"robots\" content=\"index, follow, max-snippet:-1, max-image-preview:large, max-video-preview:-1\" \/>\n<link rel=\"canonical\" href=\"https:\/\/agendaurbana.arteixo.org\/en\/arteixo-urban-agenda\/red-innpulso\/\" \/>\n<meta property=\"og:locale\" content=\"en_US\" \/>\n<meta property=\"og:type\" content=\"article\" \/>\n<meta property=\"og:title\" content=\"RED INNPULSO - Agenda Urbana\" \/>\n<meta property=\"og:description\" content=\"RED INNPULSODESCRIPTION:The application of the Arteixo City Council to become part of the Innpulso Network has been awarded the distinction &quot;City of Science and Innovation 2024&quot;, granted by resolution of [&hellip;]\" \/>\n<meta property=\"og:url\" content=\"https:\/\/agendaurbana.arteixo.org\/en\/arteixo-urban-agenda\/red-innpulso\/\" \/>\n<meta property=\"og:site_name\" content=\"Agenda Urbana\" \/>\n<meta property=\"article:publisher\" content=\"https:\/\/www.facebook.com\/ConcellodeArteixoOficial\/\" \/>\n<meta property=\"article:modified_time\" content=\"2026-03-02T11:07:51+00:00\" \/>\n<meta property=\"og:image\" content=\"https:\/\/agendaurbana.arteixo.org\/wp-content\/uploads\/2025\/03\/logo26x26AzulPhotoshop.png\" \/>\n<meta name=\"twitter:card\" content=\"summary_large_image\" \/>\n<meta name=\"twitter:site\" content=\"@arteixooficial\" \/>\n<meta name=\"twitter:label1\" content=\"Est. reading time\" \/>\n\t<meta name=\"twitter:data1\" content=\"3 minutes\" \/>\n<script type=\"application\/ld+json\" class=\"yoast-schema-graph\">{\"@context\":\"https:\\\/\\\/schema.org\",\"@graph\":[{\"@type\":\"WebPage\",\"@id\":\"https:\\\/\\\/agendaurbana.arteixo.org\\\/en\\\/arteixo-urban-agenda\\\/red-innpulso\\\/\",\"url\":\"https:\\\/\\\/agendaurbana.arteixo.org\\\/en\\\/arteixo-urban-agenda\\\/red-innpulso\\\/\",\"name\":\"RED INNPULSO - Agenda Urbana\",\"isPartOf\":{\"@id\":\"https:\\\/\\\/agendaurbana.arteixo.org\\\/#website\"},\"primaryImageOfPage\":{\"@id\":\"https:\\\/\\\/agendaurbana.arteixo.org\\\/en\\\/arteixo-urban-agenda\\\/red-innpulso\\\/#primaryimage\"},\"image\":{\"@id\":\"https:\\\/\\\/agendaurbana.arteixo.org\\\/en\\\/arteixo-urban-agenda\\\/red-innpulso\\\/#primaryimage\"},\"thumbnailUrl\":\"https:\\\/\\\/agendaurbana.arteixo.org\\\/wp-content\\\/uploads\\\/2025\\\/03\\\/logo26x26AzulPhotoshop.png\",\"datePublished\":\"2025-03-10T07:15:19+00:00\",\"dateModified\":\"2026-03-02T11:07:51+00:00\",\"breadcrumb\":{\"@id\":\"https:\\\/\\\/agendaurbana.arteixo.org\\\/en\\\/arteixo-urban-agenda\\\/red-innpulso\\\/#breadcrumb\"},\"inLanguage\":\"en-US\",\"potentialAction\":[{\"@type\":\"ReadAction\",\"target\":[\"https:\\\/\\\/agendaurbana.arteixo.org\\\/en\\\/arteixo-urban-agenda\\\/red-innpulso\\\/\"]}]},{\"@type\":\"ImageObject\",\"inLanguage\":\"en-US\",\"@id\":\"https:\\\/\\\/agendaurbana.arteixo.org\\\/en\\\/arteixo-urban-agenda\\\/red-innpulso\\\/#primaryimage\",\"url\":\"https:\\\/\\\/agendaurbana.arteixo.org\\\/wp-content\\\/uploads\\\/2025\\\/03\\\/logo26x26AzulPhotoshop.png\",\"contentUrl\":\"https:\\\/\\\/agendaurbana.arteixo.org\\\/wp-content\\\/uploads\\\/2025\\\/03\\\/logo26x26AzulPhotoshop.png\"},{\"@type\":\"BreadcrumbList\",\"@id\":\"https:\\\/\\\/agendaurbana.arteixo.org\\\/en\\\/arteixo-urban-agenda\\\/red-innpulso\\\/#breadcrumb\",\"itemListElement\":[{\"@type\":\"ListItem\",\"position\":1,\"name\":\"Inicio\",\"item\":\"https:\\\/\\\/agendaurbana.arteixo.org\\\/en\\\/arteixo-urban-agenda\\\/\"},{\"@type\":\"ListItem\",\"position\":2,\"name\":\"Arteixo Urban Agenda\",\"item\":\"https:\\\/\\\/agendaurbana.arteixo.org\\\/en\\\/arteixo-urban-agenda\\\/\"},{\"@type\":\"ListItem\",\"position\":3,\"name\":\"RED INNPULSO\"}]},{\"@type\":\"WebSite\",\"@id\":\"https:\\\/\\\/agendaurbana.arteixo.org\\\/#website\",\"url\":\"https:\\\/\\\/agendaurbana.arteixo.org\\\/\",\"name\":\"Agenda Urbana\",\"description\":\"Identificaci\u00f3n de los principales retos estrat\u00e9gicos para la definici\u00f3n del futuro de Arteixo\",\"publisher\":{\"@id\":\"https:\\\/\\\/agendaurbana.arteixo.org\\\/#organization\"},\"potentialAction\":[{\"@type\":\"SearchAction\",\"target\":{\"@type\":\"EntryPoint\",\"urlTemplate\":\"https:\\\/\\\/agendaurbana.arteixo.org\\\/?s={search_term_string}\"},\"query-input\":{\"@type\":\"PropertyValueSpecification\",\"valueRequired\":true,\"valueName\":\"search_term_string\"}}],\"inLanguage\":\"en-US\"},{\"@type\":\"Organization\",\"@id\":\"https:\\\/\\\/agendaurbana.arteixo.org\\\/#organization\",\"name\":\"Concello de Arteixo\",\"url\":\"https:\\\/\\\/agendaurbana.arteixo.org\\\/\",\"logo\":{\"@type\":\"ImageObject\",\"inLanguage\":\"en-US\",\"@id\":\"https:\\\/\\\/agendaurbana.arteixo.org\\\/#\\\/schema\\\/logo\\\/image\\\/\",\"url\":\"https:\\\/\\\/agendaurbana.arteixo.org\\\/wp-content\\\/uploads\\\/2023\\\/12\\\/logoArteixoAzul.png\",\"contentUrl\":\"https:\\\/\\\/agendaurbana.arteixo.org\\\/wp-content\\\/uploads\\\/2023\\\/12\\\/logoArteixoAzul.png\",\"width\":568,\"height\":128,\"caption\":\"Concello de Arteixo\"},\"image\":{\"@id\":\"https:\\\/\\\/agendaurbana.arteixo.org\\\/#\\\/schema\\\/logo\\\/image\\\/\"},\"sameAs\":[\"https:\\\/\\\/www.facebook.com\\\/ConcellodeArteixoOficial\\\/\",\"https:\\\/\\\/x.com\\\/arteixooficial\",\"https:\\\/\\\/www.instagram.com\\\/concellodearteixo\\\/?hl=es\"]}]}<\/script>\n<!-- \/ Yoast SEO plugin. -->","yoast_head_json":{"title":"RED INNPULSO - Agenda Urbana","robots":{"index":"index","follow":"follow","max-snippet":"max-snippet:-1","max-image-preview":"max-image-preview:large","max-video-preview":"max-video-preview:-1"},"canonical":"https:\/\/agendaurbana.arteixo.org\/en\/arteixo-urban-agenda\/red-innpulso\/","og_locale":"en_US","og_type":"article","og_title":"RED INNPULSO - Agenda Urbana","og_description":"RED INNPULSODESCRIPTION:The application of the Arteixo City Council to become part of the Innpulso Network has been awarded the distinction \"City of Science and Innovation 2024\", granted by resolution of [&hellip;]","og_url":"https:\/\/agendaurbana.arteixo.org\/en\/arteixo-urban-agenda\/red-innpulso\/","og_site_name":"Agenda Urbana","article_publisher":"https:\/\/www.facebook.com\/ConcellodeArteixoOficial\/","article_modified_time":"2026-03-02T11:07:51+00:00","og_image":[{"url":"https:\/\/agendaurbana.arteixo.org\/wp-content\/uploads\/2025\/03\/logo26x26AzulPhotoshop.png","type":"","width":"","height":""}],"twitter_card":"summary_large_image","twitter_site":"@arteixooficial","twitter_misc":{"Est. reading time":"3 minutes"},"schema":{"@context":"https:\/\/schema.org","@graph":[{"@type":"WebPage","@id":"https:\/\/agendaurbana.arteixo.org\/en\/arteixo-urban-agenda\/red-innpulso\/","url":"https:\/\/agendaurbana.arteixo.org\/en\/arteixo-urban-agenda\/red-innpulso\/","name":"RED INNPULSO - Agenda Urbana","isPartOf":{"@id":"https:\/\/agendaurbana.arteixo.org\/#website"},"primaryImageOfPage":{"@id":"https:\/\/agendaurbana.arteixo.org\/en\/arteixo-urban-agenda\/red-innpulso\/#primaryimage"},"image":{"@id":"https:\/\/agendaurbana.arteixo.org\/en\/arteixo-urban-agenda\/red-innpulso\/#primaryimage"},"thumbnailUrl":"https:\/\/agendaurbana.arteixo.org\/wp-content\/uploads\/2025\/03\/logo26x26AzulPhotoshop.png","datePublished":"2025-03-10T07:15:19+00:00","dateModified":"2026-03-02T11:07:51+00:00","breadcrumb":{"@id":"https:\/\/agendaurbana.arteixo.org\/en\/arteixo-urban-agenda\/red-innpulso\/#breadcrumb"},"inLanguage":"en-US","potentialAction":[{"@type":"ReadAction","target":["https:\/\/agendaurbana.arteixo.org\/en\/arteixo-urban-agenda\/red-innpulso\/"]}]},{"@type":"ImageObject","inLanguage":"en-US","@id":"https:\/\/agendaurbana.arteixo.org\/en\/arteixo-urban-agenda\/red-innpulso\/#primaryimage","url":"https:\/\/agendaurbana.arteixo.org\/wp-content\/uploads\/2025\/03\/logo26x26AzulPhotoshop.png","contentUrl":"https:\/\/agendaurbana.arteixo.org\/wp-content\/uploads\/2025\/03\/logo26x26AzulPhotoshop.png"},{"@type":"BreadcrumbList","@id":"https:\/\/agendaurbana.arteixo.org\/en\/arteixo-urban-agenda\/red-innpulso\/#breadcrumb","itemListElement":[{"@type":"ListItem","position":1,"name":"Inicio","item":"https:\/\/agendaurbana.arteixo.org\/en\/arteixo-urban-agenda\/"},{"@type":"ListItem","position":2,"name":"Arteixo Urban Agenda","item":"https:\/\/agendaurbana.arteixo.org\/en\/arteixo-urban-agenda\/"},{"@type":"ListItem","position":3,"name":"RED INNPULSO"}]},{"@type":"WebSite","@id":"https:\/\/agendaurbana.arteixo.org\/#website","url":"https:\/\/agendaurbana.arteixo.org\/","name":"Agenda Urbana","description":"Identificaci\u00f3n de los principales retos estrat\u00e9gicos para la definici\u00f3n del futuro de Arteixo","publisher":{"@id":"https:\/\/agendaurbana.arteixo.org\/#organization"},"potentialAction":[{"@type":"SearchAction","target":{"@type":"EntryPoint","urlTemplate":"https:\/\/agendaurbana.arteixo.org\/?s={search_term_string}"},"query-input":{"@type":"PropertyValueSpecification","valueRequired":true,"valueName":"search_term_string"}}],"inLanguage":"en-US"},{"@type":"Organization","@id":"https:\/\/agendaurbana.arteixo.org\/#organization","name":"Concello de Arteixo","url":"https:\/\/agendaurbana.arteixo.org\/","logo":{"@type":"ImageObject","inLanguage":"en-US","@id":"https:\/\/agendaurbana.arteixo.org\/#\/schema\/logo\/image\/","url":"https:\/\/agendaurbana.arteixo.org\/wp-content\/uploads\/2023\/12\/logoArteixoAzul.png","contentUrl":"https:\/\/agendaurbana.arteixo.org\/wp-content\/uploads\/2023\/12\/logoArteixoAzul.png","width":568,"height":128,"caption":"Concello de Arteixo"},"image":{"@id":"https:\/\/agendaurbana.arteixo.org\/#\/schema\/logo\/image\/"},"sameAs":["https:\/\/www.facebook.com\/ConcellodeArteixoOficial\/","https:\/\/x.com\/arteixooficial","https:\/\/www.instagram.com\/concellodearteixo\/?hl=es"]}]}},"_links":{"self":[{"href":"https:\/\/agendaurbana.arteixo.org\/en\/wp-json\/wp\/v2\/pages\/4955","targetHints":{"allow":["GET"]}}],"collection":[{"href":"https:\/\/agendaurbana.arteixo.org\/en\/wp-json\/wp\/v2\/pages"}],"about":[{"href":"https:\/\/agendaurbana.arteixo.org\/en\/wp-json\/wp\/v2\/types\/page"}],"author":[{"embeddable":true,"href":"https:\/\/agendaurbana.arteixo.org\/en\/wp-json\/wp\/v2\/users\/1"}],"replies":[{"embeddable":true,"href":"https:\/\/agendaurbana.arteixo.org\/en\/wp-json\/wp\/v2\/comments?post=4955"}],"version-history":[{"count":2,"href":"https:\/\/agendaurbana.arteixo.org\/en\/wp-json\/wp\/v2\/pages\/4955\/revisions"}],"predecessor-version":[{"id":4957,"href":"https:\/\/agendaurbana.arteixo.org\/en\/wp-json\/wp\/v2\/pages\/4955\/revisions\/4957"}],"up":[{"embeddable":true,"href":"https:\/\/agendaurbana.arteixo.org\/en\/wp-json\/wp\/v2\/pages\/4929"}],"wp:attachment":[{"href":"https:\/\/agendaurbana.arteixo.org\/en\/wp-json\/wp\/v2\/media?parent=4955"}],"curies":[{"name":"wp","href":"https:\/\/api.w.org\/{rel}","templated":true}]}}