{"id":1349,"date":"2023-12-15T13:10:16","date_gmt":"2023-12-15T12:10:16","guid":{"rendered":"https:\/\/agendaurbana.arteixo.org\/axenda-urbana\/"},"modified":"2025-09-22T15:43:11","modified_gmt":"2025-09-22T13:43:11","slug":"axenda-urbana","status":"publish","type":"page","link":"https:\/\/agendaurbana.arteixo.org\/gl\/","title":{"rendered":"Axenda Urbana de Arteixo"},"content":{"rendered":"<p>[et_pb_section fb_built=&#8221;1&#8243; custom_padding_last_edited=&#8221;on|phone&#8221; _builder_version=&#8221;4.23.1&#8243; _module_preset=&#8221;default&#8221; custom_margin_tablet=&#8221;0px||||false|false&#8221; custom_margin_phone=&#8221;0px||||false|false&#8221; custom_margin_last_edited=&#8221;on|tablet&#8221; custom_padding_tablet=&#8221;0px||||false|false&#8221; custom_padding_phone=&#8221;0px||0px||false|false&#8221; da_disable_devices=&#8221;off|off|off&#8221; global_colors_info=&#8221;{}&#8221; theme_builder_area=&#8221;post_content&#8221; da_is_popup=&#8221;off&#8221; da_exit_intent=&#8221;off&#8221; da_has_close=&#8221;on&#8221; da_alt_close=&#8221;off&#8221; da_dark_close=&#8221;off&#8221; da_not_modal=&#8221;on&#8221; da_is_singular=&#8221;off&#8221; da_with_loader=&#8221;off&#8221; da_has_shadow=&#8221;on&#8221;][et_pb_row use_custom_gutter=&#8221;on&#8221; admin_label=&#8221;A AXENDA URBANA&#8221; module_id=&#8221;agenda&#8221; _builder_version=&#8221;4.23.1&#8243; _module_preset=&#8221;default&#8221; width_tablet=&#8221;90%&#8221; width_phone=&#8221;95%&#8221; width_last_edited=&#8221;on|tablet&#8221; custom_margin=&#8221;||||false|false&#8221; custom_padding=&#8221;20px||||false|false&#8221; global_colors_info=&#8221;{}&#8221; theme_builder_area=&#8221;post_content&#8221;][et_pb_column type=&#8221;4_4&#8243; _builder_version=&#8221;4.23.1&#8243; _module_preset=&#8221;default&#8221; global_colors_info=&#8221;{}&#8221; theme_builder_area=&#8221;post_content&#8221;][et_pb_text admin_label=&#8221;Texto La Agenda Urbana&#8221; _builder_version=&#8221;4.27.4&#8243; _module_preset=&#8221;default&#8221; text_text_color=&#8221;#19437e&#8221; header_text_color=&#8221;#19437e&#8221; header_2_text_color=&#8221;#19437e&#8221; hover_enabled=&#8221;0&#8243; global_colors_info=&#8221;{}&#8221; theme_builder_area=&#8221;post_content&#8221; sticky_enabled=&#8221;0&#8243;]<\/p>\n<h2><i class=\"fa-solid fa-calendar-days\"><\/i> A AXENDA URBANA E RURAL DE ARTEIXO (AURA)<\/h2>\n<p>[\/et_pb_text][et_pb_text _builder_version=&#8221;4.25.1&#8243; _module_preset=&#8221;default&#8221; text_orientation=&#8221;justified&#8221; custom_padding=&#8221;0px||||false|false&#8221; global_colors_info=&#8221;{}&#8221; theme_builder_area=&#8221;post_content&#8221;]<\/p>\n<p>A Axenda Urbana e Rural \u00e9 un proceso colaborativo que involucra tanto a entidades p\u00fablicas como privadas dentro dun municipio. O seu prop\u00f3sito central radica en fomentar un desenvolvemento equitativo, xusto e sostible na contorna urbana. Esta iniciativa busca asegurar que as pol\u00edticas de desenvolvemento local estean ali\u00f1adas cos principios e obxectivos establecidos pola Axenda 2030, a nova Axenda Urbana das Naci\u00f3ns Unidas e os ali\u00f1amentos marcados pola Axenda Urbana Europea e Espa\u00f1ola. \u00c9 importante, pois, que exista unha Axenda Urbana e Rural de Arteixo.<\/p>\n<p>[\/et_pb_text][\/et_pb_column][\/et_pb_row][et_pb_row use_custom_gutter=&#8221;on&#8221; custom_padding_last_edited=&#8221;on|phone&#8221; admin_label=&#8221;Arteixo &#8221; _builder_version=&#8221;4.23.1&#8243; _module_preset=&#8221;default&#8221; width_tablet=&#8221;90%&#8221; width_phone=&#8221;95%&#8221; width_last_edited=&#8221;on|tablet&#8221; custom_margin=&#8221;||||false|false&#8221; custom_padding=&#8221;20px||||false|false&#8221; custom_padding_tablet=&#8221;20px||||false|false&#8221; custom_padding_phone=&#8221;0px||||false|false&#8221; global_colors_info=&#8221;{}&#8221; theme_builder_area=&#8221;post_content&#8221;][et_pb_column type=&#8221;4_4&#8243; _builder_version=&#8221;4.23.1&#8243; _module_preset=&#8221;default&#8221; global_colors_info=&#8221;{}&#8221; theme_builder_area=&#8221;post_content&#8221;][et_pb_text admin_label=&#8221;Texto Arteixo&#8221; _builder_version=&#8221;4.23.1&#8243; _module_preset=&#8221;default&#8221; text_text_color=&#8221;#19437e&#8221; header_text_color=&#8221;#19437e&#8221; header_2_text_color=&#8221;#19437e&#8221; global_colors_info=&#8221;{}&#8221; theme_builder_area=&#8221;post_content&#8221;]<\/p>\n<h2>Arteixo<\/h2>\n<p>[\/et_pb_text][et_pb_text _builder_version=&#8221;4.27.4&#8243; _module_preset=&#8221;default&#8221; text_orientation=&#8221;justified&#8221; custom_padding=&#8221;0px||||false|false&#8221; global_colors_info=&#8221;{}&#8221; theme_builder_area=&#8221;post_content&#8221;]<\/p>\n<p>A Axenda Urbana e Rural de Arteixo ten como prop\u00f3sito a integraci\u00f3n dos Obxectivos de Desenvolvemento Sostible no dese\u00f1o urbano, as\u00ed como abordar os distintos desaf\u00edos do desenvolvemento urbano que enfronta Arteixo. Neste sentido, colaboramos estreitamente cos diversos actores da sociedade arteix\u00e1 para impulsar os proxectos estrat\u00e9xicos identificados nas primeiras etapas.<\/p>\n<p>Esta participaci\u00f3n \u00e9 esencial no marco da Axenda Urbana e Rural, xa que contrib\u00fae a constru\u00edr unha visi\u00f3n compartida de Arteixo e avanzar cara a un futuro m\u00e1is sostible.<\/p>\n<p>A Axenda Urbana e Rural de Arteixo act\u00faa como unha motor clave para alcanzar os Obxectivos de Desenvolvemento Sostible e catalizar a transformaci\u00f3n da cidade mediante a execuci\u00f3n de proxectos que afronten os desaf\u00edos urbanos ata o 2030.<\/p>\n<p>[\/et_pb_text][et_pb_divider _builder_version=&#8221;4.27.4&#8243; _module_preset=&#8221;default&#8221; global_colors_info=&#8221;{}&#8221; theme_builder_area=&#8221;post_content&#8221;][\/et_pb_divider][\/et_pb_column][\/et_pb_row][et_pb_row use_custom_gutter=&#8221;on&#8221; custom_padding_last_edited=&#8221;on|tablet&#8221; admin_label=&#8221;FASES&#8221; module_id=&#8221;fases&#8221; _builder_version=&#8221;4.23.1&#8243; _module_preset=&#8221;default&#8221; width_tablet=&#8221;90%&#8221; width_phone=&#8221;95%&#8221; width_last_edited=&#8221;on|tablet&#8221; custom_margin=&#8221;||||false|false&#8221; custom_padding=&#8221;20px||||false|false&#8221; custom_padding_tablet=&#8221;20px||0px||false|false&#8221; custom_padding_phone=&#8221;20px||0px||false|false&#8221; global_colors_info=&#8221;{}&#8221; theme_builder_area=&#8221;post_content&#8221;][et_pb_column type=&#8221;4_4&#8243; _builder_version=&#8221;4.23.1&#8243; _module_preset=&#8221;default&#8221; global_colors_info=&#8221;{}&#8221; theme_builder_area=&#8221;post_content&#8221;][et_pb_text admin_label=&#8221;Texto  FASES&#8221; _builder_version=&#8221;4.23.1&#8243; _module_preset=&#8221;default&#8221; text_text_color=&#8221;#19437e&#8221; header_text_color=&#8221;#19437e&#8221; header_2_text_color=&#8221;#19437e&#8221; global_colors_info=&#8221;{}&#8221; theme_builder_area=&#8221;post_content&#8221;]<\/p>\n<h2><i class=\"fa-solid fa-list\"><\/i> FASES<\/h2>\n<p>[\/et_pb_text][et_pb_text _builder_version=&#8221;4.25.1&#8243; _module_preset=&#8221;default&#8221; text_orientation=&#8221;justified&#8221; custom_padding=&#8221;0px||||false|false&#8221; global_colors_info=&#8221;{}&#8221; theme_builder_area=&#8221;post_content&#8221;]<\/p>\n<p>A planificaci\u00f3n urbana e rural de Arteixo pasou por un proceso de cinco etapas, seguindo as pautas metodol\u00f3xicas establecidas pola Axenda Urbana Espa\u00f1ola.<\/p>\n<p>[\/et_pb_text][\/et_pb_column][\/et_pb_row][et_pb_row column_structure=&#8221;1_2,1_2&#8243; use_custom_gutter=&#8221;on&#8221; make_equal=&#8221;on&#8221; custom_padding_last_edited=&#8221;on|phone&#8221; admin_label=&#8221;Diagn\u00f3stico Urbano | Marco Estrat\u00e9xico&#8221; _builder_version=&#8221;4.23.1&#8243; _module_preset=&#8221;default&#8221; width_tablet=&#8221;90%&#8221; width_phone=&#8221;95%&#8221; width_last_edited=&#8221;on|tablet&#8221; custom_margin=&#8221;||||false|false&#8221; custom_padding=&#8221;20px||||false|false&#8221; custom_padding_tablet=&#8221;20px||||false|false&#8221; custom_padding_phone=&#8221;||||false|false&#8221; global_colors_info=&#8221;{}&#8221; theme_builder_area=&#8221;post_content&#8221;][et_pb_column type=&#8221;1_2&#8243; _builder_version=&#8221;4.23.1&#8243; _module_preset=&#8221;default&#8221; global_colors_info=&#8221;{}&#8221; theme_builder_area=&#8221;post_content&#8221;][et_pb_text admin_label=&#8221;Texto Diagnostico Urbano&#8221; _builder_version=&#8221;4.23.1&#8243; _module_preset=&#8221;default&#8221; text_text_color=&#8221;#19437e&#8221; header_text_color=&#8221;#19437e&#8221; header_2_text_color=&#8221;#19437e&#8221; header_3_text_color=&#8221;#19437e&#8221; global_colors_info=&#8221;{}&#8221; theme_builder_area=&#8221;post_content&#8221;]<\/p>\n<h3>Diagn\u00f3stico Urbano<\/h3>\n<p>[\/et_pb_text][et_pb_text _builder_version=&#8221;4.23.1&#8243; _module_preset=&#8221;default&#8221; text_orientation=&#8221;justified&#8221; custom_padding=&#8221;0px||||false|false&#8221; global_colors_info=&#8221;{}&#8221; theme_builder_area=&#8221;post_content&#8221;]<\/p>\n<p>Determ\u00ednanse os desaf\u00edos e requisitos de Arteixo mediante a an\u00e1lise de datos descritivos, estat\u00edsticos e os plans xa establecidos polo municipio. Este resultado conforma o documento inicial que marca o comezo do proceso.<\/p>\n<p>[\/et_pb_text][et_pb_button button_url=&#8221;https:\/\/agendaurbana.arteixo.org\/wp-content\/uploads\/2024\/04\/AU_ARTEIXO_DIAGNOSTICO_lig.pdf&#8221; url_new_window=&#8221;on&#8221; button_text=&#8221;descargar Diagn\u00f3stico&#8221; _builder_version=&#8221;4.24.3&#8243; _module_preset=&#8221;default&#8221; custom_margin_tablet=&#8221;||20px||false|false&#8221; custom_margin_phone=&#8221;||20px||false|false&#8221; custom_margin_last_edited=&#8221;on|tablet&#8221; global_colors_info=&#8221;{}&#8221; theme_builder_area=&#8221;post_content&#8221;][\/et_pb_button][\/et_pb_column][et_pb_column type=&#8221;1_2&#8243; _builder_version=&#8221;4.23.1&#8243; _module_preset=&#8221;default&#8221; global_colors_info=&#8221;{}&#8221; theme_builder_area=&#8221;post_content&#8221;][et_pb_text admin_label=&#8221;Texto Marco Estrategico&#8221; _builder_version=&#8221;4.23.1&#8243; _module_preset=&#8221;default&#8221; text_text_color=&#8221;#19437e&#8221; header_text_color=&#8221;#19437e&#8221; header_2_text_color=&#8221;#19437e&#8221; header_3_text_color=&#8221;#19437e&#8221; global_colors_info=&#8221;{}&#8221; theme_builder_area=&#8221;post_content&#8221;]<\/p>\n<h3>Marco Estrat\u00e9xico<\/h3>\n<p>[\/et_pb_text][et_pb_text _builder_version=&#8221;4.23.1&#8243; _module_preset=&#8221;default&#8221; text_orientation=&#8221;justified&#8221; custom_padding=&#8221;0px||||false|false&#8221; global_colors_info=&#8221;{}&#8221; theme_builder_area=&#8221;post_content&#8221;]<\/p>\n<p>Util\u00edzanse os Obxectivos Estrat\u00e9xicos propostos pola Axenda Urbana Espa\u00f1ola para establecer os desaf\u00edos prioritarios e metas de Arteixo, sentando as\u00ed as bases do desenvolvemento e transformaci\u00f3n da cidade no horizonte 2030.<\/p>\n<p>[\/et_pb_text][et_pb_button button_url=&#8221;https:\/\/agendaurbana.arteixo.org\/wp-content\/uploads\/2024\/04\/AU_ARTEIXO_MARCO_ESTRATEGICO_lig.pdf&#8221; url_new_window=&#8221;on&#8221; button_text=&#8221;descargar Marco Estrat\u00e9xico&#8221; disabled_on=&#8221;off|off|off&#8221; _builder_version=&#8221;4.24.3&#8243; _module_preset=&#8221;default&#8221; custom_margin_tablet=&#8221;||20px||false|false&#8221; custom_margin_phone=&#8221;||20px||false|false&#8221; custom_margin_last_edited=&#8221;on|tablet&#8221; global_colors_info=&#8221;{}&#8221; theme_builder_area=&#8221;post_content&#8221;][\/et_pb_button][\/et_pb_column][\/et_pb_row][et_pb_row column_structure=&#8221;1_2,1_2&#8243; use_custom_gutter=&#8221;on&#8221; custom_padding_last_edited=&#8221;on|phone&#8221; admin_label=&#8221;Plan de Acci\u00f3n | Sistema de Seguimento&#8221; _builder_version=&#8221;4.23.1&#8243; _module_preset=&#8221;default&#8221; width_tablet=&#8221;90%&#8221; width_phone=&#8221;95%&#8221; width_last_edited=&#8221;on|tablet&#8221; custom_margin=&#8221;||||false|false&#8221; custom_padding=&#8221;20px||||false|false&#8221; custom_padding_tablet=&#8221;20px||||false|false&#8221; custom_padding_phone=&#8221;0px||||false|false&#8221; global_colors_info=&#8221;{}&#8221; theme_builder_area=&#8221;post_content&#8221;][et_pb_column type=&#8221;1_2&#8243; _builder_version=&#8221;4.23.1&#8243; _module_preset=&#8221;default&#8221; global_colors_info=&#8221;{}&#8221; theme_builder_area=&#8221;post_content&#8221;][et_pb_text admin_label=&#8221;Texto Plan de Acci\u00f3n&#8221; _builder_version=&#8221;4.23.1&#8243; _module_preset=&#8221;default&#8221; text_text_color=&#8221;#19437e&#8221; header_text_color=&#8221;#19437e&#8221; header_2_text_color=&#8221;#19437e&#8221; header_3_text_color=&#8221;#19437e&#8221; global_colors_info=&#8221;{}&#8221; theme_builder_area=&#8221;post_content&#8221;]<\/p>\n<h3>Plan de Acci\u00f3n<\/h3>\n<p>[\/et_pb_text][et_pb_text _builder_version=&#8221;4.25.1&#8243; _module_preset=&#8221;default&#8221; text_orientation=&#8221;justified&#8221; custom_padding=&#8221;0px||||false|false&#8221; global_colors_info=&#8221;{}&#8221; theme_builder_area=&#8221;post_content&#8221;]<\/p>\n<p>Rex\u00edstranse os proxectos ou acci\u00f3ns planificadas ata o 2030, detallando o seu nivel de desenvolvemento, a s\u00faa evoluci\u00f3n temporal e o seu grao de concreci\u00f3n, co prop\u00f3sito de facilitar a s\u00faa execuci\u00f3n a curto, mediano e longo prazo.<\/p>\n<p>Este Plan, din\u00e1mico e axustable, representa a gu\u00eda local para dirixir a organizaci\u00f3n urbana e rural asegurando a obtenci\u00f3n de financiamiento doutras administraci\u00f3ns en busca da s\u00faa implementaci\u00f3n.<\/p>\n<p>[\/et_pb_text][et_pb_button button_url=&#8221;https:\/\/agendaurbana.arteixo.org\/wp-content\/uploads\/2024\/04\/AU_ARTEIXO_PLAN_DE_ACCION_lig.pdf&#8221; url_new_window=&#8221;on&#8221; button_text=&#8221;descargar Plan de Acci\u00f3n&#8221; disabled_on=&#8221;off|off|off&#8221; _builder_version=&#8221;4.24.3&#8243; _module_preset=&#8221;default&#8221; custom_margin_tablet=&#8221;||20px||false|false&#8221; custom_margin_phone=&#8221;||20px||false|false&#8221; custom_margin_last_edited=&#8221;on|tablet&#8221; global_colors_info=&#8221;{}&#8221; theme_builder_area=&#8221;post_content&#8221;][\/et_pb_button][\/et_pb_column][et_pb_column type=&#8221;1_2&#8243; _builder_version=&#8221;4.23.1&#8243; _module_preset=&#8221;default&#8221; global_colors_info=&#8221;{}&#8221; theme_builder_area=&#8221;post_content&#8221;][et_pb_text admin_label=&#8221;Texto Arteixo Industrial&#8221; _builder_version=&#8221;4.23.1&#8243; _module_preset=&#8221;default&#8221; text_text_color=&#8221;#19437e&#8221; header_text_color=&#8221;#19437e&#8221; header_2_text_color=&#8221;#19437e&#8221; header_3_text_color=&#8221;#19437e&#8221; global_colors_info=&#8221;{}&#8221; theme_builder_area=&#8221;post_content&#8221;]<\/p>\n<h3>Sistema de Seguimento<\/h3>\n<p>[\/et_pb_text][et_pb_text _builder_version=&#8221;4.23.1&#8243; _module_preset=&#8221;default&#8221; text_orientation=&#8221;justified&#8221; custom_padding=&#8221;0px||||false|false&#8221; global_colors_info=&#8221;{}&#8221; theme_builder_area=&#8221;post_content&#8221;]<\/p>\n<p>Util\u00edzanse os Obxectivos Estrat\u00e9xicos propostos pola Axenda Urbana Espa\u00f1ola para establecer os desaf\u00edos prioritarios e metas de Arteixo, sentando as\u00ed as bases do desenvolvemento e transformaci\u00f3n da cidade no horizonte 2030.<\/p>\n<p>[\/et_pb_text][\/et_pb_column][\/et_pb_row][et_pb_row use_custom_gutter=&#8221;on&#8221; admin_label=&#8221;Proxectos&#8221; _builder_version=&#8221;4.23.1&#8243; _module_preset=&#8221;default&#8221; width_tablet=&#8221;90%&#8221; width_phone=&#8221;95%&#8221; width_last_edited=&#8221;on|tablet&#8221; custom_margin=&#8221;||||false|false&#8221; custom_padding=&#8221;20px||||false|false&#8221; global_colors_info=&#8221;{}&#8221; theme_builder_area=&#8221;post_content&#8221;][et_pb_column type=&#8221;4_4&#8243; _builder_version=&#8221;4.23.1&#8243; _module_preset=&#8221;default&#8221; global_colors_info=&#8221;{}&#8221; theme_builder_area=&#8221;post_content&#8221;][et_pb_text disabled_on=&#8221;off|off|off&#8221; admin_label=&#8221;Texto Agenda Urbana y Rural Arteixo (AURA)&#8221; _builder_version=&#8221;4.24.3&#8243; _module_preset=&#8221;default&#8221; text_text_color=&#8221;#19437e&#8221; header_text_color=&#8221;#19437e&#8221; header_2_text_color=&#8221;#19437e&#8221; global_colors_info=&#8221;{}&#8221; theme_builder_area=&#8221;post_content&#8221;]<\/p>\n<h2 style=\"text-align: center;\">AXENDA URBANA E RURAL DE ARTEIXO (AURA)<\/h2>\n<p>[\/et_pb_text][et_pb_text disabled_on=&#8221;off|off|off&#8221; admin_label=&#8221;TextoPDF&#8221; _builder_version=&#8221;4.24.3&#8243; _module_preset=&#8221;default&#8221; custom_padding=&#8221;0px||||false|false&#8221; global_colors_info=&#8221;{}&#8221; theme_builder_area=&#8221;post_content&#8221;]<\/p>\n<div class=\"_df_book df-lite\" id=\"df_2019\"  _slug=\"agenda-urbana-y-rural-de-arteixo-aura\" data-title=\"agenda-urbana-y-rural-de-arteixo-aura\" wpoptions=\"true\" thumbtype=\"\" ><\/div><script class=\"df-shortcode-script\" nowprocket type=\"application\/javascript\">window.option_df_2019 = {\"outline\":[],\"autoEnableOutline\":\"false\",\"autoEnableThumbnail\":\"false\",\"overwritePDFOutline\":\"false\",\"direction\":\"1\",\"pageSize\":\"0\",\"source\":\"https:\\\/\\\/agendaurbana.arteixo.org\\\/wp-content\\\/uploads\\\/2024\\\/04\\\/AU_ARTEIXO_COMPLETO_lig.pdf\",\"wpOptions\":\"true\"}; if(window.DFLIP && window.DFLIP.parseBooks){window.DFLIP.parseBooks();}<\/script>\n<p>[\/et_pb_text][et_pb_divider _builder_version=&#8221;4.27.4&#8243; _module_preset=&#8221;default&#8221; global_colors_info=&#8221;{}&#8221; theme_builder_area=&#8221;post_content&#8221;][\/et_pb_divider][\/et_pb_column][\/et_pb_row][et_pb_row use_custom_gutter=&#8221;on&#8221; make_equal=&#8221;on&#8221; custom_padding_last_edited=&#8221;on|tablet&#8221; disabled_on=&#8221;off|off|off&#8221; admin_label=&#8221;PAI&#8221; module_id=&#8221;pai&#8221; _builder_version=&#8221;4.27.4&#8243; _module_preset=&#8221;default&#8221; width_tablet=&#8221;90%&#8221; width_phone=&#8221;95%&#8221; width_last_edited=&#8221;on|tablet&#8221; custom_margin=&#8221;||||false|false&#8221; custom_padding=&#8221;20px||||false|false&#8221; custom_padding_tablet=&#8221;20px||0px||false|false&#8221; custom_padding_phone=&#8221;20px||0px||false|false&#8221; global_colors_info=&#8221;{}&#8221; theme_builder_area=&#8221;post_content&#8221;][et_pb_column type=&#8221;4_4&#8243; _builder_version=&#8221;4.23.1&#8243; _module_preset=&#8221;default&#8221; global_colors_info=&#8221;{}&#8221; theme_builder_area=&#8221;post_content&#8221;][et_pb_text disabled_on=&#8221;on|on|off&#8221; admin_label=&#8221;Texto PAI &#8211; PLAN DE ACTUACI\u00d3N INTEGRADO&#8221; _builder_version=&#8221;4.27.4&#8243; _module_preset=&#8221;default&#8221; text_text_color=&#8221;#19437e&#8221; header_text_color=&#8221;#19437e&#8221; header_2_text_color=&#8221;#19437e&#8221; global_colors_info=&#8221;{}&#8221; theme_builder_area=&#8221;post_content&#8221;]<\/p>\n<h2><i class=\"fa-solid fa-file\"><\/i> PAI &#8211; PLAN DE ACTUACI\u00d3N INTEGRADO &#8220;Arteixo en positivo&#8221;<\/h2>\n<p>[\/et_pb_text][et_pb_text admin_label=&#8221;Text &#8211; El Ayuntamiento de &#8230;&#8221; _builder_version=&#8221;4.27.4&#8243; _module_preset=&#8221;default&#8221; global_colors_info=&#8221;{}&#8221; theme_builder_area=&#8221;post_content&#8221;]O Concello de Arteixo e o Ministerio de Transportes, Movilidad e Axenda Urbana formalizaron en marzo do 2023 un Protocolo xeral de actuaci\u00f3n que dotaba de formalidade \u00e1 colaboraci\u00f3n entre as d\u00faas entidades e expresaba a vontade do Ministerio de tomar en consideraci\u00f3n o Plan de Acci\u00f3n da Axenda Urbana e Rural de Arteixo (AURA), como <strong>proxecto piloto da Axenda Urbana Espa\u00f1ola<\/strong>, boa pr\u00e1ctica e experiencia transferible que pode orientar a outros municipios na elaboraci\u00f3n dos seus respectivos plans de acci\u00f3n.<\/p>\n<p>Neste contexto, o Concello elaborou o Plan de Actuaci\u00f3n Integrado de Arteixo, un plan que se desenvolveu considerando o marco da s\u00faa AURA e o modelo de gobernanza territorial.<\/p>\n<p>O PAI \u201cArteixo en positivo\u201d ten como obxectivo fomentar o desenvolvemento sostible e integrado, desde unha tripla perspectiva:<\/p>\n<ul>\n<li>mellorar a dimensi\u00f3n f\u00edsica e ambiental,<\/li>\n<li>mellorar a dimensi\u00f3n econ\u00f3mica e competitividade,<\/li>\n<li>mellorar a dimensi\u00f3n social destes territorios.<\/li>\n<\/ul>\n<p>O PAI \u201cArteixo en positivo\u201d foi <strong>aprobado por unanimidade<\/strong> polo Pleno da corporaci\u00f3n municipal o 27 de febreiro de 2025.<\/p>\n<p><strong>ARQUIVOS<\/strong>:<br \/>\n<a href=\"https:\/\/agendaurbana.arteixo.org\/wp-content\/uploads\/2025\/03\/Video-Nos-somos-Arteixo.mp4\" target=\"_blank\" rel=\"noopener\"><i class=\"fa-solid fa-film\"><\/i> V\u00eddeo &#8220;N\u00f3s somos Arteixo&#8221;<\/a><br \/>\n<a href=\"https:\/\/agendaurbana.arteixo.org\/wp-content\/uploads\/2025\/03\/Video-Nos-somos-Arteixo-subtitulos-ingles.mp4\" target=\"_blank\" rel=\"noopener\"><i class=\"fa-solid fa-film\"><\/i> V\u00eddeo &#8220;N\u00f3s somos Arteixo&#8221; (subt\u00edtulos en ingl\u00e9s)<\/a><br \/>\n<a href=\"https:\/\/agendaurbana.arteixo.org\/wp-content\/uploads\/2025\/03\/Plan-de-Actuacion-Integrado.pdf\" target=\"_blank\" rel=\"noopener\"><i class=\"fa fa-file-pdf\"><\/i> Plan de Actuaci\u00f3n Integrado &#8220;Arteixo en positivo&#8221;<\/a><br \/>\n<a href=\"https:\/\/agendaurbana.arteixo.org\/gl\/axenda-urbana\/nos-somos-arteixo\/#galeria\" target=\"_blank\" rel=\"noopener\"><i class=\"fa-solid fa-images\"><\/i> Galer\u00eda de imaxes &#8220;N\u00f3s somos Arteixo&#8221;<\/a><br \/>\n<a href=\"https:\/\/agendaurbana.arteixo.org\/gl\/axenda-urbana\/nos-somos-arteixo\/#pagina\" target=\"_blank\" rel=\"noopener\"><i class=\"fa-solid fa-globe\"><\/i> Ver en p\u00e1xina<\/a>[\/et_pb_text][et_pb_divider _builder_version=&#8221;4.27.4&#8243; _module_preset=&#8221;default&#8221; global_colors_info=&#8221;{}&#8221; theme_builder_area=&#8221;post_content&#8221;][\/et_pb_divider][\/et_pb_column][\/et_pb_row][et_pb_row use_custom_gutter=&#8221;on&#8221; make_equal=&#8221;on&#8221; custom_padding_last_edited=&#8221;on|tablet&#8221; disabled_on=&#8221;off|off|off&#8221; admin_label=&#8221;PARTICIPACION&#8221; module_id=&#8221;participacion&#8221; _builder_version=&#8221;4.27.4&#8243; _module_preset=&#8221;default&#8221; width_tablet=&#8221;90%&#8221; width_phone=&#8221;95%&#8221; width_last_edited=&#8221;on|tablet&#8221; custom_margin=&#8221;||||false|false&#8221; custom_padding=&#8221;20px||||false|false&#8221; custom_padding_tablet=&#8221;20px||0px||false|false&#8221; custom_padding_phone=&#8221;20px||0px||false|false&#8221; global_colors_info=&#8221;{}&#8221; theme_builder_area=&#8221;post_content&#8221;][et_pb_column type=&#8221;4_4&#8243; _builder_version=&#8221;4.23.1&#8243; _module_preset=&#8221;default&#8221; global_colors_info=&#8221;{}&#8221; theme_builder_area=&#8221;post_content&#8221;][et_pb_text admin_label=&#8221;Texto PARTICIPACION&#8221; _builder_version=&#8221;4.23.1&#8243; _module_preset=&#8221;default&#8221; text_text_color=&#8221;#19437e&#8221; header_text_color=&#8221;#19437e&#8221; header_2_text_color=&#8221;#19437e&#8221; global_colors_info=&#8221;{}&#8221; theme_builder_area=&#8221;post_content&#8221;]<\/p>\n<h2><i class=\"fa-solid fa-users-gear\"><\/i> PARTICIPACI\u00d3N<\/h2>\n<p>[\/et_pb_text][\/et_pb_column][\/et_pb_row][et_pb_row column_structure=&#8221;1_2,1_2&#8243; use_custom_gutter=&#8221;on&#8221; make_equal=&#8221;on&#8221; admin_label=&#8221;Imaxe | PARTICIPACION&#8221; _builder_version=&#8221;4.23.2&#8243; _module_preset=&#8221;default&#8221; width_tablet=&#8221;90%&#8221; width_phone=&#8221;95%&#8221; width_last_edited=&#8221;on|tablet&#8221; custom_margin=&#8221;||||false|false&#8221; custom_padding=&#8221;0px||||false|false&#8221; custom_css_main_element=&#8221;align-items:center;&#8221; global_colors_info=&#8221;{}&#8221; theme_builder_area=&#8221;post_content&#8221;][et_pb_column type=&#8221;1_2&#8243; _builder_version=&#8221;4.23.1&#8243; _module_preset=&#8221;default&#8221; global_colors_info=&#8221;{}&#8221; theme_builder_area=&#8221;post_content&#8221;][et_pb_image src=&#8221;https:\/\/agendaurbana.arteixo.org\/wp-content\/uploads\/2023\/12\/ponteBrozos.jpg&#8221; alt=&#8221;Imaxe de ponte rom\u00e1nico na contorna urbana de Arteixo&#8221; _builder_version=&#8221;4.23.4&#8243; _module_preset=&#8221;default&#8221; global_colors_info=&#8221;{}&#8221; theme_builder_area=&#8221;post_content&#8221;][\/et_pb_image][\/et_pb_column][et_pb_column type=&#8221;1_2&#8243; _builder_version=&#8221;4.23.1&#8243; _module_preset=&#8221;default&#8221; global_colors_info=&#8221;{}&#8221; theme_builder_area=&#8221;post_content&#8221;][et_pb_text _builder_version=&#8221;4.23.1&#8243; _module_preset=&#8221;default&#8221; text_orientation=&#8221;justified&#8221; custom_padding=&#8221;0px|10px||10px|false|false&#8221; global_colors_info=&#8221;{}&#8221; theme_builder_area=&#8221;post_content&#8221;]<\/p>\n<p>A Axenda Urbana e Rural de Arteixo enf\u00f3case nunha visi\u00f3n compartida do porvir do municipio, involucrando activamente \u00e1 comunidade na creaci\u00f3n do seu documento estrat\u00e9xico. Esta perspectiva busca a participaci\u00f3n externa, integrando diversos sectores sociais, econ\u00f3micos e institucionais para reflexionar en conxunto sobre o desenvolvemento sostible de Arteixo no futuro.<\/p>\n<p>Con este fin, promoveuse a participaci\u00f3n da sociedade, a econom\u00eda e as instituci\u00f3ns locais para reflexionar colectivamente sobre o futuro sostible de Arteixo.<\/p>\n<p>O proceso participativo, transparente e aberto, foi unha parte integral na elaboraci\u00f3n da Axenda Urbana e Rural de Arteixo, permitindo que os participantes contrib\u00faan coas s\u00faas ideas ao Plan de Acci\u00f3n desta Axenda Urbana e Rural.<\/p>\n<p>[\/et_pb_text][\/et_pb_column][\/et_pb_row][et_pb_row use_custom_gutter=&#8221;on&#8221; custom_padding_last_edited=&#8221;on|tablet&#8221; disabled_on=&#8221;on|on|on&#8221; admin_label=&#8221;Pr\u00f3ximas Acci\u00f3ns&#8221; _builder_version=&#8221;4.27.4&#8243; _module_preset=&#8221;default&#8221; width_tablet=&#8221;90%&#8221; width_phone=&#8221;95%&#8221; width_last_edited=&#8221;on|tablet&#8221; display_conditions=&#8221;W3siaWQiOiIxNzUxMmZkOS00MmVkLTRjOWQtOThlYi05MTdkYTEwM2I1ZDciLCJjb25kaXRpb24iOiJkYXRlVGltZSIsImNvbmRpdGlvblNldHRpbmdzIjp7ImRpc3BsYXlSdWxlIjoiaXNCZWZvcmUiLCJkYXRlIjoiMjAyNS0wNC0wNCIsInRpbWUiOiIwMDowMCIsIndlZWtkYXlzIjoifCIsImFsbERheSI6Im9uIiwiZnJvbVRpbWUiOiIwMDowMCIsInVudGlsVGltZSI6IjAwOjAwIiwicmVwZWF0Ijoib2ZmIiwicmVwZWF0RnJlcXVlbmN5IjoibW9udGhseSIsInJlcGVhdEZyZXF1ZW5jeVNwZWNpZmljRGF5cyI6IndlZWtseSIsInJlcGVhdEVuZCI6Im5ldmVyIiwicmVwZWF0VW50aWxEYXRlIjoiMjAyNS0yLTIwIiwicmVwZWF0VGltZXMiOiIzIiwiYWRtaW5MYWJlbCI6IkRhdGUgJiBUaW1lIiwiZW5hYmxlQ29uZGl0aW9uIjoib24ifSwib3BlcmF0b3IiOiJPUiJ9XQ==&#8221; custom_margin=&#8221;||||false|false&#8221; custom_padding=&#8221;20px||||false|false&#8221; custom_padding_tablet=&#8221;20px||0px||false|false&#8221; custom_padding_phone=&#8221;20px||0px||false|false&#8221; disabled=&#8221;on&#8221; global_colors_info=&#8221;{}&#8221; theme_builder_area=&#8221;post_content&#8221;][et_pb_column type=&#8221;4_4&#8243; _builder_version=&#8221;4.23.1&#8243; _module_preset=&#8221;default&#8221; global_colors_info=&#8221;{}&#8221; theme_builder_area=&#8221;post_content&#8221;][et_pb_text admin_label=&#8221;Texto Pr\u00f3ximas Acciones&#8221; _builder_version=&#8221;4.27.4&#8243; _module_preset=&#8221;default&#8221; text_text_color=&#8221;#19437e&#8221; header_text_color=&#8221;#19437e&#8221; header_2_text_color=&#8221;#19437e&#8221; header_3_text_color=&#8221;#19437e&#8221; global_colors_info=&#8221;{}&#8221; theme_builder_area=&#8221;post_content&#8221;]<\/p>\n<h3>Pr\u00f3ximas Acci\u00f3ns<\/h3>\n<p>[\/et_pb_text][decm_event_display use_current_loop=&#8221;on&#8221; show_price=&#8221;off&#8221; show_category=&#8221;off&#8221; show_preposition=&#8221;off&#8221; show_data_one_line=&#8221;on&#8221; show_icon_label=&#8221;icon&#8221; event_count=&#8221;50&#8243; columns=&#8221;4&#8243; details_icon_color=&#8221;#19437e&#8221; view_more_text=&#8221;M\u00e1s Informaci\u00f3n&#8221; _builder_version=&#8221;4.27.4&#8243; _module_preset=&#8221;default&#8221; title_level=&#8221;h4&#8243; title_font_size=&#8221;18px&#8221; background_image=&#8221;https:\/\/agendaurbana.arteixo.org\/wp-content\/uploads\/2025\/02\/calendar3Abril2025.png&#8221; background_size=&#8221;custom&#8221; background_image_width=&#8221;23%&#8221; background_position=&#8221;center_right&#8221; background_horizontal_offset=&#8221;36%&#8221; locked=&#8221;off&#8221; global_colors_info=&#8221;{}&#8221; theme_builder_area=&#8221;post_content&#8221;][\/decm_event_display][\/et_pb_column][\/et_pb_row][et_pb_row use_custom_gutter=&#8221;on&#8221; custom_padding_last_edited=&#8221;on|tablet&#8221; disabled_on=&#8221;on|on|on&#8221; admin_label=&#8221;Acci\u00f3ns Realizadas&#8221; _builder_version=&#8221;4.27.4&#8243; _module_preset=&#8221;default&#8221; width_tablet=&#8221;90%&#8221; width_phone=&#8221;95%&#8221; width_last_edited=&#8221;on|tablet&#8221; custom_margin=&#8221;||||false|false&#8221; custom_padding=&#8221;20px||||false|false&#8221; custom_padding_tablet=&#8221;20px||0px||false|false&#8221; custom_padding_phone=&#8221;20px||0px||false|false&#8221; disabled=&#8221;on&#8221; global_colors_info=&#8221;{}&#8221; theme_builder_area=&#8221;post_content&#8221;][et_pb_column type=&#8221;4_4&#8243; _builder_version=&#8221;4.23.1&#8243; _module_preset=&#8221;default&#8221; global_colors_info=&#8221;{}&#8221; theme_builder_area=&#8221;post_content&#8221;][et_pb_text admin_label=&#8221;Texto Acciones Realizadas&#8221; _builder_version=&#8221;4.23.1&#8243; _module_preset=&#8221;default&#8221; text_text_color=&#8221;#19437e&#8221; header_text_color=&#8221;#19437e&#8221; header_2_text_color=&#8221;#19437e&#8221; header_3_text_color=&#8221;#19437e&#8221; global_colors_info=&#8221;{}&#8221; theme_builder_area=&#8221;post_content&#8221;]<\/p>\n<h3>Acci\u00f3ns Realizadas<\/h3>\n<p>[\/et_pb_text][decm_event_display use_current_loop=&#8221;on&#8221; show_price=&#8221;off&#8221; show_category=&#8221;off&#8221; show_preposition=&#8221;off&#8221; show_data_one_line=&#8221;on&#8221; show_icon_label=&#8221;icon&#8221; event_count=&#8221;50&#8243; show_past=&#8221;on&#8221; columns=&#8221;4&#8243; details_icon_color=&#8221;#19437e&#8221; view_more_text=&#8221;M\u00e1s Informaci\u00f3n&#8221; _builder_version=&#8221;4.23.4&#8243; _module_preset=&#8221;default&#8221; title_level=&#8221;h4&#8243; title_font_size=&#8221;18px&#8221; locked=&#8221;off&#8221; global_colors_info=&#8221;{}&#8221; theme_builder_area=&#8221;post_content&#8221;][\/decm_event_display][\/et_pb_column][\/et_pb_row][et_pb_row use_custom_gutter=&#8221;on&#8221; custom_padding_last_edited=&#8221;on|phone&#8221; admin_label=&#8221;III ACCI\u00d3NS PARTICIPATIVAS&#8221; module_id=&#8221;noticias&#8221; _builder_version=&#8221;4.27.4&#8243; _module_preset=&#8221;default&#8221; width_tablet=&#8221;90%&#8221; width_phone=&#8221;95%&#8221; width_last_edited=&#8221;on|tablet&#8221; custom_margin=&#8221;||||false|false&#8221; custom_margin_tablet=&#8221;||||false|false&#8221; custom_margin_phone=&#8221;||0px||false|false&#8221; custom_margin_last_edited=&#8221;on|phone&#8221; custom_padding=&#8221;||0px||false|false&#8221; custom_padding_tablet=&#8221;20px||0px||false|false&#8221; custom_padding_phone=&#8221;20px||0px||false|false&#8221; global_colors_info=&#8221;{}&#8221; theme_builder_area=&#8221;post_content&#8221;][et_pb_column type=&#8221;4_4&#8243; _builder_version=&#8221;4.23.1&#8243; _module_preset=&#8221;default&#8221; global_colors_info=&#8221;{}&#8221; theme_builder_area=&#8221;post_content&#8221;][et_pb_text admin_label=&#8221;Texto III ACCIONES PARTICIPATIVAS&#8221; _builder_version=&#8221;4.27.4&#8243; _module_preset=&#8221;default&#8221; text_text_color=&#8221;#19437e&#8221; header_text_color=&#8221;#19437e&#8221; header_2_text_color=&#8221;#19437e&#8221; header_3_text_color=&#8221;#19437e&#8221; global_colors_info=&#8221;{}&#8221; theme_builder_area=&#8221;post_content&#8221;]<\/p>\n<h3><strong>III ACCI\u00d3NS PARTICIPATIVAS<\/strong><\/h3>\n<p>[\/et_pb_text][\/et_pb_column][\/et_pb_row][et_pb_row use_custom_gutter=&#8221;on&#8221; gutter_width=&#8221;1&#8243; make_equal=&#8221;on&#8221; custom_padding_last_edited=&#8221;on|tablet&#8221; admin_label=&#8221;III ACCI\u00d3NS PARTICIPATIVAS&#8221; _builder_version=&#8221;4.27.4&#8243; _module_preset=&#8221;default&#8221; background_color=&#8221;#ddd6c0&#8243; width=&#8221;98%&#8221; width_tablet=&#8221;90%&#8221; width_phone=&#8221;95%&#8221; width_last_edited=&#8221;on|tablet&#8221; module_alignment=&#8221;center&#8221; custom_margin=&#8221;10px||10px||false|false&#8221; custom_padding=&#8221;20px|||20px|false|false&#8221; custom_padding_tablet=&#8221;0px||0px||false|false&#8221; custom_padding_phone=&#8221;20px||0px||false|false&#8221; border_width_all=&#8221;1px&#8221; border_color_all=&#8221;#ddd6c0&#8243; global_colors_info=&#8221;{}&#8221; theme_builder_area=&#8221;post_content&#8221;][et_pb_column type=&#8221;4_4&#8243; _builder_version=&#8221;4.23.1&#8243; _module_preset=&#8221;default&#8221; global_colors_info=&#8221;{}&#8221; theme_builder_area=&#8221;post_content&#8221;][et_pb_text admin_label=&#8221;Texto CONFERENCIA ESTRAT\u00c9GICA&#8221; _builder_version=&#8221;4.27.4&#8243; _module_preset=&#8221;default&#8221; text_text_color=&#8221;#19437e&#8221; header_text_color=&#8221;#19437e&#8221; header_2_text_color=&#8221;#19437e&#8221; header_3_font=&#8221;|700|||||||&#8221; header_3_font_size=&#8221;25px&#8221; header_4_font=&#8221;||||||||&#8221; header_4_font_size=&#8221;16px&#8221; custom_padding=&#8221;0px||0px||false|false&#8221; global_colors_info=&#8221;{}&#8221; theme_builder_area=&#8221;post_content&#8221;]<\/p>\n<h4><strong>CONFERENCIA ESTRAT\u00c9XICA<\/strong> (evento pasado)<\/h4>\n<p>[\/et_pb_text][decm_event_display show_feature_image=&#8221;off&#8221; show_price=&#8221;off&#8221; show_category=&#8221;off&#8221; show_preposition=&#8221;off&#8221; show_data_one_line=&#8221;on&#8221; show_icon_label=&#8221;icon&#8221; included_categories=&#8221;34&#8243; columns=&#8221;4&#8243; details_link_color=&#8221;rgba(0,0,0,0.75)&#8221; details_icon_color=&#8221;rgba(0,0,0,0.75)&#8221; view_more_text=&#8221;M\u00e1s informaci\u00f3n&#8221; disabled_on=&#8221;on|on|on&#8221; admin_label=&#8221;Feed de eventos &#8211; 3 Conferencia estrat\u00e9gica&#8221; _builder_version=&#8221;4.27.4&#8243; _module_preset=&#8221;default&#8221; title_level=&#8221;h5&#8243; title_font_size=&#8221;17px&#8221; excerpt_text_color=&#8221;rgba(0,0,0,0)&#8221; custom_view_more=&#8221;on&#8221; view_more_text_color=&#8221;rgba(0,0,0,0.75)&#8221; view_more_use_icon=&#8221;off&#8221; disabled=&#8221;on&#8221; global_colors_info=&#8221;{}&#8221; theme_builder_area=&#8221;post_content&#8221;][\/decm_event_display][et_pb_text admin_label=&#8221;Texto &#8211; En estos momentos, nos encontramos &#8230;&#8221; _builder_version=&#8221;4.27.4&#8243; _module_preset=&#8221;default&#8221; global_colors_info=&#8221;{}&#8221; theme_builder_area=&#8221;post_content&#8221;]<\/p>\n<p>Nestes momentos atop\u00e1monos elaborando o contido resumen do evento para que pronto poidas telo &#8230;<\/p>\n<p>[\/et_pb_text][\/et_pb_column][\/et_pb_row][et_pb_row use_custom_gutter=&#8221;on&#8221; gutter_width=&#8221;1&#8243; make_equal=&#8221;on&#8221; custom_padding_last_edited=&#8221;on|tablet&#8221; admin_label=&#8221;III ACCI\u00d3NS PARTICIPATIVAS&#8221; _builder_version=&#8221;4.27.4&#8243; _module_preset=&#8221;default&#8221; background_color=&#8221;#19437e&#8221; width=&#8221;98%&#8221; width_tablet=&#8221;90%&#8221; width_phone=&#8221;95%&#8221; width_last_edited=&#8221;on|tablet&#8221; module_alignment=&#8221;center&#8221; custom_margin=&#8221;20px||10px||false|false&#8221; custom_padding=&#8221;20px|||20px|false|false&#8221; custom_padding_tablet=&#8221;0px||0px||false|false&#8221; custom_padding_phone=&#8221;20px||0px||false|false&#8221; border_width_all=&#8221;1px&#8221; border_color_all=&#8221;#ddd6c0&#8243; global_colors_info=&#8221;{}&#8221; theme_builder_area=&#8221;post_content&#8221;][et_pb_column type=&#8221;4_4&#8243; _builder_version=&#8221;4.23.1&#8243; _module_preset=&#8221;default&#8221; global_colors_info=&#8221;{}&#8221; theme_builder_area=&#8221;post_content&#8221;][et_pb_text admin_label=&#8221;Texto MESAS CON GRUPOS POL\u00cdTICOS&#8221; _builder_version=&#8221;4.27.4&#8243; _module_preset=&#8221;default&#8221; text_text_color=&#8221;#19437e&#8221; header_text_color=&#8221;#19437e&#8221; header_2_text_color=&#8221;#19437e&#8221; header_3_font=&#8221;|700|||||||&#8221; header_3_font_size=&#8221;25px&#8221; header_4_font=&#8221;||||||||&#8221; header_4_text_color=&#8221;#ddd6c0&#8243; header_4_font_size=&#8221;16px&#8221; custom_padding=&#8221;0px||0px||false|false&#8221; global_colors_info=&#8221;{}&#8221; theme_builder_area=&#8221;post_content&#8221;]<\/p>\n<h4><strong>MESAS CON GRUPOS POL\u00cdTICOS<\/strong><\/h4>\n<p>[\/et_pb_text][decm_event_display show_feature_image=&#8221;off&#8221; show_price=&#8221;off&#8221; show_category=&#8221;off&#8221; show_preposition=&#8221;off&#8221; show_data_one_line=&#8221;on&#8221; show_icon_label=&#8221;icon&#8221; included_categories=&#8221;56&#8243; show_past=&#8221;on&#8221; columns=&#8221;4&#8243; details_link_color=&#8221;#ddd6c0&#8243; details_icon_color=&#8221;#ddd6c0&#8243; details_label_color=&#8221;#ddd6c0&#8243; view_more_text=&#8221;M\u00e1s informaci\u00f3n&#8221; admin_label=&#8221;Feed de eventos &#8211; 3 Conferencia estrat\u00e9gica&#8221; _builder_version=&#8221;4.27.4&#8243; _module_preset=&#8221;default&#8221; title_level=&#8221;h5&#8243; title_text_color=&#8221;#ddd6c0&#8243; title_font_size=&#8221;17px&#8221; duration_text_color=&#8221;#ddd6c0&#8243; excerpt_text_color=&#8221;#ddd6c0&#8243; custom_view_more=&#8221;on&#8221; view_more_text_color=&#8221;#ddd6c0&#8243; view_more_use_icon=&#8221;off&#8221; global_colors_info=&#8221;{}&#8221; theme_builder_area=&#8221;post_content&#8221;][\/decm_event_display][\/et_pb_column][\/et_pb_row][et_pb_row use_custom_gutter=&#8221;on&#8221; gutter_width=&#8221;1&#8243; make_equal=&#8221;on&#8221; custom_padding_last_edited=&#8221;on|tablet&#8221; admin_label=&#8221;III ACCI\u00d3NS PARTICIPATIVAS&#8221; _builder_version=&#8221;4.27.4&#8243; _module_preset=&#8221;default&#8221; background_color=&#8221;rgba(25,67,126,0.03)&#8221; width=&#8221;98%&#8221; width_tablet=&#8221;90%&#8221; width_phone=&#8221;95%&#8221; width_last_edited=&#8221;on|tablet&#8221; module_alignment=&#8221;center&#8221; custom_margin=&#8221;20px||10px||false|false&#8221; custom_padding=&#8221;20px|||20px|false|false&#8221; custom_padding_tablet=&#8221;0px||0px||false|false&#8221; custom_padding_phone=&#8221;20px||0px||false|false&#8221; border_width_all=&#8221;1px&#8221; border_color_all=&#8221;rgba(25,67,126,0.03)&#8221; global_colors_info=&#8221;{}&#8221; theme_builder_area=&#8221;post_content&#8221;][et_pb_column type=&#8221;4_4&#8243; _builder_version=&#8221;4.23.1&#8243; _module_preset=&#8221;default&#8221; global_colors_info=&#8221;{}&#8221; theme_builder_area=&#8221;post_content&#8221;][et_pb_text admin_label=&#8221;Texto MESAS SECTORIALES&#8221; _builder_version=&#8221;4.27.4&#8243; _module_preset=&#8221;default&#8221; text_text_color=&#8221;#19437e&#8221; header_text_color=&#8221;#19437e&#8221; header_2_text_color=&#8221;#19437e&#8221; header_3_font=&#8221;|700|||||||&#8221; header_3_font_size=&#8221;25px&#8221; header_4_font=&#8221;||||||||&#8221; header_4_text_color=&#8221;#19437e&#8221; header_4_font_size=&#8221;16px&#8221; custom_padding=&#8221;0px||0px||false|false&#8221; global_colors_info=&#8221;{}&#8221; theme_builder_area=&#8221;post_content&#8221;]<\/p>\n<h4><strong>MESAS SECTORIAIS<\/strong><\/h4>\n<p>[\/et_pb_text][decm_event_display show_feature_image=&#8221;off&#8221; show_price=&#8221;off&#8221; show_category=&#8221;off&#8221; show_preposition=&#8221;off&#8221; show_data_one_line=&#8221;on&#8221; show_icon_label=&#8221;icon&#8221; event_count=&#8221;50&#8243; included_categories=&#8221;37&#8243; show_past=&#8221;on&#8221; columns=&#8221;4&#8243; details_link_color=&#8221;#19437e&#8221; details_icon_color=&#8221;#19437e&#8221; details_label_color=&#8221;#19437e&#8221; view_more_text=&#8221;M\u00e1s informaci\u00f3n&#8221; admin_label=&#8221;Feed de eventos &#8211; 3 Mesas sectoriales&#8221; _builder_version=&#8221;4.27.4&#8243; _module_preset=&#8221;default&#8221; title_level=&#8221;h5&#8243; title_text_color=&#8221;#19437e&#8221; title_font_size=&#8221;17px&#8221; duration_text_color=&#8221;#19437e&#8221; excerpt_text_color=&#8221;#19437e&#8221; custom_view_more=&#8221;on&#8221; view_more_text_color=&#8221;#19437e&#8221; view_more_use_icon=&#8221;off&#8221; global_colors_info=&#8221;{}&#8221; theme_builder_area=&#8221;post_content&#8221;][\/decm_event_display][\/et_pb_column][\/et_pb_row][et_pb_row use_custom_gutter=&#8221;on&#8221; gutter_width=&#8221;1&#8243; make_equal=&#8221;on&#8221; custom_padding_last_edited=&#8221;on|tablet&#8221; disabled_on=&#8221;off|off|off&#8221; admin_label=&#8221;III ACCI\u00d3NS PARTICIPATIVAS&#8221; _builder_version=&#8221;4.27.4&#8243; _module_preset=&#8221;default&#8221; background_color=&#8221;#19437e&#8221; width=&#8221;98%&#8221; width_tablet=&#8221;90%&#8221; width_phone=&#8221;95%&#8221; width_last_edited=&#8221;on|tablet&#8221; module_alignment=&#8221;center&#8221; custom_margin=&#8221;20px||10px||false|false&#8221; custom_padding=&#8221;20px|||20px|false|false&#8221; custom_padding_tablet=&#8221;0px||0px||false|false&#8221; custom_padding_phone=&#8221;20px||0px||false|false&#8221; border_width_all=&#8221;1px&#8221; border_color_all=&#8221;#19437e&#8221; global_colors_info=&#8221;{}&#8221; theme_builder_area=&#8221;post_content&#8221;][et_pb_column type=&#8221;4_4&#8243; _builder_version=&#8221;4.23.1&#8243; _module_preset=&#8221;default&#8221; global_colors_info=&#8221;{}&#8221; theme_builder_area=&#8221;post_content&#8221;][et_pb_text admin_label=&#8221;Texto MESAS INTERDEPARTAMENTALES&#8221; _builder_version=&#8221;4.27.4&#8243; _module_preset=&#8221;default&#8221; text_text_color=&#8221;#19437e&#8221; header_text_color=&#8221;#19437e&#8221; header_2_text_color=&#8221;#19437e&#8221; header_3_font=&#8221;|700|||||||&#8221; header_3_font_size=&#8221;25px&#8221; header_4_text_color=&#8221;#FFFFFF&#8221; header_4_font_size=&#8221;16px&#8221; custom_padding=&#8221;0px||0px||false|false&#8221; global_colors_info=&#8221;{}&#8221; theme_builder_area=&#8221;post_content&#8221;]<\/p>\n<h4><strong>MESAS INTERDEPARTAMENTAIS<\/strong><\/h4>\n<p>[\/et_pb_text][decm_event_display show_feature_image=&#8221;off&#8221; show_price=&#8221;off&#8221; show_category=&#8221;off&#8221; show_preposition=&#8221;off&#8221; show_data_one_line=&#8221;on&#8221; show_icon_label=&#8221;icon&#8221; event_count=&#8221;50&#8243; included_categories=&#8221;40&#8243; show_past=&#8221;on&#8221; columns=&#8221;4&#8243; details_link_color=&#8221;#FFFFFF&#8221; details_icon_color=&#8221;#FFFFFF&#8221; details_label_color=&#8221;#FFFFFF&#8221; view_more_text=&#8221;M\u00e1s informaci\u00f3n&#8221; admin_label=&#8221;Feed de eventos &#8211; 3 Mesas interdepartamentales&#8221; _builder_version=&#8221;4.27.4&#8243; _module_preset=&#8221;default&#8221; title_level=&#8221;h5&#8243; title_text_color=&#8221;#FFFFFF&#8221; title_font_size=&#8221;17px&#8221; duration_text_color=&#8221;#FFFFFF&#8221; excerpt_text_color=&#8221;#FFFFFF&#8221; custom_view_more=&#8221;on&#8221; view_more_text_color=&#8221;#FFFFFF&#8221; view_more_use_icon=&#8221;off&#8221; global_colors_info=&#8221;{}&#8221; theme_builder_area=&#8221;post_content&#8221;][\/decm_event_display][\/et_pb_column][\/et_pb_row][et_pb_row use_custom_gutter=&#8221;on&#8221; custom_padding_last_edited=&#8221;on|phone&#8221; admin_label=&#8221;II ACCIONES PARTICIPATIVAS&#8221; module_id=&#8221;noticias&#8221; _builder_version=&#8221;4.27.4&#8243; _module_preset=&#8221;default&#8221; width_tablet=&#8221;90%&#8221; width_phone=&#8221;95%&#8221; width_last_edited=&#8221;on|tablet&#8221; custom_margin=&#8221;||||false|false&#8221; custom_margin_tablet=&#8221;||||false|false&#8221; custom_margin_phone=&#8221;||0px||false|false&#8221; custom_margin_last_edited=&#8221;on|phone&#8221; custom_padding=&#8221;||0px||false|false&#8221; custom_padding_tablet=&#8221;20px||0px||false|false&#8221; custom_padding_phone=&#8221;20px||0px||false|false&#8221; global_colors_info=&#8221;{}&#8221; theme_builder_area=&#8221;post_content&#8221;][et_pb_column type=&#8221;4_4&#8243; _builder_version=&#8221;4.23.1&#8243; _module_preset=&#8221;default&#8221; global_colors_info=&#8221;{}&#8221; theme_builder_area=&#8221;post_content&#8221;][et_pb_text admin_label=&#8221;Texto II ACCIONES PARTICIPATIVAS&#8221; _builder_version=&#8221;4.27.4&#8243; _module_preset=&#8221;default&#8221; text_text_color=&#8221;#19437e&#8221; header_text_color=&#8221;#19437e&#8221; header_2_text_color=&#8221;#19437e&#8221; header_3_text_color=&#8221;#19437e&#8221; global_colors_info=&#8221;{}&#8221; theme_builder_area=&#8221;post_content&#8221;]<\/p>\n<h3><strong>II ACCIONES PARTICIPATIVAS<\/strong><\/h3>\n<p>[\/et_pb_text][\/et_pb_column][\/et_pb_row][et_pb_row use_custom_gutter=&#8221;on&#8221; gutter_width=&#8221;1&#8243; make_equal=&#8221;on&#8221; custom_padding_last_edited=&#8221;on|tablet&#8221; admin_label=&#8221;II ACCIONES PARTICIPATIVAS&#8221; _builder_version=&#8221;4.27.4&#8243; _module_preset=&#8221;default&#8221; background_color=&#8221;#ddd6c0&#8243; width=&#8221;98%&#8221; width_tablet=&#8221;90%&#8221; width_phone=&#8221;95%&#8221; width_last_edited=&#8221;on|tablet&#8221; module_alignment=&#8221;center&#8221; custom_margin=&#8221;10px||10px||false|false&#8221; custom_padding=&#8221;20px|||20px|false|false&#8221; custom_padding_tablet=&#8221;0px||0px||false|false&#8221; custom_padding_phone=&#8221;20px||0px||false|false&#8221; border_width_all=&#8221;1px&#8221; border_color_all=&#8221;#ddd6c0&#8243; global_colors_info=&#8221;{}&#8221; theme_builder_area=&#8221;post_content&#8221;][et_pb_column type=&#8221;4_4&#8243; _builder_version=&#8221;4.23.1&#8243; _module_preset=&#8221;default&#8221; global_colors_info=&#8221;{}&#8221; theme_builder_area=&#8221;post_content&#8221;][et_pb_text admin_label=&#8221;Texto CONFERENCIA ESTRAT\u00c9GICA&#8221; _builder_version=&#8221;4.27.4&#8243; _module_preset=&#8221;default&#8221; text_text_color=&#8221;#19437e&#8221; header_text_color=&#8221;#19437e&#8221; header_2_text_color=&#8221;#19437e&#8221; header_3_font=&#8221;|700|||||||&#8221; header_3_font_size=&#8221;25px&#8221; header_4_font=&#8221;||||||||&#8221; header_4_font_size=&#8221;16px&#8221; custom_padding=&#8221;0px||0px||false|false&#8221; global_colors_info=&#8221;{}&#8221; theme_builder_area=&#8221;post_content&#8221;]<\/p>\n<h4><strong>CONFERENCIA ESTRAT\u00c9XICA<\/strong><\/h4>\n<p>[\/et_pb_text][decm_event_display show_feature_image=&#8221;off&#8221; show_price=&#8221;off&#8221; show_category=&#8221;off&#8221; show_preposition=&#8221;off&#8221; show_data_one_line=&#8221;on&#8221; show_icon_label=&#8221;icon&#8221; included_categories=&#8221;35&#8243; show_past=&#8221;on&#8221; columns=&#8221;4&#8243; details_icon_color=&#8221;rgba(0,0,0,0.75)&#8221; details_label_color=&#8221;rgba(0,0,0,0.75)&#8221; view_more_text=&#8221;M\u00e1s informaci\u00f3n&#8221; admin_label=&#8221;Feed de eventos &#8211; 2 Conferencia estrat\u00e9gica&#8221; _builder_version=&#8221;4.27.4&#8243; _module_preset=&#8221;default&#8221; title_level=&#8221;h5&#8243; title_text_color=&#8221;rgba(0,0,0,0.75)&#8221; title_font_size=&#8221;17px&#8221; duration_text_color=&#8221;rgba(0,0,0,0.75)&#8221; excerpt_text_color=&#8221;rgba(0,0,0,0.75)&#8221; custom_view_more=&#8221;on&#8221; view_more_text_color=&#8221;rgba(0,0,0,0.75)&#8221; view_more_border_color=&#8221;rgba(0,0,0,0.75)&#8221; view_more_border_radius=&#8221;2px&#8221; view_more_use_icon=&#8221;off&#8221; custom_ajax_load_more_button=&#8221;on&#8221; ajax_load_more_button_text_color=&#8221;rgba(0,0,0,0.75)&#8221; ajax_load_more_button_border_width=&#8221;2px&#8221; ajax_load_more_button_border_color=&#8221;rgba(0,0,0,0.75)&#8221; ajax_load_more_button_border_radius=&#8221;2px&#8221; global_colors_info=&#8221;{}&#8221; theme_builder_area=&#8221;post_content&#8221;][\/decm_event_display][\/et_pb_column][\/et_pb_row][et_pb_row use_custom_gutter=&#8221;on&#8221; gutter_width=&#8221;1&#8243; make_equal=&#8221;on&#8221; custom_padding_last_edited=&#8221;on|tablet&#8221; admin_label=&#8221;II ACCIONES PARTICIPATIVAS&#8221; _builder_version=&#8221;4.27.4&#8243; _module_preset=&#8221;default&#8221; background_color=&#8221;rgba(25,67,126,0.03)&#8221; width=&#8221;98%&#8221; width_tablet=&#8221;90%&#8221; width_phone=&#8221;95%&#8221; width_last_edited=&#8221;on|tablet&#8221; module_alignment=&#8221;center&#8221; custom_margin=&#8221;20px||10px||false|false&#8221; custom_padding=&#8221;20px|||20px|false|false&#8221; custom_padding_tablet=&#8221;0px||0px||false|false&#8221; custom_padding_phone=&#8221;20px||0px||false|false&#8221; border_width_all=&#8221;1px&#8221; border_color_all=&#8221;rgba(25,67,126,0.03)&#8221; global_colors_info=&#8221;{}&#8221; theme_builder_area=&#8221;post_content&#8221;][et_pb_column type=&#8221;4_4&#8243; _builder_version=&#8221;4.23.1&#8243; _module_preset=&#8221;default&#8221; global_colors_info=&#8221;{}&#8221; theme_builder_area=&#8221;post_content&#8221;][et_pb_text admin_label=&#8221;Texto MESAS SECTORIALES&#8221; _builder_version=&#8221;4.27.4&#8243; _module_preset=&#8221;default&#8221; text_text_color=&#8221;#19437e&#8221; header_text_color=&#8221;#19437e&#8221; header_2_text_color=&#8221;#19437e&#8221; header_3_font=&#8221;|700|||||||&#8221; header_3_font_size=&#8221;25px&#8221; header_4_font=&#8221;||||||||&#8221; header_4_text_color=&#8221;#19437e&#8221; header_4_font_size=&#8221;16px&#8221; custom_padding=&#8221;0px||0px||false|false&#8221; global_colors_info=&#8221;{}&#8221; theme_builder_area=&#8221;post_content&#8221;]<\/p>\n<h4><strong>MESAS SECTORIAIS<\/strong><\/h4>\n<p>[\/et_pb_text][decm_event_display show_feature_image=&#8221;off&#8221; show_price=&#8221;off&#8221; show_category=&#8221;off&#8221; show_preposition=&#8221;off&#8221; show_data_one_line=&#8221;on&#8221; show_icon_label=&#8221;icon&#8221; event_count=&#8221;50&#8243; included_categories=&#8221;38&#8243; show_past=&#8221;on&#8221; columns=&#8221;4&#8243; details_link_color=&#8221;#19437e&#8221; details_icon_color=&#8221;#19437e&#8221; details_label_color=&#8221;#19437e&#8221; view_more_text=&#8221;M\u00e1s informaci\u00f3n&#8221; admin_label=&#8221;Feed de eventos &#8211; 2 Mesas sectoriales&#8221; _builder_version=&#8221;4.27.4&#8243; _module_preset=&#8221;default&#8221; title_level=&#8221;h5&#8243; title_text_color=&#8221;#19437e&#8221; title_font_size=&#8221;17px&#8221; duration_text_color=&#8221;#19437e&#8221; custom_view_more=&#8221;on&#8221; view_more_text_color=&#8221;#19437e&#8221; view_more_use_icon=&#8221;off&#8221; global_colors_info=&#8221;{}&#8221; theme_builder_area=&#8221;post_content&#8221;][\/decm_event_display][\/et_pb_column][\/et_pb_row][et_pb_row use_custom_gutter=&#8221;on&#8221; gutter_width=&#8221;1&#8243; make_equal=&#8221;on&#8221; custom_padding_last_edited=&#8221;on|tablet&#8221; admin_label=&#8221;II ACCIONES PARTICIPATIVAS&#8221; _builder_version=&#8221;4.27.4&#8243; _module_preset=&#8221;default&#8221; background_color=&#8221;#19437e&#8221; width=&#8221;98%&#8221; width_tablet=&#8221;90%&#8221; width_phone=&#8221;95%&#8221; width_last_edited=&#8221;on|tablet&#8221; module_alignment=&#8221;center&#8221; custom_margin=&#8221;20px||10px||false|false&#8221; custom_padding=&#8221;20px|||20px|false|false&#8221; custom_padding_tablet=&#8221;0px||0px||false|false&#8221; custom_padding_phone=&#8221;20px||0px||false|false&#8221; border_width_all=&#8221;1px&#8221; border_color_all=&#8221;#19437e&#8221; global_colors_info=&#8221;{}&#8221; theme_builder_area=&#8221;post_content&#8221;][et_pb_column type=&#8221;4_4&#8243; _builder_version=&#8221;4.23.1&#8243; _module_preset=&#8221;default&#8221; global_colors_info=&#8221;{}&#8221; theme_builder_area=&#8221;post_content&#8221;][et_pb_text admin_label=&#8221;Texto MESAS INTERDEPARTAMENTALES&#8221; _builder_version=&#8221;4.27.4&#8243; _module_preset=&#8221;default&#8221; text_text_color=&#8221;#19437e&#8221; header_text_color=&#8221;#19437e&#8221; header_2_text_color=&#8221;#19437e&#8221; header_3_font=&#8221;|700|||||||&#8221; header_3_font_size=&#8221;25px&#8221; header_4_font=&#8221;||||||||&#8221; header_4_text_color=&#8221;#FFFFFF&#8221; header_4_font_size=&#8221;16px&#8221; custom_padding=&#8221;0px||0px||false|false&#8221; global_colors_info=&#8221;{}&#8221; theme_builder_area=&#8221;post_content&#8221;]<\/p>\n<h4><strong>MESAS INTERDEPARTAMENTAIS<\/strong><\/h4>\n<p>[\/et_pb_text][decm_event_display show_feature_image=&#8221;off&#8221; show_price=&#8221;off&#8221; show_category=&#8221;off&#8221; show_preposition=&#8221;off&#8221; show_data_one_line=&#8221;on&#8221; show_icon_label=&#8221;icon&#8221; event_count=&#8221;50&#8243; included_categories=&#8221;41&#8243; show_past=&#8221;on&#8221; columns=&#8221;4&#8243; details_link_color=&#8221;#FFFFFF&#8221; details_icon_color=&#8221;#FFFFFF&#8221; details_label_color=&#8221;#FFFFFF&#8221; view_more_text=&#8221;M\u00e1s informaci\u00f3n&#8221; admin_label=&#8221;Feed de eventos &#8211; 2 Mesas interdepartamentales&#8221; _builder_version=&#8221;4.27.4&#8243; _module_preset=&#8221;default&#8221; title_level=&#8221;h5&#8243; title_text_color=&#8221;#FFFFFF&#8221; title_font_size=&#8221;17px&#8221; duration_text_color=&#8221;#FFFFFF&#8221; excerpt_text_color=&#8221;#FFFFFF&#8221; custom_view_more=&#8221;on&#8221; view_more_text_color=&#8221;#FFFFFF&#8221; view_more_use_icon=&#8221;off&#8221; global_colors_info=&#8221;{}&#8221; theme_builder_area=&#8221;post_content&#8221;][\/decm_event_display][\/et_pb_column][\/et_pb_row][et_pb_row use_custom_gutter=&#8221;on&#8221; custom_padding_last_edited=&#8221;on|phone&#8221; admin_label=&#8221;I ACCI\u00d3NS PARTICIPATIVAS&#8221; module_id=&#8221;noticias&#8221; _builder_version=&#8221;4.27.4&#8243; _module_preset=&#8221;default&#8221; width_tablet=&#8221;90%&#8221; width_phone=&#8221;95%&#8221; width_last_edited=&#8221;on|tablet&#8221; custom_margin=&#8221;||||false|false&#8221; custom_margin_tablet=&#8221;||||false|false&#8221; custom_margin_phone=&#8221;||0px||false|false&#8221; custom_margin_last_edited=&#8221;on|phone&#8221; custom_padding=&#8221;||0px||false|false&#8221; custom_padding_tablet=&#8221;20px||0px||false|false&#8221; custom_padding_phone=&#8221;20px||0px||false|false&#8221; global_colors_info=&#8221;{}&#8221; theme_builder_area=&#8221;post_content&#8221;][et_pb_column type=&#8221;4_4&#8243; _builder_version=&#8221;4.23.1&#8243; _module_preset=&#8221;default&#8221; global_colors_info=&#8221;{}&#8221; theme_builder_area=&#8221;post_content&#8221;][et_pb_text admin_label=&#8221;Texto I ACCIONES PARTICIPATIVAS&#8221; _builder_version=&#8221;4.27.4&#8243; _module_preset=&#8221;default&#8221; text_text_color=&#8221;#19437e&#8221; header_text_color=&#8221;#19437e&#8221; header_2_text_color=&#8221;#19437e&#8221; header_3_text_color=&#8221;#19437e&#8221; global_colors_info=&#8221;{}&#8221; theme_builder_area=&#8221;post_content&#8221;]<\/p>\n<h3><strong>I ACCI\u00d3NS PARTICIPATIVAS<\/strong><\/h3>\n<p>[\/et_pb_text][\/et_pb_column][\/et_pb_row][et_pb_row use_custom_gutter=&#8221;on&#8221; gutter_width=&#8221;1&#8243; make_equal=&#8221;on&#8221; custom_padding_last_edited=&#8221;on|tablet&#8221; admin_label=&#8221;I ACCI\u00d3NS PARTICIPATIVAS&#8221; _builder_version=&#8221;4.27.4&#8243; _module_preset=&#8221;default&#8221; background_color=&#8221;#ddd6c0&#8243; width=&#8221;98%&#8221; width_tablet=&#8221;90%&#8221; width_phone=&#8221;95%&#8221; width_last_edited=&#8221;on|tablet&#8221; module_alignment=&#8221;center&#8221; custom_margin=&#8221;10px||10px||false|false&#8221; custom_padding=&#8221;20px|||20px|false|false&#8221; custom_padding_tablet=&#8221;0px||0px||false|false&#8221; custom_padding_phone=&#8221;20px||0px||false|false&#8221; border_width_all=&#8221;1px&#8221; border_color_all=&#8221;#ddd6c0&#8243; global_colors_info=&#8221;{}&#8221; theme_builder_area=&#8221;post_content&#8221;][et_pb_column type=&#8221;4_4&#8243; _builder_version=&#8221;4.23.1&#8243; _module_preset=&#8221;default&#8221; global_colors_info=&#8221;{}&#8221; theme_builder_area=&#8221;post_content&#8221;][et_pb_text admin_label=&#8221;Texto I CONFERENCIA ESTRAT\u00c9GICA&#8221; _builder_version=&#8221;4.27.4&#8243; _module_preset=&#8221;default&#8221; text_text_color=&#8221;#19437e&#8221; header_text_color=&#8221;#19437e&#8221; header_2_text_color=&#8221;#19437e&#8221; header_3_font=&#8221;|700|||||||&#8221; header_3_font_size=&#8221;25px&#8221; header_4_font=&#8221;||||||||&#8221; header_4_font_size=&#8221;16px&#8221; custom_padding=&#8221;0px||0px||false|false&#8221; global_colors_info=&#8221;{}&#8221; theme_builder_area=&#8221;post_content&#8221;]<\/p>\n<h4><strong>I CONFERENCIA ESTRAT\u00c9XICA<\/strong><\/h4>\n<p>[\/et_pb_text][decm_event_display show_feature_image=&#8221;off&#8221; show_price=&#8221;off&#8221; show_category=&#8221;off&#8221; show_preposition=&#8221;off&#8221; show_data_one_line=&#8221;on&#8221; show_icon_label=&#8221;icon&#8221; included_categories=&#8221;36&#8243; show_past=&#8221;on&#8221; columns=&#8221;4&#8243; details_link_color=&#8221;rgba(0,0,0,0.75)&#8221; details_icon_color=&#8221;rgba(0,0,0,0.75)&#8221; view_more_text=&#8221;M\u00e1s informaci\u00f3n&#8221; admin_label=&#8221;Feed de eventos &#8211; 1 Conferencia estrat\u00e9gica&#8221; _builder_version=&#8221;4.27.4&#8243; _module_preset=&#8221;default&#8221; title_level=&#8221;h5&#8243; title_text_color=&#8221;rgba(0,0,0,0.75)&#8221; title_font_size=&#8221;17px&#8221; excerpt_text_color=&#8221;rgba(0,0,0,0.75)&#8221; custom_view_more=&#8221;on&#8221; view_more_text_color=&#8221;rgba(0,0,0,0.75)&#8221; view_more_use_icon=&#8221;off&#8221; global_colors_info=&#8221;{}&#8221; theme_builder_area=&#8221;post_content&#8221;][\/decm_event_display][\/et_pb_column][\/et_pb_row][et_pb_row use_custom_gutter=&#8221;on&#8221; gutter_width=&#8221;1&#8243; make_equal=&#8221;on&#8221; custom_padding_last_edited=&#8221;on|tablet&#8221; admin_label=&#8221;I ACCI\u00d3NS PARTICIPATIVAS&#8221; _builder_version=&#8221;4.27.4&#8243; _module_preset=&#8221;default&#8221; background_color=&#8221;rgba(25,67,126,0.03)&#8221; width=&#8221;98%&#8221; width_tablet=&#8221;90%&#8221; width_phone=&#8221;95%&#8221; width_last_edited=&#8221;on|tablet&#8221; module_alignment=&#8221;center&#8221; custom_margin=&#8221;20px||10px||false|false&#8221; custom_padding=&#8221;20px|||20px|false|false&#8221; custom_padding_tablet=&#8221;0px||0px||false|false&#8221; custom_padding_phone=&#8221;20px||0px||false|false&#8221; border_width_all=&#8221;1px&#8221; border_color_all=&#8221;rgba(25,67,126,0.03)&#8221; global_colors_info=&#8221;{}&#8221; theme_builder_area=&#8221;post_content&#8221;][et_pb_column type=&#8221;4_4&#8243; _builder_version=&#8221;4.23.1&#8243; _module_preset=&#8221;default&#8221; global_colors_info=&#8221;{}&#8221; theme_builder_area=&#8221;post_content&#8221;][et_pb_text admin_label=&#8221;Texto MESAS SECTORIALES&#8221; _builder_version=&#8221;4.27.4&#8243; _module_preset=&#8221;default&#8221; text_text_color=&#8221;#19437e&#8221; header_text_color=&#8221;#19437e&#8221; header_2_text_color=&#8221;#19437e&#8221; header_3_font=&#8221;|700|||||||&#8221; header_3_font_size=&#8221;25px&#8221; header_4_font=&#8221;||||||||&#8221; header_4_text_color=&#8221;#19437e&#8221; header_4_font_size=&#8221;16px&#8221; custom_padding=&#8221;0px||0px||false|false&#8221; global_colors_info=&#8221;{}&#8221; theme_builder_area=&#8221;post_content&#8221;]<\/p>\n<h4><strong>MESAS SECTORIAIS<\/strong><\/h4>\n<p>[\/et_pb_text][decm_event_display show_feature_image=&#8221;off&#8221; show_price=&#8221;off&#8221; show_category=&#8221;off&#8221; show_preposition=&#8221;off&#8221; show_data_one_line=&#8221;on&#8221; show_icon_label=&#8221;icon&#8221; event_count=&#8221;50&#8243; included_categories=&#8221;39&#8243; show_past=&#8221;on&#8221; columns=&#8221;4&#8243; details_link_color=&#8221;#19437e&#8221; details_icon_color=&#8221;#19437e&#8221; details_label_color=&#8221;#19437e&#8221; view_more_text=&#8221;M\u00e1s informaci\u00f3n&#8221; admin_label=&#8221;Feed de eventos &#8211; 1 Mesas sectoriales&#8221; _builder_version=&#8221;4.27.4&#8243; _module_preset=&#8221;default&#8221; title_level=&#8221;h5&#8243; title_text_color=&#8221;#19437e&#8221; title_font_size=&#8221;17px&#8221; duration_text_color=&#8221;#19437e&#8221; excerpt_text_color=&#8221;#19437e&#8221; custom_view_more=&#8221;on&#8221; view_more_text_color=&#8221;#19437e&#8221; view_more_use_icon=&#8221;off&#8221; global_colors_info=&#8221;{}&#8221; theme_builder_area=&#8221;post_content&#8221;][\/decm_event_display][\/et_pb_column][\/et_pb_row][et_pb_row use_custom_gutter=&#8221;on&#8221; gutter_width=&#8221;1&#8243; make_equal=&#8221;on&#8221; custom_padding_last_edited=&#8221;on|tablet&#8221; admin_label=&#8221;I ACCI\u00d3NS PARTICIPATIVAS&#8221; _builder_version=&#8221;4.27.4&#8243; _module_preset=&#8221;default&#8221; background_color=&#8221;#19437e&#8221; width=&#8221;98%&#8221; width_tablet=&#8221;90%&#8221; width_phone=&#8221;95%&#8221; width_last_edited=&#8221;on|tablet&#8221; module_alignment=&#8221;center&#8221; custom_margin=&#8221;20px||10px||false|false&#8221; custom_padding=&#8221;20px|||20px|false|false&#8221; custom_padding_tablet=&#8221;0px||0px||false|false&#8221; custom_padding_phone=&#8221;20px||0px||false|false&#8221; border_width_all=&#8221;1px&#8221; border_color_all=&#8221;#19437e&#8221; global_colors_info=&#8221;{}&#8221; theme_builder_area=&#8221;post_content&#8221;][et_pb_column type=&#8221;4_4&#8243; _builder_version=&#8221;4.23.1&#8243; _module_preset=&#8221;default&#8221; global_colors_info=&#8221;{}&#8221; theme_builder_area=&#8221;post_content&#8221;][et_pb_text admin_label=&#8221;Texto MESAS INTERDEPARTAMENTALES&#8221; _builder_version=&#8221;4.27.4&#8243; _module_preset=&#8221;default&#8221; text_text_color=&#8221;#19437e&#8221; header_text_color=&#8221;#19437e&#8221; header_2_text_color=&#8221;#19437e&#8221; header_3_font=&#8221;|700|||||||&#8221; header_3_font_size=&#8221;25px&#8221; header_4_font=&#8221;||||||||&#8221; header_4_text_color=&#8221;#FFFFFF&#8221; header_4_font_size=&#8221;16px&#8221; custom_padding=&#8221;0px||0px||false|false&#8221; global_colors_info=&#8221;{}&#8221; theme_builder_area=&#8221;post_content&#8221;]<\/p>\n<h4><strong>MESAS INTERDEPARTAMENTAIS<\/strong><\/h4>\n<p>[\/et_pb_text][decm_event_display show_feature_image=&#8221;off&#8221; show_price=&#8221;off&#8221; show_category=&#8221;off&#8221; show_preposition=&#8221;off&#8221; show_data_one_line=&#8221;on&#8221; show_icon_label=&#8221;icon&#8221; event_count=&#8221;50&#8243; included_categories=&#8221;42&#8243; show_past=&#8221;on&#8221; columns=&#8221;4&#8243; details_link_color=&#8221;#FFFFFF&#8221; details_icon_color=&#8221;#FFFFFF&#8221; details_label_color=&#8221;#FFFFFF&#8221; view_more_text=&#8221;M\u00e1s informaci\u00f3n&#8221; admin_label=&#8221;Feed de eventos &#8211; 1 Mesas interdepartamentales&#8221; _builder_version=&#8221;4.27.4&#8243; _module_preset=&#8221;default&#8221; title_level=&#8221;h5&#8243; title_text_color=&#8221;#FFFFFF&#8221; title_font_size=&#8221;17px&#8221; duration_text_color=&#8221;#FFFFFF&#8221; excerpt_text_color=&#8221;#FFFFFF&#8221; custom_view_more=&#8221;on&#8221; view_more_text_color=&#8221;#FFFFFF&#8221; view_more_use_icon=&#8221;off&#8221; global_colors_info=&#8221;{}&#8221; theme_builder_area=&#8221;post_content&#8221;][\/decm_event_display][et_pb_divider _builder_version=&#8221;4.27.4&#8243; _module_preset=&#8221;default&#8221; global_colors_info=&#8221;{}&#8221; theme_builder_area=&#8221;post_content&#8221;][\/et_pb_divider][\/et_pb_column][\/et_pb_row][et_pb_row use_custom_gutter=&#8221;on&#8221; custom_padding_last_edited=&#8221;on|phone&#8221; admin_label=&#8221;Noticias&#8221; module_id=&#8221;noticias&#8221; _builder_version=&#8221;4.23.4&#8243; _module_preset=&#8221;default&#8221; width_tablet=&#8221;90%&#8221; width_phone=&#8221;95%&#8221; width_last_edited=&#8221;on|tablet&#8221; custom_margin=&#8221;||||false|false&#8221; custom_margin_tablet=&#8221;||||false|false&#8221; custom_margin_phone=&#8221;||0px||false|false&#8221; custom_margin_last_edited=&#8221;on|phone&#8221; custom_padding=&#8221;20px||||false|false&#8221; custom_padding_tablet=&#8221;20px||0px||false|false&#8221; custom_padding_phone=&#8221;20px||0px||false|false&#8221; global_colors_info=&#8221;{}&#8221; theme_builder_area=&#8221;post_content&#8221;][et_pb_column type=&#8221;4_4&#8243; _builder_version=&#8221;4.23.1&#8243; _module_preset=&#8221;default&#8221; global_colors_info=&#8221;{}&#8221; theme_builder_area=&#8221;post_content&#8221;][et_pb_text admin_label=&#8221;Texto NOTICIAS&#8221; _builder_version=&#8221;4.23.2&#8243; _module_preset=&#8221;default&#8221; text_text_color=&#8221;#19437e&#8221; header_text_color=&#8221;#19437e&#8221; header_2_text_color=&#8221;#19437e&#8221; locked=&#8221;off&#8221; global_colors_info=&#8221;{}&#8221; theme_builder_area=&#8221;post_content&#8221;]<\/p>\n<h2><i class=\"fa-solid fa-newspaper\"><\/i> NOTICIAS<\/h2>\n<p>[\/et_pb_text][et_pb_blog meta_date=&#8221;j M, Y&#8221; show_more=&#8221;on&#8221; show_author=&#8221;off&#8221; show_date=&#8221;off&#8221; show_categories=&#8221;off&#8221; _builder_version=&#8221;4.23.4&#8243; _module_preset=&#8221;default&#8221; header_level=&#8221;h3&#8243; header_font_size=&#8221;18px&#8221; global_colors_info=&#8221;{}&#8221; theme_builder_area=&#8221;post_content&#8221;][\/et_pb_blog][et_pb_button button_url=&#8221;#popup-inicio&#8221; button_text=&#8221;&#8212;-&#8221; disabled_on=&#8221;off|off|off&#8221; admin_label=&#8221;Button Accionador POPUP&#8221; _builder_version=&#8221;4.27.4&#8243; _module_preset=&#8221;default&#8221; custom_button=&#8221;on&#8221; button_text_size=&#8221;0px&#8221; button_text_color=&#8221;RGBA(255,255,255,0)&#8221; button_bg_color=&#8221;RGBA(255,255,255,0)&#8221; button_border_width=&#8221;0px&#8221; button_border_color=&#8221;RGBA(255,255,255,0)&#8221; button_border_radius=&#8221;0px&#8221; button_use_icon=&#8221;off&#8221; global_colors_info=&#8221;{}&#8221; theme_builder_area=&#8221;post_content&#8221;][\/et_pb_button][et_pb_code disabled_on=&#8221;off|off|off&#8221; admin_label=&#8221;Code activar auto-inicio 3 segundos para el popup&#8221; _builder_version=&#8221;4.27.4&#8243; _module_preset=&#8221;default&#8221; global_colors_info=&#8221;{}&#8221; theme_builder_area=&#8221;post_content&#8221;]<script><!-- [et_pb_line_break_holder] -->jQuery(document).ready(function($) {<!-- [et_pb_line_break_holder] -->    setTimeout(function() {<!-- [et_pb_line_break_holder] -->        $('a[href=\"#popup-inicio\"]').trigger('click');<!-- [et_pb_line_break_holder] -->    }, 3000); \/\/ 3000 milisegundos = 3 segundos<!-- [et_pb_line_break_holder] -->});<!-- [et_pb_line_break_holder] --><\/script>[\/et_pb_code][\/et_pb_column][\/et_pb_row][\/et_pb_section][et_pb_section fb_built=&#8221;1&#8243; admin_label=&#8221;Popup &#8211; #popup-inicio&#8221; module_id=&#8221;popup-inicio&#8221; module_class=&#8221;popup&#8221; _builder_version=&#8221;4.27.4&#8243; _module_preset=&#8221;default&#8221; background_color=&#8221;#ddd6c0&#8243; display_conditions=&#8221;W3siaWQiOiIxZmQyOThmZi1lNDIzLTRjNTktYTg2Zi05ZDdmNjdhNjMyNDIiLCJjb25kaXRpb24iOiJkYXRlVGltZSIsImNvbmRpdGlvblNldHRpbmdzIjp7ImRpc3BsYXlSdWxlIjoiaXNCZWZvcmUiLCJkYXRlIjoiMjAyNS0wNC0wNCIsInRpbWUiOiIwMDowMCIsIndlZWtkYXlzIjoifCIsImFsbERheSI6Im9uIiwiZnJvbVRpbWUiOiIwMDowMCIsInVudGlsVGltZSI6IjAwOjAwIiwicmVwZWF0Ijoib2ZmIiwicmVwZWF0RnJlcXVlbmN5IjoibW9udGhseSIsInJlcGVhdEZyZXF1ZW5jeVNwZWNpZmljRGF5cyI6IndlZWtseSIsInJlcGVhdEVuZCI6Im5ldmVyIiwicmVwZWF0VW50aWxEYXRlIjoiMjAyNS0yLTIwIiwicmVwZWF0VGltZXMiOiIzIiwiYWRtaW5MYWJlbCI6IkRhdGUgJiBUaW1lIiwiZW5hYmxlQ29uZGl0aW9uIjoib24ifSwib3BlcmF0b3IiOiJPUiJ9XQ==&#8221; da_is_popup=&#8221;on&#8221; da_popup_slug=&#8221;popup-inicio&#8221; da_disable_devices=&#8221;off|off|off&#8221; global_colors_info=&#8221;{}&#8221; theme_builder_area=&#8221;post_content&#8221; da_exit_intent=&#8221;off&#8221; da_has_close=&#8221;on&#8221; da_alt_close=&#8221;off&#8221; da_dark_close=&#8221;off&#8221; da_not_modal=&#8221;on&#8221; da_is_singular=&#8221;off&#8221; da_with_loader=&#8221;off&#8221; da_has_shadow=&#8221;on&#8221;][et_pb_row use_custom_gutter=&#8221;on&#8221; custom_padding_last_edited=&#8221;on|tablet&#8221; disabled_on=&#8221;off|off|off&#8221; admin_label=&#8221;Pr\u00f3ximos Eventos&#8221; _builder_version=&#8221;4.27.4&#8243; _module_preset=&#8221;default&#8221; width_tablet=&#8221;90%&#8221; width_phone=&#8221;95%&#8221; width_last_edited=&#8221;on|tablet&#8221; display_conditions=&#8221;W10=&#8221; custom_margin=&#8221;||||false|false&#8221; custom_padding=&#8221;20px||||false|false&#8221; custom_padding_tablet=&#8221;20px||0px||false|false&#8221; custom_padding_phone=&#8221;20px||0px||false|false&#8221; locked=&#8221;off&#8221; global_colors_info=&#8221;{}&#8221; theme_builder_area=&#8221;post_content&#8221;][et_pb_column type=&#8221;4_4&#8243; _builder_version=&#8221;4.23.1&#8243; _module_preset=&#8221;default&#8221; global_colors_info=&#8221;{}&#8221; theme_builder_area=&#8221;post_content&#8221;][et_pb_text admin_label=&#8221;Texto Pr\u00f3ximos Eventos&#8221; _builder_version=&#8221;4.27.4&#8243; _module_preset=&#8221;default&#8221; text_text_color=&#8221;#19437e&#8221; header_text_color=&#8221;#19437e&#8221; header_2_text_color=&#8221;#19437e&#8221; header_3_text_color=&#8221;rgba(0,0,0,0.75)&#8221; global_colors_info=&#8221;{}&#8221; theme_builder_area=&#8221;post_content&#8221;]<\/p>\n<h3>Pr\u00f3ximas Acci\u00f3ns<\/h3>\n<p>[\/et_pb_text][decm_event_display show_price=&#8221;off&#8221; show_category=&#8221;off&#8221; show_preposition=&#8221;off&#8221; show_data_one_line=&#8221;on&#8221; show_icon_label=&#8221;icon&#8221; event_count=&#8221;50&#8243; included_categories=&#8221;34&#8243; columns=&#8221;4&#8243; open_toggle_background_color=&#8221;#ddd6c0&#8243; details_link_color=&#8221;rgba(0,0,0,0.75)&#8221; details_icon_color=&#8221;rgba(0,0,0,0.75)&#8221; details_label_color=&#8221;rgba(0,0,0,0.75)&#8221; view_more_text=&#8221;M\u00e1s Informaci\u00f3n&#8221; _builder_version=&#8221;4.27.4&#8243; _module_preset=&#8221;default&#8221; title_level=&#8221;h4&#8243; title_text_color=&#8221;rgba(0,0,0,0.75)&#8221; title_font_size=&#8221;18px&#8221; duration_text_color=&#8221;rgba(0,0,0,0.75)&#8221; excerpt_text_color=&#8221;rgba(0,0,0,0.75)&#8221; background_image=&#8221;https:\/\/agendaurbana.arteixo.org\/wp-content\/uploads\/2025\/02\/calendar3Abril2025.png&#8221; background_size=&#8221;custom&#8221; background_image_width=&#8221;21%&#8221; background_position=&#8221;center_right&#8221; background_horizontal_offset=&#8221;66%&#8221; custom_view_more=&#8221;on&#8221; view_more_text_color=&#8221;rgba(0,0,0,0.75)&#8221; locked=&#8221;off&#8221; global_colors_info=&#8221;{}&#8221; theme_builder_area=&#8221;post_content&#8221;][\/decm_event_display][\/et_pb_column][\/et_pb_row][\/et_pb_section]<\/p>\n","protected":false},"excerpt":{"rendered":"<p>A AXENDA URBANA E RURAL DE ARTEIXO (AURA)A Axenda Urbana e Rural \u00e9 un proceso colaborativo que involucra tanto a entidades p\u00fablicas como privadas dentro dun municipio. O seu prop\u00f3sito [&hellip;]<\/p>\n","protected":false},"author":1,"featured_media":0,"parent":0,"menu_order":0,"comment_status":"closed","ping_status":"closed","template":"","meta":{"_et_pb_use_builder":"on","_et_pb_old_content":"","_et_gb_content_width":"","footnotes":""},"class_list":["post-1349","page","type-page","status-publish","hentry"],"yoast_head":"<!-- This site is optimized with the Yoast SEO plugin v27.4 - https:\/\/yoast.com\/product\/yoast-seo-wordpress\/ -->\n<title>Axenda Urbana de Arteixo<\/title>\n<meta name=\"description\" content=\"Axenda Urbana de Arteixo: Colaboraci\u00f3n p\u00fablico-privada para desenvolvemento equitativo e sostible en contornas urbanas. Ali\u00f1ado con Axenda 2030.\" \/>\n<meta name=\"robots\" content=\"index, follow, max-snippet:-1, max-image-preview:large, max-video-preview:-1\" \/>\n<link rel=\"canonical\" href=\"https:\/\/agendaurbana.arteixo.org\/gl\/\" \/>\n<meta property=\"og:locale\" content=\"gl_ES\" \/>\n<meta property=\"og:type\" content=\"article\" \/>\n<meta property=\"og:title\" content=\"Axenda Urbana de Arteixo\" \/>\n<meta property=\"og:description\" content=\"Axenda Urbana de Arteixo: Colaboraci\u00f3n p\u00fablico-privada para desenvolvemento equitativo e sostible en contornas urbanas. Ali\u00f1ado con Axenda 2030.\" \/>\n<meta property=\"og:url\" content=\"https:\/\/agendaurbana.arteixo.org\/gl\/\" \/>\n<meta property=\"og:site_name\" content=\"Agenda Urbana\" \/>\n<meta property=\"article:publisher\" content=\"https:\/\/www.facebook.com\/ConcellodeArteixoOficial\/\" \/>\n<meta property=\"article:modified_time\" content=\"2025-09-22T13:43:11+00:00\" \/>\n<meta name=\"twitter:card\" content=\"summary_large_image\" \/>\n<meta name=\"twitter:site\" content=\"@arteixooficial\" \/>\n<meta name=\"twitter:label1\" content=\"Tempo de lectura\" \/>\n\t<meta name=\"twitter:data1\" content=\"7 minutos\" \/>\n<script type=\"application\/ld+json\" class=\"yoast-schema-graph\">{\"@context\":\"https:\\\/\\\/schema.org\",\"@graph\":[{\"@type\":\"WebPage\",\"@id\":\"https:\\\/\\\/agendaurbana.arteixo.org\\\/gl\\\/axenda-urbana\\\/\",\"url\":\"https:\\\/\\\/agendaurbana.arteixo.org\\\/gl\\\/\",\"name\":\"Axenda Urbana de Arteixo\",\"isPartOf\":{\"@id\":\"https:\\\/\\\/agendaurbana.arteixo.org\\\/#website\"},\"datePublished\":\"2023-12-15T12:10:16+00:00\",\"dateModified\":\"2025-09-22T13:43:11+00:00\",\"description\":\"Axenda Urbana de Arteixo: Colaboraci\u00f3n p\u00fablico-privada para desenvolvemento equitativo e sostible en contornas urbanas. Ali\u00f1ado con Axenda 2030.\",\"breadcrumb\":{\"@id\":\"https:\\\/\\\/agendaurbana.arteixo.org\\\/gl\\\/#breadcrumb\"},\"inLanguage\":\"gl-ES\",\"potentialAction\":[{\"@type\":\"ReadAction\",\"target\":[\"https:\\\/\\\/agendaurbana.arteixo.org\\\/gl\\\/\"]}]},{\"@type\":\"BreadcrumbList\",\"@id\":\"https:\\\/\\\/agendaurbana.arteixo.org\\\/gl\\\/#breadcrumb\",\"itemListElement\":[{\"@type\":\"ListItem\",\"position\":1,\"name\":\"Inicio\",\"item\":\"https:\\\/\\\/agendaurbana.arteixo.org\\\/gl\\\/axenda-urbana\\\/\"},{\"@type\":\"ListItem\",\"position\":2,\"name\":\"Axenda Urbana de Arteixo\"}]},{\"@type\":\"WebSite\",\"@id\":\"https:\\\/\\\/agendaurbana.arteixo.org\\\/#website\",\"url\":\"https:\\\/\\\/agendaurbana.arteixo.org\\\/\",\"name\":\"Agenda Urbana\",\"description\":\"Identificaci\u00f3n de los principales retos estrat\u00e9gicos para la definici\u00f3n del futuro de Arteixo\",\"publisher\":{\"@id\":\"https:\\\/\\\/agendaurbana.arteixo.org\\\/#organization\"},\"potentialAction\":[{\"@type\":\"SearchAction\",\"target\":{\"@type\":\"EntryPoint\",\"urlTemplate\":\"https:\\\/\\\/agendaurbana.arteixo.org\\\/?s={search_term_string}\"},\"query-input\":{\"@type\":\"PropertyValueSpecification\",\"valueRequired\":true,\"valueName\":\"search_term_string\"}}],\"inLanguage\":\"gl-ES\"},{\"@type\":\"Organization\",\"@id\":\"https:\\\/\\\/agendaurbana.arteixo.org\\\/#organization\",\"name\":\"Concello de Arteixo\",\"url\":\"https:\\\/\\\/agendaurbana.arteixo.org\\\/\",\"logo\":{\"@type\":\"ImageObject\",\"inLanguage\":\"gl-ES\",\"@id\":\"https:\\\/\\\/agendaurbana.arteixo.org\\\/#\\\/schema\\\/logo\\\/image\\\/\",\"url\":\"https:\\\/\\\/agendaurbana.arteixo.org\\\/wp-content\\\/uploads\\\/2023\\\/12\\\/logoArteixoAzul.png\",\"contentUrl\":\"https:\\\/\\\/agendaurbana.arteixo.org\\\/wp-content\\\/uploads\\\/2023\\\/12\\\/logoArteixoAzul.png\",\"width\":568,\"height\":128,\"caption\":\"Concello de Arteixo\"},\"image\":{\"@id\":\"https:\\\/\\\/agendaurbana.arteixo.org\\\/#\\\/schema\\\/logo\\\/image\\\/\"},\"sameAs\":[\"https:\\\/\\\/www.facebook.com\\\/ConcellodeArteixoOficial\\\/\",\"https:\\\/\\\/x.com\\\/arteixooficial\",\"https:\\\/\\\/www.instagram.com\\\/concellodearteixo\\\/?hl=es\"]}]}<\/script>\n<!-- \/ Yoast SEO plugin. -->","yoast_head_json":{"title":"Axenda Urbana de Arteixo","description":"Axenda Urbana de Arteixo: Colaboraci\u00f3n p\u00fablico-privada para desenvolvemento equitativo e sostible en contornas urbanas. Ali\u00f1ado con Axenda 2030.","robots":{"index":"index","follow":"follow","max-snippet":"max-snippet:-1","max-image-preview":"max-image-preview:large","max-video-preview":"max-video-preview:-1"},"canonical":"https:\/\/agendaurbana.arteixo.org\/gl\/","og_locale":"gl_ES","og_type":"article","og_title":"Axenda Urbana de Arteixo","og_description":"Axenda Urbana de Arteixo: Colaboraci\u00f3n p\u00fablico-privada para desenvolvemento equitativo e sostible en contornas urbanas. Ali\u00f1ado con Axenda 2030.","og_url":"https:\/\/agendaurbana.arteixo.org\/gl\/","og_site_name":"Agenda Urbana","article_publisher":"https:\/\/www.facebook.com\/ConcellodeArteixoOficial\/","article_modified_time":"2025-09-22T13:43:11+00:00","twitter_card":"summary_large_image","twitter_site":"@arteixooficial","twitter_misc":{"Tempo de lectura":"7 minutos"},"schema":{"@context":"https:\/\/schema.org","@graph":[{"@type":"WebPage","@id":"https:\/\/agendaurbana.arteixo.org\/gl\/axenda-urbana\/","url":"https:\/\/agendaurbana.arteixo.org\/gl\/","name":"Axenda Urbana de Arteixo","isPartOf":{"@id":"https:\/\/agendaurbana.arteixo.org\/#website"},"datePublished":"2023-12-15T12:10:16+00:00","dateModified":"2025-09-22T13:43:11+00:00","description":"Axenda Urbana de Arteixo: Colaboraci\u00f3n p\u00fablico-privada para desenvolvemento equitativo e sostible en contornas urbanas. Ali\u00f1ado con Axenda 2030.","breadcrumb":{"@id":"https:\/\/agendaurbana.arteixo.org\/gl\/#breadcrumb"},"inLanguage":"gl-ES","potentialAction":[{"@type":"ReadAction","target":["https:\/\/agendaurbana.arteixo.org\/gl\/"]}]},{"@type":"BreadcrumbList","@id":"https:\/\/agendaurbana.arteixo.org\/gl\/#breadcrumb","itemListElement":[{"@type":"ListItem","position":1,"name":"Inicio","item":"https:\/\/agendaurbana.arteixo.org\/gl\/axenda-urbana\/"},{"@type":"ListItem","position":2,"name":"Axenda Urbana de Arteixo"}]},{"@type":"WebSite","@id":"https:\/\/agendaurbana.arteixo.org\/#website","url":"https:\/\/agendaurbana.arteixo.org\/","name":"Agenda Urbana","description":"Identificaci\u00f3n de los principales retos estrat\u00e9gicos para la definici\u00f3n del futuro de Arteixo","publisher":{"@id":"https:\/\/agendaurbana.arteixo.org\/#organization"},"potentialAction":[{"@type":"SearchAction","target":{"@type":"EntryPoint","urlTemplate":"https:\/\/agendaurbana.arteixo.org\/?s={search_term_string}"},"query-input":{"@type":"PropertyValueSpecification","valueRequired":true,"valueName":"search_term_string"}}],"inLanguage":"gl-ES"},{"@type":"Organization","@id":"https:\/\/agendaurbana.arteixo.org\/#organization","name":"Concello de Arteixo","url":"https:\/\/agendaurbana.arteixo.org\/","logo":{"@type":"ImageObject","inLanguage":"gl-ES","@id":"https:\/\/agendaurbana.arteixo.org\/#\/schema\/logo\/image\/","url":"https:\/\/agendaurbana.arteixo.org\/wp-content\/uploads\/2023\/12\/logoArteixoAzul.png","contentUrl":"https:\/\/agendaurbana.arteixo.org\/wp-content\/uploads\/2023\/12\/logoArteixoAzul.png","width":568,"height":128,"caption":"Concello de Arteixo"},"image":{"@id":"https:\/\/agendaurbana.arteixo.org\/#\/schema\/logo\/image\/"},"sameAs":["https:\/\/www.facebook.com\/ConcellodeArteixoOficial\/","https:\/\/x.com\/arteixooficial","https:\/\/www.instagram.com\/concellodearteixo\/?hl=es"]}]}},"_links":{"self":[{"href":"https:\/\/agendaurbana.arteixo.org\/gl\/wp-json\/wp\/v2\/pages\/1349","targetHints":{"allow":["GET"]}}],"collection":[{"href":"https:\/\/agendaurbana.arteixo.org\/gl\/wp-json\/wp\/v2\/pages"}],"about":[{"href":"https:\/\/agendaurbana.arteixo.org\/gl\/wp-json\/wp\/v2\/types\/page"}],"author":[{"embeddable":true,"href":"https:\/\/agendaurbana.arteixo.org\/gl\/wp-json\/wp\/v2\/users\/1"}],"replies":[{"embeddable":true,"href":"https:\/\/agendaurbana.arteixo.org\/gl\/wp-json\/wp\/v2\/comments?post=1349"}],"version-history":[{"count":83,"href":"https:\/\/agendaurbana.arteixo.org\/gl\/wp-json\/wp\/v2\/pages\/1349\/revisions"}],"predecessor-version":[{"id":3143,"href":"https:\/\/agendaurbana.arteixo.org\/gl\/wp-json\/wp\/v2\/pages\/1349\/revisions\/3143"}],"wp:attachment":[{"href":"https:\/\/agendaurbana.arteixo.org\/gl\/wp-json\/wp\/v2\/media?parent=1349"}],"curies":[{"name":"wp","href":"https:\/\/api.w.org\/{rel}","templated":true}]}}