{"id":1641,"date":"2024-01-08T08:35:45","date_gmt":"2024-01-08T07:35:45","guid":{"rendered":"https:\/\/agendaurbana.arteixo.org\/aviso-legal\/"},"modified":"2024-02-21T14:18:24","modified_gmt":"2024-02-21T13:18:24","slug":"aviso-legal","status":"publish","type":"page","link":"https:\/\/agendaurbana.arteixo.org\/gl\/aviso-legal\/","title":{"rendered":"Aviso Legal"},"content":{"rendered":"<p>[et_pb_section fb_built=&#8221;1&#8243; admin_label=&#8221;section&#8221; _builder_version=&#8221;4.16&#8243; da_disable_devices=&#8221;off|off|off&#8221; global_colors_info=&#8221;{}&#8221; da_is_popup=&#8221;off&#8221; da_exit_intent=&#8221;off&#8221; da_has_close=&#8221;on&#8221; da_alt_close=&#8221;off&#8221; da_dark_close=&#8221;off&#8221; da_not_modal=&#8221;on&#8221; da_is_singular=&#8221;off&#8221; da_with_loader=&#8221;off&#8221; da_has_shadow=&#8221;on&#8221;][et_pb_row admin_label=&#8221;row&#8221; _builder_version=&#8221;4.16&#8243; background_size=&#8221;initial&#8221; background_position=&#8221;top_left&#8221; background_repeat=&#8221;repeat&#8221; global_colors_info=&#8221;{}&#8221;][et_pb_column type=&#8221;4_4&#8243; _builder_version=&#8221;4.16&#8243; custom_padding=&#8221;|||&#8221; global_colors_info=&#8221;{}&#8221; custom_padding__hover=&#8221;|||&#8221;][et_pb_text admin_label=&#8221;TextoInformacionGeneral&#8221; _builder_version=&#8221;4.23.4&#8243; _module_preset=&#8221;default&#8221; global_colors_info=&#8221;{}&#8221;]<\/p>\n<h2>Informaci\u00f3n xeral<\/h2>\n<p>As presentes disposici\u00f3ns regulan o uso do servizo do portal da internet (en diante, o \u00abPortal\u00bb) que o Concello de Arteixo pon ao dispor dos usuarios da internet.<\/p>\n<p>O Concello de Arteixo \u00e9 a titular do subdominio \u201carteixo.org\u201d e dos distintos elementos nel inclu\u00eddos.<\/p>\n<p>O contido facilitado a trav\u00e9s deste Portal em\u00edtese con efectos simplemente informativos e non substit\u00fae a publicidade das disposici\u00f3ns e actos que te\u00f1an que ser publicados formalmente en bolet\u00edns oficiais. A\u00ednda que se efectuar\u00e1n os esforzos precisos para que a informaci\u00f3n contida sexa exacta e actualizada, o Concello de Arteixo non garante a inexistencia de erros no contido deste Portal, nin que se atope totalmente actualizado.<\/p>\n<p>O Concello de Arteixo non se fai responsable dos danos e prexu\u00edzos que puidese ocasionar o uso ilex\u00edtimo ou inadecuado das ferramentas e informaci\u00f3ns contidas no Portal con excepci\u00f3n de todas aquelas actuaci\u00f3ns que resulten da aplicaci\u00f3n das disposici\u00f3ns legais \u00e1s que deba someterse no estrito exercicio das s\u00faas competencias.<\/p>\n<p>O Concello de Arteixo non asume responsabilidade algunha derivada da conexi\u00f3n ou contidos das ligaz\u00f3ns a p\u00e1xinas externas sobre as que non se ten ning\u00fan control, debendo o usuario deste Portal, en todo caso, aterse \u00e1s condici\u00f3ns de uso espec\u00edficas das devanditas ligaz\u00f3ns.<\/p>\n<p>O Concello de Arteixo se reserva a facultade de efectuar, en calquera momento e sen necesidade de aviso previo\/previo aviso, modificaci\u00f3ns e actualizaci\u00f3ns sobre a informaci\u00f3n contida ou na s\u00faa configuraci\u00f3n ou presentaci\u00f3n.<\/p>\n<p>[\/et_pb_text][et_pb_text admin_label=&#8221;TextoPropiedade intelectual e industrial&#8221; _builder_version=&#8221;4.23.4&#8243; _module_preset=&#8221;default&#8221; global_colors_info=&#8221;{}&#8221;]<\/p>\n<h2>Propiedade intelectual e industrial<\/h2>\n<p>Os dereitos de propiedade intelectual deste sitio web e dos seus elementos contidos son titularidade da Administraci\u00f3n xeral e do sector p\u00fablico auton\u00f3mico de Galicia.<\/p>\n<p>A informaci\u00f3n dispo\u00f1ible neste Portal, salvo indicaci\u00f3n expresa en contrario, \u00e9 susceptible de reutilizaci\u00f3n, quedando autorizada a s\u00faa reproduci\u00f3n total ou parcial, modificaci\u00f3n, distribuci\u00f3n e comunicaci\u00f3n, para usos comerciais e non comerciais, con suxeici\u00f3n \u00e1s seguintes condici\u00f3ns:<\/p>\n<p>Queda prohibida en calquera circunstancia a desnaturalizaci\u00f3n do contido da informaci\u00f3n.<br \/>O usuario queda obrigado a citar a fonte dos documentos obxecto da reutilizaci\u00f3n.<br \/>Esta licenza non reduce ou restrinxe os dereitos exclusivos do titular dos dereitos de propiedade intelectual, tales como o dese\u00f1o do Portal e c\u00f3digos fonte, marcas, nomes comerciais, logotipos ou signos distintivos, de acordo con a Lei de propiedade intelectual ou calquera outras leis aplicables.<\/p>\n<p>[\/et_pb_text][et_pb_text admin_label=&#8221;TextoPrivacidad&#8221; _builder_version=&#8221;4.23.4&#8243; _module_preset=&#8221;default&#8221; global_colors_info=&#8221;{}&#8221;]<\/p>\n<h2>Privacidade<\/h2>\n<p>Coa s\u00faa navegaci\u00f3n, vostede presta o consentimento para recibir as cookies que utiliza o Portal, que en ning\u00fan caso empr\u00e9ganse para recoller informaci\u00f3n de car\u00e1cter persoal. Son de dous tipos:<\/p>\n<p>Cookies propias: son enviadas ao seu equipo e xestionadas exclusivamente polo Concello de Arteixo, que s\u00f3 obt\u00e9n e conserva a informaci\u00f3n relativa aos datos de sesi\u00f3n e idioma. Estas cookies son necesarias para o correcto funcionamento e visualizaci\u00f3n do Portal por parte do usuario.<br \/>Cookies anal\u00edticas de terceiro: o Portal usa as cookies da ferramenta Google Analytics, que realiza unha medici\u00f3n e an\u00e1lise estat\u00edstica da navegaci\u00f3n dos usuarios na web, co fin de mellorar os servizos que ofrece o Portal. A informaci\u00f3n que xera a cookie \u00e9 directamente transmitida e arquivada por Google.<br \/>Para garantir o anonimato, Google converte a s\u00faa informaci\u00f3n en an\u00f3nima truncando a direcci\u00f3n IP antes de almacenala. Tampouco asocia a s\u00faa direcci\u00f3n IP truncada a ning\u00fan outro dato conservado por Google, nin pode enviar a informaci\u00f3n recollida por Google Analytics a terceiros salvo cando estea legalmente obrigado a facelo, conforme as condici\u00f3ns de prestaci\u00f3n do servizo de Google Analytics.<\/p>\n<p>Se vostede desexa denegar o permiso para o tratamento estat\u00edstico dos datos ou da informaci\u00f3n con Google Analytics, presione aqu\u00ed.<\/p>\n<p>Lembr\u00e1moslle que deber\u00e1 executar esta acci\u00f3n cada vez que cambie de navegador ou a s\u00faa configuraci\u00f3n, ou se elimina as cookies, posto que o indicador de denegaci\u00f3n se garda nunha cookie.<\/p>\n<p>[\/et_pb_text][et_pb_text admin_label=&#8221;TextoProteccionDatos&#8221; _builder_version=&#8221;4.23.4&#8243; _module_preset=&#8221;default&#8221; global_colors_info=&#8221;{}&#8221;]<\/p>\n<h2>Protecci\u00f3n de datos<\/h2>\n<p>O tratamento dos datos de car\u00e1cter persoal que se realice a trav\u00e9s deste Portal estar\u00e1 suxeito ao establecido pola Lei Org\u00e1nica 15\/1999, de Protecci\u00f3n de Datos de Car\u00e1cter Persoal e demais normativa de aplicaci\u00f3n. Os datos achegados polo interesado utilizaranse, con car\u00e1cter \u00fanico e exclusivo, para os fins previstos no procedemento ou actuaci\u00f3n que se trate. En ning\u00fan caso os referidos datos ser\u00e1n obxecto de tratamento ou de cesi\u00f3n a terceiros, se non \u00e9 co consentimento inequ\u00edvoco do afectado, ou nos supostos previstos nos artigos 6.2 e 11.2 da Lei 15\/1999, do 13 de decembro , de Protecci\u00f3n de Datos de Car\u00e1cter Persoal.<\/p>\n<p>[\/et_pb_text][et_pb_text admin_label=&#8221;TextoUsoDeLenguas&#8221; _builder_version=&#8221;4.23.4&#8243; _module_preset=&#8221;default&#8221; global_colors_info=&#8221;{}&#8221;]<\/p>\n<h2>Uso de linguas<\/h2>\n<p>O artigo 13 da Lei 39\/2015, do 1 de outubro , do Procedemento Administrativo Com\u00fan das Administraci\u00f3ns P\u00fablicas, garante o exercicio dos dereitos ling\u00fc\u00edsticos reco\u00f1ecidos no ordenamento xur\u00eddico e, en particular, os referidos ao uso do galego nas relaci\u00f3ns da cidadan\u00eda coa Administraci\u00f3n p\u00fablica de Galicia. A estes efectos, o Portal posibilitar\u00e1 o acceso aos seus contidos e servizos en galego e castel\u00e1n.<\/p>\n<p>[\/et_pb_text][et_pb_text _builder_version=&#8221;4.23.4&#8243; _module_preset=&#8221;default&#8221; global_colors_info=&#8221;{}&#8221;]<\/p>\n<h2>Lei aplicable e xurisdici\u00f3n<\/h2>\n<p>Para toda cuesti\u00f3n litixiosa ou que incumba ao Portal, ser\u00e1 de aplicaci\u00f3n a lexislaci\u00f3n espa\u00f1ola, sendo competentes para a resoluci\u00f3n de todos os conflitos derivados ou relacionados co uso do presente Portal, os Xulgados e Tribunais da cidade de Santiago de Compostela.<\/p>\n<p>[\/et_pb_text][\/et_pb_column][\/et_pb_row][\/et_pb_section]<\/p>\n","protected":false},"excerpt":{"rendered":"<p>Informaci\u00f3n xeral As presentes disposici\u00f3ns regulan o uso do servizo do portal da internet (en diante, o \u00abPortal\u00bb) que o Concello de Arteixo pon ao dispor dos usuarios da internet. [&hellip;]<\/p>\n","protected":false},"author":1,"featured_media":0,"parent":0,"menu_order":0,"comment_status":"closed","ping_status":"closed","template":"","meta":{"_et_pb_use_builder":"on","_et_pb_old_content":"","_et_gb_content_width":"","footnotes":""},"class_list":["post-1641","page","type-page","status-publish","hentry"],"yoast_head":"<!-- This site is optimized with the Yoast SEO plugin v27.4 - https:\/\/yoast.com\/product\/yoast-seo-wordpress\/ -->\n<title>Aviso Legal - Agenda Urbana<\/title>\n<meta name=\"robots\" content=\"noindex, nofollow\" \/>\n<meta property=\"og:locale\" content=\"gl_ES\" \/>\n<meta property=\"og:type\" content=\"article\" \/>\n<meta property=\"og:title\" content=\"Aviso Legal - Agenda Urbana\" \/>\n<meta property=\"og:description\" content=\"Informaci\u00f3n xeral As presentes disposici\u00f3ns regulan o uso do servizo do portal da internet (en diante, o \u00abPortal\u00bb) que o Concello de Arteixo pon ao dispor dos usuarios da internet. [&hellip;]\" \/>\n<meta property=\"og:url\" content=\"https:\/\/agendaurbana.arteixo.org\/gl\/aviso-legal\/\" \/>\n<meta property=\"og:site_name\" content=\"Agenda Urbana\" \/>\n<meta property=\"article:publisher\" content=\"https:\/\/www.facebook.com\/ConcellodeArteixoOficial\/\" \/>\n<meta property=\"article:modified_time\" content=\"2024-02-21T13:18:24+00:00\" \/>\n<meta name=\"twitter:card\" content=\"summary_large_image\" \/>\n<meta name=\"twitter:site\" content=\"@arteixooficial\" \/>\n<meta name=\"twitter:label1\" content=\"Tempo de lectura\" \/>\n\t<meta name=\"twitter:data1\" content=\"6 minutos\" \/>\n<script type=\"application\/ld+json\" class=\"yoast-schema-graph\">{\"@context\":\"https:\\\/\\\/schema.org\",\"@graph\":[{\"@type\":\"WebPage\",\"@id\":\"https:\\\/\\\/agendaurbana.arteixo.org\\\/gl\\\/aviso-legal\\\/\",\"url\":\"https:\\\/\\\/agendaurbana.arteixo.org\\\/gl\\\/aviso-legal\\\/\",\"name\":\"Aviso Legal - Agenda Urbana\",\"isPartOf\":{\"@id\":\"https:\\\/\\\/agendaurbana.arteixo.org\\\/#website\"},\"datePublished\":\"2024-01-08T07:35:45+00:00\",\"dateModified\":\"2024-02-21T13:18:24+00:00\",\"breadcrumb\":{\"@id\":\"https:\\\/\\\/agendaurbana.arteixo.org\\\/gl\\\/aviso-legal\\\/#breadcrumb\"},\"inLanguage\":\"gl-ES\",\"potentialAction\":[{\"@type\":\"ReadAction\",\"target\":[\"https:\\\/\\\/agendaurbana.arteixo.org\\\/gl\\\/aviso-legal\\\/\"]}]},{\"@type\":\"BreadcrumbList\",\"@id\":\"https:\\\/\\\/agendaurbana.arteixo.org\\\/gl\\\/aviso-legal\\\/#breadcrumb\",\"itemListElement\":[{\"@type\":\"ListItem\",\"position\":1,\"name\":\"Inicio\",\"item\":\"https:\\\/\\\/agendaurbana.arteixo.org\\\/gl\\\/axenda-urbana\\\/\"},{\"@type\":\"ListItem\",\"position\":2,\"name\":\"Aviso Legal\"}]},{\"@type\":\"WebSite\",\"@id\":\"https:\\\/\\\/agendaurbana.arteixo.org\\\/#website\",\"url\":\"https:\\\/\\\/agendaurbana.arteixo.org\\\/\",\"name\":\"Agenda Urbana\",\"description\":\"Identificaci\u00f3n de los principales retos estrat\u00e9gicos para la definici\u00f3n del futuro de Arteixo\",\"publisher\":{\"@id\":\"https:\\\/\\\/agendaurbana.arteixo.org\\\/#organization\"},\"potentialAction\":[{\"@type\":\"SearchAction\",\"target\":{\"@type\":\"EntryPoint\",\"urlTemplate\":\"https:\\\/\\\/agendaurbana.arteixo.org\\\/?s={search_term_string}\"},\"query-input\":{\"@type\":\"PropertyValueSpecification\",\"valueRequired\":true,\"valueName\":\"search_term_string\"}}],\"inLanguage\":\"gl-ES\"},{\"@type\":\"Organization\",\"@id\":\"https:\\\/\\\/agendaurbana.arteixo.org\\\/#organization\",\"name\":\"Concello de Arteixo\",\"url\":\"https:\\\/\\\/agendaurbana.arteixo.org\\\/\",\"logo\":{\"@type\":\"ImageObject\",\"inLanguage\":\"gl-ES\",\"@id\":\"https:\\\/\\\/agendaurbana.arteixo.org\\\/#\\\/schema\\\/logo\\\/image\\\/\",\"url\":\"https:\\\/\\\/agendaurbana.arteixo.org\\\/wp-content\\\/uploads\\\/2023\\\/12\\\/logoArteixoAzul.png\",\"contentUrl\":\"https:\\\/\\\/agendaurbana.arteixo.org\\\/wp-content\\\/uploads\\\/2023\\\/12\\\/logoArteixoAzul.png\",\"width\":568,\"height\":128,\"caption\":\"Concello de Arteixo\"},\"image\":{\"@id\":\"https:\\\/\\\/agendaurbana.arteixo.org\\\/#\\\/schema\\\/logo\\\/image\\\/\"},\"sameAs\":[\"https:\\\/\\\/www.facebook.com\\\/ConcellodeArteixoOficial\\\/\",\"https:\\\/\\\/x.com\\\/arteixooficial\",\"https:\\\/\\\/www.instagram.com\\\/concellodearteixo\\\/?hl=es\"]}]}<\/script>\n<!-- \/ Yoast SEO plugin. -->","yoast_head_json":{"title":"Aviso Legal - Agenda Urbana","robots":{"index":"noindex","follow":"nofollow"},"og_locale":"gl_ES","og_type":"article","og_title":"Aviso Legal - Agenda Urbana","og_description":"Informaci\u00f3n xeral As presentes disposici\u00f3ns regulan o uso do servizo do portal da internet (en diante, o \u00abPortal\u00bb) que o Concello de Arteixo pon ao dispor dos usuarios da internet. [&hellip;]","og_url":"https:\/\/agendaurbana.arteixo.org\/gl\/aviso-legal\/","og_site_name":"Agenda Urbana","article_publisher":"https:\/\/www.facebook.com\/ConcellodeArteixoOficial\/","article_modified_time":"2024-02-21T13:18:24+00:00","twitter_card":"summary_large_image","twitter_site":"@arteixooficial","twitter_misc":{"Tempo de lectura":"6 minutos"},"schema":{"@context":"https:\/\/schema.org","@graph":[{"@type":"WebPage","@id":"https:\/\/agendaurbana.arteixo.org\/gl\/aviso-legal\/","url":"https:\/\/agendaurbana.arteixo.org\/gl\/aviso-legal\/","name":"Aviso Legal - Agenda Urbana","isPartOf":{"@id":"https:\/\/agendaurbana.arteixo.org\/#website"},"datePublished":"2024-01-08T07:35:45+00:00","dateModified":"2024-02-21T13:18:24+00:00","breadcrumb":{"@id":"https:\/\/agendaurbana.arteixo.org\/gl\/aviso-legal\/#breadcrumb"},"inLanguage":"gl-ES","potentialAction":[{"@type":"ReadAction","target":["https:\/\/agendaurbana.arteixo.org\/gl\/aviso-legal\/"]}]},{"@type":"BreadcrumbList","@id":"https:\/\/agendaurbana.arteixo.org\/gl\/aviso-legal\/#breadcrumb","itemListElement":[{"@type":"ListItem","position":1,"name":"Inicio","item":"https:\/\/agendaurbana.arteixo.org\/gl\/axenda-urbana\/"},{"@type":"ListItem","position":2,"name":"Aviso Legal"}]},{"@type":"WebSite","@id":"https:\/\/agendaurbana.arteixo.org\/#website","url":"https:\/\/agendaurbana.arteixo.org\/","name":"Agenda Urbana","description":"Identificaci\u00f3n de los principales retos estrat\u00e9gicos para la definici\u00f3n del futuro de Arteixo","publisher":{"@id":"https:\/\/agendaurbana.arteixo.org\/#organization"},"potentialAction":[{"@type":"SearchAction","target":{"@type":"EntryPoint","urlTemplate":"https:\/\/agendaurbana.arteixo.org\/?s={search_term_string}"},"query-input":{"@type":"PropertyValueSpecification","valueRequired":true,"valueName":"search_term_string"}}],"inLanguage":"gl-ES"},{"@type":"Organization","@id":"https:\/\/agendaurbana.arteixo.org\/#organization","name":"Concello de Arteixo","url":"https:\/\/agendaurbana.arteixo.org\/","logo":{"@type":"ImageObject","inLanguage":"gl-ES","@id":"https:\/\/agendaurbana.arteixo.org\/#\/schema\/logo\/image\/","url":"https:\/\/agendaurbana.arteixo.org\/wp-content\/uploads\/2023\/12\/logoArteixoAzul.png","contentUrl":"https:\/\/agendaurbana.arteixo.org\/wp-content\/uploads\/2023\/12\/logoArteixoAzul.png","width":568,"height":128,"caption":"Concello de Arteixo"},"image":{"@id":"https:\/\/agendaurbana.arteixo.org\/#\/schema\/logo\/image\/"},"sameAs":["https:\/\/www.facebook.com\/ConcellodeArteixoOficial\/","https:\/\/x.com\/arteixooficial","https:\/\/www.instagram.com\/concellodearteixo\/?hl=es"]}]}},"_links":{"self":[{"href":"https:\/\/agendaurbana.arteixo.org\/gl\/wp-json\/wp\/v2\/pages\/1641","targetHints":{"allow":["GET"]}}],"collection":[{"href":"https:\/\/agendaurbana.arteixo.org\/gl\/wp-json\/wp\/v2\/pages"}],"about":[{"href":"https:\/\/agendaurbana.arteixo.org\/gl\/wp-json\/wp\/v2\/types\/page"}],"author":[{"embeddable":true,"href":"https:\/\/agendaurbana.arteixo.org\/gl\/wp-json\/wp\/v2\/users\/1"}],"replies":[{"embeddable":true,"href":"https:\/\/agendaurbana.arteixo.org\/gl\/wp-json\/wp\/v2\/comments?post=1641"}],"version-history":[{"count":6,"href":"https:\/\/agendaurbana.arteixo.org\/gl\/wp-json\/wp\/v2\/pages\/1641\/revisions"}],"predecessor-version":[{"id":1932,"href":"https:\/\/agendaurbana.arteixo.org\/gl\/wp-json\/wp\/v2\/pages\/1641\/revisions\/1932"}],"wp:attachment":[{"href":"https:\/\/agendaurbana.arteixo.org\/gl\/wp-json\/wp\/v2\/media?parent=1641"}],"curies":[{"name":"wp","href":"https:\/\/api.w.org\/{rel}","templated":true}]}}