{"id":1652,"date":"2024-01-08T09:39:08","date_gmt":"2024-01-08T08:39:08","guid":{"rendered":"https:\/\/agendaurbana.arteixo.org\/politica-de-privacidade\/"},"modified":"2024-01-08T09:46:33","modified_gmt":"2024-01-08T08:46:33","slug":"politica-de-privacidade","status":"publish","type":"page","link":"https:\/\/agendaurbana.arteixo.org\/gl\/politica-de-privacidade\/","title":{"rendered":"Pol\u00edtica de Privacidade"},"content":{"rendered":"<p>[et_pb_section fb_built=&#8221;1&#8243; admin_label=&#8221;section&#8221; _builder_version=&#8221;4.16&#8243; da_disable_devices=&#8221;off|off|off&#8221; global_colors_info=&#8221;{}&#8221; da_is_popup=&#8221;off&#8221; da_exit_intent=&#8221;off&#8221; da_has_close=&#8221;on&#8221; da_alt_close=&#8221;off&#8221; da_dark_close=&#8221;off&#8221; da_not_modal=&#8221;on&#8221; da_is_singular=&#8221;off&#8221; da_with_loader=&#8221;off&#8221; da_has_shadow=&#8221;on&#8221;][et_pb_row admin_label=&#8221;row&#8221; _builder_version=&#8221;4.16&#8243; background_size=&#8221;initial&#8221; background_position=&#8221;top_left&#8221; background_repeat=&#8221;repeat&#8221; global_colors_info=&#8221;{}&#8221;][et_pb_column type=&#8221;4_4&#8243; _builder_version=&#8221;4.16&#8243; custom_padding=&#8221;|||&#8221; global_colors_info=&#8221;{}&#8221; custom_padding__hover=&#8221;|||&#8221;][et_pb_text _builder_version=&#8221;4.23.4&#8243; _module_preset=&#8221;default&#8221; global_colors_info=&#8221;{}&#8221;]<\/p>\n<p><strong>POL\u00cdTICA PROTECCI\u00d3N DE DATOS PARA A P\u00c1XINA WEB &#8211; CON FORMULARIO DE CONTACTO<\/strong><\/p>\n<p>De acordo co establecido pola normativa de Protecci\u00f3n de Datos de Car\u00e1cter Persoal, inform\u00e1moslle que est\u00e1 a facilitar os seus datos de car\u00e1cter persoal ao Responsable de Tratamento: CONCELLO DE ARTEIXO (en adiante A ENTIDADE), con direcci\u00f3n PRAZA ALCALDE RAM\u00d3N DOPICO , N\u00ba1,, 15142 &#8211; ARTEIXO (A CORU\u00d1A).<\/p>\n<p><strong>1.- DPO<\/strong>: O Delegado de Protecci\u00f3n de Datos do CONCELLO DE ARTEIXO \u00e9 Servicios de Adaptaci\u00f3n Continua en Protecci\u00f3n de Datos RB, S.L. c\u00f3 que poder\u00e1 contactar en <a href=\"mailto:secretaria@arteixo.org\">secretaria@arteixo.org<\/a>.<\/p>\n<p><strong>2.- Finalidade do tratamento<\/strong><br \/>Os datos recompilados ser\u00e1n unicamente os detallados no formulario de contacto, as\u00ed como aqueles que vostede mesmo facil\u00edtenos no apartado \u201cComentarios\u201d. A ENTIDADE poder\u00e1 tratar os seus datos de car\u00e1cter persoal de acordo coas seguintes finalidades:<\/p>\n<ul>\n<li>Xestionar a s\u00faa navegaci\u00f3n a trav\u00e9s do Sitio web.<\/li>\n<li>Xestionar o servizo de Atenci\u00f3n ao cidad\u00e1n, para dar resposta \u00e1s d\u00fabidas, queixas, comentarios ou inquietudes que poida ter relativas \u00e1 informaci\u00f3n inclu\u00edda no Sitio web, as\u00ed como calquera outras consultas que poida ter.<\/li>\n<li>Xestionar o cumprimento, mantemento, desenvolvemento e control de calquera relaci\u00f3ns que a ENTIDADE mante\u00f1a con vostede.<\/li>\n<\/ul>\n<p>O feito de non facilitar certa informaci\u00f3n sinalada como obrigatoria, pode levar que non sexa posible xestionar a s\u00faa petici\u00f3n a trav\u00e9s do formulario de contacto.<br \/>No caso de que nos achegue Datos Persoais de terceiros, vostede responsabil\u00edzase de informar e obter o consentimento destes para ser achegados coas finalidades indicadas nos apartados correspondentes da presente Pol\u00edtica de Privacidade e Cookies.<\/p>\n<p>Para m\u00e1is informaci\u00f3n sobre un tratamento en concreto, consulte o <a href=\"https:\/\/arteixo.org\/wp-content\/uploads\/2023\/11\/ratConcelloArteixo.pdf\" target=\"_blank\" rel=\"noopener\">Rexistro de Actividades de Tratamento<\/a>.<\/p>\n<p><strong>3.- Lexitimaci\u00f3n do tratamento dos seus datos de car\u00e1cter persoal<\/strong><br \/>A lexitimaci\u00f3n bas\u00e9ase no consentimento que vostede nos outorga ao chicar o bot\u00f3n \u201cACEPTO A POL\u00cdTICA DE PROTECCI\u00d3N DE DATOS\u201d<\/p>\n<p><strong>4.- Destinatarios de cesi\u00f3ns<\/strong><br \/>Non cederemos os seus datos a terceiros, salvo por obrigaci\u00f3n legal.<\/p>\n<p><strong>5.- Dereitos<\/strong><br \/>Por \u00faltimo, inform\u00e1moslle dos seus dereitos en materia de protecci\u00f3n de datos.<br \/>&#8211; Dereito a solicitar o acceso aos seus datos persoais.<br \/>&#8211; Dereito a solicitar a s\u00faa rectificaci\u00f3n ou supresi\u00f3n (dereito ao esquecemento).<br \/>&#8211; Dereito a solicitar a limitaci\u00f3n do seu tratamento, e a opo\u00f1erse ao tratamento<br \/>&#8211; Dereito \u00e1 portabilidade dos datos<\/p>\n<p>Para exercer os seus dereitos non ten m\u00e1is que realizar unha solicitude por escrito e acompa\u00f1ala dunha copia do seu DNI.<\/p>\n<p><strong>6.- Medidas de seguridade<\/strong><br \/>CONCELLO DE ARTEIXO ten implantadas as medidas t\u00e9cnicas e organizativas necesarias para garantir a seguridade dos seus datos de car\u00e1cter persoal e evitar a s\u00faa alteraci\u00f3n, a perda e o tratamento e\/ou o acceso non autorizado, tendo en conta o estado da tecnolox\u00eda, a natureza dos datos almacenados e os riscos provenientes da acci\u00f3n humana ou do medio f\u00edsico e natural a que est\u00e1n expostas.<\/p>\n<p>[\/et_pb_text][\/et_pb_column][\/et_pb_row][\/et_pb_section]<\/p>\n","protected":false},"excerpt":{"rendered":"<p>POL\u00cdTICA PROTECCI\u00d3N DE DATOS PARA A P\u00c1XINA WEB &#8211; CON FORMULARIO DE CONTACTO De acordo co establecido pola normativa de Protecci\u00f3n de Datos de Car\u00e1cter Persoal, inform\u00e1moslle que est\u00e1 a [&hellip;]<\/p>\n","protected":false},"author":1,"featured_media":0,"parent":0,"menu_order":0,"comment_status":"closed","ping_status":"closed","template":"","meta":{"_et_pb_use_builder":"on","_et_pb_old_content":"","_et_gb_content_width":"","footnotes":""},"class_list":["post-1652","page","type-page","status-publish","hentry"],"yoast_head":"<!-- This site is optimized with the Yoast SEO plugin v27.4 - https:\/\/yoast.com\/product\/yoast-seo-wordpress\/ -->\n<title>Pol\u00edtica de Privacidade - Agenda Urbana<\/title>\n<meta name=\"robots\" content=\"noindex, nofollow\" \/>\n<meta property=\"og:locale\" content=\"gl_ES\" \/>\n<meta property=\"og:type\" content=\"article\" \/>\n<meta property=\"og:title\" content=\"Pol\u00edtica de Privacidade - Agenda Urbana\" \/>\n<meta property=\"og:description\" content=\"POL\u00cdTICA PROTECCI\u00d3N DE DATOS PARA A P\u00c1XINA WEB - CON FORMULARIO DE CONTACTO De acordo co establecido pola normativa de Protecci\u00f3n de Datos de Car\u00e1cter Persoal, inform\u00e1moslle que est\u00e1 a [&hellip;]\" \/>\n<meta property=\"og:url\" content=\"https:\/\/agendaurbana.arteixo.org\/politica-de-privacidad\/\" \/>\n<meta property=\"og:site_name\" content=\"Agenda Urbana\" \/>\n<meta property=\"article:publisher\" content=\"https:\/\/www.facebook.com\/ConcellodeArteixoOficial\/\" \/>\n<meta property=\"article:modified_time\" content=\"2024-01-08T08:46:33+00:00\" \/>\n<meta name=\"twitter:card\" content=\"summary_large_image\" \/>\n<meta name=\"twitter:site\" content=\"@arteixooficial\" \/>\n<meta name=\"twitter:label1\" content=\"Tempo de lectura\" \/>\n\t<meta name=\"twitter:data1\" content=\"3 minutos\" \/>\n<script type=\"application\/ld+json\" class=\"yoast-schema-graph\">{\"@context\":\"https:\\\/\\\/schema.org\",\"@graph\":[{\"@type\":\"WebPage\",\"@id\":\"https:\\\/\\\/agendaurbana.arteixo.org\\\/politica-de-privacidad\\\/\",\"url\":\"https:\\\/\\\/agendaurbana.arteixo.org\\\/politica-de-privacidad\\\/\",\"name\":\"Pol\u00edtica de Privacidade - Agenda Urbana\",\"isPartOf\":{\"@id\":\"https:\\\/\\\/agendaurbana.arteixo.org\\\/#website\"},\"datePublished\":\"2024-01-08T08:39:08+00:00\",\"dateModified\":\"2024-01-08T08:46:33+00:00\",\"breadcrumb\":{\"@id\":\"https:\\\/\\\/agendaurbana.arteixo.org\\\/politica-de-privacidad\\\/#breadcrumb\"},\"inLanguage\":\"gl-ES\",\"potentialAction\":[{\"@type\":\"ReadAction\",\"target\":[\"https:\\\/\\\/agendaurbana.arteixo.org\\\/politica-de-privacidad\\\/\"]}]},{\"@type\":\"BreadcrumbList\",\"@id\":\"https:\\\/\\\/agendaurbana.arteixo.org\\\/politica-de-privacidad\\\/#breadcrumb\",\"itemListElement\":[{\"@type\":\"ListItem\",\"position\":1,\"name\":\"Inicio\",\"item\":\"https:\\\/\\\/agendaurbana.arteixo.org\\\/gl\\\/axenda-urbana\\\/\"},{\"@type\":\"ListItem\",\"position\":2,\"name\":\"Pol\u00edtica de Privacidade\"}]},{\"@type\":\"WebSite\",\"@id\":\"https:\\\/\\\/agendaurbana.arteixo.org\\\/#website\",\"url\":\"https:\\\/\\\/agendaurbana.arteixo.org\\\/\",\"name\":\"Agenda Urbana\",\"description\":\"Identificaci\u00f3n de los principales retos estrat\u00e9gicos para la definici\u00f3n del futuro de Arteixo\",\"publisher\":{\"@id\":\"https:\\\/\\\/agendaurbana.arteixo.org\\\/#organization\"},\"potentialAction\":[{\"@type\":\"SearchAction\",\"target\":{\"@type\":\"EntryPoint\",\"urlTemplate\":\"https:\\\/\\\/agendaurbana.arteixo.org\\\/?s={search_term_string}\"},\"query-input\":{\"@type\":\"PropertyValueSpecification\",\"valueRequired\":true,\"valueName\":\"search_term_string\"}}],\"inLanguage\":\"gl-ES\"},{\"@type\":\"Organization\",\"@id\":\"https:\\\/\\\/agendaurbana.arteixo.org\\\/#organization\",\"name\":\"Concello de Arteixo\",\"url\":\"https:\\\/\\\/agendaurbana.arteixo.org\\\/\",\"logo\":{\"@type\":\"ImageObject\",\"inLanguage\":\"gl-ES\",\"@id\":\"https:\\\/\\\/agendaurbana.arteixo.org\\\/#\\\/schema\\\/logo\\\/image\\\/\",\"url\":\"https:\\\/\\\/agendaurbana.arteixo.org\\\/wp-content\\\/uploads\\\/2023\\\/12\\\/logoArteixoAzul.png\",\"contentUrl\":\"https:\\\/\\\/agendaurbana.arteixo.org\\\/wp-content\\\/uploads\\\/2023\\\/12\\\/logoArteixoAzul.png\",\"width\":568,\"height\":128,\"caption\":\"Concello de Arteixo\"},\"image\":{\"@id\":\"https:\\\/\\\/agendaurbana.arteixo.org\\\/#\\\/schema\\\/logo\\\/image\\\/\"},\"sameAs\":[\"https:\\\/\\\/www.facebook.com\\\/ConcellodeArteixoOficial\\\/\",\"https:\\\/\\\/x.com\\\/arteixooficial\",\"https:\\\/\\\/www.instagram.com\\\/concellodearteixo\\\/?hl=es\"]}]}<\/script>\n<!-- \/ Yoast SEO plugin. -->","yoast_head_json":{"title":"Pol\u00edtica de Privacidade - Agenda Urbana","robots":{"index":"noindex","follow":"nofollow"},"og_locale":"gl_ES","og_type":"article","og_title":"Pol\u00edtica de Privacidade - Agenda Urbana","og_description":"POL\u00cdTICA PROTECCI\u00d3N DE DATOS PARA A P\u00c1XINA WEB - CON FORMULARIO DE CONTACTO De acordo co establecido pola normativa de Protecci\u00f3n de Datos de Car\u00e1cter Persoal, inform\u00e1moslle que est\u00e1 a [&hellip;]","og_url":"https:\/\/agendaurbana.arteixo.org\/politica-de-privacidad\/","og_site_name":"Agenda Urbana","article_publisher":"https:\/\/www.facebook.com\/ConcellodeArteixoOficial\/","article_modified_time":"2024-01-08T08:46:33+00:00","twitter_card":"summary_large_image","twitter_site":"@arteixooficial","twitter_misc":{"Tempo de lectura":"3 minutos"},"schema":{"@context":"https:\/\/schema.org","@graph":[{"@type":"WebPage","@id":"https:\/\/agendaurbana.arteixo.org\/politica-de-privacidad\/","url":"https:\/\/agendaurbana.arteixo.org\/politica-de-privacidad\/","name":"Pol\u00edtica de Privacidade - Agenda Urbana","isPartOf":{"@id":"https:\/\/agendaurbana.arteixo.org\/#website"},"datePublished":"2024-01-08T08:39:08+00:00","dateModified":"2024-01-08T08:46:33+00:00","breadcrumb":{"@id":"https:\/\/agendaurbana.arteixo.org\/politica-de-privacidad\/#breadcrumb"},"inLanguage":"gl-ES","potentialAction":[{"@type":"ReadAction","target":["https:\/\/agendaurbana.arteixo.org\/politica-de-privacidad\/"]}]},{"@type":"BreadcrumbList","@id":"https:\/\/agendaurbana.arteixo.org\/politica-de-privacidad\/#breadcrumb","itemListElement":[{"@type":"ListItem","position":1,"name":"Inicio","item":"https:\/\/agendaurbana.arteixo.org\/gl\/axenda-urbana\/"},{"@type":"ListItem","position":2,"name":"Pol\u00edtica de Privacidade"}]},{"@type":"WebSite","@id":"https:\/\/agendaurbana.arteixo.org\/#website","url":"https:\/\/agendaurbana.arteixo.org\/","name":"Agenda Urbana","description":"Identificaci\u00f3n de los principales retos estrat\u00e9gicos para la definici\u00f3n del futuro de Arteixo","publisher":{"@id":"https:\/\/agendaurbana.arteixo.org\/#organization"},"potentialAction":[{"@type":"SearchAction","target":{"@type":"EntryPoint","urlTemplate":"https:\/\/agendaurbana.arteixo.org\/?s={search_term_string}"},"query-input":{"@type":"PropertyValueSpecification","valueRequired":true,"valueName":"search_term_string"}}],"inLanguage":"gl-ES"},{"@type":"Organization","@id":"https:\/\/agendaurbana.arteixo.org\/#organization","name":"Concello de Arteixo","url":"https:\/\/agendaurbana.arteixo.org\/","logo":{"@type":"ImageObject","inLanguage":"gl-ES","@id":"https:\/\/agendaurbana.arteixo.org\/#\/schema\/logo\/image\/","url":"https:\/\/agendaurbana.arteixo.org\/wp-content\/uploads\/2023\/12\/logoArteixoAzul.png","contentUrl":"https:\/\/agendaurbana.arteixo.org\/wp-content\/uploads\/2023\/12\/logoArteixoAzul.png","width":568,"height":128,"caption":"Concello de Arteixo"},"image":{"@id":"https:\/\/agendaurbana.arteixo.org\/#\/schema\/logo\/image\/"},"sameAs":["https:\/\/www.facebook.com\/ConcellodeArteixoOficial\/","https:\/\/x.com\/arteixooficial","https:\/\/www.instagram.com\/concellodearteixo\/?hl=es"]}]}},"_links":{"self":[{"href":"https:\/\/agendaurbana.arteixo.org\/gl\/wp-json\/wp\/v2\/pages\/1652","targetHints":{"allow":["GET"]}}],"collection":[{"href":"https:\/\/agendaurbana.arteixo.org\/gl\/wp-json\/wp\/v2\/pages"}],"about":[{"href":"https:\/\/agendaurbana.arteixo.org\/gl\/wp-json\/wp\/v2\/types\/page"}],"author":[{"embeddable":true,"href":"https:\/\/agendaurbana.arteixo.org\/gl\/wp-json\/wp\/v2\/users\/1"}],"replies":[{"embeddable":true,"href":"https:\/\/agendaurbana.arteixo.org\/gl\/wp-json\/wp\/v2\/comments?post=1652"}],"version-history":[{"count":2,"href":"https:\/\/agendaurbana.arteixo.org\/gl\/wp-json\/wp\/v2\/pages\/1652\/revisions"}],"predecessor-version":[{"id":1654,"href":"https:\/\/agendaurbana.arteixo.org\/gl\/wp-json\/wp\/v2\/pages\/1652\/revisions\/1654"}],"wp:attachment":[{"href":"https:\/\/agendaurbana.arteixo.org\/gl\/wp-json\/wp\/v2\/media?parent=1652"}],"curies":[{"name":"wp","href":"https:\/\/api.w.org\/{rel}","templated":true}]}}