{"id":2671,"date":"2025-03-09T21:16:08","date_gmt":"2025-03-09T20:16:08","guid":{"rendered":"https:\/\/agendaurbana.arteixo.org\/axenda-urbana\/areas-de-rehabilitacion-ari\/"},"modified":"2025-03-10T13:06:03","modified_gmt":"2025-03-10T12:06:03","slug":"areas-de-rehabilitacion-ari","status":"publish","type":"page","link":"https:\/\/agendaurbana.arteixo.org\/gl\/axenda-urbana\/areas-de-rehabilitacion-ari\/","title":{"rendered":"\u00c1reas de Rehabilitaci\u00f3n (ARI)"},"content":{"rendered":"<p>[et_pb_section fb_built=&#8221;1&#8243; admin_label=&#8221;section&#8221; module_id=&#8221;pagina&#8221; _builder_version=&#8221;4.27.4&#8243; da_disable_devices=&#8221;off|off|off&#8221; global_colors_info=&#8221;{}&#8221; da_is_popup=&#8221;off&#8221; da_exit_intent=&#8221;off&#8221; da_has_close=&#8221;on&#8221; da_alt_close=&#8221;off&#8221; da_dark_close=&#8221;off&#8221; da_not_modal=&#8221;on&#8221; da_is_singular=&#8221;off&#8221; da_with_loader=&#8221;off&#8221; da_has_shadow=&#8221;on&#8221;][et_pb_row admin_label=&#8221;row aris&#8221; module_id=&#8221;aris&#8221; _builder_version=&#8221;4.27.4&#8243; background_size=&#8221;initial&#8221; background_position=&#8221;top_left&#8221; background_repeat=&#8221;repeat&#8221; global_colors_info=&#8221;{}&#8221;][et_pb_column type=&#8221;4_4&#8243; _builder_version=&#8221;4.16&#8243; custom_padding=&#8221;|||&#8221; global_colors_info=&#8221;{}&#8221; custom_padding__hover=&#8221;|||&#8221;][et_pb_text admin_label=&#8221;Texto &#8211; \u00c1REAS DE REHABILITACI\u00d3N (ARI)&#8221; _builder_version=&#8221;4.27.4&#8243; _module_preset=&#8221;default&#8221; text_text_color=&#8221;#19437e&#8221; header_text_color=&#8221;#19437e&#8221; header_2_text_color=&#8221;#19437e&#8221; locked=&#8221;off&#8221; global_colors_info=&#8221;{}&#8221;]<\/p>\n<h2><strong>\u00c1<\/strong>REAS DE<strong> R<\/strong>EHABILITACI\u00d3N (ARI)<\/h2>\n<p>[\/et_pb_text][\/et_pb_column][\/et_pb_row][et_pb_row admin_label=&#8221;row ari-meicende&#8221; module_id=&#8221;ari-meicende&#8221; _builder_version=&#8221;4.27.4&#8243; background_size=&#8221;initial&#8221; background_position=&#8221;top_left&#8221; background_repeat=&#8221;repeat&#8221; global_colors_info=&#8221;{}&#8221;][et_pb_column type=&#8221;4_4&#8243; _builder_version=&#8221;4.16&#8243; custom_padding=&#8221;|||&#8221; global_colors_info=&#8221;{}&#8221; custom_padding__hover=&#8221;|||&#8221;][et_pb_text admin_label=&#8221;Texto  &#8211; ARI MEICENDE &#8211; O PET\u00d3N&#8221; _builder_version=&#8221;4.27.4&#8243; _module_preset=&#8221;default&#8221; text_text_color=&#8221;#19437e&#8221; header_text_color=&#8221;#19437e&#8221; header_2_text_color=&#8221;#19437e&#8221; header_3_text_color=&#8221;#19437e&#8221; locked=&#8221;off&#8221; global_colors_info=&#8221;{}&#8221;]<\/p>\n<h3>ARI MEICENDE &#8211; O PET\u00d3N<\/h3>\n<p>[\/et_pb_text][et_pb_text admin_label=&#8221;Text &#8211; El 1 de marzo de 2024 el Ayuntamiento &#8230;&#8221; _builder_version=&#8221;4.27.4&#8243; _module_preset=&#8221;default&#8221; global_colors_info=&#8221;{}&#8221;]<\/p>\n<p>O 1 de marzo de 2024 o Concello de Arteixo presenta #ante o Instituto Galego da Vivenda e Chan (en diante, IGVS) unha solicitude para a declaraci\u00f3n dunha \u00e1rea de rehabilitaci\u00f3n integral (en diante, ARI) na \u00e1rea urbana de Meicende-Ou Pet\u00f3n no seu termo municipal. Coa solicitude an\u00e9xase certificado do acordo adoptado respecto diso polo Pleno da Corporaci\u00f3n, na s\u00faa sesi\u00f3n do 29 de febreiro de 2024. <\/p>\n<p>O \u00e1mbito comprende 343 vivendas emprazadas nunha superficie de 63.091 m\u00b2 que abarca o chan clasificado polo plan municipal como chan urbano consolidado con cualificaci\u00f3n de uso global residencial, incorporando os asentamentos orixinais de Sobrado, Meicende e Torroal.<\/p>\n<p>A declaraci\u00f3n do ARI solicitada foi informada favorablemente, tanto desde o punto de vista t\u00e9cnico e urban\u00edstico como administrativo, polas unidades competentes do IGVS.<\/p>\n<p>Planos:<\/p>\n<p>[\/et_pb_text][et_pb_image src=&#8221;https:\/\/agendaurbana.arteixo.org\/wp-content\/uploads\/2025\/03\/image-Meicende-O-Peton1.png&#8221; admin_label=&#8221;Image &#8211; plano 1&#8243; _builder_version=&#8221;4.27.4&#8243; _module_preset=&#8221;default&#8221; global_colors_info=&#8221;{}&#8221;][\/et_pb_image][et_pb_image src=&#8221;https:\/\/agendaurbana.arteixo.org\/wp-content\/uploads\/2025\/03\/image-Meicende-O-Peton2.png&#8221; admin_label=&#8221;Image &#8211; plano 2&#8243; _builder_version=&#8221;4.27.4&#8243; _module_preset=&#8221;default&#8221; global_colors_info=&#8221;{}&#8221;][\/et_pb_image][et_pb_divider _builder_version=&#8221;4.27.4&#8243; _module_preset=&#8221;default&#8221; global_colors_info=&#8221;{}&#8221;][\/et_pb_divider][\/et_pb_column][\/et_pb_row][et_pb_row admin_label=&#8221;row ari-oseiro&#8221; module_id=&#8221;ari-oseiro&#8221; _builder_version=&#8221;4.27.4&#8243; background_size=&#8221;initial&#8221; background_position=&#8221;top_left&#8221; background_repeat=&#8221;repeat&#8221; global_colors_info=&#8221;{}&#8221;][et_pb_column type=&#8221;4_4&#8243; _builder_version=&#8221;4.16&#8243; custom_padding=&#8221;|||&#8221; global_colors_info=&#8221;{}&#8221; custom_padding__hover=&#8221;|||&#8221;][et_pb_text admin_label=&#8221;Texto  &#8211; ARI OSEIRO &#8211; SOL Y MAR&#8221; _builder_version=&#8221;4.27.4&#8243; _module_preset=&#8221;default&#8221; text_text_color=&#8221;#19437e&#8221; header_text_color=&#8221;#19437e&#8221; header_2_text_color=&#8221;#19437e&#8221; header_3_text_color=&#8221;#19437e&#8221; locked=&#8221;off&#8221; global_colors_info=&#8221;{}&#8221;]<\/p>\n<h3>ARI OSEIRO &#8211; SOL Y MAR<\/h3>\n<p>[\/et_pb_text][et_pb_text admin_label=&#8221;Text &#8211; El 6 de febrero de 2025 el Ayuntamiento de Arteixo presenta ante el &#8230;&#8221; _builder_version=&#8221;4.27.4&#8243; _module_preset=&#8221;default&#8221; global_colors_info=&#8221;{}&#8221;]<\/p>\n<p>O 6 de febreiro de 2025 o Concello de Arteixo presenta #ante o Instituto Galego da Vivenda e Chan (en diante, IGVS) unha solicitude para a declaraci\u00f3n dunha \u00e1rea de rehabilitaci\u00f3n integral (en diante, ARI) na \u00e1rea urbana de Oseiro-Sol e Mar no seu termo municipal. Coa solicitude an\u00e9xase certificado do acordo adoptado respecto diso polo Pleno da Corporaci\u00f3n, na s\u00faa sesi\u00f3n do 30 de xaneiro de 2025. <\/p>\n<p>O \u00e1mbito comprende 719 vivendas emprazadas nunha superficie de 199.427 m\u00b2 emprazadas en chan clasificado polo plan municipal como chan urbano consolidado con cualificaci\u00f3n de uso global residencial, incorporando o asentamento orixinal de Oseiro-Traves\u00eda de Oseiro e a Urbanizaci\u00f3n de \u201cSol e Mar\u201d.<\/p>\n<p>A declaraci\u00f3n do ARI est\u00e1 en proceso de informe por parte do IGVS, tanto desde o punto de vista t\u00e9cnico e urban\u00edstico como administrativo.<\/p>\n<p>Planos:<\/p>\n<p>[\/et_pb_text][et_pb_image src=&#8221;https:\/\/agendaurbana.arteixo.org\/wp-content\/uploads\/2025\/03\/ARI-Oseiro-Sol-y-Mar-1.png&#8221; admin_label=&#8221;Image &#8211; plano 1&#8243; _builder_version=&#8221;4.27.4&#8243; _module_preset=&#8221;default&#8221; global_colors_info=&#8221;{}&#8221;][\/et_pb_image][et_pb_image src=&#8221;https:\/\/agendaurbana.arteixo.org\/wp-content\/uploads\/2025\/03\/ARI-Oseiro-Sol-y-Mar-2.png&#8221; admin_label=&#8221;Image &#8211; plano 2&#8243; _builder_version=&#8221;4.27.4&#8243; _module_preset=&#8221;default&#8221; global_colors_info=&#8221;{}&#8221;][\/et_pb_image][\/et_pb_column][\/et_pb_row][\/et_pb_section]<\/p>\n","protected":false},"excerpt":{"rendered":"<p>\u00c1REAS DE REHABILITACI\u00d3N (ARI)ARI MEICENDE &#8211; O PET\u00d3NO 1 de marzo de 2024 o Concello de Arteixo presenta #ante o Instituto Galego da Vivenda e Chan (en diante, IGVS) unha [&hellip;]<\/p>\n","protected":false},"author":1,"featured_media":0,"parent":1349,"menu_order":0,"comment_status":"closed","ping_status":"closed","template":"","meta":{"_et_pb_use_builder":"on","_et_pb_old_content":"","_et_gb_content_width":"","footnotes":""},"class_list":["post-2671","page","type-page","status-publish","hentry"],"yoast_head":"<!-- This site is optimized with the Yoast SEO plugin v27.4 - https:\/\/yoast.com\/product\/yoast-seo-wordpress\/ -->\n<title>\u00c1reas de Rehabilitaci\u00f3n (ARI) - Agenda Urbana<\/title>\n<meta name=\"robots\" content=\"index, follow, max-snippet:-1, max-image-preview:large, max-video-preview:-1\" \/>\n<link rel=\"canonical\" href=\"https:\/\/agendaurbana.arteixo.org\/gl\/axenda-urbana\/areas-de-rehabilitacion-ari\/\" \/>\n<meta property=\"og:locale\" content=\"gl_ES\" \/>\n<meta property=\"og:type\" content=\"article\" \/>\n<meta property=\"og:title\" content=\"\u00c1reas de Rehabilitaci\u00f3n (ARI) - Agenda Urbana\" \/>\n<meta property=\"og:description\" content=\"\u00c1REAS DE REHABILITACI\u00d3N (ARI)ARI MEICENDE - O PET\u00d3NO 1 de marzo de 2024 o Concello de Arteixo presenta #ante o Instituto Galego da Vivenda e Chan (en diante, IGVS) unha [&hellip;]\" \/>\n<meta property=\"og:url\" content=\"https:\/\/agendaurbana.arteixo.org\/gl\/axenda-urbana\/areas-de-rehabilitacion-ari\/\" \/>\n<meta property=\"og:site_name\" content=\"Agenda Urbana\" \/>\n<meta property=\"article:publisher\" content=\"https:\/\/www.facebook.com\/ConcellodeArteixoOficial\/\" \/>\n<meta property=\"article:modified_time\" content=\"2025-03-10T12:06:03+00:00\" \/>\n<meta name=\"twitter:card\" content=\"summary_large_image\" \/>\n<meta name=\"twitter:site\" content=\"@arteixooficial\" \/>\n<meta name=\"twitter:label1\" content=\"Tempo de lectura\" \/>\n\t<meta name=\"twitter:data1\" content=\"4 minutos\" \/>\n<script type=\"application\/ld+json\" class=\"yoast-schema-graph\">{\"@context\":\"https:\\\/\\\/schema.org\",\"@graph\":[{\"@type\":\"WebPage\",\"@id\":\"https:\\\/\\\/agendaurbana.arteixo.org\\\/gl\\\/axenda-urbana\\\/areas-de-rehabilitacion-ari\\\/\",\"url\":\"https:\\\/\\\/agendaurbana.arteixo.org\\\/gl\\\/axenda-urbana\\\/areas-de-rehabilitacion-ari\\\/\",\"name\":\"\u00c1reas de Rehabilitaci\u00f3n (ARI) - Agenda Urbana\",\"isPartOf\":{\"@id\":\"https:\\\/\\\/agendaurbana.arteixo.org\\\/#website\"},\"datePublished\":\"2025-03-09T20:16:08+00:00\",\"dateModified\":\"2025-03-10T12:06:03+00:00\",\"breadcrumb\":{\"@id\":\"https:\\\/\\\/agendaurbana.arteixo.org\\\/gl\\\/axenda-urbana\\\/areas-de-rehabilitacion-ari\\\/#breadcrumb\"},\"inLanguage\":\"gl-ES\",\"potentialAction\":[{\"@type\":\"ReadAction\",\"target\":[\"https:\\\/\\\/agendaurbana.arteixo.org\\\/gl\\\/axenda-urbana\\\/areas-de-rehabilitacion-ari\\\/\"]}]},{\"@type\":\"BreadcrumbList\",\"@id\":\"https:\\\/\\\/agendaurbana.arteixo.org\\\/gl\\\/axenda-urbana\\\/areas-de-rehabilitacion-ari\\\/#breadcrumb\",\"itemListElement\":[{\"@type\":\"ListItem\",\"position\":1,\"name\":\"Inicio\",\"item\":\"https:\\\/\\\/agendaurbana.arteixo.org\\\/gl\\\/axenda-urbana\\\/\"},{\"@type\":\"ListItem\",\"position\":2,\"name\":\"Axenda Urbana de Arteixo\",\"item\":\"https:\\\/\\\/agendaurbana.arteixo.org\\\/gl\\\/axenda-urbana\\\/\"},{\"@type\":\"ListItem\",\"position\":3,\"name\":\"\u00c1reas de Rehabilitaci\u00f3n (ARI)\"}]},{\"@type\":\"WebSite\",\"@id\":\"https:\\\/\\\/agendaurbana.arteixo.org\\\/#website\",\"url\":\"https:\\\/\\\/agendaurbana.arteixo.org\\\/\",\"name\":\"Agenda Urbana\",\"description\":\"Identificaci\u00f3n de los principales retos estrat\u00e9gicos para la definici\u00f3n del futuro de Arteixo\",\"publisher\":{\"@id\":\"https:\\\/\\\/agendaurbana.arteixo.org\\\/#organization\"},\"potentialAction\":[{\"@type\":\"SearchAction\",\"target\":{\"@type\":\"EntryPoint\",\"urlTemplate\":\"https:\\\/\\\/agendaurbana.arteixo.org\\\/?s={search_term_string}\"},\"query-input\":{\"@type\":\"PropertyValueSpecification\",\"valueRequired\":true,\"valueName\":\"search_term_string\"}}],\"inLanguage\":\"gl-ES\"},{\"@type\":\"Organization\",\"@id\":\"https:\\\/\\\/agendaurbana.arteixo.org\\\/#organization\",\"name\":\"Concello de Arteixo\",\"url\":\"https:\\\/\\\/agendaurbana.arteixo.org\\\/\",\"logo\":{\"@type\":\"ImageObject\",\"inLanguage\":\"gl-ES\",\"@id\":\"https:\\\/\\\/agendaurbana.arteixo.org\\\/#\\\/schema\\\/logo\\\/image\\\/\",\"url\":\"https:\\\/\\\/agendaurbana.arteixo.org\\\/wp-content\\\/uploads\\\/2023\\\/12\\\/logoArteixoAzul.png\",\"contentUrl\":\"https:\\\/\\\/agendaurbana.arteixo.org\\\/wp-content\\\/uploads\\\/2023\\\/12\\\/logoArteixoAzul.png\",\"width\":568,\"height\":128,\"caption\":\"Concello de Arteixo\"},\"image\":{\"@id\":\"https:\\\/\\\/agendaurbana.arteixo.org\\\/#\\\/schema\\\/logo\\\/image\\\/\"},\"sameAs\":[\"https:\\\/\\\/www.facebook.com\\\/ConcellodeArteixoOficial\\\/\",\"https:\\\/\\\/x.com\\\/arteixooficial\",\"https:\\\/\\\/www.instagram.com\\\/concellodearteixo\\\/?hl=es\"]}]}<\/script>\n<!-- \/ Yoast SEO plugin. -->","yoast_head_json":{"title":"\u00c1reas de Rehabilitaci\u00f3n (ARI) - Agenda Urbana","robots":{"index":"index","follow":"follow","max-snippet":"max-snippet:-1","max-image-preview":"max-image-preview:large","max-video-preview":"max-video-preview:-1"},"canonical":"https:\/\/agendaurbana.arteixo.org\/gl\/axenda-urbana\/areas-de-rehabilitacion-ari\/","og_locale":"gl_ES","og_type":"article","og_title":"\u00c1reas de Rehabilitaci\u00f3n (ARI) - Agenda Urbana","og_description":"\u00c1REAS DE REHABILITACI\u00d3N (ARI)ARI MEICENDE - O PET\u00d3NO 1 de marzo de 2024 o Concello de Arteixo presenta #ante o Instituto Galego da Vivenda e Chan (en diante, IGVS) unha [&hellip;]","og_url":"https:\/\/agendaurbana.arteixo.org\/gl\/axenda-urbana\/areas-de-rehabilitacion-ari\/","og_site_name":"Agenda Urbana","article_publisher":"https:\/\/www.facebook.com\/ConcellodeArteixoOficial\/","article_modified_time":"2025-03-10T12:06:03+00:00","twitter_card":"summary_large_image","twitter_site":"@arteixooficial","twitter_misc":{"Tempo de lectura":"4 minutos"},"schema":{"@context":"https:\/\/schema.org","@graph":[{"@type":"WebPage","@id":"https:\/\/agendaurbana.arteixo.org\/gl\/axenda-urbana\/areas-de-rehabilitacion-ari\/","url":"https:\/\/agendaurbana.arteixo.org\/gl\/axenda-urbana\/areas-de-rehabilitacion-ari\/","name":"\u00c1reas de Rehabilitaci\u00f3n (ARI) - Agenda Urbana","isPartOf":{"@id":"https:\/\/agendaurbana.arteixo.org\/#website"},"datePublished":"2025-03-09T20:16:08+00:00","dateModified":"2025-03-10T12:06:03+00:00","breadcrumb":{"@id":"https:\/\/agendaurbana.arteixo.org\/gl\/axenda-urbana\/areas-de-rehabilitacion-ari\/#breadcrumb"},"inLanguage":"gl-ES","potentialAction":[{"@type":"ReadAction","target":["https:\/\/agendaurbana.arteixo.org\/gl\/axenda-urbana\/areas-de-rehabilitacion-ari\/"]}]},{"@type":"BreadcrumbList","@id":"https:\/\/agendaurbana.arteixo.org\/gl\/axenda-urbana\/areas-de-rehabilitacion-ari\/#breadcrumb","itemListElement":[{"@type":"ListItem","position":1,"name":"Inicio","item":"https:\/\/agendaurbana.arteixo.org\/gl\/axenda-urbana\/"},{"@type":"ListItem","position":2,"name":"Axenda Urbana de Arteixo","item":"https:\/\/agendaurbana.arteixo.org\/gl\/axenda-urbana\/"},{"@type":"ListItem","position":3,"name":"\u00c1reas de Rehabilitaci\u00f3n (ARI)"}]},{"@type":"WebSite","@id":"https:\/\/agendaurbana.arteixo.org\/#website","url":"https:\/\/agendaurbana.arteixo.org\/","name":"Agenda Urbana","description":"Identificaci\u00f3n de los principales retos estrat\u00e9gicos para la definici\u00f3n del futuro de Arteixo","publisher":{"@id":"https:\/\/agendaurbana.arteixo.org\/#organization"},"potentialAction":[{"@type":"SearchAction","target":{"@type":"EntryPoint","urlTemplate":"https:\/\/agendaurbana.arteixo.org\/?s={search_term_string}"},"query-input":{"@type":"PropertyValueSpecification","valueRequired":true,"valueName":"search_term_string"}}],"inLanguage":"gl-ES"},{"@type":"Organization","@id":"https:\/\/agendaurbana.arteixo.org\/#organization","name":"Concello de Arteixo","url":"https:\/\/agendaurbana.arteixo.org\/","logo":{"@type":"ImageObject","inLanguage":"gl-ES","@id":"https:\/\/agendaurbana.arteixo.org\/#\/schema\/logo\/image\/","url":"https:\/\/agendaurbana.arteixo.org\/wp-content\/uploads\/2023\/12\/logoArteixoAzul.png","contentUrl":"https:\/\/agendaurbana.arteixo.org\/wp-content\/uploads\/2023\/12\/logoArteixoAzul.png","width":568,"height":128,"caption":"Concello de Arteixo"},"image":{"@id":"https:\/\/agendaurbana.arteixo.org\/#\/schema\/logo\/image\/"},"sameAs":["https:\/\/www.facebook.com\/ConcellodeArteixoOficial\/","https:\/\/x.com\/arteixooficial","https:\/\/www.instagram.com\/concellodearteixo\/?hl=es"]}]}},"_links":{"self":[{"href":"https:\/\/agendaurbana.arteixo.org\/gl\/wp-json\/wp\/v2\/pages\/2671","targetHints":{"allow":["GET"]}}],"collection":[{"href":"https:\/\/agendaurbana.arteixo.org\/gl\/wp-json\/wp\/v2\/pages"}],"about":[{"href":"https:\/\/agendaurbana.arteixo.org\/gl\/wp-json\/wp\/v2\/types\/page"}],"author":[{"embeddable":true,"href":"https:\/\/agendaurbana.arteixo.org\/gl\/wp-json\/wp\/v2\/users\/1"}],"replies":[{"embeddable":true,"href":"https:\/\/agendaurbana.arteixo.org\/gl\/wp-json\/wp\/v2\/comments?post=2671"}],"version-history":[{"count":2,"href":"https:\/\/agendaurbana.arteixo.org\/gl\/wp-json\/wp\/v2\/pages\/2671\/revisions"}],"predecessor-version":[{"id":2673,"href":"https:\/\/agendaurbana.arteixo.org\/gl\/wp-json\/wp\/v2\/pages\/2671\/revisions\/2673"}],"up":[{"embeddable":true,"href":"https:\/\/agendaurbana.arteixo.org\/gl\/wp-json\/wp\/v2\/pages\/1349"}],"wp:attachment":[{"href":"https:\/\/agendaurbana.arteixo.org\/gl\/wp-json\/wp\/v2\/media?parent=2671"}],"curies":[{"name":"wp","href":"https:\/\/api.w.org\/{rel}","templated":true}]}}