{"id":2678,"date":"2025-03-10T12:05:21","date_gmt":"2025-03-10T11:05:21","guid":{"rendered":"https:\/\/agendaurbana.arteixo.org\/axenda-urbana\/programas-comision-europea\/"},"modified":"2025-03-10T13:19:24","modified_gmt":"2025-03-10T12:19:24","slug":"programas-comision-europea","status":"publish","type":"page","link":"https:\/\/agendaurbana.arteixo.org\/gl\/axenda-urbana\/programas-comision-europea\/","title":{"rendered":"Programas Comisi\u00f3n Europea"},"content":{"rendered":"<p>[et_pb_section fb_built=&#8221;1&#8243; admin_label=&#8221;section programas&#8221; module_id=&#8221;pagina&#8221; _builder_version=&#8221;4.27.4&#8243; da_disable_devices=&#8221;off|off|off&#8221; global_colors_info=&#8221;{}&#8221; da_is_popup=&#8221;off&#8221; da_exit_intent=&#8221;off&#8221; da_has_close=&#8221;on&#8221; da_alt_close=&#8221;off&#8221; da_dark_close=&#8221;off&#8221; da_not_modal=&#8221;on&#8221; da_is_singular=&#8221;off&#8221; da_with_loader=&#8221;off&#8221; da_has_shadow=&#8221;on&#8221;][et_pb_row admin_label=&#8221;row programas&#8221; module_id=&#8221;programas&#8221; _builder_version=&#8221;4.27.4&#8243; background_size=&#8221;initial&#8221; background_position=&#8221;top_left&#8221; background_repeat=&#8221;repeat&#8221; global_colors_info=&#8221;{}&#8221;][et_pb_column type=&#8221;4_4&#8243; _builder_version=&#8221;4.16&#8243; custom_padding=&#8221;|||&#8221; global_colors_info=&#8221;{}&#8221; custom_padding__hover=&#8221;|||&#8221;][et_pb_text admin_label=&#8221;Texto &#8211; PROGRAMAS COMISI\u00d3N EUROPEA&#8221; _builder_version=&#8221;4.27.4&#8243; _module_preset=&#8221;default&#8221; text_text_color=&#8221;#19437e&#8221; header_text_color=&#8221;#19437e&#8221; header_2_text_color=&#8221;#19437e&#8221; locked=&#8221;off&#8221; global_colors_info=&#8221;{}&#8221;]<\/p>\n<h2><i class=\"fa-solid fa-gear\"><\/i> PROGRAMAS COMISI\u00d3N EUROPEA<\/h2>\n<p>[\/et_pb_text][\/et_pb_column][\/et_pb_row][et_pb_row admin_label=&#8221;row COMISI\u00d3N EUROPEA. SMART COMMIUNITIES DIGITAL TWINS &#8221; module_id=&#8221;gemelos-digitales&#8221; _builder_version=&#8221;4.27.4&#8243; background_size=&#8221;initial&#8221; background_position=&#8221;top_left&#8221; background_repeat=&#8221;repeat&#8221; global_colors_info=&#8221;{}&#8221;][et_pb_column type=&#8221;4_4&#8243; _builder_version=&#8221;4.16&#8243; custom_padding=&#8221;|||&#8221; global_colors_info=&#8221;{}&#8221; custom_padding__hover=&#8221;|||&#8221;][et_pb_text admin_label=&#8221;Texto  &#8211; COMISI\u00d3N EUROPEA. SMART COMMUNITIES DIGITAL TWINS&#8221; _builder_version=&#8221;4.27.4&#8243; _module_preset=&#8221;default&#8221; text_text_color=&#8221;#19437e&#8221; header_text_color=&#8221;#19437e&#8221; header_2_text_color=&#8221;#19437e&#8221; header_3_text_color=&#8221;#19437e&#8221; locked=&#8221;off&#8221; global_colors_info=&#8221;{}&#8221;]<\/p>\n<h3>COMISI\u00d3N EUROPEA. SMART COMMUNITIES DIGITAL TWINS <\/h3>\n<p>[\/et_pb_text][et_pb_text admin_label=&#8221;Text &#8211; Digital Twins es un programa &#8230;&#8221; _builder_version=&#8221;4.27.4&#8243; _module_preset=&#8221;default&#8221; global_colors_info=&#8221;{}&#8221;]<\/p>\n<p>Dixital Twins \u00e9 un programa da Comisi\u00f3n Europea para o asesoramento a 150<br \/>cidades europeas para a aceleraci\u00f3n da transformaci\u00f3n dixital e o desenvolvemento de capacidades<br \/>dixitais.<\/p>\n<p>O obxectivo do Programa \u00e9 fomentar a creaci\u00f3n e implantaci\u00f3n de xemelgos dixitais<br \/>locais e outras soluci\u00f3ns dixitais en zonas rurais e urbanas, garantindo que a<br \/>tecnolox\u00eda sexa accesible para todos e mellorar as capacidades de xesti\u00f3n e a<br \/>anticipaci\u00f3n de necesidades, retos ou riscos. Uns dos resultados do programa \u00e9<br \/>a elaboraci\u00f3n dunha folla de roteiro personalizado para cada cidade na que se identifican<br \/>distintos fitos constitu\u00edndose como instrumento de planificaci\u00f3n para a<br \/>implementaci\u00f3n dun xemelgo dixital local. <\/p>\n<p>O proxecto consta de diferentes fases:<\/p>\n<p>1. Sesi\u00f3ns entre cidades e asesores.<br \/>2. LORDIMAS, ferramenta para avaliaci\u00f3n da madurez dixital que permite<br \/>avaliar o proceso dixital do Concello, fomentar o intercambio de datos<br \/>abertos e promover unha gobernanza m\u00e1is eficiente a trav\u00e9s de distintos<br \/>indicadores.<br \/>3. Avaliaci\u00f3n de estratexias.<br \/>4. Avaliaci\u00f3n da infraestrutura inform\u00e1tica.<br \/>5. Folla de roteiro de dixitalizaci\u00f3n a medida para o Concello de Arteixo.<br \/>6. Apoio \u00e1 contrataci\u00f3n, especialmente a Compra P\u00fablica de Innovaci\u00f3n e as<br \/>Consultas P\u00fablicas ao Mercado.<\/p>\n<p>O prazo de execuci\u00f3n destas actividades tivo lugar entre abril e agosto de 2024.<\/p>\n<p>&nbsp;<\/p>\n<p>[\/et_pb_text][et_pb_image src=&#8221;https:\/\/agendaurbana.arteixo.org\/wp-content\/uploads\/2025\/03\/your_maturity_level.png&#8221; _builder_version=&#8221;4.27.4&#8243; _module_preset=&#8221;default&#8221; global_colors_info=&#8221;{}&#8221;][\/et_pb_image][et_pb_image src=&#8221;https:\/\/agendaurbana.arteixo.org\/wp-content\/uploads\/2025\/03\/municipality_of_arteixo.jpg&#8221; _builder_version=&#8221;4.27.4&#8243; _module_preset=&#8221;default&#8221; global_colors_info=&#8221;{}&#8221;][\/et_pb_image][et_pb_divider _builder_version=&#8221;4.27.4&#8243; _module_preset=&#8221;default&#8221; global_colors_info=&#8221;{}&#8221;][\/et_pb_divider][\/et_pb_column][\/et_pb_row][et_pb_row admin_label=&#8221;Row INTELLIGENT CITIES CHALLENGE (ICC-EU) \u2013 PACTOS VERDES LOCAIS (LGD)&#8221; module_id=&#8221;pactos-verdes-locales&#8221; _builder_version=&#8221;4.27.4&#8243; _module_preset=&#8221;default&#8221; global_colors_info=&#8221;{}&#8221;][et_pb_column type=&#8221;4_4&#8243; _builder_version=&#8221;4.27.4&#8243; _module_preset=&#8221;default&#8221; global_colors_info=&#8221;{}&#8221;][et_pb_text admin_label=&#8221;Texto  &#8211; INTELLIGENT CITIES CHALLENGE (ICC-EU) \u2013 PACTOS VERDES LOCALES (LGD)&#8221; _builder_version=&#8221;4.27.4&#8243; _module_preset=&#8221;default&#8221; text_text_color=&#8221;#19437e&#8221; header_text_color=&#8221;#19437e&#8221; header_2_text_color=&#8221;#19437e&#8221; header_3_text_color=&#8221;#19437e&#8221; locked=&#8221;off&#8221; global_colors_info=&#8221;{}&#8221;]<\/p>\n<h3>INTELLIGENT CITIES CHALLENGE (ICC-EU) \u2013 PACTOS VERDES LOCAIS (LGD)<\/h3>\n<p>[\/et_pb_text][et_pb_text admin_label=&#8221;Text &#8211; En el marco de AURA y como inicio de la Fase 3 &#8230; &#8221; _builder_version=&#8221;4.27.4&#8243; _module_preset=&#8221;default&#8221; header_4_text_color=&#8221;#19437e&#8221; global_colors_info=&#8221;{}&#8221;]<\/p>\n<p>No marco de AURA e como inicio da Fase 3 da mesma (Axenda Urbana compartida) o Concello de Arteixo, no marco do programa da Comisi\u00f3n Europea Intelligent City Challenges (ICC) proxectou o marco de gobernanza para crear redes de acci\u00f3n concertada entre a administraci\u00f3n p\u00fablica e outros axentes territoriais, especialmente do sector privado e o terceiro sector.<\/p>\n<p>Para iso estase traballando en 5 Pactos Verdes Locais (LGDs:<\/p>\n<h4>Pacto Verde Local en materia de mobilidade.<\/h4>\n<p><strong>DESCRICI\u00d3N E OBXECTIVO<\/strong><\/p>\n<p>Implantaci\u00f3n do modelo de gobernanza territorial, a trav\u00e9s da mesa da mobilidade, entre PMUS e plans de mobilidade das empresas emprazadas en Arteixo, especialmente aquelas con m\u00e1is de 500 traballadores.<\/p>\n<p>Acci\u00f3ns previstas:<\/p>\n<p>\u2022 Impulso da mobilidade urbana sostible (peonil e ciclista)<br \/>\u2022 Xesti\u00f3n da distribuci\u00f3n urbana das mercador\u00edas (DUM)<br \/>\u2022 Creaci\u00f3n de \u00e1reas lox\u00edsticas para veh\u00edculos pesados<br \/>\u2022 Humanizaci\u00f3n do Pol\u00edgono Industrial de Sab\u00f3n.<\/p>\n<h4>Pacto Verde Local para o impulso da construci\u00f3n sostible e rexeneraci\u00f3n ambiental.<\/h4>\n<p><strong>DESCRICI\u00d3N E OBXECTIVO<\/strong><\/p>\n<p>Garantir a sustentabilidade do Gran Parque de Meicende e dotar de contidos ao proxecto de renaturalizaci\u00f3n e rexeneraci\u00f3n ambiental e paisax\u00edstica.<\/p>\n<p>Acci\u00f3ns previstas:<\/p>\n<p>\u2022 Proxecci\u00f3n da ESG (ambiental, sostible, social e gobernanza) para garantir a actividade do proxecto non s\u00f3 a curto prazo sen\u00f3n a longo prazo.<br \/>\u2022 Recuperaci\u00f3n das parcelas agr\u00edcolas na contorna dela presa de Meicende, impulso de mobilidade sostible, mediante senllas peon\u00eds e ciclistas e a creaci\u00f3n de sumidoiros de CO2, e o e o ciclo integral da auga, aplicando os principios da nova Bauhaus Europea.<\/p>\n<h4>Pacto Verde Local para o impulso dunha cooperativa enerx\u00e9tica local.<\/h4>\n<p><strong>DESCRICI\u00d3N E OBXECTIVO<\/strong><\/p>\n<p>\u00c9 a continuaci\u00f3n do protocolo de colaboraci\u00f3n asinado polo Concello e Ekiluz, empresa participada por Repsol e Krean (Grupo Mondrag\u00f3n), para impulsar o desenvolvemento dunha pioneira comunidade enerx\u00e9tica local, que permitir\u00e1 aos arteix\u00e1ns xerar a s\u00faa propia enerx\u00eda solar.<\/p>\n<p>A cooperativa construir\u00e1 e operar\u00e1 unha planta fotovoltaica duns 1,7 megawatts con d\u00faas hect\u00e1reas de superficie.<\/p>\n<h4>Pacto Verde Local para a formalizaci\u00f3n de infraestrutura verde.<\/h4>\n<p><strong>DESCRICI\u00d3N E OBXECTIVO<\/strong><\/p>\n<p>Actualmente hai un convenio asinado para a creaci\u00f3n dunha infraestrutura verde ao redor das grandes infraestruturas e emprazamentos industriais.<\/p>\n<p>O Pacto Verde c\u00e9ntrase na formalizaci\u00f3n dunha infraestrutura verde e a mellora ambiental e paisax\u00edstica da contorna territorialmente vinculada \u00e1s grandes infraestruturas e emprazamentos industriais, as\u00ed como para a configuraci\u00f3n de sumidoiros de CO2 e a reintroducci\u00f3n de l\u00f3xicas metab\u00f3licas territoriais baseadas en soluci\u00f3ns naturais.<\/p>\n<h4>Pacto Verde Local para a inclusi\u00f3n social e a produci\u00f3n de proximidade.<\/h4>\n<p><strong>DESCRICI\u00d3N E OBXECTIVO<\/strong><\/p>\n<p>Este Pacto Verde c\u00e9ntrase na creaci\u00f3n dun taller sostible para potenciar a integraci\u00f3n no mercado laboral de persoas en situaci\u00f3n de desemprego, exclusi\u00f3n ou risco de exclusi\u00f3n, as\u00ed como a creaci\u00f3n ou reformulaci\u00f3n de vocaci\u00f3ns profesionais.<\/p>\n<p>O enfoque do LGD c\u00e9ntrase en crear unha relaci\u00f3n sin\u00e9rgica entre o sector p\u00fablico e privado, abordando prioridades crave de sustentabilidade como a reduci\u00f3n de residuos e o fomento da equidade social. Ao vincular as habilidades e os recursos das diversas partes interesadas, o Taller Verde Inclusivo al\u00ed\u00f1ase cos obxectivos ecol\u00f3xicos e sociais recollidos no Pacto Verde Europeo, \u00e1 vez que fomenta modelos de negocio innovadores e oportunidades de emprego inclusivas ali\u00f1adas coas acci\u00f3ns integradas en AURA. <\/p>\n<p>[\/et_pb_text][et_pb_image src=&#8221;https:\/\/agendaurbana.arteixo.org\/wp-content\/uploads\/2025\/03\/intelligent_cities_challenge.jpg&#8221; _builder_version=&#8221;4.27.4&#8243; _module_preset=&#8221;default&#8221; global_colors_info=&#8221;{}&#8221;][\/et_pb_image][et_pb_text _builder_version=&#8221;4.27.4&#8243; _module_preset=&#8221;default&#8221; global_colors_info=&#8221;{}&#8221;]<\/p>\n<p><strong>GALER\u00cdA DE IMAXES<\/strong><\/p>\n<p>[\/et_pb_text][et_pb_gallery gallery_ids=&#8221;2624,2627&#8243; posts_number=&#8221;2&#8243; _builder_version=&#8221;4.27.4&#8243; _module_preset=&#8221;default&#8221; global_colors_info=&#8221;{}&#8221;][\/et_pb_gallery][et_pb_divider _builder_version=&#8221;4.27.4&#8243; _module_preset=&#8221;default&#8221; global_colors_info=&#8221;{}&#8221;][\/et_pb_divider][\/et_pb_column][\/et_pb_row][et_pb_row admin_label=&#8221;Row CPI \u2013 PROCURE INNOVATION EU&#8221; module_id=&#8221;fomento-innovacion&#8221; _builder_version=&#8221;4.27.4&#8243; _module_preset=&#8221;default&#8221; hover_enabled=&#8221;0&#8243; global_colors_info=&#8221;{}&#8221; sticky_enabled=&#8221;0&#8243;][et_pb_column type=&#8221;4_4&#8243; _builder_version=&#8221;4.27.4&#8243; _module_preset=&#8221;default&#8221; global_colors_info=&#8221;{}&#8221;][et_pb_text admin_label=&#8221;Texto  &#8211; CPI \u2013 PROCURE INNOVATION EU&#8221; _builder_version=&#8221;4.27.4&#8243; _module_preset=&#8221;default&#8221; text_text_color=&#8221;#19437e&#8221; header_text_color=&#8221;#19437e&#8221; header_2_text_color=&#8221;#19437e&#8221; header_3_text_color=&#8221;#19437e&#8221; locked=&#8221;off&#8221; global_colors_info=&#8221;{}&#8221;]<\/p>\n<h3>CPI \u2013 PROCURE INNOVATION EU<\/h3>\n<p>[\/et_pb_text][\/et_pb_column][\/et_pb_row][et_pb_row column_structure=&#8221;3_4,1_4&#8243; _builder_version=&#8221;4.27.4&#8243; _module_preset=&#8221;default&#8221; global_colors_info=&#8221;{}&#8221;][et_pb_column type=&#8221;3_4&#8243; _builder_version=&#8221;4.27.4&#8243; _module_preset=&#8221;default&#8221; global_colors_info=&#8221;{}&#8221;][et_pb_text admin_label=&#8221;Text &#8211; El Ayuntamiento de Arteixo est\u00e1 implementando &#8230; &#8221; _builder_version=&#8221;4.27.4&#8243; _module_preset=&#8221;default&#8221; global_colors_info=&#8221;{}&#8221;]<\/p>\n<p>O Concello de Arteixo est\u00e1 a implementar a Compra P\u00fablica de Innovaci\u00f3n #de acordo con a s\u00faa Planificaci\u00f3n Estrat\u00e9xica. Por iso est\u00e1 a participar no programa de formaci\u00f3n para compradores p\u00fablicos Procure Innovation EU cuxo obxectivo principal \u00e9 mellorar na adopci\u00f3n da contrataci\u00f3n p\u00fablica de innovaci\u00f3n no Espazo Econ\u00f3mico Europeo (EEE). <\/p>\n<p>A innovaci\u00f3n na Administraci\u00f3n P\u00fablica reforza o papel de liderado dos responsables pol\u00edticos e a capacidade de xerar e implementar novas ideas. Con todo, tam\u00e9n sup\u00f3n un reto para o Sector P\u00fablico, xa que estas ferramentas deben ser profundamente entendidas e aplicadas. <\/p>\n<p>[\/et_pb_text][\/et_pb_column][et_pb_column type=&#8221;1_4&#8243; _builder_version=&#8221;4.27.4&#8243; _module_preset=&#8221;default&#8221; global_colors_info=&#8221;{}&#8221;][et_pb_image src=&#8221;https:\/\/agendaurbana.arteixo.org\/wp-content\/uploads\/2025\/03\/procure_innovation_eu_only.png&#8221; _builder_version=&#8221;4.27.4&#8243; _module_preset=&#8221;default&#8221; global_colors_info=&#8221;{}&#8221;][\/et_pb_image][\/et_pb_column][\/et_pb_row][et_pb_row admin_label=&#8221;Row CPI \u2013 PROCURE INNOVATION EU&#8221; _builder_version=&#8221;4.27.4&#8243; _module_preset=&#8221;default&#8221; global_colors_info=&#8221;{}&#8221;][et_pb_column type=&#8221;4_4&#8243; _builder_version=&#8221;4.27.4&#8243; _module_preset=&#8221;default&#8221; global_colors_info=&#8221;{}&#8221;][et_pb_text admin_label=&#8221;Text &#8211; El Ayuntamiento de Arteixo est\u00e1 implementando &#8230; &#8221; _builder_version=&#8221;4.27.4&#8243; _module_preset=&#8221;default&#8221; global_colors_info=&#8221;{}&#8221;]<\/p>\n<p>Os obxectivos xerais:<\/p>\n<p>\u2022 Impulsar a adopci\u00f3n da contrataci\u00f3n p\u00fablica de innovaci\u00f3n no Espazo Econ\u00f3mico Europeo (EEE).<br \/>\u2022 Contribu\u00edr ao crecemento econ\u00f3mico da UE estimulando a innovaci\u00f3n e as empresas emerxentes.<br \/>\u2022 Mellorar a contorna empresarial das pequenas e medianas empresas (PEME) facilitando o seu acceso \u00e1 contrataci\u00f3n p\u00fablica.<\/p>\n<p>Obxectivos espec\u00edficos:<\/p>\n<p>\u2022 Esta iniciativa busca mellorar a contrataci\u00f3n p\u00fablica de innovaci\u00f3n promovendo un cambio cultural dentro do sector p\u00fablico.<br \/>\u2022 O programa capacitar\u00e1 aos compradores p\u00fablicos, inclu\u00eddos o persoal e os responsables da toma de decisi\u00f3ns, con formaci\u00f3n especializada, alentando \u00e1s autoridades adxudicadoras a adoptar unha cultura de innovaci\u00f3n.<br \/>\u2022 Cubrir\u00e1 tanto os aspectos xur\u00eddicos como os pr\u00e1cticos da contrataci\u00f3n p\u00fablica.<\/p>\n<p>O primeiro paso e o m\u00e1is importante \u00e9 que os compradores p\u00fablicos aborden de maneira efectiva os desaf\u00edos da compra p\u00fablica baseados no valor, a calidade e a innovaci\u00f3n. Para iso \u00e9 necesario un co\u00f1ecemento actualizado e real das diferentes opci\u00f3ns dispo\u00f1ibles no mercado e as oportunidades e\/o melloras asociadas \u00e1 s\u00faa innovaci\u00f3n. <\/p>\n<p>Ao participar neste programa, o concello de Arteixo est\u00e1 a adquirir habilidades para mellorar a s\u00faa competencia t\u00e9cnica na contrataci\u00f3n p\u00fablica de innovaci\u00f3n.<\/p>\n<p>[\/et_pb_text][et_pb_image src=&#8221;https:\/\/agendaurbana.arteixo.org\/wp-content\/uploads\/2025\/03\/participacion.png&#8221; _builder_version=&#8221;4.27.4&#8243; _module_preset=&#8221;default&#8221; global_colors_info=&#8221;{}&#8221;][\/et_pb_image][\/et_pb_column][\/et_pb_row][\/et_pb_section]<\/p>\n","protected":false},"excerpt":{"rendered":"<p>PROGRAMAS COMISI\u00d3N EUROPEACOMISI\u00d3N EUROPEA. SMART COMMUNITIES DIGITAL TWINS Dixital Twins \u00e9 un programa da Comisi\u00f3n Europea para o asesoramento a 150cidades europeas para a aceleraci\u00f3n da transformaci\u00f3n dixital e o [&hellip;]<\/p>\n","protected":false},"author":1,"featured_media":0,"parent":1349,"menu_order":0,"comment_status":"closed","ping_status":"closed","template":"","meta":{"_et_pb_use_builder":"on","_et_pb_old_content":"","_et_gb_content_width":"","footnotes":""},"class_list":["post-2678","page","type-page","status-publish","hentry"],"yoast_head":"<!-- This site is optimized with the Yoast SEO plugin v27.4 - https:\/\/yoast.com\/product\/yoast-seo-wordpress\/ -->\n<title>Programas Comisi\u00f3n Europea - Agenda Urbana<\/title>\n<meta name=\"robots\" content=\"index, follow, max-snippet:-1, max-image-preview:large, max-video-preview:-1\" \/>\n<link rel=\"canonical\" href=\"https:\/\/agendaurbana.arteixo.org\/gl\/axenda-urbana\/programas-comision-europea\/\" \/>\n<meta property=\"og:locale\" content=\"gl_ES\" \/>\n<meta property=\"og:type\" content=\"article\" \/>\n<meta property=\"og:title\" content=\"Programas Comisi\u00f3n Europea - Agenda Urbana\" \/>\n<meta property=\"og:description\" content=\"PROGRAMAS COMISI\u00d3N EUROPEACOMISI\u00d3N EUROPEA. SMART COMMUNITIES DIGITAL TWINS Dixital Twins \u00e9 un programa da Comisi\u00f3n Europea para o asesoramento a 150cidades europeas para a aceleraci\u00f3n da transformaci\u00f3n dixital e o [&hellip;]\" \/>\n<meta property=\"og:url\" content=\"https:\/\/agendaurbana.arteixo.org\/gl\/axenda-urbana\/programas-comision-europea\/\" \/>\n<meta property=\"og:site_name\" content=\"Agenda Urbana\" \/>\n<meta property=\"article:publisher\" content=\"https:\/\/www.facebook.com\/ConcellodeArteixoOficial\/\" \/>\n<meta property=\"article:modified_time\" content=\"2025-03-10T12:19:24+00:00\" \/>\n<meta name=\"twitter:card\" content=\"summary_large_image\" \/>\n<meta name=\"twitter:site\" content=\"@arteixooficial\" \/>\n<meta name=\"twitter:label1\" content=\"Tempo de lectura\" \/>\n\t<meta name=\"twitter:data1\" content=\"10 minutos\" \/>\n<script type=\"application\/ld+json\" class=\"yoast-schema-graph\">{\"@context\":\"https:\\\/\\\/schema.org\",\"@graph\":[{\"@type\":\"WebPage\",\"@id\":\"https:\\\/\\\/agendaurbana.arteixo.org\\\/gl\\\/axenda-urbana\\\/programas-comision-europea\\\/\",\"url\":\"https:\\\/\\\/agendaurbana.arteixo.org\\\/gl\\\/axenda-urbana\\\/programas-comision-europea\\\/\",\"name\":\"Programas Comisi\u00f3n Europea - Agenda Urbana\",\"isPartOf\":{\"@id\":\"https:\\\/\\\/agendaurbana.arteixo.org\\\/#website\"},\"datePublished\":\"2025-03-10T11:05:21+00:00\",\"dateModified\":\"2025-03-10T12:19:24+00:00\",\"breadcrumb\":{\"@id\":\"https:\\\/\\\/agendaurbana.arteixo.org\\\/gl\\\/axenda-urbana\\\/programas-comision-europea\\\/#breadcrumb\"},\"inLanguage\":\"gl-ES\",\"potentialAction\":[{\"@type\":\"ReadAction\",\"target\":[\"https:\\\/\\\/agendaurbana.arteixo.org\\\/gl\\\/axenda-urbana\\\/programas-comision-europea\\\/\"]}]},{\"@type\":\"BreadcrumbList\",\"@id\":\"https:\\\/\\\/agendaurbana.arteixo.org\\\/gl\\\/axenda-urbana\\\/programas-comision-europea\\\/#breadcrumb\",\"itemListElement\":[{\"@type\":\"ListItem\",\"position\":1,\"name\":\"Inicio\",\"item\":\"https:\\\/\\\/agendaurbana.arteixo.org\\\/gl\\\/axenda-urbana\\\/\"},{\"@type\":\"ListItem\",\"position\":2,\"name\":\"Axenda Urbana de Arteixo\",\"item\":\"https:\\\/\\\/agendaurbana.arteixo.org\\\/gl\\\/axenda-urbana\\\/\"},{\"@type\":\"ListItem\",\"position\":3,\"name\":\"Programas Comisi\u00f3n Europea\"}]},{\"@type\":\"WebSite\",\"@id\":\"https:\\\/\\\/agendaurbana.arteixo.org\\\/#website\",\"url\":\"https:\\\/\\\/agendaurbana.arteixo.org\\\/\",\"name\":\"Agenda Urbana\",\"description\":\"Identificaci\u00f3n de los principales retos estrat\u00e9gicos para la definici\u00f3n del futuro de Arteixo\",\"publisher\":{\"@id\":\"https:\\\/\\\/agendaurbana.arteixo.org\\\/#organization\"},\"potentialAction\":[{\"@type\":\"SearchAction\",\"target\":{\"@type\":\"EntryPoint\",\"urlTemplate\":\"https:\\\/\\\/agendaurbana.arteixo.org\\\/?s={search_term_string}\"},\"query-input\":{\"@type\":\"PropertyValueSpecification\",\"valueRequired\":true,\"valueName\":\"search_term_string\"}}],\"inLanguage\":\"gl-ES\"},{\"@type\":\"Organization\",\"@id\":\"https:\\\/\\\/agendaurbana.arteixo.org\\\/#organization\",\"name\":\"Concello de Arteixo\",\"url\":\"https:\\\/\\\/agendaurbana.arteixo.org\\\/\",\"logo\":{\"@type\":\"ImageObject\",\"inLanguage\":\"gl-ES\",\"@id\":\"https:\\\/\\\/agendaurbana.arteixo.org\\\/#\\\/schema\\\/logo\\\/image\\\/\",\"url\":\"https:\\\/\\\/agendaurbana.arteixo.org\\\/wp-content\\\/uploads\\\/2023\\\/12\\\/logoArteixoAzul.png\",\"contentUrl\":\"https:\\\/\\\/agendaurbana.arteixo.org\\\/wp-content\\\/uploads\\\/2023\\\/12\\\/logoArteixoAzul.png\",\"width\":568,\"height\":128,\"caption\":\"Concello de Arteixo\"},\"image\":{\"@id\":\"https:\\\/\\\/agendaurbana.arteixo.org\\\/#\\\/schema\\\/logo\\\/image\\\/\"},\"sameAs\":[\"https:\\\/\\\/www.facebook.com\\\/ConcellodeArteixoOficial\\\/\",\"https:\\\/\\\/x.com\\\/arteixooficial\",\"https:\\\/\\\/www.instagram.com\\\/concellodearteixo\\\/?hl=es\"]}]}<\/script>\n<!-- \/ Yoast SEO plugin. -->","yoast_head_json":{"title":"Programas Comisi\u00f3n Europea - Agenda Urbana","robots":{"index":"index","follow":"follow","max-snippet":"max-snippet:-1","max-image-preview":"max-image-preview:large","max-video-preview":"max-video-preview:-1"},"canonical":"https:\/\/agendaurbana.arteixo.org\/gl\/axenda-urbana\/programas-comision-europea\/","og_locale":"gl_ES","og_type":"article","og_title":"Programas Comisi\u00f3n Europea - Agenda Urbana","og_description":"PROGRAMAS COMISI\u00d3N EUROPEACOMISI\u00d3N EUROPEA. SMART COMMUNITIES DIGITAL TWINS Dixital Twins \u00e9 un programa da Comisi\u00f3n Europea para o asesoramento a 150cidades europeas para a aceleraci\u00f3n da transformaci\u00f3n dixital e o [&hellip;]","og_url":"https:\/\/agendaurbana.arteixo.org\/gl\/axenda-urbana\/programas-comision-europea\/","og_site_name":"Agenda Urbana","article_publisher":"https:\/\/www.facebook.com\/ConcellodeArteixoOficial\/","article_modified_time":"2025-03-10T12:19:24+00:00","twitter_card":"summary_large_image","twitter_site":"@arteixooficial","twitter_misc":{"Tempo de lectura":"10 minutos"},"schema":{"@context":"https:\/\/schema.org","@graph":[{"@type":"WebPage","@id":"https:\/\/agendaurbana.arteixo.org\/gl\/axenda-urbana\/programas-comision-europea\/","url":"https:\/\/agendaurbana.arteixo.org\/gl\/axenda-urbana\/programas-comision-europea\/","name":"Programas Comisi\u00f3n Europea - Agenda Urbana","isPartOf":{"@id":"https:\/\/agendaurbana.arteixo.org\/#website"},"datePublished":"2025-03-10T11:05:21+00:00","dateModified":"2025-03-10T12:19:24+00:00","breadcrumb":{"@id":"https:\/\/agendaurbana.arteixo.org\/gl\/axenda-urbana\/programas-comision-europea\/#breadcrumb"},"inLanguage":"gl-ES","potentialAction":[{"@type":"ReadAction","target":["https:\/\/agendaurbana.arteixo.org\/gl\/axenda-urbana\/programas-comision-europea\/"]}]},{"@type":"BreadcrumbList","@id":"https:\/\/agendaurbana.arteixo.org\/gl\/axenda-urbana\/programas-comision-europea\/#breadcrumb","itemListElement":[{"@type":"ListItem","position":1,"name":"Inicio","item":"https:\/\/agendaurbana.arteixo.org\/gl\/axenda-urbana\/"},{"@type":"ListItem","position":2,"name":"Axenda Urbana de Arteixo","item":"https:\/\/agendaurbana.arteixo.org\/gl\/axenda-urbana\/"},{"@type":"ListItem","position":3,"name":"Programas Comisi\u00f3n Europea"}]},{"@type":"WebSite","@id":"https:\/\/agendaurbana.arteixo.org\/#website","url":"https:\/\/agendaurbana.arteixo.org\/","name":"Agenda Urbana","description":"Identificaci\u00f3n de los principales retos estrat\u00e9gicos para la definici\u00f3n del futuro de Arteixo","publisher":{"@id":"https:\/\/agendaurbana.arteixo.org\/#organization"},"potentialAction":[{"@type":"SearchAction","target":{"@type":"EntryPoint","urlTemplate":"https:\/\/agendaurbana.arteixo.org\/?s={search_term_string}"},"query-input":{"@type":"PropertyValueSpecification","valueRequired":true,"valueName":"search_term_string"}}],"inLanguage":"gl-ES"},{"@type":"Organization","@id":"https:\/\/agendaurbana.arteixo.org\/#organization","name":"Concello de Arteixo","url":"https:\/\/agendaurbana.arteixo.org\/","logo":{"@type":"ImageObject","inLanguage":"gl-ES","@id":"https:\/\/agendaurbana.arteixo.org\/#\/schema\/logo\/image\/","url":"https:\/\/agendaurbana.arteixo.org\/wp-content\/uploads\/2023\/12\/logoArteixoAzul.png","contentUrl":"https:\/\/agendaurbana.arteixo.org\/wp-content\/uploads\/2023\/12\/logoArteixoAzul.png","width":568,"height":128,"caption":"Concello de Arteixo"},"image":{"@id":"https:\/\/agendaurbana.arteixo.org\/#\/schema\/logo\/image\/"},"sameAs":["https:\/\/www.facebook.com\/ConcellodeArteixoOficial\/","https:\/\/x.com\/arteixooficial","https:\/\/www.instagram.com\/concellodearteixo\/?hl=es"]}]}},"_links":{"self":[{"href":"https:\/\/agendaurbana.arteixo.org\/gl\/wp-json\/wp\/v2\/pages\/2678","targetHints":{"allow":["GET"]}}],"collection":[{"href":"https:\/\/agendaurbana.arteixo.org\/gl\/wp-json\/wp\/v2\/pages"}],"about":[{"href":"https:\/\/agendaurbana.arteixo.org\/gl\/wp-json\/wp\/v2\/types\/page"}],"author":[{"embeddable":true,"href":"https:\/\/agendaurbana.arteixo.org\/gl\/wp-json\/wp\/v2\/users\/1"}],"replies":[{"embeddable":true,"href":"https:\/\/agendaurbana.arteixo.org\/gl\/wp-json\/wp\/v2\/comments?post=2678"}],"version-history":[{"count":2,"href":"https:\/\/agendaurbana.arteixo.org\/gl\/wp-json\/wp\/v2\/pages\/2678\/revisions"}],"predecessor-version":[{"id":2680,"href":"https:\/\/agendaurbana.arteixo.org\/gl\/wp-json\/wp\/v2\/pages\/2678\/revisions\/2680"}],"up":[{"embeddable":true,"href":"https:\/\/agendaurbana.arteixo.org\/gl\/wp-json\/wp\/v2\/pages\/1349"}],"wp:attachment":[{"href":"https:\/\/agendaurbana.arteixo.org\/gl\/wp-json\/wp\/v2\/media?parent=2678"}],"curies":[{"name":"wp","href":"https:\/\/api.w.org\/{rel}","templated":true}]}}