{"id":3130,"date":"2025-09-11T21:46:28","date_gmt":"2025-09-11T19:46:28","guid":{"rendered":"https:\/\/agendaurbana.arteixo.org\/innovacion-publica\/"},"modified":"2025-12-23T10:15:31","modified_gmt":"2025-12-23T09:15:31","slug":"innovacion-publica","status":"publish","type":"page","link":"https:\/\/agendaurbana.arteixo.org\/gl\/innovacion-publica\/","title":{"rendered":"INNOVACI\u00d3N P\u00daBLICA"},"content":{"rendered":"<p>[et_pb_section fb_built=&#8221;1&#8243; custom_padding_last_edited=&#8221;on|desktop&#8221; admin_label=&#8221;section&#8221; _builder_version=&#8221;4.27.4&#8243; custom_padding_tablet=&#8221;&#8221; custom_padding_phone=&#8221;0px||||false|false&#8221; da_disable_devices=&#8221;off|off|off&#8221; global_colors_info=&#8221;{}&#8221; da_is_popup=&#8221;off&#8221; da_exit_intent=&#8221;off&#8221; da_has_close=&#8221;on&#8221; da_alt_close=&#8221;off&#8221; da_dark_close=&#8221;off&#8221; da_not_modal=&#8221;on&#8221; da_is_singular=&#8221;off&#8221; da_with_loader=&#8221;off&#8221; da_has_shadow=&#8221;on&#8221;][et_pb_row use_custom_gutter=&#8221;on&#8221; admin_label=&#8221;INNOVACION PUBLICA&#8221; module_id=&#8221;agenda&#8221; _builder_version=&#8221;4.27.4&#8243; _module_preset=&#8221;default&#8221; width_tablet=&#8221;90%&#8221; width_phone=&#8221;95%&#8221; width_last_edited=&#8221;on|tablet&#8221; custom_margin=&#8221;||||false|false&#8221; custom_padding=&#8221;||||false|false&#8221; locked=&#8221;off&#8221; global_colors_info=&#8221;{}&#8221;][et_pb_column type=&#8221;4_4&#8243; _builder_version=&#8221;4.23.1&#8243; _module_preset=&#8221;default&#8221; global_colors_info=&#8221;{}&#8221;][et_pb_text admin_label=&#8221;Texto INNOVACION PUBLICA&#8221; _builder_version=&#8221;4.27.4&#8243; _module_preset=&#8221;default&#8221; text_text_color=&#8221;#19437e&#8221; header_text_color=&#8221;#19437e&#8221; header_2_text_color=&#8221;#19437e&#8221; custom_margin=&#8221;||0px||false|false&#8221; custom_padding=&#8221;||0px||false|false&#8221; global_colors_info=&#8221;{}&#8221;]<\/p>\n<h2><i class=\"fa-solid fa-calendar-days\"><\/i> INNOVACI\u00d3N P\u00daBLICA<\/h2>\n<p>[\/et_pb_text][et_pb_text admin_label=&#8221;Texto La innovaci\u00f3n en el sector &#8230;&#8221; _builder_version=&#8221;4.27.4&#8243; _module_preset=&#8221;default&#8221; text_orientation=&#8221;justified&#8221; custom_padding=&#8221;0px||||false|false&#8221; global_colors_info=&#8221;{}&#8221;]A innovaci\u00f3n no sector p\u00fablico non \u00e9 s\u00f3 unha ferramenta de modernizaci\u00f3n, sen\u00f3n unha panca estrat\u00e9xica para transformar a maneira en que os gobernos responden os retos sociais, econ\u00f3micos e ambientais. No marco da Axenda Urbana de Arteixo, apostamos por unha administraci\u00f3n m\u00e1is intelixente, aberta e colaborativa, capaz de anticiparse \u00e1s necesidades cidad\u00e1s e fomentar soluci\u00f3ns innovadoras.[\/et_pb_text][et_pb_divider _builder_version=&#8221;4.27.4&#8243; _module_preset=&#8221;default&#8221; global_colors_info=&#8221;{}&#8221;][\/et_pb_divider][\/et_pb_column][\/et_pb_row][et_pb_row use_custom_gutter=&#8221;on&#8221; custom_padding_last_edited=&#8221;on|phone&#8221; admin_label=&#8221;COMPRA PUBLICA DE INNOVACION (CPI)&#8221; _builder_version=&#8221;4.27.4&#8243; _module_preset=&#8221;default&#8221; width_tablet=&#8221;90%&#8221; width_phone=&#8221;95%&#8221; width_last_edited=&#8221;on|tablet&#8221; custom_margin=&#8221;||||false|false&#8221; custom_padding=&#8221;10px||||false|false&#8221; custom_padding_tablet=&#8221;20px||||false|false&#8221; custom_padding_phone=&#8221;0px||||false|false&#8221; locked=&#8221;off&#8221; global_colors_info=&#8221;{}&#8221;][et_pb_column type=&#8221;4_4&#8243; _builder_version=&#8221;4.23.1&#8243; _module_preset=&#8221;default&#8221; global_colors_info=&#8221;{}&#8221;][et_pb_text admin_label=&#8221;Texto COMPRA PUBLICA DE INNOVACION (CPI)&#8221; _builder_version=&#8221;4.27.4&#8243; _module_preset=&#8221;default&#8221; text_text_color=&#8221;#19437e&#8221; header_text_color=&#8221;#19437e&#8221; header_2_text_color=&#8221;#19437e&#8221; custom_margin=&#8221;||9px|||&#8221; global_colors_info=&#8221;{}&#8221;]<\/p>\n<h2>COMPRA P\u00daBLICA DE INNOVACI\u00d3N (CPI)<\/h2>\n<p>[\/et_pb_text][et_pb_text admin_label=&#8221;Texto La Compra Publica de Innovacion es una modalidad &#8230; &#8221; _builder_version=&#8221;4.27.4&#8243; _module_preset=&#8221;default&#8221; text_orientation=&#8221;justified&#8221; custom_margin=&#8221;||||false|false&#8221; custom_padding=&#8221;||||false|false&#8221; global_colors_info=&#8221;{}&#8221;]<\/p>\n<p>A innovaci\u00f3n non sector p\u00fablico non \u00e9 s\u00f3 unha ferramenta de modernizaci\u00f3n, sen\u00f3n unha panca estrat\u00e9xica para transformar a maneira en que vos gobernos responden vos retos sociais, econ\u00f3micos e ambientais. Non marco d\u00e1 Axenda Urbana de Arteixo, apostamos por unha administraci\u00f3n m\u00e1is intelixente, aberta e colaborativa, capaz de anticiparse \u00e1s necesidades cidad\u00e1s e fomentar soluci\u00f3ns innovadoras. <\/p>\n<p>Arteixo participa activamente no programa europeo <strong>Procure Innovation EU<\/strong>, que capacita a compradores p\u00fablicos na adopci\u00f3n de procesos innovadores de contrataci\u00f3n. Grazas a esta formaci\u00f3n, Arteixo est\u00e1 a desenvolver competencias t\u00e9cnicas avanzadas para aplicar a CPI en proxectos estrat\u00e9xicos vinculados \u00e1 Axenda Urbana. <\/p>\n<p>\ud83d\udc49 M\u00e1is informaci\u00f3n sobre o programa en <a href=\"https:\/\/agendaurbana.arteixo.org\/gl\/axenda-urbana\/programas-comision-europea\/#fomento-innovacion\" target=\"_blank\" rel=\"noopener\">Programas Comisi\u00f3n Europea &gt; Fomento da Innovaci\u00f3n<\/a><\/p>\n<p>[\/et_pb_text][et_pb_divider _builder_version=&#8221;4.27.4&#8243; _module_preset=&#8221;default&#8221; global_colors_info=&#8221;{}&#8221;][\/et_pb_divider][\/et_pb_column][\/et_pb_row][et_pb_row use_custom_gutter=&#8221;on&#8221; custom_padding_last_edited=&#8221;on|phone&#8221; admin_label=&#8221;CONSULTA PRELIMINAR DO MERCADO &#8211; PROXECTO ARTEIXIA&#8221; _builder_version=&#8221;4.27.4&#8243; _module_preset=&#8221;default&#8221; width_tablet=&#8221;90%&#8221; width_phone=&#8221;95%&#8221; width_last_edited=&#8221;on|tablet&#8221; custom_margin=&#8221;||||false|false&#8221; custom_padding=&#8221;10px||||false|false&#8221; custom_padding_tablet=&#8221;20px||||false|false&#8221; custom_padding_phone=&#8221;0px||||false|false&#8221; locked=&#8221;off&#8221; global_colors_info=&#8221;{}&#8221;][et_pb_column type=&#8221;4_4&#8243; _builder_version=&#8221;4.23.1&#8243; _module_preset=&#8221;default&#8221; global_colors_info=&#8221;{}&#8221;][et_pb_text admin_label=&#8221;Texto CONSULTA PRELIMINAR DEL MERCADO &#8211; PROYECTO ARTEIXIA&#8221; _builder_version=&#8221;4.27.4&#8243; _module_preset=&#8221;default&#8221; text_text_color=&#8221;#19437e&#8221; header_text_color=&#8221;#19437e&#8221; header_2_text_color=&#8221;#19437e&#8221; global_colors_info=&#8221;{}&#8221;]<\/p>\n<h2>CONSULTA PRELIMINAR AO MERCADO &#8211; PROXECTO ARTEIX<strong>IA<\/strong><\/h2>\n<p>[\/et_pb_text][et_pb_text admin_label=&#8221;Text o Como parte del proceso de CPI, Arteixo &#8230;&#8221; _builder_version=&#8221;4.27.4&#8243; _module_preset=&#8221;default&#8221; custom_margin=&#8221;14px||||false|false&#8221; custom_padding=&#8221;||||false|false&#8221; hover_enabled=&#8221;0&#8243; global_colors_info=&#8221;{}&#8221; sticky_enabled=&#8221;0&#8243;]<\/p>\n<p>Como parte do proceso de Compra P\u00fablica de Innovaci\u00f3n (CPI), o Concello de Arteixo lanzou unha <strong>Consulta Preliminar ao Mercado (CPM)para identificar soluci\u00f3ns tecnol\u00f3xicas innovadoras que poidan dar resposta aos retos definidos no marco do proxecto <\/strong>Arteix<strong>IA<\/strong>, vinculado \u00e1 Axenda Urbana local. Esta iniciativa busca promover a participaci\u00f3n de operadores econ\u00f3micos activos no mercado, co fin de dispo\u00f1er de co\u00f1ecemento suficiente sobre as capacidades existentes e definir mellor as especificaci\u00f3ns t\u00e9cnicas e funcionais dos futuros contratos. <\/p>\n<p>Esta CPM desenvolveuse conforme ao establecido no artigo 115 da Lei 9\/2017, de Contratos do Sector P\u00fablico, e al\u00ed\u00f1ase cos principios e finalidades recollidos na li\u00f1a <strong>FID<\/strong> <strong>(Fomento da Innovaci\u00f3n desde a Demanda)<\/strong> do Ministerio de Ciencia, Innovaci\u00f3n e Universidades. Esta li\u00f1a constit\u00fae o instrumento que articula o apoio financeiro a proxectos de CPI, con cofinanciamento do <strong>Fondo Europeo de Desenvolvemento Rexional<\/strong> <strong>(FEDER)<\/strong>, no marco do Programa Plurirregional de Espa\u00f1a 2021\u20132027. O desenvolvemento desta CPM permitiu contrastar o interese do mercado, sondar enfoques metodol\u00f3xicos e soluci\u00f3ns tecnol\u00f3xicas innovadoras, valorar a madurez das propostas fronte aos obxectivos municipais, e reforzar as bases para unha contrataci\u00f3n p\u00fablica ambiciosa e transformadora. As achegas recibidas analiz\u00e1ronse con criterios t\u00e9cnicos, estrat\u00e9xicos e de impacto, e contribuir\u00e1n directamente a definir o futuro expediente de contrataci\u00f3n no marco da li\u00f1a FID.   <\/p>\n<h3>OBXETIVOS DA CPM<\/h3>\n<p>A CPM ten como finalidade: Recoller propostas innovadoras que respondan vos retos descritos non <strong>Anexo I<\/strong>. Obter informaci\u00f3n t\u00e9cnica e funcional que permita dese\u00f1ar unha licitaci\u00f3n axustada \u00e1 realidade do mercado. Fomentar a colaboraci\u00f3n p\u00fablico-privada non desenvolvemento de soluci\u00f3ns urbanas intelixentes.  <\/p>\n<h3>RETOS DO PROXECTO (ANEXO I)<\/h3>\n<p>Os retos definidos polo Concello de Arteixo c\u00e9ntranse na mellora da xesti\u00f3n urbana mediante soluci\u00f3ns tecnol\u00f3xicas que respondan os desaf\u00edos de sustentabilidade, eficiencia enerx\u00e9tica, mobilidade, participaci\u00f3n cidad\u00e1 e dixitalizaci\u00f3n de servizos. Estes retos est\u00e1n recollidos no Anexo I da convocatoria oficial. <\/p>\n<h3>CONDICI\u00d3NS DE PARTICIPACI\u00d3N (ANEXO II Y III)<\/h3>\n<p>As entidades interesadas deb\u00edan remitir as s\u00faas propostas por correo electr\u00f3nico a <a href=\"mailto:ope@arteixo.org\">ope@arteixo.org<\/a>, utilizando os modelos oficiais.<\/p>\n<ul>\n<li><strong>Anexo II<\/strong>: Formulario de resposta estruturado, con l\u00edmites de caracteres e enfoque en aspectos clave.<\/li>\n<li><strong>Anexo III<\/strong>: Declaraci\u00f3n asinada por un representante da entidade. S\u00f3 acept\u00e1ronse propostas enviadas por esta canle e seguindo os modelos indicados. As respostas que non cumprisen estes requisitos non foron consideradas. Cada entidade puido enviar varias propostas para distintos retos, usando acr\u00f3nimos diferenciados, as\u00ed como versi\u00f3ns sucesivas dunha mesma proposta, onde cada nova versi\u00f3n substitu\u00eda completamente \u00e1 anterior.   <\/li>\n<\/ul>\n<h3>DATAS CLAVE DO PROCESO<strong><\/strong><\/h3>\n<table border=\"1\" style=\"width: 50%; border-collapse: collapse; border-style: solid;\">\n<tbody>\n<tr>\n<td style=\"width: 50%;\"><strong> Fase<\/strong><\/td>\n<td style=\"width: 50%;\"><strong>Data<\/strong><\/td>\n<\/tr>\n<tr>\n<td style=\"width: 50%;\"> Publicaci\u00f3n oficial<\/td>\n<td style=\"width: 50%;\"> 5 de maio de 2025<\/td>\n<\/tr>\n<tr>\n<td style=\"width: 50%;\"> Inicio da consulta<\/td>\n<td style=\"width: 50%;\"> 24 de abril de 2025<\/td>\n<\/tr>\n<tr>\n<td style=\"width: 50%;\">Peche da consulta<\/td>\n<td style=\"width: 50%;\"> 24 de maio de 2025<\/td>\n<\/tr>\n<tr>\n<td style=\"width: 50%;\"> Evaluaci\u00f3n de propostas<\/td>\n<td style=\"width: 50%;\"> maio \u2013 xu\u00f1o de 2025<\/td>\n<\/tr>\n<tr>\n<td style=\"width: 50%;\"> Informe de conclusi\u00f3ns<\/td>\n<td style=\"width: 50%;\"> 29 de agosto de 2025<\/td>\n<\/tr>\n<\/tbody>\n<\/table>\n<p><strong><\/strong><\/p>\n<h3>INFORME DE CONCLUSI\u00d3NS<\/h3>\n<p>Tras a avaliaci\u00f3n das propostas recibidas, elaborouse un informe que recolle: As entidades participantes. As soluci\u00f3ns propostas. A an\u00e1lise t\u00e9cnica realizada. As recomendaci\u00f3ns para unha futura licitaci\u00f3n baseada en <strong>Compra P\u00fablica de Tecnolox\u00edas Innovadoras (CPTI)<\/strong>. Este informe constit\u00fae a base para definir o contrato que se licitar\u00e1 proximamente, ali\u00f1ado cos obxectivos estrat\u00e9xicos do proxecto Arteix<strong>IA<\/strong>.    <\/p>\n<h3>DOCUMENTACI\u00d3N OFICIAL DESCARGABLE<\/h3>\n<p>Para reforzar a transparencia e rastrexabilidade do proceso, ponse ao dispor a seguinte documentaci\u00f3n publicada na Plataforma de Contrataci\u00f3n do Estado:<\/p>\n<ul>\n<li><strong>Convocatoria oficial da CPM<\/strong> \u2013 <a href=\"https:\/\/agendaurbana.arteixo.org\/wp-content\/uploads\/2025\/09\/Convocatoria-Oficial-CPM.pdf\" target=\"_blank\" rel=\"noopener\">Descargar PDF <i class=\"fa-solid fa-file-pdf\" aria-hidden=\"true\"><\/i><\/a> <\/li>\n<li><strong>Rectificaci\u00f3n de publicaci\u00f3n<\/strong> \u2013 <a href=\"https:\/\/agendaurbana.arteixo.org\/wp-content\/uploads\/2025\/09\/Rectificacion-publicacion.pdf\" target=\"_blank\" rel=\"noopener\">Descargar PDF <i class=\"fa-solid fa-file-pdf\" aria-hidden=\"true\"><\/i><\/a> <\/li>\n<li><strong>Documento t\u00e9cnico da consulta<\/strong> \u2013 <a href=\"https:\/\/agendaurbana.arteixo.org\/wp-content\/uploads\/2025\/09\/Documento-tecnico.pdf\" target=\"_blank\" rel=\"noopener\">Descargar PDF <i class=\"fa-solid fa-file-pdf\" aria-hidden=\"true\"><\/i><\/a> <\/li>\n<li><strong>Anexo I \u2013 Retos do Proxecto ArteixIA<\/strong> \u2013 <a href=\"https:\/\/agendaurbana.arteixo.org\/wp-content\/uploads\/2025\/09\/Anexo-I-Necesidades-no-cubiertas.pdf\" target=\"_blank\" rel=\"noopener\">Descargar PDF <i class=\"fa-solid fa-file-pdf\" aria-hidden=\"true\"><\/i><\/a> <\/li>\n<li><strong>Anexo II \u2013 Formulario de resposta<\/strong> \u2013 <a href=\"https:\/\/agendaurbana.arteixo.org\/wp-content\/uploads\/2025\/09\/Anexo-II-Formulario.pdf\" target=\"_blank\" rel=\"noopener\">Descargar PDF <i class=\"fa-solid fa-file-pdf\" aria-hidden=\"true\"><\/i><\/a> <\/li>\n<li><strong>Anexo III \u2013 Declaraci\u00f3n firmada<\/strong> \u2013 <a href=\"https:\/\/agendaurbana.arteixo.org\/wp-content\/uploads\/2025\/09\/Anexo-III-Declaraciones.pdf\" target=\"_blank\" rel=\"noopener\">Descargar PDF <i class=\"fa-solid fa-file-pdf\" aria-hidden=\"true\"><\/i><\/a> <\/li>\n<li><strong>Anexo IV &#8211; Identificaci\u00f3n de capacidades e \u00e1mbitos de colaboraci\u00f3n<\/strong> &#8211; <a href=\"https:\/\/agendaurbana.arteixo.org\/wp-content\/uploads\/2025\/09\/CPM-ArteixIA-Colaboraciones.pdf\" target=\"_blank\" rel=\"noopener\">Descargar PDF <i class=\"fa-solid fa-file-pdf\" aria-hidden=\"true\"><\/i><\/a> <\/li>\n<li><strong>Informe de conclusi\u00f3ns<\/strong> \u2013 <a href=\"https:\/\/agendaurbana.arteixo.org\/wp-content\/uploads\/2025\/09\/Informe-de-conclusiones-CPM-ArteixIA-v5.0.pdf\" target=\"_blank\" rel=\"noopener\">Descargar PDF <i class=\"fa-solid fa-file-pdf\" aria-hidden=\"true\"><\/i><\/a> <\/li>\n<\/ul>\n<h3>IDIOMAS ADMITIDOS<\/h3>\n<p>As propostas pod\u00edan presentarse en espa\u00f1ol ou ingl\u00e9s, segundo preferencia da entidade participante.<\/p>\n<h3>PR\u00d3XIMA LICITACI\u00d3N PREVISTA<\/h3>\n<p>O resultado desta CPM serve para definir unha futura licitaci\u00f3n baseada en Compra P\u00fablica de Tecnolox\u00edas Innovadoras (CPTI), orientada a resolver os retos definidos no proxecto ArteixIA. O obxecto do contrato ser\u00e1 a adquisici\u00f3n de soluci\u00f3ns innovadoras que respondan os desaf\u00edos urbanos estrat\u00e9xicos do municipio. <\/p>\n<p>[\/et_pb_text][et_pb_divider _builder_version=&#8221;4.27.4&#8243; _module_preset=&#8221;default&#8221; global_colors_info=&#8221;{}&#8221;][\/et_pb_divider][\/et_pb_column][\/et_pb_row][et_pb_row use_custom_gutter=&#8221;on&#8221; custom_padding_last_edited=&#8221;on|phone&#8221; admin_label=&#8221;INTERCONEXI\u00d3N CON OUTRAS INICIATIVAS&#8221; _builder_version=&#8221;4.27.4&#8243; _module_preset=&#8221;default&#8221; width_tablet=&#8221;90%&#8221; width_phone=&#8221;95%&#8221; width_last_edited=&#8221;on|tablet&#8221; custom_margin=&#8221;||||false|false&#8221; custom_padding=&#8221;10px||||false|false&#8221; custom_padding_tablet=&#8221;20px||||false|false&#8221; custom_padding_phone=&#8221;0px||||false|false&#8221; locked=&#8221;off&#8221; global_colors_info=&#8221;{}&#8221;][et_pb_column type=&#8221;4_4&#8243; _builder_version=&#8221;4.23.1&#8243; _module_preset=&#8221;default&#8221; global_colors_info=&#8221;{}&#8221;][et_pb_text admin_label=&#8221;Texto INTERCONEXI\u00d3N CON OTRAS INICIATIVAS &#8221; _builder_version=&#8221;4.27.4&#8243; _module_preset=&#8221;default&#8221; text_text_color=&#8221;#19437e&#8221; header_text_color=&#8221;#19437e&#8221; header_2_text_color=&#8221;#19437e&#8221; custom_margin=&#8221;||||false|false&#8221; global_colors_info=&#8221;{}&#8221;]<\/p>\n<h2>INTERCONEXI\u00d3N CON OUTRAS INICIATIVAS<\/h2>\n<p>[\/et_pb_text][et_pb_text admin_label=&#8221;Texto Este apartado se vincula directamente con los contenidos publicados &#8230;&#8221; _builder_version=&#8221;4.27.4&#8243; _module_preset=&#8221;default&#8221; text_orientation=&#8221;justified&#8221; custom_margin=&#8221;0px||||false|false&#8221; custom_padding=&#8221;0px||||false|false&#8221; global_colors_info=&#8221;{}&#8221;]<\/p>\n<p>Este apartado vinc\u00falase directamente cos contidos publicados na secci\u00f3n <a href=\"https:\/\/agendaurbana.arteixo.org\/gl\/axenda-urbana\/programas-comision-europea\/#fomento-innovacion\" target=\"_blank\" rel=\"noopener\">Programas Comisi\u00f3n Europea &gt; Fomento da Innovaci\u00f3n<\/a>, onde se detallan os programas europeos nos que participa Arteixo, como <em>Dixital Twins<\/em> e <em>Intelligent Cities Challenge<\/em>. A innovaci\u00f3n p\u00fablica \u00e9 o f\u00edo condutor que une a transformaci\u00f3n dixital, a contrataci\u00f3n estrat\u00e9xica e a gobernanza colaborativa. <\/p>\n<p>[\/et_pb_text][et_pb_divider _builder_version=&#8221;4.27.4&#8243; _module_preset=&#8221;default&#8221; global_colors_info=&#8221;{}&#8221;][\/et_pb_divider][\/et_pb_column][\/et_pb_row][et_pb_row use_custom_gutter=&#8221;on&#8221; custom_padding_last_edited=&#8221;on|phone&#8221; admin_label=&#8221;L\u00cdNEA DE FOMENTO DE INNOVACI\u00d3N DESDE A DEMANDA (L\u00cdNEA FID)&#8221; _builder_version=&#8221;4.27.4&#8243; _module_preset=&#8221;default&#8221; width_tablet=&#8221;90%&#8221; width_phone=&#8221;95%&#8221; width_last_edited=&#8221;on|tablet&#8221; custom_margin=&#8221;||||false|false&#8221; custom_padding=&#8221;10px||||false|false&#8221; custom_padding_tablet=&#8221;20px||||false|false&#8221; custom_padding_phone=&#8221;0px||||false|false&#8221; locked=&#8221;off&#8221; global_colors_info=&#8221;{}&#8221;][et_pb_column type=&#8221;4_4&#8243; _builder_version=&#8221;4.23.1&#8243; _module_preset=&#8221;default&#8221; global_colors_info=&#8221;{}&#8221;][et_pb_text admin_label=&#8221;Texto L\u00cdNEA DE FOMENTO DE INNOVACI\u00d3N DESDE LA DEMANDA (L\u00cdNEA FID)&#8221; _builder_version=&#8221;4.27.4&#8243; _module_preset=&#8221;default&#8221; text_text_color=&#8221;#19437e&#8221; header_text_color=&#8221;#19437e&#8221; header_2_text_color=&#8221;#19437e&#8221; custom_margin=&#8221;||||false|false&#8221; global_colors_info=&#8221;{}&#8221;]<\/p>\n<h2>L\u00cdNEA DE FOMENTO DE INNOVACI\u00d3N DESDE A DEMANDA (L\u00cdNEA FID)<\/h2>\n<p>[\/et_pb_text][et_pb_text admin_label=&#8221;Texto El proyecto ArteixIA con un presupuesto de &#8230;&#8221; _builder_version=&#8221;4.27.4&#8243; _module_preset=&#8221;default&#8221; text_orientation=&#8221;justified&#8221; custom_margin=&#8221;0px||||false|false&#8221; custom_padding=&#8221;0px||||false|false&#8221; global_colors_info=&#8221;{}&#8221;]O proxecto Arteix<strong>IA<\/strong> cun orzamento de <strong>3.000.000 \u20ac<\/strong> ser\u00e1 presentado \u00e1 convocatoria correspondente \u00e1 Li\u00f1a de Fomento de Innovaci\u00f3n desde a Demanda (<strong>Li\u00f1a FID<\/strong>) para a Compra P\u00fablica de Innovaci\u00f3n (CPI), cofinanciada nun 60% polo Fondo Europeo de Desenvolvemento Rexional (<strong>FEDER<\/strong>) no marco do Programa Plurirregional de Espa\u00f1a 2021-2027, a trav\u00e9s dunha axuda concedida polo <strong>Ministerio de Ciencia, Innovaci\u00f3n e Universidades<\/strong>.<br \/>\n<a href=\"https:\/\/www.ciencia.gob.es\/Convocatorias\/FEDER2021-2027\/FID2025.html\" target=\"_blank\" rel=\"noopener\"><i class=\"fa-solid fa-link\"><\/i> Ligaz\u00f3n \u00e1 Li\u00f1a FID 2025<\/a>[\/et_pb_text][\/et_pb_column][\/et_pb_row][\/et_pb_section]<\/p>\n","protected":false},"excerpt":{"rendered":"<p>INNOVACI\u00d3N P\u00daBLICAA innovaci\u00f3n no sector p\u00fablico non \u00e9 s\u00f3 unha ferramenta de modernizaci\u00f3n, sen\u00f3n unha panca estrat\u00e9xica para transformar a maneira en que os gobernos responden os retos sociais, econ\u00f3micos [&hellip;]<\/p>\n","protected":false},"author":1,"featured_media":0,"parent":0,"menu_order":0,"comment_status":"closed","ping_status":"closed","template":"","meta":{"_et_pb_use_builder":"on","_et_pb_old_content":"","_et_gb_content_width":"","footnotes":""},"class_list":["post-3130","page","type-page","status-publish","hentry"],"yoast_head":"<!-- This site is optimized with the Yoast SEO plugin v27.4 - https:\/\/yoast.com\/product\/yoast-seo-wordpress\/ -->\n<title>INNOVACI\u00d3N P\u00daBLICA - Agenda Urbana<\/title>\n<meta name=\"robots\" content=\"index, follow, max-snippet:-1, max-image-preview:large, max-video-preview:-1\" \/>\n<link rel=\"canonical\" href=\"https:\/\/agendaurbana.arteixo.org\/gl\/innovacion-publica\/\" \/>\n<meta property=\"og:locale\" content=\"gl_ES\" \/>\n<meta property=\"og:type\" content=\"article\" \/>\n<meta property=\"og:title\" content=\"INNOVACI\u00d3N P\u00daBLICA - Agenda Urbana\" \/>\n<meta property=\"og:description\" content=\"INNOVACI\u00d3N P\u00daBLICAA innovaci\u00f3n no sector p\u00fablico non \u00e9 s\u00f3 unha ferramenta de modernizaci\u00f3n, sen\u00f3n unha panca estrat\u00e9xica para transformar a maneira en que os gobernos responden os retos sociais, econ\u00f3micos [&hellip;]\" \/>\n<meta property=\"og:url\" content=\"https:\/\/agendaurbana.arteixo.org\/gl\/innovacion-publica\/\" \/>\n<meta property=\"og:site_name\" content=\"Agenda Urbana\" \/>\n<meta property=\"article:publisher\" content=\"https:\/\/www.facebook.com\/ConcellodeArteixoOficial\/\" \/>\n<meta property=\"article:modified_time\" content=\"2025-12-23T09:15:31+00:00\" \/>\n<meta name=\"twitter:card\" content=\"summary_large_image\" \/>\n<meta name=\"twitter:site\" content=\"@arteixooficial\" \/>\n<meta name=\"twitter:label1\" content=\"Tempo de lectura\" \/>\n\t<meta name=\"twitter:data1\" content=\"10 minutos\" \/>\n<script type=\"application\/ld+json\" class=\"yoast-schema-graph\">{\"@context\":\"https:\\\/\\\/schema.org\",\"@graph\":[{\"@type\":\"WebPage\",\"@id\":\"https:\\\/\\\/agendaurbana.arteixo.org\\\/gl\\\/innovacion-publica\\\/\",\"url\":\"https:\\\/\\\/agendaurbana.arteixo.org\\\/gl\\\/innovacion-publica\\\/\",\"name\":\"INNOVACI\u00d3N P\u00daBLICA - Agenda Urbana\",\"isPartOf\":{\"@id\":\"https:\\\/\\\/agendaurbana.arteixo.org\\\/#website\"},\"datePublished\":\"2025-09-11T19:46:28+00:00\",\"dateModified\":\"2025-12-23T09:15:31+00:00\",\"breadcrumb\":{\"@id\":\"https:\\\/\\\/agendaurbana.arteixo.org\\\/gl\\\/innovacion-publica\\\/#breadcrumb\"},\"inLanguage\":\"gl-ES\",\"potentialAction\":[{\"@type\":\"ReadAction\",\"target\":[\"https:\\\/\\\/agendaurbana.arteixo.org\\\/gl\\\/innovacion-publica\\\/\"]}]},{\"@type\":\"BreadcrumbList\",\"@id\":\"https:\\\/\\\/agendaurbana.arteixo.org\\\/gl\\\/innovacion-publica\\\/#breadcrumb\",\"itemListElement\":[{\"@type\":\"ListItem\",\"position\":1,\"name\":\"Inicio\",\"item\":\"https:\\\/\\\/agendaurbana.arteixo.org\\\/gl\\\/axenda-urbana\\\/\"},{\"@type\":\"ListItem\",\"position\":2,\"name\":\"INNOVACI\u00d3N P\u00daBLICA\"}]},{\"@type\":\"WebSite\",\"@id\":\"https:\\\/\\\/agendaurbana.arteixo.org\\\/#website\",\"url\":\"https:\\\/\\\/agendaurbana.arteixo.org\\\/\",\"name\":\"Agenda Urbana\",\"description\":\"Identificaci\u00f3n de los principales retos estrat\u00e9gicos para la definici\u00f3n del futuro de Arteixo\",\"publisher\":{\"@id\":\"https:\\\/\\\/agendaurbana.arteixo.org\\\/#organization\"},\"potentialAction\":[{\"@type\":\"SearchAction\",\"target\":{\"@type\":\"EntryPoint\",\"urlTemplate\":\"https:\\\/\\\/agendaurbana.arteixo.org\\\/?s={search_term_string}\"},\"query-input\":{\"@type\":\"PropertyValueSpecification\",\"valueRequired\":true,\"valueName\":\"search_term_string\"}}],\"inLanguage\":\"gl-ES\"},{\"@type\":\"Organization\",\"@id\":\"https:\\\/\\\/agendaurbana.arteixo.org\\\/#organization\",\"name\":\"Concello de Arteixo\",\"url\":\"https:\\\/\\\/agendaurbana.arteixo.org\\\/\",\"logo\":{\"@type\":\"ImageObject\",\"inLanguage\":\"gl-ES\",\"@id\":\"https:\\\/\\\/agendaurbana.arteixo.org\\\/#\\\/schema\\\/logo\\\/image\\\/\",\"url\":\"https:\\\/\\\/agendaurbana.arteixo.org\\\/wp-content\\\/uploads\\\/2023\\\/12\\\/logoArteixoAzul.png\",\"contentUrl\":\"https:\\\/\\\/agendaurbana.arteixo.org\\\/wp-content\\\/uploads\\\/2023\\\/12\\\/logoArteixoAzul.png\",\"width\":568,\"height\":128,\"caption\":\"Concello de Arteixo\"},\"image\":{\"@id\":\"https:\\\/\\\/agendaurbana.arteixo.org\\\/#\\\/schema\\\/logo\\\/image\\\/\"},\"sameAs\":[\"https:\\\/\\\/www.facebook.com\\\/ConcellodeArteixoOficial\\\/\",\"https:\\\/\\\/x.com\\\/arteixooficial\",\"https:\\\/\\\/www.instagram.com\\\/concellodearteixo\\\/?hl=es\"]}]}<\/script>\n<!-- \/ Yoast SEO plugin. -->","yoast_head_json":{"title":"INNOVACI\u00d3N P\u00daBLICA - Agenda Urbana","robots":{"index":"index","follow":"follow","max-snippet":"max-snippet:-1","max-image-preview":"max-image-preview:large","max-video-preview":"max-video-preview:-1"},"canonical":"https:\/\/agendaurbana.arteixo.org\/gl\/innovacion-publica\/","og_locale":"gl_ES","og_type":"article","og_title":"INNOVACI\u00d3N P\u00daBLICA - Agenda Urbana","og_description":"INNOVACI\u00d3N P\u00daBLICAA innovaci\u00f3n no sector p\u00fablico non \u00e9 s\u00f3 unha ferramenta de modernizaci\u00f3n, sen\u00f3n unha panca estrat\u00e9xica para transformar a maneira en que os gobernos responden os retos sociais, econ\u00f3micos [&hellip;]","og_url":"https:\/\/agendaurbana.arteixo.org\/gl\/innovacion-publica\/","og_site_name":"Agenda Urbana","article_publisher":"https:\/\/www.facebook.com\/ConcellodeArteixoOficial\/","article_modified_time":"2025-12-23T09:15:31+00:00","twitter_card":"summary_large_image","twitter_site":"@arteixooficial","twitter_misc":{"Tempo de lectura":"10 minutos"},"schema":{"@context":"https:\/\/schema.org","@graph":[{"@type":"WebPage","@id":"https:\/\/agendaurbana.arteixo.org\/gl\/innovacion-publica\/","url":"https:\/\/agendaurbana.arteixo.org\/gl\/innovacion-publica\/","name":"INNOVACI\u00d3N P\u00daBLICA - Agenda Urbana","isPartOf":{"@id":"https:\/\/agendaurbana.arteixo.org\/#website"},"datePublished":"2025-09-11T19:46:28+00:00","dateModified":"2025-12-23T09:15:31+00:00","breadcrumb":{"@id":"https:\/\/agendaurbana.arteixo.org\/gl\/innovacion-publica\/#breadcrumb"},"inLanguage":"gl-ES","potentialAction":[{"@type":"ReadAction","target":["https:\/\/agendaurbana.arteixo.org\/gl\/innovacion-publica\/"]}]},{"@type":"BreadcrumbList","@id":"https:\/\/agendaurbana.arteixo.org\/gl\/innovacion-publica\/#breadcrumb","itemListElement":[{"@type":"ListItem","position":1,"name":"Inicio","item":"https:\/\/agendaurbana.arteixo.org\/gl\/axenda-urbana\/"},{"@type":"ListItem","position":2,"name":"INNOVACI\u00d3N P\u00daBLICA"}]},{"@type":"WebSite","@id":"https:\/\/agendaurbana.arteixo.org\/#website","url":"https:\/\/agendaurbana.arteixo.org\/","name":"Agenda Urbana","description":"Identificaci\u00f3n de los principales retos estrat\u00e9gicos para la definici\u00f3n del futuro de Arteixo","publisher":{"@id":"https:\/\/agendaurbana.arteixo.org\/#organization"},"potentialAction":[{"@type":"SearchAction","target":{"@type":"EntryPoint","urlTemplate":"https:\/\/agendaurbana.arteixo.org\/?s={search_term_string}"},"query-input":{"@type":"PropertyValueSpecification","valueRequired":true,"valueName":"search_term_string"}}],"inLanguage":"gl-ES"},{"@type":"Organization","@id":"https:\/\/agendaurbana.arteixo.org\/#organization","name":"Concello de Arteixo","url":"https:\/\/agendaurbana.arteixo.org\/","logo":{"@type":"ImageObject","inLanguage":"gl-ES","@id":"https:\/\/agendaurbana.arteixo.org\/#\/schema\/logo\/image\/","url":"https:\/\/agendaurbana.arteixo.org\/wp-content\/uploads\/2023\/12\/logoArteixoAzul.png","contentUrl":"https:\/\/agendaurbana.arteixo.org\/wp-content\/uploads\/2023\/12\/logoArteixoAzul.png","width":568,"height":128,"caption":"Concello de Arteixo"},"image":{"@id":"https:\/\/agendaurbana.arteixo.org\/#\/schema\/logo\/image\/"},"sameAs":["https:\/\/www.facebook.com\/ConcellodeArteixoOficial\/","https:\/\/x.com\/arteixooficial","https:\/\/www.instagram.com\/concellodearteixo\/?hl=es"]}]}},"_links":{"self":[{"href":"https:\/\/agendaurbana.arteixo.org\/gl\/wp-json\/wp\/v2\/pages\/3130","targetHints":{"allow":["GET"]}}],"collection":[{"href":"https:\/\/agendaurbana.arteixo.org\/gl\/wp-json\/wp\/v2\/pages"}],"about":[{"href":"https:\/\/agendaurbana.arteixo.org\/gl\/wp-json\/wp\/v2\/types\/page"}],"author":[{"embeddable":true,"href":"https:\/\/agendaurbana.arteixo.org\/gl\/wp-json\/wp\/v2\/users\/1"}],"replies":[{"embeddable":true,"href":"https:\/\/agendaurbana.arteixo.org\/gl\/wp-json\/wp\/v2\/comments?post=3130"}],"version-history":[{"count":11,"href":"https:\/\/agendaurbana.arteixo.org\/gl\/wp-json\/wp\/v2\/pages\/3130\/revisions"}],"predecessor-version":[{"id":4325,"href":"https:\/\/agendaurbana.arteixo.org\/gl\/wp-json\/wp\/v2\/pages\/3130\/revisions\/4325"}],"wp:attachment":[{"href":"https:\/\/agendaurbana.arteixo.org\/gl\/wp-json\/wp\/v2\/media?parent=3130"}],"curies":[{"name":"wp","href":"https:\/\/api.w.org\/{rel}","templated":true}]}}