{"id":4183,"date":"2025-12-18T11:50:51","date_gmt":"2025-12-18T10:50:51","guid":{"rendered":"https:\/\/agendaurbana.arteixo.org\/proxecto-londra\/"},"modified":"2026-04-01T10:07:56","modified_gmt":"2026-04-01T08:07:56","slug":"proxecto-londra","status":"publish","type":"page","link":"https:\/\/agendaurbana.arteixo.org\/gl\/fundacion-biodiversidad\/proxecto-londra\/","title":{"rendered":"PROXECTO LONDRA"},"content":{"rendered":"<p>[et_pb_section fb_built=&#8221;1&#8243; admin_label=&#8221;section programas&#8221; module_id=&#8221;pagina&#8221; _builder_version=&#8221;4.27.4&#8243; background_image=&#8221;https:\/\/agendaurbana.arteixo.org\/wp-content\/uploads\/2025\/12\/imagenDerecha.png&#8221; custom_margin=&#8221;-106px||||false|false&#8221; custom_margin_tablet=&#8221;-106px||||false|false&#8221; custom_margin_phone=&#8221;-95px||||false|false&#8221; custom_margin_last_edited=&#8221;on|phone&#8221; custom_padding=&#8221;140px||||false|false&#8221; da_disable_devices=&#8221;off|off|off&#8221; global_colors_info=&#8221;{}&#8221; theme_builder_area=&#8221;post_content&#8221; da_is_popup=&#8221;off&#8221; da_exit_intent=&#8221;off&#8221; da_has_close=&#8221;on&#8221; da_alt_close=&#8221;off&#8221; da_dark_close=&#8221;off&#8221; da_not_modal=&#8221;on&#8221; da_is_singular=&#8221;off&#8221; da_with_loader=&#8221;off&#8221; da_has_shadow=&#8221;on&#8221;][et_pb_row column_structure=&#8221;1_2,1_4,1_4&#8243; use_custom_gutter=&#8221;on&#8221; make_equal=&#8221;on&#8221; _builder_version=&#8221;4.27.4&#8243; _module_preset=&#8221;default&#8221; width=&#8221;100%&#8221; max_width=&#8221;94%&#8221; custom_padding=&#8221;||15px||false|false&#8221; custom_css_main_element=&#8221;align-items: center;&#8221; global_colors_info=&#8221;{}&#8221; theme_builder_area=&#8221;post_content&#8221;][et_pb_column type=&#8221;1_2&#8243; _builder_version=&#8221;4.27.4&#8243; _module_preset=&#8221;default&#8221; global_colors_info=&#8221;{}&#8221; theme_builder_area=&#8221;post_content&#8221;][et_pb_image src=&#8221;https:\/\/agendaurbana.arteixo.org\/wp-content\/uploads\/2025\/12\/garzaSeguimosCoidando.png&#8221; _builder_version=&#8221;4.27.4&#8243; _module_preset=&#8221;default&#8221; width=&#8221;73%&#8221; max_width=&#8221;73%&#8221; global_colors_info=&#8221;{}&#8221; theme_builder_area=&#8221;post_content&#8221;][\/et_pb_image][et_pb_text _builder_version=&#8221;4.27.4&#8243; _module_preset=&#8221;default&#8221; header_text_color=&#8221;RGBA(255,255,255,0)&#8221; header_2_text_color=&#8221;RGBA(255,255,255,0)&#8221; global_colors_info=&#8221;{}&#8221; theme_builder_area=&#8221;post_content&#8221;]<\/p>\n<h1>Axenda Urbana de Arteixo<\/h1>\n<h2>Proxecto Londra<\/h2>\n<p>[\/et_pb_text][\/et_pb_column][et_pb_column type=&#8221;1_4&#8243; _builder_version=&#8221;4.27.4&#8243; _module_preset=&#8221;default&#8221; global_colors_info=&#8221;{}&#8221; theme_builder_area=&#8221;post_content&#8221;][et_pb_text _builder_version=&#8221;4.27.4&#8243; _module_preset=&#8221;default&#8221; text_text_color=&#8221;#FFFFFF&#8221; text_font_size=&#8221;22px&#8221; text_line_height=&#8221;1.4em&#8221; custom_margin=&#8221;||||false|false&#8221; text_font_size_tablet=&#8221;18px&#8221; text_font_size_phone=&#8221;16px&#8221; text_font_size_last_edited=&#8221;on|phone&#8221; global_colors_info=&#8221;{}&#8221; theme_builder_area=&#8221;post_content&#8221;]<\/p>\n<p style=\"text-align: justify;\"><strong>No municipio de Arteixo seguimos traballando cara \u00e1 transformaci\u00f3n da nosa comunidade.<\/strong> Seguimos po\u00f1endo en marcha acci\u00f3ns na procura dun futuro m\u00e1is respectuoso co medio ambiente e implementando melloras, coma o programa<span> <strong>Londra Arteixo<\/strong><\/span>, para a restauraci\u00f3n de ecosistemas fluviais e a reducci\u00f3n do risco de inundaci\u00f3n na contorna urbana dos r\u00edos Bola\u00f1os e Bidueiro.<\/p>\n<p>[\/et_pb_text][\/et_pb_column][et_pb_column type=&#8221;1_4&#8243; _builder_version=&#8221;4.27.4&#8243; _module_preset=&#8221;default&#8221; custom_css_main_element=&#8221;display: flex !important;||flex-direction: column !important;||justify-content: center !important;   \/* centra los m\u00f3dulos de texto verticalmente *\/||&#8221; global_colors_info=&#8221;{}&#8221; theme_builder_area=&#8221;post_content&#8221;][et_pb_text _builder_version=&#8221;4.27.5&#8243; _module_preset=&#8221;default&#8221; text_text_color=&#8221;#FFFFFF&#8221; text_font_size=&#8221;22px&#8221; text_line_height=&#8221;1.4em&#8221; text_font_size_tablet=&#8221;18px&#8221; text_font_size_phone=&#8221;16px&#8221; text_font_size_last_edited=&#8221;on|desktop&#8221; global_colors_info=&#8221;{}&#8221; theme_builder_area=&#8221;post_content&#8221;]<\/p>\n<p style=\"text-align: justify;\"><strong>Londra Arteixo<\/strong> nace no ano 2021. \u00c9 unha iniciativa para a restauraci\u00f3n de ecosistemas fluviais e a reducci\u00f3n do risco de inundaci\u00f3n na contorna urbana dos r\u00edos Bola\u00f1os e Bidueiro. <\/p>\n<p style=\"text-align: justify;\">Consta de d\u00faas li\u00f1as b\u00e1sicas de actuaci\u00f3n: Obra Civil e Ambiental, favorecendo a mellora das condici\u00f3ns de fluxo do leito desde unha perspectiva ambiental integradora .<\/p>\n<p style=\"text-align: justify;\">[\/et_pb_text][\/et_pb_column][\/et_pb_row][\/et_pb_section][et_pb_section fb_built=&#8221;1&#8243; disabled_on=&#8221;off|off|off&#8221; admin_label=&#8221;Participa no Proxecto Londra&#8221; _builder_version=&#8221;4.27.6&#8243; _module_preset=&#8221;default&#8221; background_color=&#8221;#00945f&#8221; custom_padding=&#8221;2%||2%||false|false&#8221; da_disable_devices=&#8221;off|off|off&#8221; global_colors_info=&#8221;{}&#8221; theme_builder_area=&#8221;post_content&#8221; da_is_popup=&#8221;off&#8221; da_exit_intent=&#8221;off&#8221; da_has_close=&#8221;on&#8221; da_alt_close=&#8221;off&#8221; da_dark_close=&#8221;off&#8221; da_not_modal=&#8221;on&#8221; da_is_singular=&#8221;off&#8221; da_with_loader=&#8221;off&#8221; da_has_shadow=&#8221;on&#8221;][et_pb_row use_custom_gutter=&#8221;on&#8221; make_equal=&#8221;on&#8221; _builder_version=&#8221;4.27.6&#8243; _module_preset=&#8221;default&#8221; width=&#8221;100%&#8221; max_width=&#8221;1024px&#8221; custom_padding=&#8221;35px||40px||false|false&#8221; custom_css_main_element=&#8221;align-items: center !important;&#8221; global_colors_info=&#8221;{}&#8221; theme_builder_area=&#8221;post_content&#8221;][et_pb_column type=&#8221;4_4&#8243; _builder_version=&#8221;4.27.4&#8243; _module_preset=&#8221;default&#8221; global_colors_info=&#8221;{}&#8221; theme_builder_area=&#8221;post_content&#8221;][et_pb_text _builder_version=&#8221;4.27.6&#8243; _module_preset=&#8221;default&#8221; header_3_font=&#8221;|700|||||||&#8221; header_3_text_color=&#8221;#FFFFFF&#8221; header_3_font_size=&#8221;36px&#8221; text_orientation=&#8221;center&#8221; custom_margin=&#8221;||5px||false|false&#8221; global_colors_info=&#8221;{}&#8221; theme_builder_area=&#8221;post_content&#8221;]<\/p>\n<h3>Participa no Proxecto Londra<\/h3>\n<p>[\/et_pb_text][et_pb_text _builder_version=&#8221;4.27.6&#8243; _module_preset=&#8221;default&#8221; text_font_size=&#8221;18px&#8221; text_orientation=&#8221;center&#8221; background_layout=&#8221;dark&#8221; width=&#8221;65%&#8221; module_alignment=&#8221;center&#8221; custom_margin=&#8221;10px||||false|false&#8221; custom_padding=&#8221;0px||||false|false&#8221; global_colors_info=&#8221;{}&#8221; theme_builder_area=&#8221;post_content&#8221;]<\/p>\n<p>A t\u00faa opini\u00f3n \u00e9 importante para n\u00f3s. C\u00f3ntanos como podemos mellorar a contorna dos r\u00edos Bola\u00f1os e Bidueiro. <\/p>\n<p>[\/et_pb_text][et_pb_button button_url=&#8221;#formulario-google&#8221; button_text=&#8221;Abrir formulario&#8221; button_alignment=&#8221;center&#8221; module_class=&#8221;abrir-formulario&#8221; _builder_version=&#8221;4.27.6&#8243; _module_preset=&#8221;default&#8221; custom_button=&#8221;on&#8221; button_text_size=&#8221;18px&#8221; button_text_color=&#8221;#FFFFFF&#8221; button_bg_color=&#8221;#ed6c24&#8243; button_border_width=&#8221;0px&#8221; button_border_radius=&#8221;100px&#8221; button_font=&#8221;|600|||||||&#8221; button_use_icon=&#8221;off&#8221; button_rel=&#8221;off|off|off|off|off&#8221; background_layout=&#8221;dark&#8221; custom_margin=&#8221;30px||||false|false&#8221; custom_padding=&#8221;10px|40px|10px|40px|false|false&#8221; global_colors_info=&#8221;{}&#8221; theme_builder_area=&#8221;post_content&#8221;][\/et_pb_button][\/et_pb_column][\/et_pb_row][\/et_pb_section][et_pb_section fb_built=&#8221;1&#8243; admin_label=&#8221;Que queremos conseguir&#8221; _builder_version=&#8221;4.27.6&#8243; _module_preset=&#8221;default&#8221; background_color=&#8221;#ed6c24&#8243; custom_padding=&#8221;2%||2%||false|false&#8221; da_disable_devices=&#8221;off|off|off&#8221; global_colors_info=&#8221;{}&#8221; theme_builder_area=&#8221;post_content&#8221; da_is_popup=&#8221;off&#8221; da_exit_intent=&#8221;off&#8221; da_has_close=&#8221;on&#8221; da_alt_close=&#8221;off&#8221; da_dark_close=&#8221;off&#8221; da_not_modal=&#8221;on&#8221; da_is_singular=&#8221;off&#8221; da_with_loader=&#8221;off&#8221; da_has_shadow=&#8221;on&#8221;][et_pb_row column_structure=&#8221;2_3,1_3&#8243; use_custom_gutter=&#8221;on&#8221; make_equal=&#8221;on&#8221; _builder_version=&#8221;4.27.4&#8243; _module_preset=&#8221;default&#8221; width=&#8221;100%&#8221; max_width=&#8221;92%&#8221; custom_padding=&#8221;||||false|false&#8221; custom_css_main_element=&#8221;align-items: center !important;&#8221; global_colors_info=&#8221;{}&#8221; theme_builder_area=&#8221;post_content&#8221;][et_pb_column type=&#8221;2_3&#8243; _builder_version=&#8221;4.27.4&#8243; _module_preset=&#8221;default&#8221; global_colors_info=&#8221;{}&#8221; theme_builder_area=&#8221;post_content&#8221;][et_pb_text _builder_version=&#8221;4.27.4&#8243; _module_preset=&#8221;default&#8221; header_3_font=&#8221;|700|||||||&#8221; header_3_text_color=&#8221;#FFFFFF&#8221; header_3_font_size=&#8221;36px&#8221; global_colors_info=&#8221;{}&#8221; theme_builder_area=&#8221;post_content&#8221;]<\/p>\n<h3><span>Que queremos conseguir<\/span><\/h3>\n<p>[\/et_pb_text][et_pb_divider color=&#8221;#FFFFFF&#8221; admin_label=&#8221;Que queremos conseguir&#8221; _builder_version=&#8221;4.27.6&#8243; _module_preset=&#8221;default&#8221; custom_margin=&#8221;-15px||0px||false|false&#8221; custom_margin_tablet=&#8221;-15px||0px||false|false&#8221; custom_margin_phone=&#8221;-30px||||false|false&#8221; custom_margin_last_edited=&#8221;on|tablet&#8221; custom_padding=&#8221;0px||0px||false|false&#8221; global_colors_info=&#8221;{}&#8221; theme_builder_area=&#8221;post_content&#8221;][\/et_pb_divider][et_pb_text _builder_version=&#8221;4.27.4&#8243; _module_preset=&#8221;default&#8221; text_text_color=&#8221;#FFFFFF&#8221; text_font_size=&#8221;16px&#8221; custom_padding=&#8221;32px||||false|false&#8221; global_colors_info=&#8221;{}&#8221; theme_builder_area=&#8221;post_content&#8221;]<\/p>\n<ul>\n<li style=\"text-align: justify;\">Achegar ao cidad\u00e1n as melloras de renaturalizaci\u00f3n do leito e promover a mobilidade activa e a concienciaci\u00f3n cidad\u00e1.<\/li>\n<li style=\"text-align: justify;\">Po\u00f1er en valor espazos naturais. Educar sobre medioambiente e especies invasoras. <\/li>\n<li style=\"text-align: justify;\">Mellorar a calidade das augas.<\/li>\n<\/ul>\n<p>[\/et_pb_text][\/et_pb_column][et_pb_column type=&#8221;1_3&#8243; _builder_version=&#8221;4.27.4&#8243; _module_preset=&#8221;default&#8221; global_colors_info=&#8221;{}&#8221; theme_builder_area=&#8221;post_content&#8221;][et_pb_image src=&#8221;https:\/\/agendaurbana.arteixo.org\/wp-content\/uploads\/2025\/12\/pajarillo.png&#8221; _builder_version=&#8221;4.27.4&#8243; _module_preset=&#8221;default&#8221; width=&#8221;55%&#8221; width_tablet=&#8221;30%&#8221; width_phone=&#8221;70%&#8221; width_last_edited=&#8221;on|desktop&#8221; module_alignment=&#8221;center&#8221; global_colors_info=&#8221;{}&#8221; theme_builder_area=&#8221;post_content&#8221;][\/et_pb_image][\/et_pb_column][\/et_pb_row][\/et_pb_section][et_pb_section fb_built=&#8221;1&#8243; admin_label=&#8221;Secci\u00f3n Sobre el Proyecto&#8221; _builder_version=&#8221;4.27.4&#8243; _module_preset=&#8221;default&#8221; background_color=&#8221;#00945f&#8221; custom_padding=&#8221;2%||2%||false|false&#8221; da_disable_devices=&#8221;off|off|off&#8221; global_colors_info=&#8221;{}&#8221; theme_builder_area=&#8221;post_content&#8221; da_is_popup=&#8221;off&#8221; da_exit_intent=&#8221;off&#8221; da_has_close=&#8221;on&#8221; da_alt_close=&#8221;off&#8221; da_dark_close=&#8221;off&#8221; da_not_modal=&#8221;on&#8221; da_is_singular=&#8221;off&#8221; da_with_loader=&#8221;off&#8221; da_has_shadow=&#8221;on&#8221;][et_pb_row column_structure=&#8221;1_3,2_3&#8243; use_custom_gutter=&#8221;on&#8221; make_equal=&#8221;on&#8221; _builder_version=&#8221;4.27.4&#8243; _module_preset=&#8221;default&#8221; width=&#8221;100%&#8221; max_width=&#8221;92%&#8221; custom_padding=&#8221;||||false|false&#8221; custom_css_main_element=&#8221;align-items: center !important;&#8221; global_colors_info=&#8221;{}&#8221; theme_builder_area=&#8221;post_content&#8221;][et_pb_column type=&#8221;1_3&#8243; _builder_version=&#8221;4.27.4&#8243; _module_preset=&#8221;default&#8221; global_colors_info=&#8221;{}&#8221; theme_builder_area=&#8221;post_content&#8221;][et_pb_image src=&#8221;https:\/\/agendaurbana.arteixo.org\/wp-content\/uploads\/2025\/12\/garza2-1.png&#8221; align=&#8221;right&#8221; _builder_version=&#8221;4.27.4&#8243; _module_preset=&#8221;default&#8221; width=&#8221;100%&#8221; width_tablet=&#8221;30%&#8221; width_phone=&#8221;70%&#8221; width_last_edited=&#8221;on|desktop&#8221; module_alignment=&#8221;center&#8221; global_colors_info=&#8221;{}&#8221; theme_builder_area=&#8221;post_content&#8221;][\/et_pb_image][\/et_pb_column][et_pb_column type=&#8221;2_3&#8243; _builder_version=&#8221;4.27.4&#8243; _module_preset=&#8221;default&#8221; global_colors_info=&#8221;{}&#8221; theme_builder_area=&#8221;post_content&#8221;][et_pb_text _builder_version=&#8221;4.27.4&#8243; _module_preset=&#8221;default&#8221; header_3_font=&#8221;|700|||||||&#8221; header_3_text_color=&#8221;#FFFFFF&#8221; header_3_font_size=&#8221;36px&#8221; global_colors_info=&#8221;{}&#8221; theme_builder_area=&#8221;post_content&#8221;]<\/p>\n<h3><span>Sobre o Proxecto<\/span><\/h3>\n<p>[\/et_pb_text][et_pb_divider color=&#8221;#FFFFFF&#8221; admin_label=&#8221;Sobre el Proyecto&#8221; _builder_version=&#8221;4.27.6&#8243; _module_preset=&#8221;default&#8221; custom_margin=&#8221;-15px||0px||false|false&#8221; custom_margin_tablet=&#8221;-15px||0px||false|false&#8221; custom_margin_phone=&#8221;-30px||||false|false&#8221; custom_margin_last_edited=&#8221;on|phone&#8221; custom_padding=&#8221;0px||0px||false|false&#8221; global_colors_info=&#8221;{}&#8221; theme_builder_area=&#8221;post_content&#8221;][\/et_pb_divider][et_pb_text _builder_version=&#8221;4.27.4&#8243; _module_preset=&#8221;default&#8221; text_text_color=&#8221;#FFFFFF&#8221; text_font_size=&#8221;16px&#8221; custom_padding=&#8221;32px|30%|||false|false&#8221; custom_padding_tablet=&#8221;|0%|||false|false&#8221; custom_padding_phone=&#8221;|0%|||false|false&#8221; custom_padding_last_edited=&#8221;on|desktop&#8221; global_colors_info=&#8221;{}&#8221; theme_builder_area=&#8221;post_content&#8221;]<\/p>\n<p>O <strong>Proxecto Londra <\/strong>desenv\u00f3lvese no marco do Plan de Recuperaci\u00f3n, Transformaci\u00f3n e Resiliencia (PRTR) financiado pola UE a trav\u00e9s dos Fondos Next Generation.<\/p>\n<p>Os proxectos levados a cabo ou en proceso dentro deste programa son: <\/p>\n<ul>\n<li><strong>Zona de baixas emisi\u00f3ns 2021.<\/strong>\n<ul>\n<li>Humanizaci\u00f3n do Paseo do Balneario.<\/li>\n<li>Suministro de elementos para o servizo municipal de bicicletas.<\/li>\n<\/ul>\n<\/li>\n<\/ul>\n<ul>\n<li><strong>Zona de baixas emisi\u00f3ns 2022.<\/strong>\n<ul>\n<li>Mellora da mobilidade activa.<\/li>\n<li>Accesibilidade e itinerarios escolares seguros en zona oeste do n\u00facleo urbano.<\/li>\n<li>Mellora da accesibilidade e conectividade de paradas de transporte p\u00fablico.<\/li>\n<\/ul>\n<\/li>\n<li><strong>PIREP local.<\/strong>\n<ul>\n<li>Reformado de b\u00e1sico e proxecto de execuci\u00f3n para a rehabilitaci\u00f3n e eliminaci\u00f3n de elementos disconformes da capela do complexo Balneario de Arteixo para o seu destino a sala municipal multiusos.<\/li>\n<\/ul>\n<\/li>\n<li><strong>Plan de sostibilidade tur\u00edstica en destino.<\/strong><\/li>\n<li><strong>Proxecto Londra.<\/strong>\n<ul>\n<li>Rexeneraci\u00f3n do h\u00e1bitat.<\/li>\n<li>Obra civil.<\/li>\n<\/ul>\n<\/li>\n<\/ul>\n<ul>\n<li><strong>Transformaci\u00f3n dixital das Administraci\u00f3ns P\u00fablicas.<\/strong>\n<ul>\n<li>Renovaci\u00f3n da infraestructura de rede do Concello de Arteixo.<\/li>\n<\/ul>\n<\/li>\n<\/ul>\n<p>[\/et_pb_text][\/et_pb_column][\/et_pb_row][\/et_pb_section][et_pb_section fb_built=&#8221;1&#8243; admin_label=&#8221;Secci\u00f3n Hablemos de Londra&#8221; _builder_version=&#8221;4.27.4&#8243; _module_preset=&#8221;default&#8221; background_color=&#8221;#fee400&#8243; custom_padding=&#8221;2%||2%||false|false&#8221; da_disable_devices=&#8221;off|off|off&#8221; global_colors_info=&#8221;{}&#8221; theme_builder_area=&#8221;post_content&#8221; da_is_popup=&#8221;off&#8221; da_exit_intent=&#8221;off&#8221; da_has_close=&#8221;on&#8221; da_alt_close=&#8221;off&#8221; da_dark_close=&#8221;off&#8221; da_not_modal=&#8221;on&#8221; da_is_singular=&#8221;off&#8221; da_with_loader=&#8221;off&#8221; da_has_shadow=&#8221;on&#8221;][et_pb_row column_structure=&#8221;1_2,1_2&#8243; use_custom_gutter=&#8221;on&#8221; make_equal=&#8221;on&#8221; _builder_version=&#8221;4.27.4&#8243; _module_preset=&#8221;default&#8221; width=&#8221;100%&#8221; max_width=&#8221;92%&#8221; global_colors_info=&#8221;{}&#8221; theme_builder_area=&#8221;post_content&#8221;][et_pb_column type=&#8221;1_2&#8243; _builder_version=&#8221;4.27.4&#8243; _module_preset=&#8221;default&#8221; global_colors_info=&#8221;{}&#8221; theme_builder_area=&#8221;post_content&#8221;][et_pb_video src=&#8221;https:\/\/agendaurbana.arteixo.org\/wp-content\/uploads\/2025\/12\/londraVideo-h264.mp4&#8243; src_webm=&#8221;https:\/\/agendaurbana.arteixo.org\/wp-content\/uploads\/2025\/12\/Londravideo-H264-1.webm&#8221; image_src=&#8221;https:\/\/agendaurbana.arteixo.org\/wp-content\/uploads\/2025\/12\/portadaVideo.png&#8221; _builder_version=&#8221;4.27.4&#8243; _module_preset=&#8221;default&#8221; max_width=&#8221;79%&#8221; max_width_tablet=&#8221;100%&#8221; max_width_phone=&#8221;100%&#8221; max_width_last_edited=&#8221;on|desktop&#8221; module_alignment=&#8221;right&#8221; module_alignment_tablet=&#8221;center&#8221; module_alignment_phone=&#8221;center&#8221; module_alignment_last_edited=&#8221;on|tablet&#8221; border_radii=&#8221;on|15px|15px|15px|15px&#8221; global_colors_info=&#8221;{}&#8221; theme_builder_area=&#8221;post_content&#8221;][\/et_pb_video][\/et_pb_column][et_pb_column type=&#8221;1_2&#8243; _builder_version=&#8221;4.27.4&#8243; _module_preset=&#8221;default&#8221; custom_css_main_element=&#8221;display: flex;||flex-direction: column;||justify-content: center;   \/* centra los m\u00f3dulos de texto verticalmente *\/||&#8221; global_colors_info=&#8221;{}&#8221; theme_builder_area=&#8221;post_content&#8221;][et_pb_text _builder_version=&#8221;4.27.4&#8243; _module_preset=&#8221;default&#8221; header_3_font_size=&#8221;36px&#8221; global_colors_info=&#8221;{}&#8221; theme_builder_area=&#8221;post_content&#8221;]<\/p>\n<h3><strong>Falemos de Londra<\/strong><\/h3>\n<p>[\/et_pb_text][et_pb_divider color=&#8221;#000000&#8243; admin_label=&#8221;Hablemos de Londra&#8221; _builder_version=&#8221;4.27.6&#8243; _module_preset=&#8221;default&#8221; custom_margin=&#8221;-15px||0px||false|false&#8221; custom_margin_tablet=&#8221;-15px||0px||false|false&#8221; custom_margin_phone=&#8221;-30px||||false|false&#8221; custom_margin_last_edited=&#8221;on|phone&#8221; custom_padding=&#8221;0px||0px||false|false&#8221; global_colors_info=&#8221;{}&#8221; theme_builder_area=&#8221;post_content&#8221;][\/et_pb_divider][et_pb_text _builder_version=&#8221;4.27.4&#8243; _module_preset=&#8221;default&#8221; text_font_size=&#8221;22px&#8221; text_line_height=&#8221;1.8em&#8221; custom_padding=&#8221;|30%|||false|false&#8221; custom_padding_tablet=&#8221;|0%|||false|false&#8221; custom_padding_phone=&#8221;|0%|||false|false&#8221; custom_padding_last_edited=&#8221;on|desktop&#8221; text_font_size_tablet=&#8221;18px&#8221; text_font_size_phone=&#8221;16px&#8221; text_font_size_last_edited=&#8221;on|phone&#8221; global_colors_info=&#8221;{}&#8221; theme_builder_area=&#8221;post_content&#8221;]<\/p>\n<p style=\"text-align: justify;\">Jos\u00e9 Manuel Caama\u00f1o, concelleiro de Obras do concello de Arteixo; Alejandro Pe\u00f1a, t\u00e9cnico de Obra Civil e Jos\u00e9 Mar\u00eda Ruiz Mora, t\u00e9cnico de Medio Ambiente, conversan e reflexionan sobre o feito e os retos futuros que se plantexan a ra\u00edz da execuci\u00f3n do Proxecto Londra.<\/p>\n<p>[\/et_pb_text][\/et_pb_column][\/et_pb_row][\/et_pb_section][et_pb_section fb_built=&#8221;1&#8243; admin_label=&#8221;Quien participa en el proyecto&#8221; _builder_version=&#8221;4.27.6&#8243; _module_preset=&#8221;default&#8221; background_color=&#8221;RGBA(255,255,255,0)&#8221; background_image=&#8221;https:\/\/agendaurbana.arteixo.org\/wp-content\/uploads\/2025\/12\/quenParticipaNoProxectoLondra.jpg&#8221; custom_padding=&#8221;4%||2%||false|false&#8221; da_disable_devices=&#8221;off|off|off&#8221; global_colors_info=&#8221;{}&#8221; theme_builder_area=&#8221;post_content&#8221; da_is_popup=&#8221;off&#8221; da_exit_intent=&#8221;off&#8221; da_has_close=&#8221;on&#8221; da_alt_close=&#8221;off&#8221; da_dark_close=&#8221;off&#8221; da_not_modal=&#8221;on&#8221; da_is_singular=&#8221;off&#8221; da_with_loader=&#8221;off&#8221; da_has_shadow=&#8221;on&#8221;][et_pb_row use_custom_gutter=&#8221;on&#8221; make_equal=&#8221;on&#8221; _builder_version=&#8221;4.27.4&#8243; _module_preset=&#8221;default&#8221; width=&#8221;100%&#8221; max_width=&#8221;92%&#8221; custom_padding=&#8221;||||false|false&#8221; custom_css_main_element=&#8221;align-items: center !important;&#8221; global_colors_info=&#8221;{}&#8221; theme_builder_area=&#8221;post_content&#8221;][et_pb_column type=&#8221;4_4&#8243; _builder_version=&#8221;4.27.4&#8243; _module_preset=&#8221;default&#8221; global_colors_info=&#8221;{}&#8221; theme_builder_area=&#8221;post_content&#8221;][et_pb_text _builder_version=&#8221;4.27.4&#8243; _module_preset=&#8221;default&#8221; header_3_font=&#8221;|700|||||||&#8221; header_3_text_color=&#8221;#FFFFFF&#8221; header_3_font_size=&#8221;36px&#8221; global_colors_info=&#8221;{}&#8221; theme_builder_area=&#8221;post_content&#8221;]<\/p>\n<h3><span>Quen participa no Proxecto Londra<\/span><\/h3>\n<p>[\/et_pb_text][et_pb_divider color=&#8221;#FFFFFF&#8221; admin_label=&#8221;Quien participa en el proyecto&#8221; _builder_version=&#8221;4.27.6&#8243; _module_preset=&#8221;default&#8221; custom_margin=&#8221;-15px||0px||false|false&#8221; custom_margin_tablet=&#8221;-15px||0px||false|false&#8221; custom_margin_phone=&#8221;-30px||||false|false&#8221; custom_margin_last_edited=&#8221;on|phone&#8221; custom_padding=&#8221;0px||0px||false|false&#8221; global_colors_info=&#8221;{}&#8221; theme_builder_area=&#8221;post_content&#8221;][\/et_pb_divider][et_pb_text _builder_version=&#8221;4.27.4&#8243; _module_preset=&#8221;default&#8221; text_text_color=&#8221;#FFFFFF&#8221; text_font_size=&#8221;18px&#8221; custom_padding=&#8221;32px|35%|||false|false&#8221; custom_padding_tablet=&#8221;|0%|||false|false&#8221; custom_padding_phone=&#8221;|0%|||false|false&#8221; custom_padding_last_edited=&#8221;on|tablet&#8221; global_colors_info=&#8221;{}&#8221; theme_builder_area=&#8221;post_content&#8221;]<\/p>\n<ul>\n<li>Uni\u00f3n Europea \/ Fondos NextGenerationEU.<\/li>\n<li>Ministerio para a Transici\u00f3n Ecol\u00f3xica e Reto Demogr\u00e1fico, a trav\u00e9s da Fundaci\u00f3n Biodiversidade.<\/li>\n<li>Concello de Arteixo. Promotor do proxecto. <\/li>\n<li>Augas de Galicia. Axuda e autorizaci\u00f3n para levar a cabo o Proxecto Londra. <\/li>\n<li>Todos e todas as veci\u00f1as e asociaci\u00f3ns veci\u00f1ais do Concello de Arteixo.<\/li>\n<\/ul>\n<p>[\/et_pb_text][\/et_pb_column][\/et_pb_row][\/et_pb_section][et_pb_section fb_built=&#8221;1&#8243; admin_label=&#8221;Secci\u00f3n Actuaciones&#8221; _builder_version=&#8221;4.27.4&#8243; _module_preset=&#8221;default&#8221; background_color=&#8221;#fee400&#8243; custom_padding=&#8221;2%||2%||false|false&#8221; da_disable_devices=&#8221;off|off|off&#8221; global_colors_info=&#8221;{}&#8221; theme_builder_area=&#8221;post_content&#8221; da_is_popup=&#8221;off&#8221; da_exit_intent=&#8221;off&#8221; da_has_close=&#8221;on&#8221; da_alt_close=&#8221;off&#8221; da_dark_close=&#8221;off&#8221; da_not_modal=&#8221;on&#8221; da_is_singular=&#8221;off&#8221; da_with_loader=&#8221;off&#8221; da_has_shadow=&#8221;on&#8221;][et_pb_row column_structure=&#8221;2_5,3_5&#8243; use_custom_gutter=&#8221;on&#8221; make_equal=&#8221;on&#8221; _builder_version=&#8221;4.27.4&#8243; _module_preset=&#8221;default&#8221; width=&#8221;100%&#8221; max_width=&#8221;92%&#8221; global_colors_info=&#8221;{}&#8221; theme_builder_area=&#8221;post_content&#8221;][et_pb_column type=&#8221;2_5&#8243; _builder_version=&#8221;4.27.4&#8243; _module_preset=&#8221;default&#8221; global_colors_info=&#8221;{}&#8221; theme_builder_area=&#8221;post_content&#8221;][et_pb_image src=&#8221;https:\/\/agendaurbana.arteixo.org\/wp-content\/uploads\/2025\/12\/puente1-scaled.jpg&#8221; align=&#8221;right&#8221; align_tablet=&#8221;center&#8221; align_phone=&#8221;center&#8221; align_last_edited=&#8221;on|phone&#8221; _builder_version=&#8221;4.27.4&#8243; _module_preset=&#8221;default&#8221; width=&#8221;80%&#8221; width_tablet=&#8221;100%&#8221; width_phone=&#8221;100%&#8221; width_last_edited=&#8221;on|desktop&#8221; max_width=&#8221;100%&#8221; border_radii=&#8221;on|15px|15px|15px|15px&#8221; global_colors_info=&#8221;{}&#8221; theme_builder_area=&#8221;post_content&#8221;][\/et_pb_image][et_pb_image src=&#8221;https:\/\/agendaurbana.arteixo.org\/wp-content\/uploads\/2025\/12\/puente2.png&#8221; align=&#8221;right&#8221; align_tablet=&#8221;center&#8221; align_phone=&#8221;center&#8221; align_last_edited=&#8221;on|desktop&#8221; _builder_version=&#8221;4.27.4&#8243; _module_preset=&#8221;default&#8221; width=&#8221;80%&#8221; width_tablet=&#8221;100%&#8221; width_phone=&#8221;100%&#8221; width_last_edited=&#8221;on|desktop&#8221; max_width=&#8221;100%&#8221; module_alignment=&#8221;right&#8221; border_radii=&#8221;on|15px|15px|15px|15px&#8221; global_colors_info=&#8221;{}&#8221; theme_builder_area=&#8221;post_content&#8221;][\/et_pb_image][\/et_pb_column][et_pb_column type=&#8221;3_5&#8243; _builder_version=&#8221;4.27.4&#8243; _module_preset=&#8221;default&#8221; custom_css_main_element=&#8221;display: flex;||flex-direction: column;||justify-content: center;   \/* centra los m\u00f3dulos de texto verticalmente *\/||&#8221; global_colors_info=&#8221;{}&#8221; theme_builder_area=&#8221;post_content&#8221;][et_pb_text _builder_version=&#8221;4.27.4&#8243; _module_preset=&#8221;default&#8221; header_3_font_size=&#8221;36px&#8221; global_colors_info=&#8221;{}&#8221; theme_builder_area=&#8221;post_content&#8221;]<\/p>\n<h3><strong>Actuaci\u00f3ns<\/strong><\/h3>\n<p>[\/et_pb_text][et_pb_divider color=&#8221;#000000&#8243; _builder_version=&#8221;4.27.6&#8243; _module_preset=&#8221;default&#8221; custom_margin=&#8221;-15px||0px||false|false&#8221; custom_margin_tablet=&#8221;-15px||0px||false|false&#8221; custom_margin_phone=&#8221;-30px||0px||false|false&#8221; custom_margin_last_edited=&#8221;on|phone&#8221; custom_padding=&#8221;0px||0px||false|false&#8221; global_colors_info=&#8221;{}&#8221; theme_builder_area=&#8221;post_content&#8221;][\/et_pb_divider][et_pb_text _builder_version=&#8221;4.27.5&#8243; _module_preset=&#8221;default&#8221; text_font_size=&#8221;22px&#8221; text_line_height=&#8221;1.8em&#8221; custom_padding=&#8221;|25%|||false|false&#8221; custom_padding_tablet=&#8221;|0%|||false|false&#8221; custom_padding_phone=&#8221;|0%|||false|false&#8221; custom_padding_last_edited=&#8221;on|desktop&#8221; text_font_size_tablet=&#8221;18px&#8221; text_font_size_phone=&#8221;16px&#8221; text_font_size_last_edited=&#8221;on|phone&#8221; global_colors_info=&#8221;{}&#8221; theme_builder_area=&#8221;post_content&#8221;]<\/p>\n<p><strong>Actuaci\u00f3ns obra civil:<\/strong><\/p>\n<ul>\n<li>Perfilado marxe dos r\u00edos de Arteixo.<\/li>\n<li>Contrucci\u00f3n dunha nova obra drenaxe transversal.<\/li>\n<li>Eliminaci\u00f3n de estorbos e elementos non desexados do leito do r\u00edo.<\/li>\n<\/ul>\n<p><strong>Actuaci\u00f3ns ambientais:<\/strong><\/p>\n<ul>\n<li>Limpeza e retirada de residuos s\u00f3lidos do leito dos r\u00edos e da sua contorna.<\/li>\n<li>Recuperaci\u00f3n do h\u00e1bitat e bosque de ribeira.<\/li>\n<li>Reforestaci\u00f3n mediante a plantaci\u00f3n de 868 \u00e1rbores novas nun espazo duns 4 quil\u00f3metros ao longo do leito do r\u00edo.<\/li>\n<\/ul>\n<p>Esta plantaci\u00f3n incl\u00fae tres tipos de m\u00f3dulos:<\/p>\n<p>M\u00f3dulo 1. Vexetaci\u00f3n en contacto directo coa auga: amieiros e salgueiros.<br \/>M\u00f3dulo 2. Especies para completar bosque de galer\u00eda: Freixos, bidueiros e avellanos<br \/>M\u00f3dulo 3. Vexetaci\u00f3n cl\u00edmax: carballos, casti\u00f1eiros e xilvarda, entre outras.   <\/p>\n<ol><\/ol>\n<p>[\/et_pb_text][\/et_pb_column][\/et_pb_row][\/et_pb_section][et_pb_section fb_built=&#8221;1&#8243; admin_label=&#8221;Secci\u00f3n De cara el futuro&#8221; _builder_version=&#8221;4.27.4&#8243; _module_preset=&#8221;default&#8221; background_color=&#8221;RGBA(255,255,255,0)&#8221; background_image=&#8221;https:\/\/agendaurbana.arteixo.org\/wp-content\/uploads\/2025\/12\/deCaraAoFuturo.jpg&#8221; custom_padding=&#8221;4%||2%||false|false&#8221; da_disable_devices=&#8221;off|off|off&#8221; global_colors_info=&#8221;{}&#8221; theme_builder_area=&#8221;post_content&#8221; da_is_popup=&#8221;off&#8221; da_exit_intent=&#8221;off&#8221; da_has_close=&#8221;on&#8221; da_alt_close=&#8221;off&#8221; da_dark_close=&#8221;off&#8221; da_not_modal=&#8221;on&#8221; da_is_singular=&#8221;off&#8221; da_with_loader=&#8221;off&#8221; da_has_shadow=&#8221;on&#8221;][et_pb_row use_custom_gutter=&#8221;on&#8221; make_equal=&#8221;on&#8221; _builder_version=&#8221;4.27.4&#8243; _module_preset=&#8221;default&#8221; width=&#8221;100%&#8221; max_width=&#8221;92%&#8221; custom_padding=&#8221;||||false|false&#8221; custom_css_main_element=&#8221;align-items: center !important;&#8221; global_colors_info=&#8221;{}&#8221; theme_builder_area=&#8221;post_content&#8221;][et_pb_column type=&#8221;4_4&#8243; _builder_version=&#8221;4.27.4&#8243; _module_preset=&#8221;default&#8221; global_colors_info=&#8221;{}&#8221; theme_builder_area=&#8221;post_content&#8221;][et_pb_image src=&#8221;https:\/\/agendaurbana.arteixo.org\/wp-content\/uploads\/2025\/12\/londraArteixo.png&#8221; _builder_version=&#8221;4.27.4&#8243; _module_preset=&#8221;default&#8221; width=&#8221;34%&#8221; width_tablet=&#8221;80%&#8221; width_phone=&#8221;95%&#8221; width_last_edited=&#8221;on|phone&#8221; max_width=&#8221;100%&#8221; global_colors_info=&#8221;{}&#8221; theme_builder_area=&#8221;post_content&#8221;][\/et_pb_image][et_pb_text _builder_version=&#8221;4.27.4&#8243; _module_preset=&#8221;default&#8221; header_3_font=&#8221;|700|||||||&#8221; header_3_text_color=&#8221;#FFFFFF&#8221; header_3_font_size=&#8221;36px&#8221; global_colors_info=&#8221;{}&#8221; theme_builder_area=&#8221;post_content&#8221;]<\/p>\n<h3><span>De cara ao futuro:<\/span><\/h3>\n<p>[\/et_pb_text][et_pb_divider color=&#8221;#FFFFFF&#8221; _builder_version=&#8221;4.27.6&#8243; _module_preset=&#8221;default&#8221; custom_margin=&#8221;-15px||0px||false|false&#8221; custom_margin_tablet=&#8221;-15px||0px||false|false&#8221; custom_margin_phone=&#8221;-30px||||false|false&#8221; custom_margin_last_edited=&#8221;on|phone&#8221; custom_padding=&#8221;0px||0px||false|false&#8221; global_colors_info=&#8221;{}&#8221; theme_builder_area=&#8221;post_content&#8221;][\/et_pb_divider][et_pb_text _builder_version=&#8221;4.27.4&#8243; _module_preset=&#8221;default&#8221; text_text_color=&#8221;#FFFFFF&#8221; text_font_size=&#8221;18px&#8221; custom_padding=&#8221;32px|35%|||false|false&#8221; custom_padding_tablet=&#8221;|0%|||false|false&#8221; custom_padding_phone=&#8221;|0%|||false|false&#8221; custom_padding_last_edited=&#8221;on|tablet&#8221; global_colors_info=&#8221;{}&#8221; theme_builder_area=&#8221;post_content&#8221;]<\/p>\n<p><strong>Retos en materia ambiental:<\/strong><\/p>\n<ul>\n<li>Controlar as especies invasoras, especialmente no \u00e1mbito costeiro.<\/li>\n<li>Minimizar vertidos r\u00edos.<\/li>\n<\/ul>\n<p><strong>Retos en materia de obra civil:<\/strong> <\/p>\n<ul>\n<li>Ampliar as zonas de actuaci\u00f3n e continuar coa senda.<\/li>\n<li>Reperfilar taludes.<\/li>\n<li>Mellorar zonas de drenaxe.<\/li>\n<\/ul>\n<p>[\/et_pb_text][\/et_pb_column][\/et_pb_row][\/et_pb_section][et_pb_section fb_built=&#8221;1&#8243; _builder_version=&#8221;4.27.6&#8243; _module_preset=&#8221;default&#8221; custom_margin=&#8221;||-12px||false|false&#8221; custom_padding=&#8221;||0px||false|false&#8221; da_disable_devices=&#8221;off|off|off&#8221; global_colors_info=&#8221;{}&#8221; theme_builder_area=&#8221;post_content&#8221; da_is_popup=&#8221;off&#8221; da_exit_intent=&#8221;off&#8221; da_has_close=&#8221;on&#8221; da_alt_close=&#8221;off&#8221; da_dark_close=&#8221;off&#8221; da_not_modal=&#8221;on&#8221; da_is_singular=&#8221;off&#8221; da_with_loader=&#8221;off&#8221; da_has_shadow=&#8221;on&#8221;][et_pb_row column_structure=&#8221;2_5,3_5&#8243; use_custom_gutter=&#8221;on&#8221; make_equal=&#8221;on&#8221; custom_padding_last_edited=&#8221;on|phone&#8221; _builder_version=&#8221;4.27.4&#8243; _module_preset=&#8221;default&#8221; width=&#8221;100%&#8221; max_width=&#8221;92%&#8221; custom_margin_tablet=&#8221;&#8221; custom_margin_phone=&#8221;&#8221; custom_margin_last_edited=&#8221;on|desktop&#8221; custom_padding_tablet=&#8221;0px||0px||false|false&#8221; custom_padding_phone=&#8221;0px||0px||false|false&#8221; global_colors_info=&#8221;{}&#8221; theme_builder_area=&#8221;post_content&#8221;][et_pb_column type=&#8221;2_5&#8243; _builder_version=&#8221;4.27.4&#8243; _module_preset=&#8221;default&#8221; global_colors_info=&#8221;{}&#8221; theme_builder_area=&#8221;post_content&#8221;][et_pb_image src=&#8221;https:\/\/agendaurbana.arteixo.org\/wp-content\/uploads\/2025\/12\/logosInstitucionales.png&#8221; _builder_version=&#8221;4.27.4&#8243; _module_preset=&#8221;default&#8221; global_colors_info=&#8221;{}&#8221; theme_builder_area=&#8221;post_content&#8221;][\/et_pb_image][\/et_pb_column][et_pb_column type=&#8221;3_5&#8243; _builder_version=&#8221;4.27.4&#8243; _module_preset=&#8221;default&#8221; global_colors_info=&#8221;{}&#8221; theme_builder_area=&#8221;post_content&#8221;][et_pb_text _builder_version=&#8221;4.27.4&#8243; _module_preset=&#8221;default&#8221; text_text_color=&#8221;#707070&#8243; custom_padding=&#8221;|||20px|false|false&#8221; border_width_left=&#8221;1px&#8221; border_color_left=&#8221;#707070&#8243; global_colors_info=&#8221;{}&#8221; theme_builder_area=&#8221;post_content&#8221;]<\/p>\n<p><span>Proxecto financiado pola Fundaci\u00f3n Biodiversidad do Ministerio para a Transici\u00f3n Ecol\u00f3xica e o Reto Demogr\u00e1fico, no marco do PRTR, financiado pola Uni\u00f3n Europea \u2013 NextGenerationEU.<\/span><\/p>\n<p>[\/et_pb_text][\/et_pb_column][\/et_pb_row][\/et_pb_section]<\/p>\n","protected":false},"excerpt":{"rendered":"<p>Axenda Urbana de Arteixo Proxecto LondraNo municipio de Arteixo seguimos traballando cara \u00e1 transformaci\u00f3n da nosa comunidade. Seguimos po\u00f1endo en marcha acci\u00f3ns na procura dun futuro m\u00e1is respectuoso co medio [&hellip;]<\/p>\n","protected":false},"author":1,"featured_media":0,"parent":4326,"menu_order":0,"comment_status":"closed","ping_status":"closed","template":"","meta":{"_et_pb_use_builder":"on","_et_pb_old_content":"","_et_gb_content_width":"","footnotes":""},"class_list":["post-4183","page","type-page","status-publish","hentry"],"yoast_head":"<!-- This site is optimized with the Yoast SEO plugin v27.4 - https:\/\/yoast.com\/product\/yoast-seo-wordpress\/ -->\n<title>PROXECTO LONDRA - Agenda Urbana<\/title>\n<meta name=\"robots\" content=\"index, follow, max-snippet:-1, max-image-preview:large, max-video-preview:-1\" \/>\n<link rel=\"canonical\" href=\"https:\/\/agendaurbana.arteixo.org\/gl\/fundacion-biodiversidad\/proxecto-londra\/\" \/>\n<meta property=\"og:locale\" content=\"gl_ES\" \/>\n<meta property=\"og:type\" content=\"article\" \/>\n<meta property=\"og:title\" content=\"PROXECTO LONDRA - Agenda Urbana\" \/>\n<meta property=\"og:description\" content=\"Axenda Urbana de Arteixo Proxecto LondraNo municipio de Arteixo seguimos traballando cara \u00e1 transformaci\u00f3n da nosa comunidade. Seguimos po\u00f1endo en marcha acci\u00f3ns na procura dun futuro m\u00e1is respectuoso co medio [&hellip;]\" \/>\n<meta property=\"og:url\" content=\"https:\/\/agendaurbana.arteixo.org\/gl\/fundacion-biodiversidad\/proxecto-londra\/\" \/>\n<meta property=\"og:site_name\" content=\"Agenda Urbana\" \/>\n<meta property=\"article:publisher\" content=\"https:\/\/www.facebook.com\/ConcellodeArteixoOficial\/\" \/>\n<meta property=\"article:modified_time\" content=\"2026-04-01T08:07:56+00:00\" \/>\n<meta name=\"twitter:card\" content=\"summary_large_image\" \/>\n<meta name=\"twitter:site\" content=\"@arteixooficial\" \/>\n<meta name=\"twitter:label1\" content=\"Tempo de lectura\" \/>\n\t<meta name=\"twitter:data1\" content=\"19 minutos\" \/>\n<script type=\"application\/ld+json\" class=\"yoast-schema-graph\">{\"@context\":\"https:\\\/\\\/schema.org\",\"@graph\":[{\"@type\":\"WebPage\",\"@id\":\"https:\\\/\\\/agendaurbana.arteixo.org\\\/gl\\\/fundacion-biodiversidad\\\/proxecto-londra\\\/\",\"url\":\"https:\\\/\\\/agendaurbana.arteixo.org\\\/gl\\\/fundacion-biodiversidad\\\/proxecto-londra\\\/\",\"name\":\"PROXECTO LONDRA - Agenda Urbana\",\"isPartOf\":{\"@id\":\"https:\\\/\\\/agendaurbana.arteixo.org\\\/#website\"},\"datePublished\":\"2025-12-18T10:50:51+00:00\",\"dateModified\":\"2026-04-01T08:07:56+00:00\",\"breadcrumb\":{\"@id\":\"https:\\\/\\\/agendaurbana.arteixo.org\\\/gl\\\/fundacion-biodiversidad\\\/proxecto-londra\\\/#breadcrumb\"},\"inLanguage\":\"gl-ES\",\"potentialAction\":[{\"@type\":\"ReadAction\",\"target\":[\"https:\\\/\\\/agendaurbana.arteixo.org\\\/gl\\\/fundacion-biodiversidad\\\/proxecto-londra\\\/\"]}]},{\"@type\":\"BreadcrumbList\",\"@id\":\"https:\\\/\\\/agendaurbana.arteixo.org\\\/gl\\\/fundacion-biodiversidad\\\/proxecto-londra\\\/#breadcrumb\",\"itemListElement\":[{\"@type\":\"ListItem\",\"position\":1,\"name\":\"Inicio\",\"item\":\"https:\\\/\\\/agendaurbana.arteixo.org\\\/gl\\\/axenda-urbana\\\/\"},{\"@type\":\"ListItem\",\"position\":2,\"name\":\"FUNDACI\u00d3N BIODIVERSIDAD\",\"item\":\"https:\\\/\\\/agendaurbana.arteixo.org\\\/fundacion-biodiversidad\\\/\"},{\"@type\":\"ListItem\",\"position\":3,\"name\":\"PROXECTO LONDRA\"}]},{\"@type\":\"WebSite\",\"@id\":\"https:\\\/\\\/agendaurbana.arteixo.org\\\/#website\",\"url\":\"https:\\\/\\\/agendaurbana.arteixo.org\\\/\",\"name\":\"Agenda Urbana\",\"description\":\"Identificaci\u00f3n de los principales retos estrat\u00e9gicos para la definici\u00f3n del futuro de Arteixo\",\"publisher\":{\"@id\":\"https:\\\/\\\/agendaurbana.arteixo.org\\\/#organization\"},\"potentialAction\":[{\"@type\":\"SearchAction\",\"target\":{\"@type\":\"EntryPoint\",\"urlTemplate\":\"https:\\\/\\\/agendaurbana.arteixo.org\\\/?s={search_term_string}\"},\"query-input\":{\"@type\":\"PropertyValueSpecification\",\"valueRequired\":true,\"valueName\":\"search_term_string\"}}],\"inLanguage\":\"gl-ES\"},{\"@type\":\"Organization\",\"@id\":\"https:\\\/\\\/agendaurbana.arteixo.org\\\/#organization\",\"name\":\"Concello de Arteixo\",\"url\":\"https:\\\/\\\/agendaurbana.arteixo.org\\\/\",\"logo\":{\"@type\":\"ImageObject\",\"inLanguage\":\"gl-ES\",\"@id\":\"https:\\\/\\\/agendaurbana.arteixo.org\\\/#\\\/schema\\\/logo\\\/image\\\/\",\"url\":\"https:\\\/\\\/agendaurbana.arteixo.org\\\/wp-content\\\/uploads\\\/2023\\\/12\\\/logoArteixoAzul.png\",\"contentUrl\":\"https:\\\/\\\/agendaurbana.arteixo.org\\\/wp-content\\\/uploads\\\/2023\\\/12\\\/logoArteixoAzul.png\",\"width\":568,\"height\":128,\"caption\":\"Concello de Arteixo\"},\"image\":{\"@id\":\"https:\\\/\\\/agendaurbana.arteixo.org\\\/#\\\/schema\\\/logo\\\/image\\\/\"},\"sameAs\":[\"https:\\\/\\\/www.facebook.com\\\/ConcellodeArteixoOficial\\\/\",\"https:\\\/\\\/x.com\\\/arteixooficial\",\"https:\\\/\\\/www.instagram.com\\\/concellodearteixo\\\/?hl=es\"]}]}<\/script>\n<!-- \/ Yoast SEO plugin. -->","yoast_head_json":{"title":"PROXECTO LONDRA - Agenda Urbana","robots":{"index":"index","follow":"follow","max-snippet":"max-snippet:-1","max-image-preview":"max-image-preview:large","max-video-preview":"max-video-preview:-1"},"canonical":"https:\/\/agendaurbana.arteixo.org\/gl\/fundacion-biodiversidad\/proxecto-londra\/","og_locale":"gl_ES","og_type":"article","og_title":"PROXECTO LONDRA - Agenda Urbana","og_description":"Axenda Urbana de Arteixo Proxecto LondraNo municipio de Arteixo seguimos traballando cara \u00e1 transformaci\u00f3n da nosa comunidade. Seguimos po\u00f1endo en marcha acci\u00f3ns na procura dun futuro m\u00e1is respectuoso co medio [&hellip;]","og_url":"https:\/\/agendaurbana.arteixo.org\/gl\/fundacion-biodiversidad\/proxecto-londra\/","og_site_name":"Agenda Urbana","article_publisher":"https:\/\/www.facebook.com\/ConcellodeArteixoOficial\/","article_modified_time":"2026-04-01T08:07:56+00:00","twitter_card":"summary_large_image","twitter_site":"@arteixooficial","twitter_misc":{"Tempo de lectura":"19 minutos"},"schema":{"@context":"https:\/\/schema.org","@graph":[{"@type":"WebPage","@id":"https:\/\/agendaurbana.arteixo.org\/gl\/fundacion-biodiversidad\/proxecto-londra\/","url":"https:\/\/agendaurbana.arteixo.org\/gl\/fundacion-biodiversidad\/proxecto-londra\/","name":"PROXECTO LONDRA - Agenda Urbana","isPartOf":{"@id":"https:\/\/agendaurbana.arteixo.org\/#website"},"datePublished":"2025-12-18T10:50:51+00:00","dateModified":"2026-04-01T08:07:56+00:00","breadcrumb":{"@id":"https:\/\/agendaurbana.arteixo.org\/gl\/fundacion-biodiversidad\/proxecto-londra\/#breadcrumb"},"inLanguage":"gl-ES","potentialAction":[{"@type":"ReadAction","target":["https:\/\/agendaurbana.arteixo.org\/gl\/fundacion-biodiversidad\/proxecto-londra\/"]}]},{"@type":"BreadcrumbList","@id":"https:\/\/agendaurbana.arteixo.org\/gl\/fundacion-biodiversidad\/proxecto-londra\/#breadcrumb","itemListElement":[{"@type":"ListItem","position":1,"name":"Inicio","item":"https:\/\/agendaurbana.arteixo.org\/gl\/axenda-urbana\/"},{"@type":"ListItem","position":2,"name":"FUNDACI\u00d3N BIODIVERSIDAD","item":"https:\/\/agendaurbana.arteixo.org\/fundacion-biodiversidad\/"},{"@type":"ListItem","position":3,"name":"PROXECTO LONDRA"}]},{"@type":"WebSite","@id":"https:\/\/agendaurbana.arteixo.org\/#website","url":"https:\/\/agendaurbana.arteixo.org\/","name":"Agenda Urbana","description":"Identificaci\u00f3n de los principales retos estrat\u00e9gicos para la definici\u00f3n del futuro de Arteixo","publisher":{"@id":"https:\/\/agendaurbana.arteixo.org\/#organization"},"potentialAction":[{"@type":"SearchAction","target":{"@type":"EntryPoint","urlTemplate":"https:\/\/agendaurbana.arteixo.org\/?s={search_term_string}"},"query-input":{"@type":"PropertyValueSpecification","valueRequired":true,"valueName":"search_term_string"}}],"inLanguage":"gl-ES"},{"@type":"Organization","@id":"https:\/\/agendaurbana.arteixo.org\/#organization","name":"Concello de Arteixo","url":"https:\/\/agendaurbana.arteixo.org\/","logo":{"@type":"ImageObject","inLanguage":"gl-ES","@id":"https:\/\/agendaurbana.arteixo.org\/#\/schema\/logo\/image\/","url":"https:\/\/agendaurbana.arteixo.org\/wp-content\/uploads\/2023\/12\/logoArteixoAzul.png","contentUrl":"https:\/\/agendaurbana.arteixo.org\/wp-content\/uploads\/2023\/12\/logoArteixoAzul.png","width":568,"height":128,"caption":"Concello de Arteixo"},"image":{"@id":"https:\/\/agendaurbana.arteixo.org\/#\/schema\/logo\/image\/"},"sameAs":["https:\/\/www.facebook.com\/ConcellodeArteixoOficial\/","https:\/\/x.com\/arteixooficial","https:\/\/www.instagram.com\/concellodearteixo\/?hl=es"]}]}},"_links":{"self":[{"href":"https:\/\/agendaurbana.arteixo.org\/gl\/wp-json\/wp\/v2\/pages\/4183","targetHints":{"allow":["GET"]}}],"collection":[{"href":"https:\/\/agendaurbana.arteixo.org\/gl\/wp-json\/wp\/v2\/pages"}],"about":[{"href":"https:\/\/agendaurbana.arteixo.org\/gl\/wp-json\/wp\/v2\/types\/page"}],"author":[{"embeddable":true,"href":"https:\/\/agendaurbana.arteixo.org\/gl\/wp-json\/wp\/v2\/users\/1"}],"replies":[{"embeddable":true,"href":"https:\/\/agendaurbana.arteixo.org\/gl\/wp-json\/wp\/v2\/comments?post=4183"}],"version-history":[{"count":18,"href":"https:\/\/agendaurbana.arteixo.org\/gl\/wp-json\/wp\/v2\/pages\/4183\/revisions"}],"predecessor-version":[{"id":5150,"href":"https:\/\/agendaurbana.arteixo.org\/gl\/wp-json\/wp\/v2\/pages\/4183\/revisions\/5150"}],"up":[{"embeddable":true,"href":"https:\/\/agendaurbana.arteixo.org\/gl\/wp-json\/wp\/v2\/pages\/4326"}],"wp:attachment":[{"href":"https:\/\/agendaurbana.arteixo.org\/gl\/wp-json\/wp\/v2\/media?parent=4183"}],"curies":[{"name":"wp","href":"https:\/\/api.w.org\/{rel}","templated":true}]}}