{"id":4232,"date":"2025-10-23T14:53:18","date_gmt":"2025-10-23T12:53:18","guid":{"rendered":"https:\/\/agendaurbana.arteixo.org\/axenda-2030\/obxectivos-de-desenvolvemento-sostible\/"},"modified":"2025-12-23T11:35:57","modified_gmt":"2025-12-23T10:35:57","slug":"ods","status":"publish","type":"page","link":"https:\/\/agendaurbana.arteixo.org\/gl\/axenda-2030\/ods\/","title":{"rendered":"Obxectivos de Desenvolvemento sostible"},"content":{"rendered":"<p>[et_pb_section fb_built=&#8221;1&#8243; custom_padding_last_edited=&#8221;on|phone&#8221; admin_label=&#8221;section&#8221; _builder_version=&#8221;4.27.4&#8243; custom_margin=&#8221;||0px||false|false&#8221; custom_padding=&#8221;||0px||false|false&#8221; custom_padding_tablet=&#8221;&#8221; custom_padding_phone=&#8221;0px||0px||false|false&#8221; da_disable_devices=&#8221;off|off|off&#8221; global_colors_info=&#8221;{}&#8221; da_is_popup=&#8221;off&#8221; da_exit_intent=&#8221;off&#8221; da_has_close=&#8221;on&#8221; da_alt_close=&#8221;off&#8221; da_dark_close=&#8221;off&#8221; da_not_modal=&#8221;on&#8221; da_is_singular=&#8221;off&#8221; da_with_loader=&#8221;off&#8221; da_has_shadow=&#8221;on&#8221;][et_pb_row use_custom_gutter=&#8221;on&#8221; custom_padding_last_edited=&#8221;on|phone&#8221; admin_label=&#8221;Fila&#8221; _builder_version=&#8221;4.27.4&#8243; _module_preset=&#8221;default&#8221; width_tablet=&#8221;90%&#8221; width_phone=&#8221;95%&#8221; width_last_edited=&#8221;on|tablet&#8221; custom_margin=&#8221;||||false|false&#8221; custom_padding=&#8221;10px||||false|false&#8221; custom_padding_tablet=&#8221;20px||||false|false&#8221; custom_padding_phone=&#8221;0px||||false|false&#8221; locked=&#8221;off&#8221; global_colors_info=&#8221;{}&#8221;][et_pb_column type=&#8221;4_4&#8243; _builder_version=&#8221;4.23.1&#8243; _module_preset=&#8221;default&#8221; global_colors_info=&#8221;{}&#8221;][et_pb_text admin_label=&#8221;Texto&#8221; _builder_version=&#8221;4.27.4&#8243; _module_preset=&#8221;default&#8221; text_text_color=&#8221;#19437e&#8221; header_text_color=&#8221;#19437e&#8221; header_2_text_color=&#8221;#19437e&#8221; header_3_text_color=&#8221;#19437e&#8221; custom_margin=&#8221;||9px|||&#8221; global_colors_info=&#8221;{}&#8221;]<\/p>\n<h2>OBXECTIVOS DE DESENVOLVEMENTO SOSTIBLE (ODS)<\/h2>\n<p>[\/et_pb_text][et_pb_text admin_label=&#8221;Texto&#8221; _builder_version=&#8221;4.27.4&#8243; _module_preset=&#8221;default&#8221; text_text_color=&#8221;#19437e&#8221; header_text_color=&#8221;#19437e&#8221; header_2_text_color=&#8221;#19437e&#8221; header_3_text_color=&#8221;#19437e&#8221; custom_margin=&#8221;||9px|||&#8221; global_colors_info=&#8221;{}&#8221;]<\/p>\n<h3>Que son os Obxectivos de Desenvolvemento sostible<\/h3>\n<p>[\/et_pb_text][et_pb_text admin_label=&#8221;Texto&#8221; _builder_version=&#8221;4.27.4&#8243; _module_preset=&#8221;default&#8221; text_orientation=&#8221;justified&#8221; custom_margin=&#8221;||||false|false&#8221; custom_padding=&#8221;||||false|false&#8221; global_colors_info=&#8221;{}&#8221;]<\/p>\n<p>Os Obxectivos de Desenvolvemento Sostible (ODS) ocupan un papel protagonista na Axenda 2030 de Naci\u00f3ns Unidas, establec\u00e9ndose na segunda parte deste documento fundamental. Cada pa\u00eds ten a responsabilidade de identificar os retos espec\u00edficos e adaptar as metas globais ao seu contexto territorial, ali\u00f1ando as s\u00faas pol\u00edticas e proxectos con aqueles ODS que lle permitan avanzar cara ao desenvolvemento sostible de maneira efectiva.\u200b Os ODS constit\u00faen un chamamento universal e comparten un significado com\u00fan: son unha folla de roteiro orientado a erradicar a pobreza, protexer o planeta e mellorar a calidade de vida e o futuro de todas as persoas. A Axenda 2030 define 17 obxectivos, desenvoltos en 169 metas de acci\u00f3n e 223 indicadores globais para avaliar o seu progreso.<\/p>\n<p>A\u00ednda que te\u00f1en alcance mundial e aplicaci\u00f3n universal, \u00e9 imprescindible axustalos \u00e1s caracter\u00edsticas de cada territorio e desenvolver unha Axenda propia para maximizar o seu impacto, como sucede en Arteixo e no resto de municipios de Espa\u00f1a.\u200b\u200b Este marco multiactor integra todos os niveis da Administraci\u00f3n, desde o Estado ata os gobernos locais, e fomenta a colaboraci\u00f3n co sector privado, social e a cidadan\u00eda. Actuando as\u00ed, ap\u00f3iase a Estratexia Espa\u00f1ola de Desenvolvemento Sostible 2030 e fortal\u00e9cese a acci\u00f3n conxunta para abordar os desaf\u00edos globais desde as especificidades locais.\u200b Os ODS ofrecen unha linguaxe com\u00fan e unha estrutura \u00fanica que favorecen a comunicaci\u00f3n e a coordinaci\u00f3n de avances e necesidades vinculados ao desenvolvemento sostible.<\/p>\n<p>Co\u00f1ecer e aplicar os ODS permite, tanto no \u00e1mbito p\u00fablico como privado, identificar como cada actuaci\u00f3n pode contribu\u00edr \u00e1s metas espec\u00edficas do territorio e considerarse xenuinamente orientada ao desenvolvemento sostible.\u200b\u200b O Concello de Arteixo pon ao dispor este portal web para compartir o co\u00f1ecemento institucional e promover a participaci\u00f3n de todos os actores locais na procura de soluci\u00f3ns adaptadas \u00e1 realidade de Arteixo, impulsando a implementaci\u00f3n da Axenda 2030 e os ODS no noso municipio.<\/p>\n<p>[\/et_pb_text][\/et_pb_column][\/et_pb_row][et_pb_row column_structure=&#8221;1_6,1_6,1_6,1_6,1_6,1_6&#8243; use_custom_gutter=&#8221;on&#8221; custom_padding_last_edited=&#8221;on|phone&#8221; disabled_on=&#8221;on|on|off&#8221; admin_label=&#8221;Fila&#8221; _builder_version=&#8221;4.27.4&#8243; _module_preset=&#8221;default&#8221; background_color=&#8221;RGBA(255,255,255,0)&#8221; background_enable_image=&#8221;off&#8221; width_tablet=&#8221;90%&#8221; width_phone=&#8221;95%&#8221; width_last_edited=&#8221;on|tablet&#8221; custom_margin=&#8221;||||false|false&#8221; custom_padding=&#8221;10px||||false|false&#8221; custom_padding_tablet=&#8221;20px||||false|false&#8221; custom_padding_phone=&#8221;0px||||false|false&#8221; locked=&#8221;off&#8221; global_colors_info=&#8221;{}&#8221;][et_pb_column type=&#8221;1_6&#8243; _builder_version=&#8221;4.27.4&#8243; _module_preset=&#8221;default&#8221; background_color=&#8221;RGBA(255,255,255,0)&#8221; background_enable_image=&#8221;off&#8221; parallax=&#8221;on&#8221; global_colors_info=&#8221;{}&#8221;][et_pb_image src=&#8221;https:\/\/agendaurbana.arteixo.org\/wp-content\/uploads\/2025\/10\/S-WEB-Goal-01-1.png&#8221; url=&#8221;\/gl\/axenda-2030\/ods\/1-fin-pobreza\/#sec&#8221; module_class=&#8221;zoomin&#8221; _builder_version=&#8221;4.27.4&#8243; _module_preset=&#8221;default&#8221; global_colors_info=&#8221;{}&#8221;][\/et_pb_image][\/et_pb_column][et_pb_column type=&#8221;1_6&#8243; _builder_version=&#8221;4.23.1&#8243; _module_preset=&#8221;default&#8221; global_colors_info=&#8221;{}&#8221;][et_pb_image src=&#8221;https:\/\/agendaurbana.arteixo.org\/wp-content\/uploads\/2025\/10\/S-WEB-Goal-02.png&#8221; title_text=&#8221;S-WEB-Goal-02&#8243; url=&#8221;\/gl\/axenda-2030\/ods\/2-fame-cero\/#sec&#8221; align=&#8221;center&#8221; force_fullwidth=&#8221;on&#8221; module_class=&#8221;zoomin&#8221; _builder_version=&#8221;4.27.4&#8243; _module_preset=&#8221;default&#8221; module_alignment=&#8221;center&#8221; global_colors_info=&#8221;{}&#8221;][\/et_pb_image][\/et_pb_column][et_pb_column type=&#8221;1_6&#8243; _builder_version=&#8221;4.23.1&#8243; _module_preset=&#8221;default&#8221; global_colors_info=&#8221;{}&#8221;][et_pb_image src=&#8221;https:\/\/agendaurbana.arteixo.org\/wp-content\/uploads\/2025\/10\/S-WEB-Goal-03.png&#8221; title_text=&#8221;S-WEB-Goal-03&#8243; url=&#8221;\/gl\/axenda-2030\/ods\/3-saude-benestar\/#sec&#8221; align=&#8221;center&#8221; force_fullwidth=&#8221;on&#8221; module_class=&#8221;zoomin&#8221; _builder_version=&#8221;4.27.4&#8243; _module_preset=&#8221;default&#8221; module_alignment=&#8221;center&#8221; global_colors_info=&#8221;{}&#8221;][\/et_pb_image][\/et_pb_column][et_pb_column type=&#8221;1_6&#8243; _builder_version=&#8221;4.23.1&#8243; _module_preset=&#8221;default&#8221; global_colors_info=&#8221;{}&#8221;][et_pb_image src=&#8221;https:\/\/agendaurbana.arteixo.org\/wp-content\/uploads\/2025\/10\/S-WEB-Goal-04.png&#8221; title_text=&#8221;S-WEB-Goal-03&#8243; url=&#8221;\/gl\/axenda-2030\/ods\/4-educacion-calidade\/#sec&#8221; align=&#8221;center&#8221; force_fullwidth=&#8221;on&#8221; module_class=&#8221;zoomin&#8221; _builder_version=&#8221;4.27.4&#8243; _module_preset=&#8221;default&#8221; module_alignment=&#8221;center&#8221; global_colors_info=&#8221;{}&#8221;][\/et_pb_image][\/et_pb_column][et_pb_column type=&#8221;1_6&#8243; _builder_version=&#8221;4.27.4&#8243; _module_preset=&#8221;default&#8221; global_colors_info=&#8221;{}&#8221;][et_pb_image src=&#8221;https:\/\/agendaurbana.arteixo.org\/wp-content\/uploads\/2025\/10\/S-WEB-Goal-05.png&#8221; title_text=&#8221;S-WEB-Goal-03&#8243; url=&#8221;\/gl\/axenda-2030\/ods\/5-igualdade-xenero\/#sec&#8221; align=&#8221;center&#8221; force_fullwidth=&#8221;on&#8221; module_class=&#8221;zoomin&#8221; _builder_version=&#8221;4.27.4&#8243; _module_preset=&#8221;default&#8221; module_alignment=&#8221;center&#8221; global_colors_info=&#8221;{}&#8221;][\/et_pb_image][\/et_pb_column][et_pb_column type=&#8221;1_6&#8243; _builder_version=&#8221;4.23.1&#8243; _module_preset=&#8221;default&#8221; global_colors_info=&#8221;{}&#8221;][et_pb_image src=&#8221;https:\/\/agendaurbana.arteixo.org\/wp-content\/uploads\/2025\/10\/S-WEB-Goal-06.png&#8221; title_text=&#8221;S-WEB-Goal-03&#8243; url=&#8221;\/agenda-2030\/ods\/6-agua-limpia-saneamiento\/#sec&#8221; align=&#8221;center&#8221; force_fullwidth=&#8221;on&#8221; module_class=&#8221;zoomin&#8221; _builder_version=&#8221;4.27.4&#8243; _module_preset=&#8221;default&#8221; module_alignment=&#8221;center&#8221; global_colors_info=&#8221;{}&#8221;][\/et_pb_image][\/et_pb_column][\/et_pb_row][et_pb_row column_structure=&#8221;1_6,1_6,1_6,1_6,1_6,1_6&#8243; use_custom_gutter=&#8221;on&#8221; custom_padding_last_edited=&#8221;on|phone&#8221; disabled_on=&#8221;on|on|off&#8221; admin_label=&#8221;Fila&#8221; _builder_version=&#8221;4.27.4&#8243; _module_preset=&#8221;default&#8221; background_color=&#8221;RGBA(255,255,255,0)&#8221; background_enable_image=&#8221;off&#8221; width_tablet=&#8221;90%&#8221; width_phone=&#8221;95%&#8221; width_last_edited=&#8221;on|tablet&#8221; custom_margin=&#8221;||||false|false&#8221; custom_padding=&#8221;10px||||false|false&#8221; custom_padding_tablet=&#8221;20px||||false|false&#8221; custom_padding_phone=&#8221;0px||||false|false&#8221; locked=&#8221;off&#8221; global_colors_info=&#8221;{}&#8221;][et_pb_column type=&#8221;1_6&#8243; _builder_version=&#8221;4.27.4&#8243; _module_preset=&#8221;default&#8221; background_color=&#8221;RGBA(255,255,255,0)&#8221; background_enable_image=&#8221;off&#8221; parallax=&#8221;on&#8221; global_colors_info=&#8221;{}&#8221;][et_pb_image src=&#8221;https:\/\/agendaurbana.arteixo.org\/wp-content\/uploads\/2025\/10\/S-WEB-Goal-07.png&#8221; url=&#8221;\/gl\/axenda-2030\/ods\/7-enerxia-alcanzable-non-contaminante\/#sec&#8221; module_class=&#8221;zoomin&#8221; _builder_version=&#8221;4.27.4&#8243; _module_preset=&#8221;default&#8221; global_colors_info=&#8221;{}&#8221;][\/et_pb_image][\/et_pb_column][et_pb_column type=&#8221;1_6&#8243; _builder_version=&#8221;4.23.1&#8243; _module_preset=&#8221;default&#8221; global_colors_info=&#8221;{}&#8221;][et_pb_image src=&#8221;https:\/\/agendaurbana.arteixo.org\/wp-content\/uploads\/2025\/10\/S-WEB-Goal-08.png&#8221; title_text=&#8221;S-WEB-Goal-02&#8243; url=&#8221;\/gl\/axenda-2030\/ods\/8-traballo-decente-crecemento-economico\/#sec&#8221; align=&#8221;center&#8221; force_fullwidth=&#8221;on&#8221; module_class=&#8221;zoomin&#8221; _builder_version=&#8221;4.27.4&#8243; _module_preset=&#8221;default&#8221; module_alignment=&#8221;center&#8221; global_colors_info=&#8221;{}&#8221;][\/et_pb_image][\/et_pb_column][et_pb_column type=&#8221;1_6&#8243; _builder_version=&#8221;4.23.1&#8243; _module_preset=&#8221;default&#8221; global_colors_info=&#8221;{}&#8221;][et_pb_image src=&#8221;https:\/\/agendaurbana.arteixo.org\/wp-content\/uploads\/2025\/10\/S-WEB-Goal-09.png&#8221; title_text=&#8221;S-WEB-Goal-03&#8243; url=&#8221;\/gl\/axenda-2030\/ods\/9-industria-innovacion-infraestrutura\/#sec&#8221; align=&#8221;center&#8221; force_fullwidth=&#8221;on&#8221; module_class=&#8221;zoomin&#8221; _builder_version=&#8221;4.27.4&#8243; _module_preset=&#8221;default&#8221; module_alignment=&#8221;center&#8221; global_colors_info=&#8221;{}&#8221;][\/et_pb_image][\/et_pb_column][et_pb_column type=&#8221;1_6&#8243; _builder_version=&#8221;4.23.1&#8243; _module_preset=&#8221;default&#8221; global_colors_info=&#8221;{}&#8221;][et_pb_image src=&#8221;https:\/\/agendaurbana.arteixo.org\/wp-content\/uploads\/2025\/10\/S-WEB-Goal-10.png&#8221; title_text=&#8221;S-WEB-Goal-03&#8243; url=&#8221;\/gl\/axenda-2030\/ods\/10-reducion-desigualdades\/#sec&#8221; align=&#8221;center&#8221; force_fullwidth=&#8221;on&#8221; module_class=&#8221;zoomin&#8221; _builder_version=&#8221;4.27.4&#8243; _module_preset=&#8221;default&#8221; module_alignment=&#8221;center&#8221; global_colors_info=&#8221;{}&#8221;][\/et_pb_image][\/et_pb_column][et_pb_column type=&#8221;1_6&#8243; _builder_version=&#8221;4.27.4&#8243; _module_preset=&#8221;default&#8221; global_colors_info=&#8221;{}&#8221;][et_pb_image src=&#8221;https:\/\/agendaurbana.arteixo.org\/wp-content\/uploads\/2025\/10\/S-WEB-Goal-11.png&#8221; title_text=&#8221;S-WEB-Goal-03&#8243; url=&#8221;\/gl\/axenda-2030\/ods\/11-cidades-comunidades-sostibles\/#sec&#8221; align=&#8221;center&#8221; force_fullwidth=&#8221;on&#8221; module_class=&#8221;zoomin&#8221; _builder_version=&#8221;4.27.4&#8243; _module_preset=&#8221;default&#8221; module_alignment=&#8221;center&#8221; global_colors_info=&#8221;{}&#8221;][\/et_pb_image][\/et_pb_column][et_pb_column type=&#8221;1_6&#8243; _builder_version=&#8221;4.23.1&#8243; _module_preset=&#8221;default&#8221; global_colors_info=&#8221;{}&#8221;][et_pb_image src=&#8221;https:\/\/agendaurbana.arteixo.org\/wp-content\/uploads\/2025\/10\/S-WEB-Goal-12.png&#8221; title_text=&#8221;S-WEB-Goal-03&#8243; url=&#8221;\/gl\/axenda-2030\/ods\/12-producion-consumo-responsables\/#sec&#8221; align=&#8221;center&#8221; force_fullwidth=&#8221;on&#8221; module_class=&#8221;zoomin&#8221; _builder_version=&#8221;4.27.4&#8243; _module_preset=&#8221;default&#8221; module_alignment=&#8221;center&#8221; global_colors_info=&#8221;{}&#8221;][\/et_pb_image][\/et_pb_column][\/et_pb_row][et_pb_row column_structure=&#8221;1_6,1_6,1_6,1_6,1_6,1_6&#8243; use_custom_gutter=&#8221;on&#8221; custom_padding_last_edited=&#8221;on|phone&#8221; disabled_on=&#8221;on|on|off&#8221; admin_label=&#8221;Fila&#8221; _builder_version=&#8221;4.27.4&#8243; _module_preset=&#8221;default&#8221; background_color=&#8221;RGBA(255,255,255,0)&#8221; background_enable_image=&#8221;off&#8221; width_tablet=&#8221;90%&#8221; width_phone=&#8221;95%&#8221; width_last_edited=&#8221;on|tablet&#8221; custom_margin=&#8221;||||false|false&#8221; custom_padding=&#8221;10px||||false|false&#8221; custom_padding_tablet=&#8221;20px||||false|false&#8221; custom_padding_phone=&#8221;0px||||false|false&#8221; locked=&#8221;off&#8221; global_colors_info=&#8221;{}&#8221;][et_pb_column type=&#8221;1_6&#8243; _builder_version=&#8221;4.27.4&#8243; _module_preset=&#8221;default&#8221; background_color=&#8221;RGBA(255,255,255,0)&#8221; background_enable_image=&#8221;off&#8221; parallax=&#8221;on&#8221; global_colors_info=&#8221;{}&#8221;][et_pb_image src=&#8221;https:\/\/agendaurbana.arteixo.org\/wp-content\/uploads\/2025\/10\/S-WEB-Goal-13.png&#8221; title_text=&#8221;S-WEB-Goal-03&#8243; url=&#8221;\/gl\/axenda-2030\/ods\/13-accion-polo-clima\/#sec&#8221; align=&#8221;center&#8221; force_fullwidth=&#8221;on&#8221; module_class=&#8221;zoomin&#8221; _builder_version=&#8221;4.27.4&#8243; _module_preset=&#8221;default&#8221; module_alignment=&#8221;center&#8221; global_colors_info=&#8221;{}&#8221;][\/et_pb_image][\/et_pb_column][et_pb_column type=&#8221;1_6&#8243; _builder_version=&#8221;4.23.1&#8243; _module_preset=&#8221;default&#8221; global_colors_info=&#8221;{}&#8221;][et_pb_image src=&#8221;https:\/\/agendaurbana.arteixo.org\/wp-content\/uploads\/2025\/10\/S-WEB-Goal-14.png&#8221; title_text=&#8221;S-WEB-Goal-02&#8243; url=&#8221;\/gl\/axenda-2030\/ods\/14-vida-submarina\/#sec&#8221; align=&#8221;center&#8221; force_fullwidth=&#8221;on&#8221; module_class=&#8221;zoomin&#8221; _builder_version=&#8221;4.27.4&#8243; _module_preset=&#8221;default&#8221; module_alignment=&#8221;center&#8221; global_colors_info=&#8221;{}&#8221;][\/et_pb_image][\/et_pb_column][et_pb_column type=&#8221;1_6&#8243; _builder_version=&#8221;4.23.1&#8243; _module_preset=&#8221;default&#8221; global_colors_info=&#8221;{}&#8221;][et_pb_image src=&#8221;https:\/\/agendaurbana.arteixo.org\/wp-content\/uploads\/2025\/10\/S-WEB-Goal-15.png&#8221; title_text=&#8221;S-WEB-Goal-03&#8243; url=&#8221;\/gl\/axenda-2030\/ods\/15-vida-ecosistemas-terrestres\/#sec&#8221; align=&#8221;center&#8221; force_fullwidth=&#8221;on&#8221; module_class=&#8221;zoomin&#8221; _builder_version=&#8221;4.27.4&#8243; _module_preset=&#8221;default&#8221; module_alignment=&#8221;center&#8221; global_colors_info=&#8221;{}&#8221;][\/et_pb_image][\/et_pb_column][et_pb_column type=&#8221;1_6&#8243; _builder_version=&#8221;4.23.1&#8243; _module_preset=&#8221;default&#8221; global_colors_info=&#8221;{}&#8221;][et_pb_image src=&#8221;https:\/\/agendaurbana.arteixo.org\/wp-content\/uploads\/2025\/10\/S-WEB-Goal-16.png&#8221; title_text=&#8221;S-WEB-Goal-03&#8243; url=&#8221;\/gl\/axenda-2030\/ods\/16-paz-xustiza-institucions-solidas\/#sec&#8221; align=&#8221;center&#8221; force_fullwidth=&#8221;on&#8221; module_class=&#8221;zoomin&#8221; _builder_version=&#8221;4.27.4&#8243; _module_preset=&#8221;default&#8221; module_alignment=&#8221;center&#8221; global_colors_info=&#8221;{}&#8221;][\/et_pb_image][\/et_pb_column][et_pb_column type=&#8221;1_6&#8243; _builder_version=&#8221;4.27.4&#8243; _module_preset=&#8221;default&#8221; global_colors_info=&#8221;{}&#8221;][et_pb_image src=&#8221;https:\/\/agendaurbana.arteixo.org\/wp-content\/uploads\/2025\/10\/S-WEB-Goal-17.png&#8221; title_text=&#8221;S-WEB-Goal-03&#8243; url=&#8221;\/gl\/axenda-2030\/ods\/17-alianzas-para-lograr-obxectivos\/#sec&#8221; align=&#8221;center&#8221; force_fullwidth=&#8221;on&#8221; module_class=&#8221;zoomin&#8221; _builder_version=&#8221;4.27.4&#8243; _module_preset=&#8221;default&#8221; module_alignment=&#8221;center&#8221; global_colors_info=&#8221;{}&#8221;][\/et_pb_image][\/et_pb_column][et_pb_column type=&#8221;1_6&#8243; _builder_version=&#8221;4.23.1&#8243; _module_preset=&#8221;default&#8221; global_colors_info=&#8221;{}&#8221;][\/et_pb_column][\/et_pb_row][\/et_pb_section][et_pb_section fb_built=&#8221;1&#8243; disabled_on=&#8221;off|off|on&#8221; _builder_version=&#8221;4.27.4&#8243; _module_preset=&#8221;default&#8221; module_alignment=&#8221;center&#8221; custom_margin=&#8221;0px||0px||false|false&#8221; custom_padding=&#8221;0px||0px||false|false&#8221; da_disable_devices=&#8221;off|off|off&#8221; global_colors_info=&#8221;{}&#8221; da_is_popup=&#8221;off&#8221; da_exit_intent=&#8221;off&#8221; da_has_close=&#8221;on&#8221; da_alt_close=&#8221;off&#8221; da_dark_close=&#8221;off&#8221; da_not_modal=&#8221;on&#8221; da_is_singular=&#8221;off&#8221; da_with_loader=&#8221;off&#8221; da_has_shadow=&#8221;on&#8221;][et_pb_row use_custom_gutter=&#8221;on&#8221; gutter_width=&#8221;1&#8243; make_equal=&#8221;on&#8221; _builder_version=&#8221;4.27.4&#8243; _module_preset=&#8221;default&#8221; width=&#8221;100%&#8221; max_width=&#8221;100%&#8221; module_alignment=&#8221;center&#8221; custom_margin=&#8221;0px||0px||false|false&#8221; custom_padding=&#8221;0px||0px||false|false&#8221; global_colors_info=&#8221;{}&#8221;][et_pb_column type=&#8221;4_4&#8243; _builder_version=&#8221;4.27.4&#8243; _module_preset=&#8221;default&#8221; global_colors_info=&#8221;{}&#8221;][et_pb_code _builder_version=&#8221;4.27.4&#8243; _module_preset=&#8221;default&#8221; custom_margin=&#8221;0px||0px||false|false&#8221; custom_padding=&#8221;0px||0px||false|false&#8221; global_colors_info=&#8221;{}&#8221;]<\/p>\n<div class=\"horizontal-slider\"><!-- [et_pb_line_break_holder] -->  <\/p>\n<div class=\"slide\"><a href=\"\/agenda-2030\/ods\/1-fin-pobreza\/#sec\"><img decoding=\"async\" src=\"\/wp-content\/uploads\/2025\/10\/S-WEB-Goal-01-1.png\" alt=\"ODS-1\"><\/a><\/div>\n<p><!-- [et_pb_line_break_holder] --><\/p>\n<div class=\"slide\"><a href=\"\/agenda-2030\/ods\/2-hambre-cero\/#sec\"><img decoding=\"async\" src=\"\/wp-content\/uploads\/2025\/10\/S-WEB-Goal-02.png\" alt=\"ODS-2\"><\/a><\/div>\n<p><!-- [et_pb_line_break_holder] --><\/p>\n<div class=\"slide\"><a href=\"\/agenda-2030\/ods\/3-salud-bienestar\/#sec\"><img decoding=\"async\" src=\"\/wp-content\/uploads\/2025\/10\/S-WEB-Goal-03.png\" alt=\"ODS-3\"><\/a><\/div>\n<p><!-- [et_pb_line_break_holder] --><\/p>\n<div class=\"slide\"><a href=\"\/agenda-2030\/ods\/4-educacion-calidad\/#sec\"><img decoding=\"async\" src=\"\/wp-content\/uploads\/2025\/10\/S-WEB-Goal-04.png\" alt=\"ODS-4\"><\/a><\/div>\n<p><!-- [et_pb_line_break_holder] --><\/p>\n<div class=\"slide\"><a href=\"\/agenda-2030\/ods\/5-igualdad-genero\/#sec\"><img decoding=\"async\" src=\"\/wp-content\/uploads\/2025\/10\/S-WEB-Goal-05.png\" alt=\"ODS-5\"><\/a><\/div>\n<p><!-- [et_pb_line_break_holder] --><\/p>\n<div class=\"slide\"><a href=\"\/agenda-2030\/ods\/6-agua-limpia-saneamiento\/#sec\"><img decoding=\"async\" src=\"\/wp-content\/uploads\/2025\/10\/S-WEB-Goal-06.png\" alt=\"ODS-6\"><\/a><\/div>\n<p><!-- [et_pb_line_break_holder] --><\/p>\n<div class=\"slide\"><a href=\"\/agenda-2030\/ods\/7-energia-asequible-no-contaminante\/#sec\"><img decoding=\"async\" src=\"\/wp-content\/uploads\/2025\/10\/S-WEB-Goal-07.png\" alt=\"ODS-7\"><\/a><\/div>\n<p><!-- [et_pb_line_break_holder] --><\/p>\n<div class=\"slide\"><a href=\"\/agenda-2030\/ods\/8-trabajo-decente-crecimiento-economico\/#sec\"><img decoding=\"async\" src=\"\/wp-content\/uploads\/2025\/10\/S-WEB-Goal-08.png\" alt=\"ODS-8\"><\/a><\/div>\n<p><!-- [et_pb_line_break_holder] --><\/p>\n<div class=\"slide\"><a href=\"\/agenda-2030\/ods\/9-industria-innovacion-infraestructura\/#sec\"><img decoding=\"async\" src=\"\/wp-content\/uploads\/2025\/10\/S-WEB-Goal-09.png\" alt=\"ODS-9\"><\/a><\/div>\n<p><!-- [et_pb_line_break_holder] --><\/p>\n<div class=\"slide\"><a href=\"\/agenda-2030\/ods\/10-reduccion-desigualdades\/#sec\"><img decoding=\"async\" src=\"\/wp-content\/uploads\/2025\/10\/S-WEB-Goal-10.png\" alt=\"ODS-10\"><\/a><\/div>\n<p><!-- [et_pb_line_break_holder] --><\/p>\n<div class=\"slide\"><a href=\"\/agenda-2030\/ods\/11-ciudades-comunidades-sostenibles\/#sec\"><img decoding=\"async\" src=\"\/wp-content\/uploads\/2025\/10\/S-WEB-Goal-11.png\" alt=\"ODS-11\"><\/a><\/div>\n<p><!-- [et_pb_line_break_holder] --><\/p>\n<div class=\"slide\"><a href=\"\/agenda-2030\/ods\/12-produccion-consumo-responsables\/#sec\"><img decoding=\"async\" src=\"\/wp-content\/uploads\/2025\/10\/S-WEB-Goal-12.png\" alt=\"ODS-12\"><\/a><\/div>\n<p><!-- [et_pb_line_break_holder] --><\/p>\n<div class=\"slide\"><a href=\"\/agenda-2030\/ods\/13-accion-por-clima\/#sec\"><img decoding=\"async\" src=\"\/wp-content\/uploads\/2025\/10\/S-WEB-Goal-13.png\" alt=\"ODS-13\"><\/a><\/div>\n<p><!-- [et_pb_line_break_holder] --><\/p>\n<div class=\"slide\"><a href=\"\/agenda-2030\/ods\/14-vida-submarina\/#sec\"><img decoding=\"async\" src=\"\/wp-content\/uploads\/2025\/10\/S-WEB-Goal-14.png\" alt=\"ODS-14\"><\/a><\/div>\n<p><!-- [et_pb_line_break_holder] --><\/p>\n<div class=\"slide\"><a href=\"\/agenda-2030\/ods\/15-vida-ecosistemas-terrestres\/#sec\"><img decoding=\"async\" src=\"\/wp-content\/uploads\/2025\/10\/S-WEB-Goal-15.png\" alt=\"ODS-15\"><\/a><\/div>\n<p><!-- [et_pb_line_break_holder] --><\/p>\n<div class=\"slide\"><a href=\"\/agenda-2030\/ods\/16-paz-justicia-instituciones-solidas\/#sec\"><img decoding=\"async\" src=\"\/wp-content\/uploads\/2025\/10\/S-WEB-Goal-16.png\" alt=\"ODS-16\"><\/a><\/div>\n<p><!-- [et_pb_line_break_holder] --><\/p>\n<div class=\"slide\"><a href=\"\/agenda-2030\/ods\/17-alianzas-para-lograr-objetivos\/#sec\"><img decoding=\"async\" src=\"\/wp-content\/uploads\/2025\/10\/S-WEB-Goal-17.png\" alt=\"ODS-17\"><\/a><\/div>\n<\/div>\n<p><!-- [et_pb_line_break_holder] -->  <!-- [et_pb_line_break_holder] --> <!-- [et_pb_line_break_holder] --><!-- [et_pb_line_break_holder] --><!-- [et_pb_line_break_holder] -->.horizontal-slider {<!-- [et_pb_line_break_holder] -->  display: flex;<!-- [et_pb_line_break_holder] -->  overflow-x: auto;<!-- [et_pb_line_break_holder] -->  scroll-snap-type: x mandatory;<!-- [et_pb_line_break_holder] -->  gap: 5px;<!-- [et_pb_line_break_holder] -->  padding: 20px;<!-- [et_pb_line_break_holder] -->}<!-- [et_pb_line_break_holder] --><!-- [et_pb_line_break_holder] -->.slide {<!-- [et_pb_line_break_holder] -->  flex: 0 0 auto;<!-- [et_pb_line_break_holder] -->  width: 70px;<!-- [et_pb_line_break_holder] -->  height: 70px;<!-- [et_pb_line_break_holder] -->  scroll-snap-align: start;<!-- [et_pb_line_break_holder] -->  transition: transform 0.3s ease;<!-- [et_pb_line_break_holder] -->}<!-- [et_pb_line_break_holder] --><!-- [et_pb_line_break_holder] -->.slide img {<!-- [et_pb_line_break_holder] -->  width: 100%;<!-- [et_pb_line_break_holder] -->  height: 100%;<!-- [et_pb_line_break_holder] -->  object-fit: cover;<!-- [et_pb_line_break_holder] -->}<!-- [et_pb_line_break_holder] --><!-- [et_pb_line_break_holder] -->\/* Zoom en m\u00f3vil *\/<!-- [et_pb_line_break_holder] -->@media (max-width: 768px) {<!-- [et_pb_line_break_holder] -->  .slide {<!-- [et_pb_line_break_holder] -->    width: 30vw;              \/* M\u00e1s compacto que 80vw *\/<!-- [et_pb_line_break_holder] -->    height: auto;<!-- [et_pb_line_break_holder] -->    aspect-ratio: 1 \/ 1;<!-- [et_pb_line_break_holder] -->    scroll-snap-align: center;<!-- [et_pb_line_break_holder] -->    transition: transform 0.3s ease;<!-- [et_pb_line_break_holder] -->  }<!-- [et_pb_line_break_holder] --><!-- [et_pb_line_break_holder] -->  .slide img {<!-- [et_pb_line_break_holder] -->    width: 100%;<!-- [et_pb_line_break_holder] -->    height: 100%;<!-- [et_pb_line_break_holder] -->    object-fit: contain;<!-- [et_pb_line_break_holder] -->    border-radius: 0;         \/* Elimina redondeo si no se desea *\/<!-- [et_pb_line_break_holder] -->  }<!-- [et_pb_line_break_holder] --><!-- [et_pb_line_break_holder] -->  .zoomed {<!-- [et_pb_line_break_holder] -->    transform: scale(1.1);<!-- [et_pb_line_break_holder] -->    z-index: 2;<!-- [et_pb_line_break_holder] -->  }<!-- [et_pb_line_break_holder] -->}<!-- [et_pb_line_break_holder] --><!-- [et_pb_line_break_holder] --><!-- [et_pb_line_break_holder] --><!-- [et_pb_line_break_holder] --><!-- [et_pb_line_break_holder] --><!-- [et_pb_line_break_holder] --><!-- [et_pb_line_break_holder] --><!-- [et_pb_line_break_holder] --><!-- [et_pb_line_break_holder] --><!-- [et_pb_line_break_holder] -->  const container = document.querySelector(&#8216;.horizontal-slider&#8217;);<!-- [et_pb_line_break_holder] -->  const slides = document.querySelectorAll(&#8216;.slide&#8217;);<!-- [et_pb_line_break_holder] --><!-- [et_pb_line_break_holder] -->  function updateZoomedSlide() {<!-- [et_pb_line_break_holder] -->    let center = container.scrollLeft + container.offsetWidth \/ 2;<!-- [et_pb_line_break_holder] --><!-- [et_pb_line_break_holder] -->    slides.forEach(slide => {<!-- [et_pb_line_break_holder] -->      const rect = slide.getBoundingClientRect();<!-- [et_pb_line_break_holder] -->      const slideCenter = rect.left + rect.width \/ 2;<!-- [et_pb_line_break_holder] --><!-- [et_pb_line_break_holder] -->      if (Math.abs(slideCenter &#8211; window.innerWidth \/ 2)  {<!-- [et_pb_line_break_holder] -->    if (window.innerWidth <= 768) {      updateZoomedSlide();    }  });  window.addEventListener(&#039;resize&#039;, updateZoomedSlide);  window.addEventListener(&#039;load&#039;, updateZoomedSlide);<!-- [et_pb_line_break_holder] --><!-- [et_pb_line_break_holder] --><!-- CODIGO 2 COlUMNAS PARA LOS ODS\"--><!-- [et_pb_line_break_holder] --><!-- [et_pb_line_break_holder] --><!-- [et_pb_line_break_holder] -->@media (max-width: 768px) {<!-- [et_pb_line_break_holder] -->  .dos-columnas {<!-- [et_pb_line_break_holder] -->    display: flex;<!-- [et_pb_line_break_holder] -->    flex-direction: row !important; \/* Fuerza horizontal *\/<!-- [et_pb_line_break_holder] -->    flex-wrap: nowrap;<!-- [et_pb_line_break_holder] -->    gap: 12px; \/* Ajusta seg\u00fan separaci\u00f3n deseada *\/<!-- [et_pb_line_break_holder] -->  }<!-- [et_pb_line_break_holder] --><!-- [et_pb_line_break_holder] -->  .dos-columnas > div {<!-- [et_pb_line_break_holder] -->    flex: 1 1 50%; \/* Cada columna ocupa la mitad *\/<!-- [et_pb_line_break_holder] -->    min-width: 0;  \/* Evita desbordamiento *\/<!-- [et_pb_line_break_holder] -->  }<!-- [et_pb_line_break_holder] -->} <!-- [et_pb_line_break_holder] --><!-- [et_pb_line_break_holder] --><!-- [et_pb_line_break_holder] -->[\/et_pb_code][\/et_pb_column][\/et_pb_row][\/et_pb_section]<\/p>\n","protected":false},"excerpt":{"rendered":"<p>OBXECTIVOS DE DESENVOLVEMENTO SOSTIBLE (ODS) Que son os Obxectivos de Desenvolvemento sostible Os Obxectivos de Desenvolvemento Sostible (ODS) ocupan un papel protagonista na Axenda 2030 de Naci\u00f3ns Unidas, establec\u00e9ndose na [&hellip;]<\/p>\n","protected":false},"author":1,"featured_media":0,"parent":4189,"menu_order":0,"comment_status":"closed","ping_status":"closed","template":"","meta":{"_et_pb_use_builder":"on","_et_pb_old_content":"","_et_gb_content_width":"","footnotes":""},"class_list":["post-4232","page","type-page","status-publish","hentry"],"yoast_head":"<!-- This site is optimized with the Yoast SEO plugin v27.4 - https:\/\/yoast.com\/product\/yoast-seo-wordpress\/ -->\n<title>Obxectivos de Desenvolvemento sostible - Agenda Urbana<\/title>\n<meta name=\"robots\" content=\"index, follow, max-snippet:-1, max-image-preview:large, max-video-preview:-1\" \/>\n<link rel=\"canonical\" href=\"https:\/\/agendaurbana.arteixo.org\/gl\/axenda-2030\/ods\/\" \/>\n<meta property=\"og:locale\" content=\"gl_ES\" \/>\n<meta property=\"og:type\" content=\"article\" \/>\n<meta property=\"og:title\" content=\"Obxectivos de Desenvolvemento sostible - Agenda Urbana\" \/>\n<meta property=\"og:description\" content=\"OBXECTIVOS DE DESENVOLVEMENTO SOSTIBLE (ODS) Que son os Obxectivos de Desenvolvemento sostible Os Obxectivos de Desenvolvemento Sostible (ODS) ocupan un papel protagonista na Axenda 2030 de Naci\u00f3ns Unidas, establec\u00e9ndose na [&hellip;]\" \/>\n<meta property=\"og:url\" content=\"https:\/\/agendaurbana.arteixo.org\/gl\/axenda-2030\/ods\/\" \/>\n<meta property=\"og:site_name\" content=\"Agenda Urbana\" \/>\n<meta property=\"article:publisher\" content=\"https:\/\/www.facebook.com\/ConcellodeArteixoOficial\/\" \/>\n<meta property=\"article:modified_time\" content=\"2025-12-23T10:35:57+00:00\" \/>\n<meta name=\"twitter:card\" content=\"summary_large_image\" \/>\n<meta name=\"twitter:site\" content=\"@arteixooficial\" \/>\n<meta name=\"twitter:label1\" content=\"Tempo de lectura\" \/>\n\t<meta name=\"twitter:data1\" content=\"10 minutos\" \/>\n<script type=\"application\/ld+json\" class=\"yoast-schema-graph\">{\"@context\":\"https:\\\/\\\/schema.org\",\"@graph\":[{\"@type\":\"WebPage\",\"@id\":\"https:\\\/\\\/agendaurbana.arteixo.org\\\/gl\\\/axenda-2030\\\/ods\\\/\",\"url\":\"https:\\\/\\\/agendaurbana.arteixo.org\\\/gl\\\/axenda-2030\\\/ods\\\/\",\"name\":\"Obxectivos de Desenvolvemento sostible - Agenda Urbana\",\"isPartOf\":{\"@id\":\"https:\\\/\\\/agendaurbana.arteixo.org\\\/#website\"},\"datePublished\":\"2025-10-23T12:53:18+00:00\",\"dateModified\":\"2025-12-23T10:35:57+00:00\",\"breadcrumb\":{\"@id\":\"https:\\\/\\\/agendaurbana.arteixo.org\\\/gl\\\/axenda-2030\\\/ods\\\/#breadcrumb\"},\"inLanguage\":\"gl-ES\",\"potentialAction\":[{\"@type\":\"ReadAction\",\"target\":[\"https:\\\/\\\/agendaurbana.arteixo.org\\\/gl\\\/axenda-2030\\\/ods\\\/\"]}]},{\"@type\":\"BreadcrumbList\",\"@id\":\"https:\\\/\\\/agendaurbana.arteixo.org\\\/gl\\\/axenda-2030\\\/ods\\\/#breadcrumb\",\"itemListElement\":[{\"@type\":\"ListItem\",\"position\":1,\"name\":\"Inicio\",\"item\":\"https:\\\/\\\/agendaurbana.arteixo.org\\\/gl\\\/axenda-urbana\\\/\"},{\"@type\":\"ListItem\",\"position\":2,\"name\":\"Axenda 2030\",\"item\":\"https:\\\/\\\/agendaurbana.arteixo.org\\\/gl\\\/axenda-2030\\\/\"},{\"@type\":\"ListItem\",\"position\":3,\"name\":\"Obxectivos de Desenvolvemento sostible\"}]},{\"@type\":\"WebSite\",\"@id\":\"https:\\\/\\\/agendaurbana.arteixo.org\\\/#website\",\"url\":\"https:\\\/\\\/agendaurbana.arteixo.org\\\/\",\"name\":\"Agenda Urbana\",\"description\":\"Identificaci\u00f3n de los principales retos estrat\u00e9gicos para la definici\u00f3n del futuro de Arteixo\",\"publisher\":{\"@id\":\"https:\\\/\\\/agendaurbana.arteixo.org\\\/#organization\"},\"potentialAction\":[{\"@type\":\"SearchAction\",\"target\":{\"@type\":\"EntryPoint\",\"urlTemplate\":\"https:\\\/\\\/agendaurbana.arteixo.org\\\/?s={search_term_string}\"},\"query-input\":{\"@type\":\"PropertyValueSpecification\",\"valueRequired\":true,\"valueName\":\"search_term_string\"}}],\"inLanguage\":\"gl-ES\"},{\"@type\":\"Organization\",\"@id\":\"https:\\\/\\\/agendaurbana.arteixo.org\\\/#organization\",\"name\":\"Concello de Arteixo\",\"url\":\"https:\\\/\\\/agendaurbana.arteixo.org\\\/\",\"logo\":{\"@type\":\"ImageObject\",\"inLanguage\":\"gl-ES\",\"@id\":\"https:\\\/\\\/agendaurbana.arteixo.org\\\/#\\\/schema\\\/logo\\\/image\\\/\",\"url\":\"https:\\\/\\\/agendaurbana.arteixo.org\\\/wp-content\\\/uploads\\\/2023\\\/12\\\/logoArteixoAzul.png\",\"contentUrl\":\"https:\\\/\\\/agendaurbana.arteixo.org\\\/wp-content\\\/uploads\\\/2023\\\/12\\\/logoArteixoAzul.png\",\"width\":568,\"height\":128,\"caption\":\"Concello de Arteixo\"},\"image\":{\"@id\":\"https:\\\/\\\/agendaurbana.arteixo.org\\\/#\\\/schema\\\/logo\\\/image\\\/\"},\"sameAs\":[\"https:\\\/\\\/www.facebook.com\\\/ConcellodeArteixoOficial\\\/\",\"https:\\\/\\\/x.com\\\/arteixooficial\",\"https:\\\/\\\/www.instagram.com\\\/concellodearteixo\\\/?hl=es\"]}]}<\/script>\n<!-- \/ Yoast SEO plugin. -->","yoast_head_json":{"title":"Obxectivos de Desenvolvemento sostible - Agenda Urbana","robots":{"index":"index","follow":"follow","max-snippet":"max-snippet:-1","max-image-preview":"max-image-preview:large","max-video-preview":"max-video-preview:-1"},"canonical":"https:\/\/agendaurbana.arteixo.org\/gl\/axenda-2030\/ods\/","og_locale":"gl_ES","og_type":"article","og_title":"Obxectivos de Desenvolvemento sostible - Agenda Urbana","og_description":"OBXECTIVOS DE DESENVOLVEMENTO SOSTIBLE (ODS) Que son os Obxectivos de Desenvolvemento sostible Os Obxectivos de Desenvolvemento Sostible (ODS) ocupan un papel protagonista na Axenda 2030 de Naci\u00f3ns Unidas, establec\u00e9ndose na [&hellip;]","og_url":"https:\/\/agendaurbana.arteixo.org\/gl\/axenda-2030\/ods\/","og_site_name":"Agenda Urbana","article_publisher":"https:\/\/www.facebook.com\/ConcellodeArteixoOficial\/","article_modified_time":"2025-12-23T10:35:57+00:00","twitter_card":"summary_large_image","twitter_site":"@arteixooficial","twitter_misc":{"Tempo de lectura":"10 minutos"},"schema":{"@context":"https:\/\/schema.org","@graph":[{"@type":"WebPage","@id":"https:\/\/agendaurbana.arteixo.org\/gl\/axenda-2030\/ods\/","url":"https:\/\/agendaurbana.arteixo.org\/gl\/axenda-2030\/ods\/","name":"Obxectivos de Desenvolvemento sostible - Agenda Urbana","isPartOf":{"@id":"https:\/\/agendaurbana.arteixo.org\/#website"},"datePublished":"2025-10-23T12:53:18+00:00","dateModified":"2025-12-23T10:35:57+00:00","breadcrumb":{"@id":"https:\/\/agendaurbana.arteixo.org\/gl\/axenda-2030\/ods\/#breadcrumb"},"inLanguage":"gl-ES","potentialAction":[{"@type":"ReadAction","target":["https:\/\/agendaurbana.arteixo.org\/gl\/axenda-2030\/ods\/"]}]},{"@type":"BreadcrumbList","@id":"https:\/\/agendaurbana.arteixo.org\/gl\/axenda-2030\/ods\/#breadcrumb","itemListElement":[{"@type":"ListItem","position":1,"name":"Inicio","item":"https:\/\/agendaurbana.arteixo.org\/gl\/axenda-urbana\/"},{"@type":"ListItem","position":2,"name":"Axenda 2030","item":"https:\/\/agendaurbana.arteixo.org\/gl\/axenda-2030\/"},{"@type":"ListItem","position":3,"name":"Obxectivos de Desenvolvemento sostible"}]},{"@type":"WebSite","@id":"https:\/\/agendaurbana.arteixo.org\/#website","url":"https:\/\/agendaurbana.arteixo.org\/","name":"Agenda Urbana","description":"Identificaci\u00f3n de los principales retos estrat\u00e9gicos para la definici\u00f3n del futuro de Arteixo","publisher":{"@id":"https:\/\/agendaurbana.arteixo.org\/#organization"},"potentialAction":[{"@type":"SearchAction","target":{"@type":"EntryPoint","urlTemplate":"https:\/\/agendaurbana.arteixo.org\/?s={search_term_string}"},"query-input":{"@type":"PropertyValueSpecification","valueRequired":true,"valueName":"search_term_string"}}],"inLanguage":"gl-ES"},{"@type":"Organization","@id":"https:\/\/agendaurbana.arteixo.org\/#organization","name":"Concello de Arteixo","url":"https:\/\/agendaurbana.arteixo.org\/","logo":{"@type":"ImageObject","inLanguage":"gl-ES","@id":"https:\/\/agendaurbana.arteixo.org\/#\/schema\/logo\/image\/","url":"https:\/\/agendaurbana.arteixo.org\/wp-content\/uploads\/2023\/12\/logoArteixoAzul.png","contentUrl":"https:\/\/agendaurbana.arteixo.org\/wp-content\/uploads\/2023\/12\/logoArteixoAzul.png","width":568,"height":128,"caption":"Concello de Arteixo"},"image":{"@id":"https:\/\/agendaurbana.arteixo.org\/#\/schema\/logo\/image\/"},"sameAs":["https:\/\/www.facebook.com\/ConcellodeArteixoOficial\/","https:\/\/x.com\/arteixooficial","https:\/\/www.instagram.com\/concellodearteixo\/?hl=es"]}]}},"_links":{"self":[{"href":"https:\/\/agendaurbana.arteixo.org\/gl\/wp-json\/wp\/v2\/pages\/4232","targetHints":{"allow":["GET"]}}],"collection":[{"href":"https:\/\/agendaurbana.arteixo.org\/gl\/wp-json\/wp\/v2\/pages"}],"about":[{"href":"https:\/\/agendaurbana.arteixo.org\/gl\/wp-json\/wp\/v2\/types\/page"}],"author":[{"embeddable":true,"href":"https:\/\/agendaurbana.arteixo.org\/gl\/wp-json\/wp\/v2\/users\/1"}],"replies":[{"embeddable":true,"href":"https:\/\/agendaurbana.arteixo.org\/gl\/wp-json\/wp\/v2\/comments?post=4232"}],"version-history":[{"count":10,"href":"https:\/\/agendaurbana.arteixo.org\/gl\/wp-json\/wp\/v2\/pages\/4232\/revisions"}],"predecessor-version":[{"id":4486,"href":"https:\/\/agendaurbana.arteixo.org\/gl\/wp-json\/wp\/v2\/pages\/4232\/revisions\/4486"}],"up":[{"embeddable":true,"href":"https:\/\/agendaurbana.arteixo.org\/gl\/wp-json\/wp\/v2\/pages\/4189"}],"wp:attachment":[{"href":"https:\/\/agendaurbana.arteixo.org\/gl\/wp-json\/wp\/v2\/media?parent=4232"}],"curies":[{"name":"wp","href":"https:\/\/api.w.org\/{rel}","templated":true}]}}