{"id":4261,"date":"2025-10-24T09:16:49","date_gmt":"2025-10-24T07:16:49","guid":{"rendered":"https:\/\/agendaurbana.arteixo.org\/axenda-2030\/obxectivos-de-desenvolvemento-sostible\/ods-14-vida-submarina\/"},"modified":"2025-12-23T12:00:27","modified_gmt":"2025-12-23T11:00:27","slug":"14-vida-submarina","status":"publish","type":"page","link":"https:\/\/agendaurbana.arteixo.org\/gl\/axenda-2030\/ods\/14-vida-submarina\/","title":{"rendered":"ODS 14 &#8211; Vida submarina"},"content":{"rendered":"<p>[et_pb_section fb_built=&#8221;1&#8243; custom_padding_last_edited=&#8221;on|desktop&#8221; admin_label=&#8221;section&#8221; _builder_version=&#8221;4.27.4&#8243; custom_padding_tablet=&#8221;&#8221; custom_padding_phone=&#8221;0px||||false|false&#8221; da_disable_devices=&#8221;off|off|off&#8221; global_colors_info=&#8221;{}&#8221; da_is_popup=&#8221;off&#8221; da_exit_intent=&#8221;off&#8221; da_has_close=&#8221;on&#8221; da_alt_close=&#8221;off&#8221; da_dark_close=&#8221;off&#8221; da_not_modal=&#8221;on&#8221; da_is_singular=&#8221;off&#8221; da_with_loader=&#8221;off&#8221; da_has_shadow=&#8221;on&#8221;][et_pb_row column_structure=&#8221;1_4,3_4&#8243; use_custom_gutter=&#8221;on&#8221; gutter_width=&#8221;1&#8243; make_equal=&#8221;on&#8221; custom_padding_last_edited=&#8221;on|phone&#8221; admin_label=&#8221;1 FIN DA POBREZA&#8221; module_class=&#8221;dos-columnas&#8221; _builder_version=&#8221;4.27.4&#8243; _module_preset=&#8221;default&#8221; background_color=&#8221;#0a97d9&#8243; width=&#8221;100%&#8221; width_tablet=&#8221;90%&#8221; width_phone=&#8221;100%&#8221; width_last_edited=&#8221;on|phone&#8221; max_width=&#8221;100%&#8221; module_alignment=&#8221;center&#8221; custom_margin=&#8221;||||false|false&#8221; custom_padding=&#8221;10px||0px||false|false&#8221; custom_padding_tablet=&#8221;20px||||false|false&#8221; custom_padding_phone=&#8221;0px||||false|false&#8221; locked=&#8221;off&#8221; global_colors_info=&#8221;{}&#8221;][et_pb_column type=&#8221;1_4&#8243; _builder_version=&#8221;4.27.4&#8243; _module_preset=&#8221;default&#8221; custom_css_main_element=&#8221;margin: auto;||alig&#8221; global_colors_info=&#8221;{}&#8221;][et_pb_image src=&#8221;https:\/\/agendaurbana.arteixo.org\/wp-content\/uploads\/2025\/10\/S-WEB-Goal-14.png&#8221; admin_label=&#8221;Imagen 1 FIN DE LA POBREZA&#8221; _builder_version=&#8221;4.27.4&#8243; _module_preset=&#8221;default&#8221; width=&#8221;150px&#8221; max_width=&#8221;150px&#8221; module_alignment=&#8221;center&#8221; global_colors_info=&#8221;{}&#8221;][\/et_pb_image][\/et_pb_column][et_pb_column type=&#8221;3_4&#8243; _builder_version=&#8221;4.27.4&#8243; _module_preset=&#8221;default&#8221; custom_css_main_element=&#8221;margin: auto;&#8221; global_colors_info=&#8221;{}&#8221;][et_pb_text admin_label=&#8221;Texto ODS 1 &#8211; Fin de la pobreza&#8221; _builder_version=&#8221;4.27.4&#8243; _module_preset=&#8221;default&#8221; text_text_color=&#8221;#19437e&#8221; header_text_color=&#8221;#19437e&#8221; header_2_text_color=&#8221;#19437e&#8221; header_3_text_color=&#8221;#19437e&#8221; custom_margin=&#8221;||9px|||&#8221; custom_css_main_element=&#8221;display: flex;||flex-direction: column;||justify-content: center;||height: auto;||min-height: 100%;&#8221; global_colors_info=&#8221;{}&#8221;]<\/p>\n<h2><span style=\"color: #ffffff\">ODS 14 &#8211; Vida submarina<\/span><\/h2>\n<p>[\/et_pb_text][et_pb_code _builder_version=&#8221;4.27.4&#8243; _module_preset=&#8221;default&#8221; locked=&#8221;off&#8221; global_colors_info=&#8221;{}&#8221;]<\/p>\n<style><!-- [et_pb_line_break_holder] -->@media (max-width: 768px) {<!-- [et_pb_line_break_holder] -->  .dos-columnas {<!-- [et_pb_line_break_holder] -->    display: flex;<!-- [et_pb_line_break_holder] -->    flex-direction: row;<!-- [et_pb_line_break_holder] -->    flex-wrap: nowrap;<!-- [et_pb_line_break_holder] -->    align-items: stretch; \/* Asegura que ambas columnas tengan misma altura *\/<!-- [et_pb_line_break_holder] -->  }<!-- [et_pb_line_break_holder] --><!-- [et_pb_line_break_holder] -->  .dos-columnas .et_pb_column_2 {<!-- [et_pb_line_break_holder] -->    display: flex;<!-- [et_pb_line_break_holder] -->    flex-direction: column;<!-- [et_pb_line_break_holder] -->    justify-content: center;<!-- [et_pb_line_break_holder] -->    height: auto;<!-- [et_pb_line_break_holder] -->    min-height: 100%;<!-- [et_pb_line_break_holder] -->  }<!-- [et_pb_line_break_holder] -->}<!-- [et_pb_line_break_holder] --><\/style>\n<p>[\/et_pb_code][\/et_pb_column][\/et_pb_row][et_pb_row use_custom_gutter=&#8221;on&#8221; make_equal=&#8221;on&#8221; custom_padding_last_edited=&#8221;on|phone&#8221; admin_label=&#8221;Metas&#8221; _builder_version=&#8221;4.27.4&#8243; _module_preset=&#8221;default&#8221; background_color=&#8221;RGBA(255,255,255,0)&#8221; background_enable_image=&#8221;off&#8221; width=&#8221;98%&#8221; width_tablet=&#8221;90%&#8221; width_phone=&#8221;95%&#8221; width_last_edited=&#8221;on|tablet&#8221; custom_margin=&#8221;19px|auto||auto|false|false&#8221; custom_padding=&#8221;10px||||false|false&#8221; custom_padding_tablet=&#8221;20px||||false|false&#8221; custom_padding_phone=&#8221;0px||||false|false&#8221; locked=&#8221;off&#8221; global_colors_info=&#8221;{}&#8221;][et_pb_column type=&#8221;4_4&#8243; _builder_version=&#8221;4.27.4&#8243; _module_preset=&#8221;default&#8221; background_color=&#8221;RGBA(255,255,255,0)&#8221; background_enable_image=&#8221;off&#8221; parallax=&#8221;on&#8221; global_colors_info=&#8221;{}&#8221;][et_pb_text admin_label=&#8221;Texto&#8221; _builder_version=&#8221;4.27.4&#8243; _module_preset=&#8221;default&#8221; text_text_color=&#8221;#19437e&#8221; header_text_color=&#8221;#19437e&#8221; header_2_text_color=&#8221;#19437e&#8221; header_3_text_color=&#8221;#0a97d9&#8243; header_3_font_size=&#8221;24px&#8221; custom_margin=&#8221;||9px|||&#8221; global_colors_info=&#8221;{}&#8221;]<\/p>\n<h3>Metas<\/h3>\n<p>[\/et_pb_text][et_pb_toggle title=&#8221;Meta 14.1&#8243; open_toggle_text_color=&#8221;#0a97d9&#8243; closed_toggle_text_color=&#8221;#0a97d9&#8243; icon_color=&#8221;#0a97d9&#8243; use_icon_font_size=&#8221;on&#8221; icon_font_size=&#8221;20px&#8221; open_icon_color=&#8221;#0a97d9&#8243; _builder_version=&#8221;4.27.4&#8243; _module_preset=&#8221;default&#8221; title_font_size=&#8221;18px&#8221; closed_title_font_size=&#8221;18px&#8221; global_colors_info=&#8221;{}&#8221;]<\/p>\n<p>14.1 De aqu\u00ed a 2025, previr e reducir significativamente a contaminaci\u00f3n mari\u00f1a de todo tipo, en particular a producida por actividades realizadas en terra, inclu\u00eddos os detritos mari\u00f1os e a poluci\u00f3n por nutrientes.<\/p>\n<p>[\/et_pb_toggle][et_pb_toggle title=&#8221;Meta 14.2&#8243; open_toggle_text_color=&#8221;#0a97d9&#8243; closed_toggle_text_color=&#8221;#0a97d9&#8243; icon_color=&#8221;#0a97d9&#8243; use_icon_font_size=&#8221;on&#8221; icon_font_size=&#8221;20px&#8221; open_icon_color=&#8221;#0a97d9&#8243; _builder_version=&#8221;4.27.4&#8243; _module_preset=&#8221;default&#8221; title_font_size=&#8221;18px&#8221; closed_title_font_size=&#8221;18px&#8221; global_colors_info=&#8221;{}&#8221;]<\/p>\n<p>14.2 De aqu\u00ed a 2020, xestionar e protexer sosteniblemente os ecosistemas mari\u00f1os e costeiros para evitar efectos adversos importantes, incluso fortalecendo a s\u00faa resiliencia, e adoptar medidas para restauralos a fin de restablecer a sa\u00fade e a produtividade dos oc\u00e9anos.<\/p>\n<p>[\/et_pb_toggle][et_pb_toggle title=&#8221;Meta 14.3&#8243; open_toggle_text_color=&#8221;#0a97d9&#8243; closed_toggle_text_color=&#8221;#0a97d9&#8243; icon_color=&#8221;#0a97d9&#8243; use_icon_font_size=&#8221;on&#8221; icon_font_size=&#8221;20px&#8221; open_icon_color=&#8221;#0a97d9&#8243; _builder_version=&#8221;4.27.4&#8243; _module_preset=&#8221;default&#8221; title_font_size=&#8221;18px&#8221; closed_title_font_size=&#8221;18px&#8221; global_colors_info=&#8221;{}&#8221;]<\/p>\n<p>14.3 Minimizar e abordar os efectos da acidificaci\u00f3n dos oc\u00e9anos, mesmo mediante unha maior cooperaci\u00f3n cient\u00edfica a todos os niveis.<\/p>\n<p>[\/et_pb_toggle][et_pb_toggle title=&#8221;Meta 14.4&#8243; open_toggle_text_color=&#8221;#0a97d9&#8243; closed_toggle_text_color=&#8221;#0a97d9&#8243; icon_color=&#8221;#0a97d9&#8243; use_icon_font_size=&#8221;on&#8221; icon_font_size=&#8221;20px&#8221; open_icon_color=&#8221;#0a97d9&#8243; _builder_version=&#8221;4.27.4&#8243; _module_preset=&#8221;default&#8221; title_font_size=&#8221;18px&#8221; closed_title_font_size=&#8221;18px&#8221; global_colors_info=&#8221;{}&#8221;]<\/p>\n<p>14.4 De aqu\u00ed a 2020, regulamentar eficazmente a explotaci\u00f3n pesqueira e po\u00f1er fin \u00e1 pesca excesiva, a pesca ilegal, non declarada e non regulamentada e as pr\u00e1cticas pesqueiras destrutivas, e aplicar plans de xesti\u00f3n con fundamento cient\u00edfico a fin de restablecer as poboaci\u00f3ns de peixes no prazo m\u00e1is breve posible, polo menos alcanzando niveis que poidan producir o m\u00e1ximo rendemento sostible #de acordo con as s\u00faas caracter\u00edsticas biol\u00f3xicas.<\/p>\n<p>[\/et_pb_toggle][et_pb_toggle title=&#8221;Meta 14.5&#8243; open_toggle_text_color=&#8221;#0a97d9&#8243; closed_toggle_text_color=&#8221;#0a97d9&#8243; icon_color=&#8221;#0a97d9&#8243; use_icon_font_size=&#8221;on&#8221; icon_font_size=&#8221;20px&#8221; open_icon_color=&#8221;#0a97d9&#8243; _builder_version=&#8221;4.27.4&#8243; _module_preset=&#8221;default&#8221; title_font_size=&#8221;18px&#8221; closed_title_font_size=&#8221;18px&#8221; global_colors_info=&#8221;{}&#8221;]<\/p>\n<p>14.5 De aqu\u00ed a 2020, conservar polo menos o 10% das zonas costeiras e mari\u00f1as, de conformidade coas leis nacionais e o dereito internacional e sobre a base da mellor informaci\u00f3n cient\u00edfica dispo\u00f1ible.<\/p>\n<p>[\/et_pb_toggle][et_pb_toggle title=&#8221;Meta 14.6&#8243; open_toggle_text_color=&#8221;#0a97d9&#8243; closed_toggle_text_color=&#8221;#0a97d9&#8243; icon_color=&#8221;#0a97d9&#8243; use_icon_font_size=&#8221;on&#8221; icon_font_size=&#8221;20px&#8221; open_icon_color=&#8221;#0a97d9&#8243; _builder_version=&#8221;4.27.4&#8243; _module_preset=&#8221;default&#8221; title_font_size=&#8221;18px&#8221; closed_title_font_size=&#8221;18px&#8221; global_colors_info=&#8221;{}&#8221;]<\/p>\n<p>14.6 De aqu\u00ed a 2020, prohibir certas formas de subvenci\u00f3ns \u00e1 pesca que contrib\u00faen \u00e1 sobrecapacidad e a pesca excesiva, eliminar as subvenci\u00f3ns que contrib\u00faen \u00e1 pesca ilegal, non declarada e non regulamentada e absterse de introducir novas subvenci\u00f3ns desa \u00edndole, reco\u00f1ecendo que a negociaci\u00f3n sobre as subvenci\u00f3ns \u00e1 pesca no marco da Organizaci\u00f3n Mundial do Comercio debe inclu\u00edr un trato especial e diferenciado, apropiado e efectivo para os pa\u00edses en desenvolvemento e os pa\u00edses menos adiantados \u00b9.<\/p>\n<p>\u00b9 Teniendo en cuenta as negociaci\u00f3ns en curso da Organizaci\u00f3n Mundial do Comercio, o Programa de Doha para o Desenvolvemento e o mandato da Declaraci\u00f3n Ministerial de Hong Kong.<\/p>\n<p>[\/et_pb_toggle][et_pb_toggle title=&#8221;Meta 14.7&#8243; open_toggle_text_color=&#8221;#0a97d9&#8243; closed_toggle_text_color=&#8221;#0a97d9&#8243; icon_color=&#8221;#0a97d9&#8243; use_icon_font_size=&#8221;on&#8221; icon_font_size=&#8221;20px&#8221; open_icon_color=&#8221;#0a97d9&#8243; _builder_version=&#8221;4.27.4&#8243; _module_preset=&#8221;default&#8221; title_font_size=&#8221;18px&#8221; closed_title_font_size=&#8221;18px&#8221; global_colors_info=&#8221;{}&#8221;]<\/p>\n<p>14.7 De aqu\u00ed a 2030, aumentar os beneficios econ\u00f3micos que os pequenos Estados insulares en desenvolvemento e os pa\u00edses menos adiantados obte\u00f1en do uso sostible dos recursos mari\u00f1os, en particular mediante a xesti\u00f3n sostible da pesca, a acuicultura e o turismo.<\/p>\n<p>[\/et_pb_toggle][et_pb_toggle title=&#8221;Meta 14.a&#8221; open_toggle_text_color=&#8221;#0a97d9&#8243; closed_toggle_text_color=&#8221;#0a97d9&#8243; icon_color=&#8221;#0a97d9&#8243; use_icon_font_size=&#8221;on&#8221; icon_font_size=&#8221;20px&#8221; open_icon_color=&#8221;#0a97d9&#8243; _builder_version=&#8221;4.27.4&#8243; _module_preset=&#8221;default&#8221; title_font_size=&#8221;18px&#8221; closed_title_font_size=&#8221;18px&#8221; global_colors_info=&#8221;{}&#8221;]<\/p>\n<p>14.a Aumentar os co\u00f1ecementos cient\u00edficos, desenvolver a capacidade de investigaci\u00f3n e transferir tecnolox\u00eda mari\u00f1a, @teniendo en cuenta os Criterios e Directrices para a Transferencia de Tecnolox\u00eda Mari\u00f1a da Comisi\u00f3n Oceanogr\u00e1fica Intergobernamental, a fin de mellorar a sa\u00fade dos oc\u00e9anos e potenciar a contribuci\u00f3n da biodiversidade mari\u00f1a ao desenvolvemento dos pa\u00edses en desenvolvemento, en particular os pequenos Estados insulares en desenvolvemento e os pa\u00edses menos adiantados.<\/p>\n<p>[\/et_pb_toggle][et_pb_toggle title=&#8221;Meta 14.b&#8221; open_toggle_text_color=&#8221;#0a97d9&#8243; closed_toggle_text_color=&#8221;#0a97d9&#8243; icon_color=&#8221;#0a97d9&#8243; use_icon_font_size=&#8221;on&#8221; icon_font_size=&#8221;20px&#8221; open_icon_color=&#8221;#0a97d9&#8243; _builder_version=&#8221;4.27.4&#8243; _module_preset=&#8221;default&#8221; title_font_size=&#8221;18px&#8221; closed_title_font_size=&#8221;18px&#8221; global_colors_info=&#8221;{}&#8221;]<\/p>\n<p>14.b Facilitar o acceso dos pescadores artesanais aos recursos mari\u00f1os e os mercados.<\/p>\n<p>[\/et_pb_toggle][et_pb_toggle title=&#8221;Meta 14.c&#8221; open_toggle_text_color=&#8221;#0a97d9&#8243; closed_toggle_text_color=&#8221;#0a97d9&#8243; icon_color=&#8221;#0a97d9&#8243; use_icon_font_size=&#8221;on&#8221; icon_font_size=&#8221;20px&#8221; open_icon_color=&#8221;#0a97d9&#8243; _builder_version=&#8221;4.27.4&#8243; _module_preset=&#8221;default&#8221; title_font_size=&#8221;18px&#8221; closed_title_font_size=&#8221;18px&#8221; global_colors_info=&#8221;{}&#8221;]<\/p>\n<p>14.c Mellorar a conservaci\u00f3n e o uso sostible dos oc\u00e9anos e os seus recursos aplicando o dereito internacional reflectido na Convenci\u00f3n das Naci\u00f3ns Unidas sobre o Dereito do Mar, que constit\u00fae o marco xur\u00eddico para a conservaci\u00f3n e a utilizaci\u00f3n sostible dos oc\u00e9anos e os seus recursos, como se lembra no par\u00e1grafo 158 do documento \u201cO futuro que queremos\u201d.<\/p>\n<p>[\/et_pb_toggle][\/et_pb_column][\/et_pb_row][\/et_pb_section][et_pb_section fb_built=&#8221;1&#8243; custom_padding_last_edited=&#8221;on|desktop&#8221; disabled_on=&#8221;on|on|off&#8221; admin_label=&#8221;section&#8221; _builder_version=&#8221;4.27.4&#8243; custom_padding_tablet=&#8221;&#8221; custom_padding_phone=&#8221;0px||||false|false&#8221; custom_css_main_element=&#8221;<\/p>\n<style>||.zoomin img {||  transition: all 0.5s;||  -webkit-transition: all 0.5s;||  -moz-transition: all 0.5s;||  position: relative; \/* necesario para que z-index funcione *\/||  z-index: 1;||}||.zoomin img:hover {||  transform: scale(2.1);||  -webkit-transform: scale(2.1);||  -moz-transform: scale(2.1);||  z-index: 10; \/* esta imagen ir\u00e1 por encima de todas *\/||}||<\/style>\n<p>&#8221; da_disable_devices=&#8221;off|off|off&#8221; locked=&#8221;off&#8221; global_colors_info=&#8221;{}&#8221; da_is_popup=&#8221;off&#8221; da_exit_intent=&#8221;off&#8221; da_has_close=&#8221;on&#8221; da_alt_close=&#8221;off&#8221; da_dark_close=&#8221;off&#8221; da_not_modal=&#8221;on&#8221; da_is_singular=&#8221;off&#8221; da_with_loader=&#8221;off&#8221; da_has_shadow=&#8221;on&#8221;][et_pb_row use_custom_gutter=&#8221;on&#8221; gutter_width=&#8221;1&#8243; make_equal=&#8221;on&#8221; custom_padding_last_edited=&#8221;on|phone&#8221; admin_label=&#8221;Fila&#8221; _builder_version=&#8221;4.27.4&#8243; _module_preset=&#8221;default&#8221; background_color=&#8221;RGBA(255,255,255,0)&#8221; background_enable_image=&#8221;off&#8221; width=&#8221;98%&#8221; width_tablet=&#8221;90%&#8221; width_phone=&#8221;95%&#8221; width_last_edited=&#8221;on|tablet&#8221; custom_margin=&#8221;||||false|false&#8221; custom_padding=&#8221;10px||20px||false|false&#8221; custom_padding_tablet=&#8221;20px||||false|false&#8221; custom_padding_phone=&#8221;0px||||false|false&#8221; locked=&#8221;off&#8221; global_colors_info=&#8221;{}&#8221;][et_pb_column type=&#8221;4_4&#8243; _builder_version=&#8221;4.27.4&#8243; _module_preset=&#8221;default&#8221; background_color=&#8221;RGBA(255,255,255,0)&#8221; background_enable_image=&#8221;off&#8221; parallax=&#8221;on&#8221; custom_css_main_element=&#8221;display: flex;||flex-wrap: wrap;&#8221; global_colors_info=&#8221;{}&#8221;][et_pb_image src=&#8221;https:\/\/agendaurbana.arteixo.org\/wp-content\/uploads\/2025\/10\/S-WEB-Goal-01-1.png&#8221; title_text=&#8221;S-WEB-Goal-02&#8243; url=&#8221;\/gl\/axenda-2030\/ods\/1-fin-pobreza\/#sec&#8221; align=&#8221;center&#8221; admin_label=&#8221;1&#8243; module_class=&#8221;zoomin&#8221; _builder_version=&#8221;4.27.4&#8243; _module_preset=&#8221;default&#8221; width=&#8221;5%&#8221; max_width=&#8221;5%&#8221; module_alignment=&#8221;center&#8221; global_colors_info=&#8221;{}&#8221;][\/et_pb_image][et_pb_image src=&#8221;https:\/\/agendaurbana.arteixo.org\/wp-content\/uploads\/2025\/10\/S-WEB-Goal-02.png&#8221; title_text=&#8221;S-WEB-Goal-02&#8243; url=&#8221;\/gl\/axenda-2030\/ods\/2-fame-cero\/#sec&#8221; align=&#8221;center&#8221; admin_label=&#8221;2&#8243; module_class=&#8221;zoomin&#8221; _builder_version=&#8221;4.27.4&#8243; _module_preset=&#8221;default&#8221; width=&#8221;5%&#8221; max_width=&#8221;5%&#8221; module_alignment=&#8221;center&#8221; global_colors_info=&#8221;{}&#8221;][\/et_pb_image][et_pb_image src=&#8221;https:\/\/agendaurbana.arteixo.org\/wp-content\/uploads\/2025\/10\/S-WEB-Goal-03.png&#8221; title_text=&#8221;S-WEB-Goal-02&#8243; url=&#8221;\/gl\/axenda-2030\/ods\/3-saude-benestar\/#sec&#8221; align=&#8221;center&#8221; admin_label=&#8221;3&#8243; module_class=&#8221;zoomin&#8221; _builder_version=&#8221;4.27.4&#8243; _module_preset=&#8221;default&#8221; width=&#8221;5%&#8221; max_width=&#8221;5%&#8221; module_alignment=&#8221;center&#8221; global_colors_info=&#8221;{}&#8221;][\/et_pb_image][et_pb_image src=&#8221;https:\/\/agendaurbana.arteixo.org\/wp-content\/uploads\/2025\/10\/S-WEB-Goal-04.png&#8221; title_text=&#8221;S-WEB-Goal-02&#8243; url=&#8221;\/gl\/axenda-2030\/ods\/4-educacion-calidade\/#sec&#8221; align=&#8221;center&#8221; admin_label=&#8221;4&#8243; module_class=&#8221;zoomin&#8221; _builder_version=&#8221;4.27.4&#8243; _module_preset=&#8221;default&#8221; width=&#8221;5%&#8221; max_width=&#8221;5%&#8221; module_alignment=&#8221;center&#8221; global_colors_info=&#8221;{}&#8221;][\/et_pb_image][et_pb_image src=&#8221;https:\/\/agendaurbana.arteixo.org\/wp-content\/uploads\/2025\/10\/S-WEB-Goal-05.png&#8221; title_text=&#8221;S-WEB-Goal-02&#8243; url=&#8221;\/gl\/axenda-2030\/ods\/5-igualdade-xenero\/#sec&#8221; align=&#8221;center&#8221; admin_label=&#8221;5&#8243; module_class=&#8221;zoomin&#8221; _builder_version=&#8221;4.27.4&#8243; _module_preset=&#8221;default&#8221; width=&#8221;5%&#8221; max_width=&#8221;5%&#8221; module_alignment=&#8221;center&#8221; global_colors_info=&#8221;{}&#8221;][\/et_pb_image][et_pb_image src=&#8221;https:\/\/agendaurbana.arteixo.org\/wp-content\/uploads\/2025\/10\/S-WEB-Goal-06.png&#8221; title_text=&#8221;S-WEB-Goal-02&#8243; url=&#8221;\/gl\/axenda-2030\/ods\/6-auga-limpa-saneamento\/#sec&#8221; align=&#8221;center&#8221; admin_label=&#8221;6&#8243; module_class=&#8221;zoomin&#8221; _builder_version=&#8221;4.27.4&#8243; _module_preset=&#8221;default&#8221; width=&#8221;5%&#8221; max_width=&#8221;5%&#8221; module_alignment=&#8221;center&#8221; global_colors_info=&#8221;{}&#8221;][\/et_pb_image][et_pb_image src=&#8221;https:\/\/agendaurbana.arteixo.org\/wp-content\/uploads\/2025\/10\/S-WEB-Goal-07.png&#8221; title_text=&#8221;S-WEB-Goal-02&#8243; url=&#8221;\/gl\/axenda-2030\/ods\/7-enerxia-alcanzable-non-contaminante\/#sec&#8221; align=&#8221;center&#8221; admin_label=&#8221;7&#8243; module_class=&#8221;zoomin&#8221; _builder_version=&#8221;4.27.4&#8243; _module_preset=&#8221;default&#8221; width=&#8221;5%&#8221; max_width=&#8221;5%&#8221; module_alignment=&#8221;center&#8221; global_colors_info=&#8221;{}&#8221;][\/et_pb_image][et_pb_image src=&#8221;https:\/\/agendaurbana.arteixo.org\/wp-content\/uploads\/2025\/10\/S-WEB-Goal-08.png&#8221; title_text=&#8221;S-WEB-Goal-02&#8243; url=&#8221;\/gl\/axenda-2030\/ods\/8-traballo-decente-crecemento-economico\/#sec&#8221; align=&#8221;center&#8221; admin_label=&#8221;8&#8243; module_class=&#8221;zoomin&#8221; _builder_version=&#8221;4.27.4&#8243; _module_preset=&#8221;default&#8221; width=&#8221;5%&#8221; max_width=&#8221;5%&#8221; module_alignment=&#8221;center&#8221; global_colors_info=&#8221;{}&#8221;][\/et_pb_image][et_pb_image src=&#8221;https:\/\/agendaurbana.arteixo.org\/wp-content\/uploads\/2025\/10\/S-WEB-Goal-09.png&#8221; title_text=&#8221;S-WEB-Goal-02&#8243; url=&#8221;\/gl\/axenda-2030\/ods\/9-industria-innovacion-infraestrutura\/#sec&#8221; align=&#8221;center&#8221; admin_label=&#8221;9&#8243; module_class=&#8221;zoomin&#8221; _builder_version=&#8221;4.27.4&#8243; _module_preset=&#8221;default&#8221; width=&#8221;5%&#8221; max_width=&#8221;5%&#8221; module_alignment=&#8221;center&#8221; global_colors_info=&#8221;{}&#8221;][\/et_pb_image][et_pb_image src=&#8221;https:\/\/agendaurbana.arteixo.org\/wp-content\/uploads\/2025\/10\/S-WEB-Goal-10.png&#8221; title_text=&#8221;S-WEB-Goal-02&#8243; url=&#8221;\/gl\/axenda-2030\/ods\/10-reducion-desigualdades\/#sec&#8221; align=&#8221;center&#8221; admin_label=&#8221;10&#8243; module_class=&#8221;zoomin&#8221; _builder_version=&#8221;4.27.4&#8243; _module_preset=&#8221;default&#8221; width=&#8221;5%&#8221; max_width=&#8221;5%&#8221; module_alignment=&#8221;center&#8221; global_colors_info=&#8221;{}&#8221;][\/et_pb_image][et_pb_image src=&#8221;https:\/\/agendaurbana.arteixo.org\/wp-content\/uploads\/2025\/10\/S-WEB-Goal-11.png&#8221; title_text=&#8221;S-WEB-Goal-03&#8243; url=&#8221;\/gl\/axenda-2030\/ods\/11-cidades-comunidades-sostibles\/#sec&#8221; align=&#8221;center&#8221; admin_label=&#8221;11&#8243; module_class=&#8221;zoomin&#8221; _builder_version=&#8221;4.27.4&#8243; _module_preset=&#8221;default&#8221; width=&#8221;5%&#8221; max_width=&#8221;5%&#8221; module_alignment=&#8221;center&#8221; global_colors_info=&#8221;{}&#8221;][\/et_pb_image][et_pb_image src=&#8221;https:\/\/agendaurbana.arteixo.org\/wp-content\/uploads\/2025\/10\/S-WEB-Goal-12.png&#8221; title_text=&#8221;S-WEB-Goal-03&#8243; url=&#8221;\/gl\/axenda-2030\/ods\/12-producion-consumo-responsables\/#sec&#8221; align=&#8221;center&#8221; admin_label=&#8221;12&#8243; module_class=&#8221;zoomin&#8221; _builder_version=&#8221;4.27.4&#8243; _module_preset=&#8221;default&#8221; width=&#8221;5%&#8221; max_width=&#8221;5%&#8221; module_alignment=&#8221;center&#8221; global_colors_info=&#8221;{}&#8221;][\/et_pb_image][et_pb_image src=&#8221;https:\/\/agendaurbana.arteixo.org\/wp-content\/uploads\/2025\/10\/S-WEB-Goal-13.png&#8221; title_text=&#8221;S-WEB-Goal-03&#8243; url=&#8221;\/gl\/axenda-2030\/ods\/13-accion-polo-clima\/#sec&#8221; align=&#8221;center&#8221; admin_label=&#8221;13&#8243; module_class=&#8221;zoomin&#8221; _builder_version=&#8221;4.27.4&#8243; _module_preset=&#8221;default&#8221; width=&#8221;5%&#8221; max_width=&#8221;5%&#8221; module_alignment=&#8221;center&#8221; global_colors_info=&#8221;{}&#8221;][\/et_pb_image][et_pb_image src=&#8221;https:\/\/agendaurbana.arteixo.org\/wp-content\/uploads\/2025\/10\/S-WEB-Goal-14.png&#8221; title_text=&#8221;S-WEB-Goal-03&#8243; url=&#8221;\/gl\/axenda-2030\/ods\/14-vida-submarina\/#sec&#8221; align=&#8221;center&#8221; admin_label=&#8221;14&#8243; module_class=&#8221;zoomin&#8221; _builder_version=&#8221;4.27.4&#8243; _module_preset=&#8221;default&#8221; width=&#8221;5%&#8221; max_width=&#8221;5%&#8221; module_alignment=&#8221;center&#8221; global_colors_info=&#8221;{}&#8221;][\/et_pb_image][et_pb_image src=&#8221;https:\/\/agendaurbana.arteixo.org\/wp-content\/uploads\/2025\/10\/S-WEB-Goal-15.png&#8221; title_text=&#8221;S-WEB-Goal-03&#8243; url=&#8221;\/gl\/axenda-2030\/ods\/15-vida-ecosistemas-terrestres\/#sec&#8221; align=&#8221;center&#8221; admin_label=&#8221;15&#8243; module_class=&#8221;zoomin&#8221; _builder_version=&#8221;4.27.4&#8243; _module_preset=&#8221;default&#8221; width=&#8221;5%&#8221; max_width=&#8221;5%&#8221; module_alignment=&#8221;center&#8221; global_colors_info=&#8221;{}&#8221;][\/et_pb_image][et_pb_image src=&#8221;https:\/\/agendaurbana.arteixo.org\/wp-content\/uploads\/2025\/10\/S-WEB-Goal-16.png&#8221; title_text=&#8221;S-WEB-Goal-03&#8243; url=&#8221;\/gl\/axenda-2030\/ods\/16-paz-xustiza-institucions-solidas\/#sec&#8221; align=&#8221;center&#8221; admin_label=&#8221;16&#8243; module_class=&#8221;zoomin&#8221; _builder_version=&#8221;4.27.4&#8243; _module_preset=&#8221;default&#8221; width=&#8221;5%&#8221; max_width=&#8221;5%&#8221; module_alignment=&#8221;center&#8221; global_colors_info=&#8221;{}&#8221;][\/et_pb_image][et_pb_image src=&#8221;https:\/\/agendaurbana.arteixo.org\/wp-content\/uploads\/2025\/10\/S-WEB-Goal-17.png&#8221; title_text=&#8221;S-WEB-Goal-03&#8243; url=&#8221;\/gl\/axenda-2030\/ods\/17-alianzas-para-lograr-obxectivos\/#sec&#8221; align=&#8221;center&#8221; admin_label=&#8221;17&#8243; module_class=&#8221;zoomin&#8221; _builder_version=&#8221;4.27.4&#8243; _module_preset=&#8221;default&#8221; width=&#8221;5%&#8221; max_width=&#8221;5%&#8221; module_alignment=&#8221;center&#8221; global_colors_info=&#8221;{}&#8221;][\/et_pb_image][\/et_pb_column][\/et_pb_row][\/et_pb_section][et_pb_section fb_built=&#8221;1&#8243; disabled_on=&#8221;off|off|on&#8221; admin_label=&#8221;Mobile&#8221; _builder_version=&#8221;4.27.4&#8243; _module_preset=&#8221;default&#8221; module_alignment=&#8221;center&#8221; custom_margin=&#8221;0px||0px||false|false&#8221; custom_padding=&#8221;0px||0px||false|false&#8221; da_disable_devices=&#8221;off|off|off&#8221; locked=&#8221;off&#8221; global_colors_info=&#8221;{}&#8221; da_is_popup=&#8221;off&#8221; da_exit_intent=&#8221;off&#8221; da_has_close=&#8221;on&#8221; da_alt_close=&#8221;off&#8221; da_dark_close=&#8221;off&#8221; da_not_modal=&#8221;on&#8221; da_is_singular=&#8221;off&#8221; da_with_loader=&#8221;off&#8221; da_has_shadow=&#8221;on&#8221;][et_pb_row _builder_version=&#8221;4.27.4&#8243; _module_preset=&#8221;default&#8221; width=&#8221;100%&#8221; max_width=&#8221;100%&#8221; custom_margin=&#8221;0px||0px||false|false&#8221; custom_padding=&#8221;0px||0px||false|false&#8221; global_colors_info=&#8221;{}&#8221;][et_pb_column type=&#8221;4_4&#8243; _builder_version=&#8221;4.27.4&#8243; _module_preset=&#8221;default&#8221; custom_padding=&#8221;0px||0px||false|false&#8221; global_colors_info=&#8221;{}&#8221;][et_pb_code _builder_version=&#8221;4.27.4&#8243; _module_preset=&#8221;default&#8221; module_alignment=&#8221;center&#8221; custom_margin=&#8221;0px||0px||false|false&#8221; custom_padding=&#8221;0px||0px||false|false&#8221; global_colors_info=&#8221;{}&#8221;]<\/p>\n<div class=\"horizontal-slider\"><!-- [et_pb_line_break_holder] -->  <\/p>\n<div class=\"slide\"><a href=\"\/agenda-2030\/ods\/1-fin-pobreza\/#sec\"><img decoding=\"async\" src=\"\/wp-content\/uploads\/2025\/10\/S-WEB-Goal-01-1.png\" alt=\"ODS-1\"><\/a><\/div>\n<p><!-- [et_pb_line_break_holder] --><\/p>\n<div class=\"slide\"><a href=\"\/agenda-2030\/ods\/2-hambre-cero\/#sec\"><img decoding=\"async\" src=\"\/wp-content\/uploads\/2025\/10\/S-WEB-Goal-02.png\" alt=\"ODS-2\"><\/a><\/div>\n<p><!-- [et_pb_line_break_holder] --><\/p>\n<div class=\"slide\"><a href=\"\/agenda-2030\/ods\/3-salud-bienestar\/#sec\"><img decoding=\"async\" src=\"\/wp-content\/uploads\/2025\/10\/S-WEB-Goal-03.png\" alt=\"ODS-3\"><\/a><\/div>\n<p><!-- [et_pb_line_break_holder] --><\/p>\n<div class=\"slide\"><a href=\"\/agenda-2030\/ods\/4-educacion-calidad\/#sec\"><img decoding=\"async\" src=\"\/wp-content\/uploads\/2025\/10\/S-WEB-Goal-04.png\" alt=\"ODS-4\"><\/a><\/div>\n<p><!-- [et_pb_line_break_holder] --><\/p>\n<div class=\"slide\"><a href=\"\/agenda-2030\/ods\/5-igualdad-genero\/#sec\"><img decoding=\"async\" src=\"\/wp-content\/uploads\/2025\/10\/S-WEB-Goal-05.png\" alt=\"ODS-5\"><\/a><\/div>\n<p><!-- [et_pb_line_break_holder] --><\/p>\n<div class=\"slide\"><a href=\"\/agenda-2030\/ods\/6-agua-limpia-saneamiento\/#sec\"><img decoding=\"async\" src=\"\/wp-content\/uploads\/2025\/10\/S-WEB-Goal-06.png\" alt=\"ODS-6\"><\/a><\/div>\n<p><!-- [et_pb_line_break_holder] --><\/p>\n<div class=\"slide\"><a href=\"\/agenda-2030\/ods\/7-energia-asequible-no-contaminante\/#sec\"><img decoding=\"async\" src=\"\/wp-content\/uploads\/2025\/10\/S-WEB-Goal-07.png\" alt=\"ODS-7\"><\/a><\/div>\n<p><!-- [et_pb_line_break_holder] --><\/p>\n<div class=\"slide\"><a href=\"\/agenda-2030\/ods\/8-trabajo-decente-crecimiento-economico\/#sec\"><img decoding=\"async\" src=\"\/wp-content\/uploads\/2025\/10\/S-WEB-Goal-08.png\" alt=\"ODS-8\"><\/a><\/div>\n<p><!-- [et_pb_line_break_holder] --><\/p>\n<div class=\"slide\"><a href=\"\/agenda-2030\/ods\/9-industria-innovacion-infraestructura\/#sec\"><img decoding=\"async\" src=\"\/wp-content\/uploads\/2025\/10\/S-WEB-Goal-09.png\" alt=\"ODS-9\"><\/a><\/div>\n<p><!-- [et_pb_line_break_holder] --><\/p>\n<div class=\"slide\"><a href=\"\/agenda-2030\/ods\/10-reduccion-desigualdades\/#sec\"><img decoding=\"async\" src=\"\/wp-content\/uploads\/2025\/10\/S-WEB-Goal-10.png\" alt=\"ODS-10\"><\/a><\/div>\n<p><!-- [et_pb_line_break_holder] --><\/p>\n<div class=\"slide\"><a href=\"\/agenda-2030\/ods\/11-ciudades-comunidades-sostenibles\/#sec\"><img decoding=\"async\" src=\"\/wp-content\/uploads\/2025\/10\/S-WEB-Goal-11.png\" alt=\"ODS-11\"><\/a><\/div>\n<p><!-- [et_pb_line_break_holder] --><\/p>\n<div class=\"slide\"><a href=\"\/agenda-2030\/ods\/12-produccion-consumo-responsables\/#sec\"><img decoding=\"async\" src=\"\/wp-content\/uploads\/2025\/10\/S-WEB-Goal-12.png\" alt=\"ODS-12\"><\/a><\/div>\n<p><!-- [et_pb_line_break_holder] --><\/p>\n<div class=\"slide\"><a href=\"\/agenda-2030\/ods\/13-accion-por-clima\/#sec\"><img decoding=\"async\" src=\"\/wp-content\/uploads\/2025\/10\/S-WEB-Goal-13.png\" alt=\"ODS-13\"><\/a><\/div>\n<p><!-- [et_pb_line_break_holder] --><\/p>\n<div class=\"slide\"><a href=\"\/agenda-2030\/ods\/14-vida-submarina\/#sec\"><img decoding=\"async\" src=\"\/wp-content\/uploads\/2025\/10\/S-WEB-Goal-14.png\" alt=\"ODS-14\"><\/a><\/div>\n<p><!-- [et_pb_line_break_holder] --><\/p>\n<div class=\"slide\"><a href=\"\/agenda-2030\/ods\/15-vida-ecosistemas-terrestres\/#sec\"><img decoding=\"async\" src=\"\/wp-content\/uploads\/2025\/10\/S-WEB-Goal-15.png\" alt=\"ODS-15\"><\/a><\/div>\n<p><!-- [et_pb_line_break_holder] --><\/p>\n<div class=\"slide\"><a href=\"\/agenda-2030\/ods\/16-paz-justicia-instituciones-solidas\/#sec\"><img decoding=\"async\" src=\"\/wp-content\/uploads\/2025\/10\/S-WEB-Goal-16.png\" alt=\"ODS-16\"><\/a><\/div>\n<p><!-- [et_pb_line_break_holder] --><\/p>\n<div class=\"slide\"><a href=\"\/agenda-2030\/ods\/17-alianzas-para-lograr-objetivos\/#sec\"><img decoding=\"async\" src=\"\/wp-content\/uploads\/2025\/10\/S-WEB-Goal-17.png\" alt=\"ODS-17\"><\/a><\/div>\n<\/div>\n<p><!-- [et_pb_line_break_holder] -->  <!-- [et_pb_line_break_holder] --> <!-- [et_pb_line_break_holder] --><!-- [et_pb_line_break_holder] --><!-- [et_pb_line_break_holder] -->.horizontal-slider {<!-- [et_pb_line_break_holder] -->  display: flex;<!-- [et_pb_line_break_holder] -->  overflow-x: auto;<!-- [et_pb_line_break_holder] -->  scroll-snap-type: x mandatory;<!-- [et_pb_line_break_holder] -->  gap: 5px;<!-- [et_pb_line_break_holder] -->  padding: 20px;<!-- [et_pb_line_break_holder] -->}<!-- [et_pb_line_break_holder] --><!-- [et_pb_line_break_holder] -->.slide {<!-- [et_pb_line_break_holder] -->  flex: 0 0 auto;<!-- [et_pb_line_break_holder] -->  width: 70px;<!-- [et_pb_line_break_holder] -->  height: 70px;<!-- [et_pb_line_break_holder] -->  scroll-snap-align: start;<!-- [et_pb_line_break_holder] -->  transition: transform 0.3s ease;<!-- [et_pb_line_break_holder] -->}<!-- [et_pb_line_break_holder] --><!-- [et_pb_line_break_holder] -->.slide img {<!-- [et_pb_line_break_holder] -->  width: 100%;<!-- [et_pb_line_break_holder] -->  height: 100%;<!-- [et_pb_line_break_holder] -->  object-fit: cover;<!-- [et_pb_line_break_holder] -->}<!-- [et_pb_line_break_holder] --><!-- [et_pb_line_break_holder] -->\/* Zoom en m\u00f3vil *\/<!-- [et_pb_line_break_holder] -->@media (max-width: 768px) {<!-- [et_pb_line_break_holder] -->  .slide {<!-- [et_pb_line_break_holder] -->    width: 30vw;              \/* M\u00e1s compacto que 80vw *\/<!-- [et_pb_line_break_holder] -->    height: auto;<!-- [et_pb_line_break_holder] -->    aspect-ratio: 1 \/ 1;<!-- [et_pb_line_break_holder] -->    scroll-snap-align: center;<!-- [et_pb_line_break_holder] -->    transition: transform 0.3s ease;<!-- [et_pb_line_break_holder] -->  }<!-- [et_pb_line_break_holder] --><!-- [et_pb_line_break_holder] -->  .slide img {<!-- [et_pb_line_break_holder] -->    width: 100%;<!-- [et_pb_line_break_holder] -->    height: 100%;<!-- [et_pb_line_break_holder] -->    object-fit: contain;<!-- [et_pb_line_break_holder] -->    border-radius: 0;         \/* Elimina redondeo si no se desea *\/<!-- [et_pb_line_break_holder] -->  }<!-- [et_pb_line_break_holder] --><!-- [et_pb_line_break_holder] -->  .zoomed {<!-- [et_pb_line_break_holder] -->    transform: scale(1.1);<!-- [et_pb_line_break_holder] -->    z-index: 2;<!-- [et_pb_line_break_holder] -->  }<!-- [et_pb_line_break_holder] -->}<!-- [et_pb_line_break_holder] --><!-- [et_pb_line_break_holder] --><!-- [et_pb_line_break_holder] --><!-- [et_pb_line_break_holder] --><!-- [et_pb_line_break_holder] --><!-- [et_pb_line_break_holder] --><!-- [et_pb_line_break_holder] --><!-- [et_pb_line_break_holder] --><!-- [et_pb_line_break_holder] --><!-- [et_pb_line_break_holder] -->  const container = document.querySelector(&#8216;.horizontal-slider&#8217;);<!-- [et_pb_line_break_holder] -->  const slides = document.querySelectorAll(&#8216;.slide&#8217;);<!-- [et_pb_line_break_holder] --><!-- [et_pb_line_break_holder] -->  function updateZoomedSlide() {<!-- [et_pb_line_break_holder] -->    let center = container.scrollLeft + container.offsetWidth \/ 2;<!-- [et_pb_line_break_holder] --><!-- [et_pb_line_break_holder] -->    slides.forEach(slide => {<!-- [et_pb_line_break_holder] -->      const rect = slide.getBoundingClientRect();<!-- [et_pb_line_break_holder] -->      const slideCenter = rect.left + rect.width \/ 2;<!-- [et_pb_line_break_holder] --><!-- [et_pb_line_break_holder] -->      if (Math.abs(slideCenter &#8211; window.innerWidth \/ 2)  {<!-- [et_pb_line_break_holder] -->    if (window.innerWidth <= 768) {      updateZoomedSlide();    }  });  window.addEventListener(&#039;resize&#039;, updateZoomedSlide);  window.addEventListener(&#039;load&#039;, updateZoomedSlide);<!-- [et_pb_line_break_holder] --><!-- [et_pb_line_break_holder] --><!-- CODIGO 2 COlUMNAS PARA LOS ODS\"--><!-- [et_pb_line_break_holder] --><!-- [et_pb_line_break_holder] --><!-- [et_pb_line_break_holder] -->@media (max-width: 768px) {<!-- [et_pb_line_break_holder] -->  .dos-columnas {<!-- [et_pb_line_break_holder] -->    display: flex;<!-- [et_pb_line_break_holder] -->    flex-direction: row !important; \/* Fuerza horizontal *\/<!-- [et_pb_line_break_holder] -->    flex-wrap: nowrap;<!-- [et_pb_line_break_holder] -->    gap: 12px; \/* Ajusta seg\u00fan separaci\u00f3n deseada *\/<!-- [et_pb_line_break_holder] -->  }<!-- [et_pb_line_break_holder] --><!-- [et_pb_line_break_holder] -->  .dos-columnas > div {<!-- [et_pb_line_break_holder] -->    flex: 1 1 50%; \/* Cada columna ocupa la mitad *\/<!-- [et_pb_line_break_holder] -->    min-width: 0;  \/* Evita desbordamiento *\/<!-- [et_pb_line_break_holder] -->  }<!-- [et_pb_line_break_holder] -->} <!-- [et_pb_line_break_holder] --><!-- [et_pb_line_break_holder] --><!-- [et_pb_line_break_holder] -->[\/et_pb_code][\/et_pb_column][\/et_pb_row][\/et_pb_section]<\/p>\n","protected":false},"excerpt":{"rendered":"<p>ODS 14 &#8211; Vida submarinaMetas14.1 De aqu\u00ed a 2025, previr e reducir significativamente a contaminaci\u00f3n mari\u00f1a de todo tipo, en particular a producida por actividades realizadas en terra, inclu\u00eddos os [&hellip;]<\/p>\n","protected":false},"author":1,"featured_media":0,"parent":4232,"menu_order":0,"comment_status":"closed","ping_status":"closed","template":"","meta":{"_et_pb_use_builder":"on","_et_pb_old_content":"","_et_gb_content_width":"","footnotes":""},"class_list":["post-4261","page","type-page","status-publish","hentry"],"yoast_head":"<!-- This site is optimized with the Yoast SEO plugin v27.4 - https:\/\/yoast.com\/product\/yoast-seo-wordpress\/ -->\n<title>ODS 14 - Vida submarina - Agenda Urbana<\/title>\n<meta name=\"robots\" content=\"index, follow, max-snippet:-1, max-image-preview:large, max-video-preview:-1\" \/>\n<link rel=\"canonical\" href=\"https:\/\/agendaurbana.arteixo.org\/gl\/axenda-2030\/ods\/14-vida-submarina\/\" \/>\n<meta property=\"og:locale\" content=\"gl_ES\" \/>\n<meta property=\"og:type\" content=\"article\" \/>\n<meta property=\"og:title\" content=\"ODS 14 - Vida submarina - Agenda Urbana\" \/>\n<meta property=\"og:description\" content=\"ODS 14 - Vida submarinaMetas14.1 De aqu\u00ed a 2025, previr e reducir significativamente a contaminaci\u00f3n mari\u00f1a de todo tipo, en particular a producida por actividades realizadas en terra, inclu\u00eddos os [&hellip;]\" \/>\n<meta property=\"og:url\" content=\"https:\/\/agendaurbana.arteixo.org\/gl\/axenda-2030\/ods\/14-vida-submarina\/\" \/>\n<meta property=\"og:site_name\" content=\"Agenda Urbana\" \/>\n<meta property=\"article:publisher\" content=\"https:\/\/www.facebook.com\/ConcellodeArteixoOficial\/\" \/>\n<meta property=\"article:modified_time\" content=\"2025-12-23T11:00:27+00:00\" \/>\n<meta name=\"twitter:card\" content=\"summary_large_image\" \/>\n<meta name=\"twitter:site\" content=\"@arteixooficial\" \/>\n<meta name=\"twitter:label1\" content=\"Tempo de lectura\" \/>\n\t<meta name=\"twitter:data1\" content=\"7 minutos\" \/>\n<script type=\"application\/ld+json\" class=\"yoast-schema-graph\">{\"@context\":\"https:\\\/\\\/schema.org\",\"@graph\":[{\"@type\":\"WebPage\",\"@id\":\"https:\\\/\\\/agendaurbana.arteixo.org\\\/gl\\\/axenda-2030\\\/ods\\\/14-vida-submarina\\\/\",\"url\":\"https:\\\/\\\/agendaurbana.arteixo.org\\\/gl\\\/axenda-2030\\\/ods\\\/14-vida-submarina\\\/\",\"name\":\"ODS 14 - Vida submarina - Agenda Urbana\",\"isPartOf\":{\"@id\":\"https:\\\/\\\/agendaurbana.arteixo.org\\\/#website\"},\"datePublished\":\"2025-10-24T07:16:49+00:00\",\"dateModified\":\"2025-12-23T11:00:27+00:00\",\"breadcrumb\":{\"@id\":\"https:\\\/\\\/agendaurbana.arteixo.org\\\/gl\\\/axenda-2030\\\/ods\\\/14-vida-submarina\\\/#breadcrumb\"},\"inLanguage\":\"gl-ES\",\"potentialAction\":[{\"@type\":\"ReadAction\",\"target\":[\"https:\\\/\\\/agendaurbana.arteixo.org\\\/gl\\\/axenda-2030\\\/ods\\\/14-vida-submarina\\\/\"]}]},{\"@type\":\"BreadcrumbList\",\"@id\":\"https:\\\/\\\/agendaurbana.arteixo.org\\\/gl\\\/axenda-2030\\\/ods\\\/14-vida-submarina\\\/#breadcrumb\",\"itemListElement\":[{\"@type\":\"ListItem\",\"position\":1,\"name\":\"Inicio\",\"item\":\"https:\\\/\\\/agendaurbana.arteixo.org\\\/gl\\\/axenda-urbana\\\/\"},{\"@type\":\"ListItem\",\"position\":2,\"name\":\"Axenda 2030\",\"item\":\"https:\\\/\\\/agendaurbana.arteixo.org\\\/gl\\\/axenda-2030\\\/\"},{\"@type\":\"ListItem\",\"position\":3,\"name\":\"Obxectivos de Desenvolvemento sostible\",\"item\":\"https:\\\/\\\/agendaurbana.arteixo.org\\\/gl\\\/axenda-2030\\\/ods\\\/\"},{\"@type\":\"ListItem\",\"position\":4,\"name\":\"ODS 14 &#8211; Vida submarina\"}]},{\"@type\":\"WebSite\",\"@id\":\"https:\\\/\\\/agendaurbana.arteixo.org\\\/#website\",\"url\":\"https:\\\/\\\/agendaurbana.arteixo.org\\\/\",\"name\":\"Agenda Urbana\",\"description\":\"Identificaci\u00f3n de los principales retos estrat\u00e9gicos para la definici\u00f3n del futuro de Arteixo\",\"publisher\":{\"@id\":\"https:\\\/\\\/agendaurbana.arteixo.org\\\/#organization\"},\"potentialAction\":[{\"@type\":\"SearchAction\",\"target\":{\"@type\":\"EntryPoint\",\"urlTemplate\":\"https:\\\/\\\/agendaurbana.arteixo.org\\\/?s={search_term_string}\"},\"query-input\":{\"@type\":\"PropertyValueSpecification\",\"valueRequired\":true,\"valueName\":\"search_term_string\"}}],\"inLanguage\":\"gl-ES\"},{\"@type\":\"Organization\",\"@id\":\"https:\\\/\\\/agendaurbana.arteixo.org\\\/#organization\",\"name\":\"Concello de Arteixo\",\"url\":\"https:\\\/\\\/agendaurbana.arteixo.org\\\/\",\"logo\":{\"@type\":\"ImageObject\",\"inLanguage\":\"gl-ES\",\"@id\":\"https:\\\/\\\/agendaurbana.arteixo.org\\\/#\\\/schema\\\/logo\\\/image\\\/\",\"url\":\"https:\\\/\\\/agendaurbana.arteixo.org\\\/wp-content\\\/uploads\\\/2023\\\/12\\\/logoArteixoAzul.png\",\"contentUrl\":\"https:\\\/\\\/agendaurbana.arteixo.org\\\/wp-content\\\/uploads\\\/2023\\\/12\\\/logoArteixoAzul.png\",\"width\":568,\"height\":128,\"caption\":\"Concello de Arteixo\"},\"image\":{\"@id\":\"https:\\\/\\\/agendaurbana.arteixo.org\\\/#\\\/schema\\\/logo\\\/image\\\/\"},\"sameAs\":[\"https:\\\/\\\/www.facebook.com\\\/ConcellodeArteixoOficial\\\/\",\"https:\\\/\\\/x.com\\\/arteixooficial\",\"https:\\\/\\\/www.instagram.com\\\/concellodearteixo\\\/?hl=es\"]}]}<\/script>\n<!-- \/ Yoast SEO plugin. -->","yoast_head_json":{"title":"ODS 14 - Vida submarina - Agenda Urbana","robots":{"index":"index","follow":"follow","max-snippet":"max-snippet:-1","max-image-preview":"max-image-preview:large","max-video-preview":"max-video-preview:-1"},"canonical":"https:\/\/agendaurbana.arteixo.org\/gl\/axenda-2030\/ods\/14-vida-submarina\/","og_locale":"gl_ES","og_type":"article","og_title":"ODS 14 - Vida submarina - Agenda Urbana","og_description":"ODS 14 - Vida submarinaMetas14.1 De aqu\u00ed a 2025, previr e reducir significativamente a contaminaci\u00f3n mari\u00f1a de todo tipo, en particular a producida por actividades realizadas en terra, inclu\u00eddos os [&hellip;]","og_url":"https:\/\/agendaurbana.arteixo.org\/gl\/axenda-2030\/ods\/14-vida-submarina\/","og_site_name":"Agenda Urbana","article_publisher":"https:\/\/www.facebook.com\/ConcellodeArteixoOficial\/","article_modified_time":"2025-12-23T11:00:27+00:00","twitter_card":"summary_large_image","twitter_site":"@arteixooficial","twitter_misc":{"Tempo de lectura":"7 minutos"},"schema":{"@context":"https:\/\/schema.org","@graph":[{"@type":"WebPage","@id":"https:\/\/agendaurbana.arteixo.org\/gl\/axenda-2030\/ods\/14-vida-submarina\/","url":"https:\/\/agendaurbana.arteixo.org\/gl\/axenda-2030\/ods\/14-vida-submarina\/","name":"ODS 14 - Vida submarina - Agenda Urbana","isPartOf":{"@id":"https:\/\/agendaurbana.arteixo.org\/#website"},"datePublished":"2025-10-24T07:16:49+00:00","dateModified":"2025-12-23T11:00:27+00:00","breadcrumb":{"@id":"https:\/\/agendaurbana.arteixo.org\/gl\/axenda-2030\/ods\/14-vida-submarina\/#breadcrumb"},"inLanguage":"gl-ES","potentialAction":[{"@type":"ReadAction","target":["https:\/\/agendaurbana.arteixo.org\/gl\/axenda-2030\/ods\/14-vida-submarina\/"]}]},{"@type":"BreadcrumbList","@id":"https:\/\/agendaurbana.arteixo.org\/gl\/axenda-2030\/ods\/14-vida-submarina\/#breadcrumb","itemListElement":[{"@type":"ListItem","position":1,"name":"Inicio","item":"https:\/\/agendaurbana.arteixo.org\/gl\/axenda-urbana\/"},{"@type":"ListItem","position":2,"name":"Axenda 2030","item":"https:\/\/agendaurbana.arteixo.org\/gl\/axenda-2030\/"},{"@type":"ListItem","position":3,"name":"Obxectivos de Desenvolvemento sostible","item":"https:\/\/agendaurbana.arteixo.org\/gl\/axenda-2030\/ods\/"},{"@type":"ListItem","position":4,"name":"ODS 14 &#8211; Vida submarina"}]},{"@type":"WebSite","@id":"https:\/\/agendaurbana.arteixo.org\/#website","url":"https:\/\/agendaurbana.arteixo.org\/","name":"Agenda Urbana","description":"Identificaci\u00f3n de los principales retos estrat\u00e9gicos para la definici\u00f3n del futuro de Arteixo","publisher":{"@id":"https:\/\/agendaurbana.arteixo.org\/#organization"},"potentialAction":[{"@type":"SearchAction","target":{"@type":"EntryPoint","urlTemplate":"https:\/\/agendaurbana.arteixo.org\/?s={search_term_string}"},"query-input":{"@type":"PropertyValueSpecification","valueRequired":true,"valueName":"search_term_string"}}],"inLanguage":"gl-ES"},{"@type":"Organization","@id":"https:\/\/agendaurbana.arteixo.org\/#organization","name":"Concello de Arteixo","url":"https:\/\/agendaurbana.arteixo.org\/","logo":{"@type":"ImageObject","inLanguage":"gl-ES","@id":"https:\/\/agendaurbana.arteixo.org\/#\/schema\/logo\/image\/","url":"https:\/\/agendaurbana.arteixo.org\/wp-content\/uploads\/2023\/12\/logoArteixoAzul.png","contentUrl":"https:\/\/agendaurbana.arteixo.org\/wp-content\/uploads\/2023\/12\/logoArteixoAzul.png","width":568,"height":128,"caption":"Concello de Arteixo"},"image":{"@id":"https:\/\/agendaurbana.arteixo.org\/#\/schema\/logo\/image\/"},"sameAs":["https:\/\/www.facebook.com\/ConcellodeArteixoOficial\/","https:\/\/x.com\/arteixooficial","https:\/\/www.instagram.com\/concellodearteixo\/?hl=es"]}]}},"_links":{"self":[{"href":"https:\/\/agendaurbana.arteixo.org\/gl\/wp-json\/wp\/v2\/pages\/4261","targetHints":{"allow":["GET"]}}],"collection":[{"href":"https:\/\/agendaurbana.arteixo.org\/gl\/wp-json\/wp\/v2\/pages"}],"about":[{"href":"https:\/\/agendaurbana.arteixo.org\/gl\/wp-json\/wp\/v2\/types\/page"}],"author":[{"embeddable":true,"href":"https:\/\/agendaurbana.arteixo.org\/gl\/wp-json\/wp\/v2\/users\/1"}],"replies":[{"embeddable":true,"href":"https:\/\/agendaurbana.arteixo.org\/gl\/wp-json\/wp\/v2\/comments?post=4261"}],"version-history":[{"count":8,"href":"https:\/\/agendaurbana.arteixo.org\/gl\/wp-json\/wp\/v2\/pages\/4261\/revisions"}],"predecessor-version":[{"id":4520,"href":"https:\/\/agendaurbana.arteixo.org\/gl\/wp-json\/wp\/v2\/pages\/4261\/revisions\/4520"}],"up":[{"embeddable":true,"href":"https:\/\/agendaurbana.arteixo.org\/gl\/wp-json\/wp\/v2\/pages\/4232"}],"wp:attachment":[{"href":"https:\/\/agendaurbana.arteixo.org\/gl\/wp-json\/wp\/v2\/media?parent=4261"}],"curies":[{"name":"wp","href":"https:\/\/api.w.org\/{rel}","templated":true}]}}